{"id":4740,"date":"2021-09-08T14:29:57","date_gmt":"2021-09-08T17:29:57","guid":{"rendered":"https:\/\/anfavea.com.br\/site\/associates\/"},"modified":"2022-05-19T10:30:55","modified_gmt":"2022-05-19T13:30:55","slug":"associates","status":"publish","type":"page","link":"https:\/\/anfavea.com.br\/site\/associates\/","title":{"rendered":"Associates"},"content":{"rendered":"<p>[et_pb_section fb_built=&#8221;1&#8243; custom_padding_last_edited=&#8221;on|tablet&#8221; next_background_color=&#8221;#ffffff&#8221; admin_label=&#8221;Header&#8221; _builder_version=&#8221;4.0.11&#8243; background_color=&#8221;#eaeaf1&#8243; use_background_color_gradient=&#8221;on&#8221; background_color_gradient_start=&#8221;#eaeaf1&#8243; background_color_gradient_end=&#8221;#ffffff&#8221; background_color_gradient_direction=&#8221;-39deg&#8221; background_color_gradient_start_position=&#8221;49%&#8221; background_color_gradient_end_position=&#8221;0%&#8221; background_position=&#8221;top_left&#8221; custom_margin=&#8221;45px||-259px||false|false&#8221; custom_padding=&#8221;0|0px|0px|0px|false|false&#8221; custom_padding_tablet=&#8221;||0px&#8221; custom_padding_phone=&#8221;&#8221; bottom_divider_style=&#8221;slant&#8221; bottom_divider_height=&#8221;30vw&#8221; bottom_divider_flip=&#8221;horizontal&#8221;][et_pb_row column_structure=&#8221;3_5,2_5&#8243; _builder_version=&#8221;3.25&#8243; width=&#8221;90%&#8221; max_width=&#8221;1800px&#8221; module_alignment=&#8221;right&#8221; min_height=&#8221;477px&#8221; custom_margin=&#8221;-32px|auto||auto||&#8221; custom_padding=&#8221;35px||167px||false|false&#8221; use_custom_width=&#8221;on&#8221; width_unit=&#8221;off&#8221; custom_width_percent=&#8221;90%&#8221;][et_pb_column type=&#8221;3_5&#8243; _builder_version=&#8221;3.25&#8243; custom_padding=&#8221;|50px||&#8221; custom_padding__hover=&#8221;|||&#8221;][et_pb_divider color=&#8221;#0251b8&#8243; divider_weight=&#8221;80px&#8221; _builder_version=&#8221;3.22.4&#8243; transform_skew=&#8221;-22deg|0deg&#8221; transform_skew_linked=&#8221;off&#8221; height=&#8221;80px&#8221; custom_margin=&#8221;||22px|-20vw||&#8221; custom_margin_tablet=&#8221;||30px&#8221; custom_margin_phone=&#8221;&#8221; custom_margin_last_edited=&#8221;on|tablet&#8221; custom_padding=&#8221;0px||0px|||&#8221; locked=&#8221;off&#8221;][\/et_pb_divider][et_pb_text _builder_version=&#8221;4.9.5&#8243; header_font=&#8221;Khand|700|||||||&#8221; header_text_align=&#8221;left&#8221; header_font_size=&#8221;5vw&#8221; header_2_font_size=&#8221;6vw&#8221; header_3_font_size=&#8221;6vw&#8221; header_4_font_size=&#8221;6vw&#8221; header_5_font_size=&#8221;6vw&#8221; header_6_font_size=&#8221;6vw&#8221; transform_skew_linked=&#8221;off&#8221; width_tablet=&#8221;100%&#8221; width_phone=&#8221;100%&#8221; width_last_edited=&#8221;on|tablet&#8221; max_width=&#8221;100%&#8221; custom_margin=&#8221;39px||0px|||&#8221; text_font_size_tablet=&#8221;&#8221; text_font_size_phone=&#8221;&#8221; text_font_size_last_edited=&#8221;on|tablet&#8221; header_font_size_tablet=&#8221;36px&#8221; header_font_size_phone=&#8221;38px&#8221; header_font_size_last_edited=&#8221;on|phone&#8221; header_2_font_size_tablet=&#8221;36px&#8221; header_2_font_size_phone=&#8221;38px&#8221; header_2_font_size_last_edited=&#8221;on|phone&#8221; header_3_font_size_tablet=&#8221;36px&#8221; header_3_font_size_phone=&#8221;38px&#8221; header_3_font_size_last_edited=&#8221;on|phone&#8221; header_4_font_size_tablet=&#8221;36px&#8221; header_4_font_size_phone=&#8221;38px&#8221; header_4_font_size_last_edited=&#8221;on|phone&#8221; header_5_font_size_tablet=&#8221;36px&#8221; header_5_font_size_phone=&#8221;38px&#8221; header_5_font_size_last_edited=&#8221;on|phone&#8221; header_6_font_size_tablet=&#8221;36px&#8221; header_6_font_size_phone=&#8221;38px&#8221; header_6_font_size_last_edited=&#8221;on|phone&#8221;]<\/p>\n<h1>Member Companies<\/h1>\n<p>[\/et_pb_text][et_pb_divider color=&#8221;#053b87&#8243; divider_style=&#8221;double&#8221; divider_weight=&#8221;10px&#8221; _builder_version=&#8221;3.21.1&#8243; transform_skew=&#8221;-20deg|0deg&#8221; max_width=&#8221;100px&#8221; height=&#8221;10px&#8221; locked=&#8221;off&#8221;][\/et_pb_divider][\/et_pb_column][et_pb_column type=&#8221;2_5&#8243; _builder_version=&#8221;3.25&#8243; custom_padding=&#8221;|||&#8221; custom_padding__hover=&#8221;|||&#8221;][et_pb_image align=&#8221;right&#8221; _builder_version=&#8221;4.0.11&#8243; background_image=&#8221;\/\/i3.wp.com\/anfavea.com.br\/site\/wp-content\/uploads\/2020\/01\/TFP-1.jpg&#8221; background_position=&#8221;top_left&#8221; width_tablet=&#8221;100%&#8221; width_phone=&#8221;100%&#8221; width_last_edited=&#8221;on|tablet&#8221; min_height=&#8221;100px&#8221; min_height_tablet=&#8221;&#8221; min_height_phone=&#8221;&#8221; min_height_last_edited=&#8221;on|tablet&#8221; custom_margin=&#8221;||66px|||&#8221; custom_padding=&#8221;||204px|||&#8221; always_center_on_mobile=&#8221;off&#8221;][\/et_pb_image][et_pb_image src=&#8221;\/\/i1.wp.com\/anfavea.com.br\/site\/wp-content\/uploads\/2020\/01\/mechanic-57-1.png&#8221; align=&#8221;right&#8221; _builder_version=&#8221;3.23&#8243; width=&#8221;60%&#8221; module_alignment=&#8221;right&#8221; custom_margin=&#8221;-66.6%||-27px|-13px||&#8221; custom_padding=&#8221;||48px|||&#8221; always_center_on_mobile=&#8221;off&#8221;][\/et_pb_image][\/et_pb_column][\/et_pb_row][et_pb_row use_custom_gutter=&#8221;on&#8221; gutter_width=&#8221;1&#8243; make_equal=&#8221;on&#8221; padding_top_bottom_link_1=&#8221;true&#8221; padding_top_bottom_link_2=&#8221;true&#8221; padding_top_bottom_link_3=&#8221;true&#8221; padding_left_right_link_1=&#8221;true&#8221; padding_left_right_link_2=&#8221;true&#8221; padding_left_right_link_3=&#8221;true&#8221; _builder_version=&#8221;4.4.0&#8243; width_tablet=&#8221;100%&#8221; width_phone=&#8221;100%&#8221; width_last_edited=&#8221;on|phone&#8221; max_width=&#8221;1360px&#8221; custom_margin=&#8221;-177px|auto|228px|auto|false|false&#8221; custom_padding=&#8221;0px|0px|0px|0px|false|false&#8221; box_shadow_style=&#8221;preset2&#8243; box_shadow_vertical=&#8221;28px&#8221; box_shadow_blur=&#8221;40px&#8221; box_shadow_color=&#8221;rgba(0,0,0,0.1)&#8221; locked=&#8221;off&#8221;][et_pb_column type=&#8221;4_4&#8243; _builder_version=&#8221;4.0.11&#8243; background_color=&#8221;#0a53ad&#8221; background_enable_image=&#8221;off&#8221; custom_padding=&#8221;100px|40px|100px|40px&#8221; custom_padding_tablet=&#8221;50px||50px||true&#8221; custom_padding_phone=&#8221;&#8221; custom_padding_last_edited=&#8221;on|desktop&#8221; link_option_url_new_window=&#8221;on&#8221; custom_padding__hover=&#8221;|||&#8221;][et_pb_team_member image_url=&#8221;https:\/\/anfavea.com.br\/site\/wp-content\/uploads\/2021\/09\/novoAGCO.jpg&#8221; _builder_version=&#8221;4.9.5&#8243; header_font=&#8221;|600|||||||&#8221; header_font_size=&#8221;21px&#8221; header_line_height=&#8221;2.1em&#8221; body_line_height=&#8221;1.4em&#8221; background_color=&#8221;#ffffff&#8221; min_height=&#8221;138px&#8221; custom_margin=&#8221;0px||0px||false|false&#8221; custom_margin_tablet=&#8221;-14px||-11px||false|false&#8221; custom_margin_phone=&#8221;&#8221; custom_margin_last_edited=&#8221;on|tablet&#8221; custom_padding=&#8221;2px||0px||false|false&#8221; custom_padding_tablet=&#8221;0px|70px|28px|44px|false|false&#8221; custom_padding_phone=&#8221;11px|29px||26px|false|false&#8221; custom_padding_last_edited=&#8221;on|phone&#8221; link_option_url=&#8221;https:\/\/www.agco.com.br\/&#8221; link_option_url_new_window=&#8221;on&#8221; header_font_size_tablet=&#8221;&#8221; header_font_size_phone=&#8221;17px&#8221; header_font_size_last_edited=&#8221;on|tablet&#8221; header_line_height_tablet=&#8221;1.4em&#8221; header_line_height_phone=&#8221;1.2em&#8221; header_line_height_last_edited=&#8221;on|phone&#8221; body_font_size_tablet=&#8221;&#8221; body_font_size_phone=&#8221;12px&#8221; body_font_size_last_edited=&#8221;on|phone&#8221; body_line_height_tablet=&#8221;&#8221; body_line_height_phone=&#8221;1.3em&#8221; body_line_height_last_edited=&#8221;on|phone&#8221;]<\/p>\n<h3><strong><\/strong><\/h3>\n<h3><strong>\u00a0<\/strong><\/h3>\n<h3><strong>AGCO do Brasil Solu\u00e7\u00f5es Agr\u00edcolas Ltda.<\/strong><\/h3>\n<p>Rua Capit\u00e3o Francisco de Almeida, 695<br \/>08740-300 &#8211; Mogi das Cruzes &#8211; SP<\/p>\n<h4>Tel: +55 11 4795-2500 <span>| <\/span><span style=\"color: #0000ff;\"><a href=\"https:\/\/www.agco.com.br\/\" target=\"_blank\" rel=\"noopener noreferrer\" style=\"color: #0000ff;\">www.agco.com.br<\/a><\/span><\/h4>\n<p>[\/et_pb_team_member][et_pb_team_member image_url=&#8221;\/\/i1.wp.com\/anfavea.com.br\/site\/wp-content\/uploads\/2020\/01\/AGRALE.jpg&#8221; _builder_version=&#8221;4.4.0&#8243; header_font=&#8221;|600|||||||&#8221; header_font_size=&#8221;21px&#8221; header_line_height=&#8221;2.1em&#8221; body_line_height=&#8221;1.4em&#8221; background_color=&#8221;#ffffff&#8221; min_height=&#8221;138px&#8221; custom_margin=&#8221;0px||0px||false|false&#8221; custom_margin_tablet=&#8221;-14px||-11px||false|false&#8221; custom_margin_phone=&#8221;&#8221; custom_margin_last_edited=&#8221;on|tablet&#8221; custom_padding=&#8221;2px||0px||false|false&#8221; custom_padding_tablet=&#8221;0px|70px|28px|44px|false|false&#8221; custom_padding_phone=&#8221;11px|29px||26px|false|false&#8221; custom_padding_last_edited=&#8221;on|phone&#8221; link_option_url=&#8221;https:\/\/www.agrale.com.br\/pt&#8221; link_option_url_new_window=&#8221;on&#8221; header_font_size_tablet=&#8221;&#8221; header_font_size_phone=&#8221;17px&#8221; header_font_size_last_edited=&#8221;on|tablet&#8221; header_line_height_tablet=&#8221;1.4em&#8221; header_line_height_phone=&#8221;1.2em&#8221; header_line_height_last_edited=&#8221;on|phone&#8221; body_font_size_tablet=&#8221;&#8221; body_font_size_phone=&#8221;12px&#8221; body_font_size_last_edited=&#8221;on|phone&#8221; body_line_height_tablet=&#8221;&#8221; body_line_height_phone=&#8221;1.3em&#8221; body_line_height_last_edited=&#8221;on|phone&#8221;]<\/p>\n<h3><strong><\/strong><\/h3>\n<h3><strong><\/strong><\/h3>\n<h3><strong>Agrale S.A.<\/strong><\/h3>\n<p>Rodovia BR 116, Km 145, n\u00ba 15.104<br \/>95059-520 &#8211; Caxias do Sul &#8211; RS<\/p>\n<h4><span>Tel: +55 54 3238-8000 | <span style=\"color: #0000ff;\"><a href=\"https:\/\/www.agrale.com.br\/pt\" style=\"color: #0000ff;\" target=\"_blank\" rel=\"noopener noreferrer\">www.agrale.com.br<\/a><\/span><\/span><\/h4>\n<p>[\/et_pb_team_member][et_pb_team_member image_url=&#8221;\/\/i2.wp.com\/anfavea.com.br\/site\/wp-content\/uploads\/2020\/01\/AUDI.jpg&#8221; _builder_version=&#8221;4.4.0&#8243; header_font=&#8221;|600|||||||&#8221; header_font_size=&#8221;21px&#8221; header_line_height=&#8221;2.1em&#8221; body_line_height=&#8221;1.4em&#8221; background_color=&#8221;#ffffff&#8221; min_height=&#8221;138px&#8221; custom_margin=&#8221;0px||0px||false|false&#8221; custom_margin_tablet=&#8221;-14px||-11px||false|false&#8221; custom_margin_phone=&#8221;&#8221; custom_margin_last_edited=&#8221;on|tablet&#8221; custom_padding=&#8221;0px||0px||false|false&#8221; custom_padding_tablet=&#8221;0px|70px|28px|44px|false|false&#8221; custom_padding_phone=&#8221;11px|29px||26px|false|false&#8221; custom_padding_last_edited=&#8221;on|phone&#8221; link_option_url=&#8221;https:\/\/www.audi.com.br\/br\/web\/pt.html&#8221; link_option_url_new_window=&#8221;on&#8221; header_font_size_tablet=&#8221;&#8221; header_font_size_phone=&#8221;17px&#8221; header_font_size_last_edited=&#8221;on|tablet&#8221; header_line_height_tablet=&#8221;1.4em&#8221; header_line_height_phone=&#8221;1.2em&#8221; header_line_height_last_edited=&#8221;on|phone&#8221; body_font_size_tablet=&#8221;&#8221; body_font_size_phone=&#8221;12px&#8221; body_font_size_last_edited=&#8221;on|phone&#8221; body_line_height_tablet=&#8221;&#8221; body_line_height_phone=&#8221;1.3em&#8221; body_line_height_last_edited=&#8221;on|phone&#8221;]<\/p>\n<h3><strong><br \/> Audi do Brasil Ind\u00fastria e Com\u00e9rcio de Ve\u00edculos Ltda.<\/strong><\/h3>\n<p>Av. das Na\u00e7\u00f5es Unidas, 14.261, 14\u00ba andar &#8211; Ala A<br \/> 04794-000 &#8211; S\u00e3o Paulo &#8211; SP<\/p>\n<h4><span>Tel: +55 11 3041-2830 | <span style=\"color: #0000ff;\"><a href=\"https:\/\/www.audi.com.br\/br\/web\/pt.html\" style=\"color: #0000ff;\" target=\"_blank\" rel=\"noopener noreferrer\">www.audi.com.br<\/a><\/span><\/span><\/h4>\n<p>[\/et_pb_team_member][et_pb_team_member image_url=&#8221;\/\/i1.wp.com\/anfavea.com.br\/site\/wp-content\/uploads\/2021\/06\/bmw-1.jpg&#8221; _builder_version=&#8221;4.4.0&#8243; header_font=&#8221;|600|||||||&#8221; header_font_size=&#8221;21px&#8221; header_line_height=&#8221;2.1em&#8221; body_line_height=&#8221;1.4em&#8221; background_color=&#8221;#ffffff&#8221; min_height=&#8221;138px&#8221; custom_margin=&#8221;0px||0px||false|false&#8221; custom_margin_tablet=&#8221;-14px||-11px||false|false&#8221; custom_margin_phone=&#8221;&#8221; custom_margin_last_edited=&#8221;on|tablet&#8221; custom_padding=&#8221;0px||0px||false|false&#8221; custom_padding_tablet=&#8221;0px|70px|28px|44px|false|false&#8221; custom_padding_phone=&#8221;11px|29px||26px|false|false&#8221; custom_padding_last_edited=&#8221;on|phone&#8221; link_option_url=&#8221;https:\/\/www.bmw.com.br\/pt\/index.html&#8221; link_option_url_new_window=&#8221;on&#8221; header_font_size_tablet=&#8221;&#8221; header_font_size_phone=&#8221;17px&#8221; header_font_size_last_edited=&#8221;on|tablet&#8221; header_line_height_tablet=&#8221;1.4em&#8221; header_line_height_phone=&#8221;1.2em&#8221; header_line_height_last_edited=&#8221;on|phone&#8221; body_font_size_tablet=&#8221;&#8221; body_font_size_phone=&#8221;12px&#8221; body_font_size_last_edited=&#8221;on|phone&#8221; body_line_height_tablet=&#8221;&#8221; body_line_height_phone=&#8221;1.3em&#8221; body_line_height_last_edited=&#8221;on|phone&#8221;]<\/p>\n<h3><strong><br \/> BMW do Brasil Ltda.<\/strong><\/h3>\n<p>Av. Dr. Chucri Zaidan, 1.240, 23\u00ba andar<br \/>04711-130 &#8211; S\u00e3o Paulo &#8211; SP<\/p>\n<h4><span>Tel: +55 11 5186-0400 | <span style=\"color: #0000ff;\"><a href=\"https:\/\/www.bmw.com.br\/pt\/index.html\" target=\"_blank\" rel=\"noopener noreferrer\" style=\"color: #0000ff;\">www.bmw.com.br<\/a><\/span><\/span><\/h4>\n<p>[\/et_pb_team_member][et_pb_team_member image_url=&#8221;\/\/i2.wp.com\/anfavea.com.br\/site\/wp-content\/uploads\/2020\/01\/CAOA.jpg&#8221; _builder_version=&#8221;4.4.0&#8243; header_font=&#8221;|600|||||||&#8221; header_font_size=&#8221;21px&#8221; header_line_height=&#8221;2.1em&#8221; body_line_height=&#8221;1.4em&#8221; background_color=&#8221;#ffffff&#8221; min_height=&#8221;138px&#8221; custom_margin=&#8221;0px||0px||false|false&#8221; custom_margin_tablet=&#8221;-14px||-11px||false|false&#8221; custom_margin_phone=&#8221;&#8221; custom_margin_last_edited=&#8221;on|tablet&#8221; custom_padding=&#8221;0px||0px||false|false&#8221; custom_padding_tablet=&#8221;0px|70px|28px|44px|false|false&#8221; custom_padding_phone=&#8221;11px|29px||26px|false|false&#8221; custom_padding_last_edited=&#8221;on|phone&#8221; link_option_url=&#8221;https:\/\/caoa.com.br\/&#8221; link_option_url_new_window=&#8221;on&#8221; header_font_size_tablet=&#8221;&#8221; header_font_size_phone=&#8221;17px&#8221; header_font_size_last_edited=&#8221;on|tablet&#8221; header_line_height_tablet=&#8221;1.4em&#8221; header_line_height_phone=&#8221;1.2em&#8221; header_line_height_last_edited=&#8221;on|phone&#8221; body_font_size_tablet=&#8221;&#8221; body_font_size_phone=&#8221;12px&#8221; body_font_size_last_edited=&#8221;on|phone&#8221; body_line_height_tablet=&#8221;&#8221; body_line_height_phone=&#8221;1.3em&#8221; body_line_height_last_edited=&#8221;on|phone&#8221;]<\/p>\n<h3><strong><br \/>CAOA Montadora de Ve\u00edculos S.A.<\/strong><\/h3>\n<p>Rua R11, SN, Faz Barreiro do Meio, DAIA<br \/> 75113-590 &#8211; An\u00e1polis &#8211; GO<\/p>\n<h4><span>Tel: + 55 11 5538-1000 | <a href=\"https:\/\/caoa.com.br\/\" target=\"_blank\" rel=\"noopener noreferrer\"><span style=\"color: #0000ff;\">www.caoa.com.br<\/span><\/a><\/span><\/h4>\n<p>[\/et_pb_team_member][et_pb_team_member image_url=&#8221;\/\/i0.wp.com\/anfavea.com.br\/site\/wp-content\/uploads\/2020\/01\/CATERPILLAR.jpg&#8221; _builder_version=&#8221;4.4.0&#8243; header_font=&#8221;|600|||||||&#8221; header_font_size=&#8221;21px&#8221; header_line_height=&#8221;2.1em&#8221; body_line_height=&#8221;1.4em&#8221; background_color=&#8221;#ffffff&#8221; min_height=&#8221;138px&#8221; custom_margin=&#8221;0px||0px||false|false&#8221; custom_margin_tablet=&#8221;-14px||-11px||false|false&#8221; custom_margin_phone=&#8221;&#8221; custom_margin_last_edited=&#8221;on|tablet&#8221; custom_padding=&#8221;0px||0px||false|false&#8221; custom_padding_tablet=&#8221;0px|70px|28px|44px|false|false&#8221; custom_padding_phone=&#8221;11px|29px||26px|false|false&#8221; custom_padding_last_edited=&#8221;on|phone&#8221; link_option_url=&#8221;https:\/\/www.caterpillar.com\/pt.html&#8221; link_option_url_new_window=&#8221;on&#8221; header_font_size_tablet=&#8221;&#8221; header_font_size_phone=&#8221;17px&#8221; header_font_size_last_edited=&#8221;on|tablet&#8221; header_line_height_tablet=&#8221;1.4em&#8221; header_line_height_phone=&#8221;1.2em&#8221; header_line_height_last_edited=&#8221;on|phone&#8221; body_font_size_tablet=&#8221;&#8221; body_font_size_phone=&#8221;12px&#8221; body_font_size_last_edited=&#8221;on|phone&#8221; body_line_height_tablet=&#8221;&#8221; body_line_height_phone=&#8221;1.3em&#8221; body_line_height_last_edited=&#8221;on|phone&#8221;]<\/p>\n<h3><strong><br \/>Caterpillar Brasil Ltda<\/strong><\/h3>\n<p>Rodovia Luiz de Queiroz, Km 157 &#8211; Distrito Industrial Unileste<br \/> 13420-900 &#8211; Piracicaba &#8211; SP<\/p>\n<h4>Tel: +55 19 2106-2100 | <a href=\"https:\/\/www.caterpillar.com\/pt\" target=\"_blank\" rel=\"noopener noreferrer\"><span style=\"color: #0000ff;\">www.caterpillar.com\/pt<\/span><\/a><\/h4>\n<p>[\/et_pb_team_member][et_pb_team_member image_url=&#8221;\/\/i3.wp.com\/anfavea.com.br\/site\/wp-content\/uploads\/2020\/01\/CNH.jpg&#8221; _builder_version=&#8221;4.4.0&#8243; header_font=&#8221;|600|||||||&#8221; header_font_size=&#8221;21px&#8221; header_line_height=&#8221;2.1em&#8221; body_line_height=&#8221;1.4em&#8221; background_color=&#8221;#ffffff&#8221; min_height=&#8221;138px&#8221; custom_margin=&#8221;0px||0px||false|false&#8221; custom_margin_tablet=&#8221;-14px||-11px||false|false&#8221; custom_margin_phone=&#8221;&#8221; custom_margin_last_edited=&#8221;on|tablet&#8221; custom_padding=&#8221;0px||0px||false|false&#8221; custom_padding_tablet=&#8221;0px|70px|28px|44px|false|false&#8221; custom_padding_phone=&#8221;11px|29px||26px|false|false&#8221; custom_padding_last_edited=&#8221;on|phone&#8221; link_option_url=&#8221;https:\/\/www.cnhindustrial.com\/en-us\/Pages\/homepage.aspx&#8221; link_option_url_new_window=&#8221;on&#8221; header_font_size_tablet=&#8221;&#8221; header_font_size_phone=&#8221;17px&#8221; header_font_size_last_edited=&#8221;on|tablet&#8221; header_line_height_tablet=&#8221;1.4em&#8221; header_line_height_phone=&#8221;1.2em&#8221; header_line_height_last_edited=&#8221;on|phone&#8221; body_font_size_tablet=&#8221;&#8221; body_font_size_phone=&#8221;12px&#8221; body_font_size_last_edited=&#8221;on|phone&#8221; body_line_height_tablet=&#8221;&#8221; body_line_height_phone=&#8221;1.3em&#8221; body_line_height_last_edited=&#8221;on|phone&#8221;]<\/p>\n<h3><strong><br \/> CNH Industrial Brasil Ltda<\/strong><\/h3>\n<p>Rua Senador Milton Campos, 175 &#8211; Vila da Serra<br \/> 34006-050 &#8211; Nova Lima &#8211; MG<\/p>\n<h4>Tel: +55 31 3888-7100 | <span style=\"color: #0000ff;\"><a href=\"https:\/\/www.cnhindustrial.com\/en-us\/Pages\/homepage.aspx\" target=\"_blank\" rel=\"noopener noreferrer\" style=\"color: #0000ff;\">www.cnhindustrial.com<\/a><\/span><\/h4>\n<p>[\/et_pb_team_member][et_pb_team_member image_url=&#8221;\/\/i1.wp.com\/anfavea.com.br\/site\/wp-content\/uploads\/2021\/06\/daf.jpg&#8221; _builder_version=&#8221;4.4.0&#8243; header_font=&#8221;|600|||||||&#8221; header_font_size=&#8221;21px&#8221; header_line_height=&#8221;2.1em&#8221; body_line_height=&#8221;1.4em&#8221; background_color=&#8221;#ffffff&#8221; min_height=&#8221;138px&#8221; custom_margin=&#8221;0px||0px||false|false&#8221; custom_margin_tablet=&#8221;-14px||-11px||false|false&#8221; custom_margin_phone=&#8221;&#8221; custom_margin_last_edited=&#8221;on|tablet&#8221; custom_padding=&#8221;0px||0px||false|false&#8221; custom_padding_tablet=&#8221;0px|70px|28px|44px|false|false&#8221; custom_padding_phone=&#8221;11px|29px||26px|false|false&#8221; custom_padding_last_edited=&#8221;on|phone&#8221; link_option_url=&#8221;https:\/\/www.dafcaminhoes.com.br\/pt-br&#8221; link_option_url_new_window=&#8221;on&#8221; header_font_size_tablet=&#8221;&#8221; header_font_size_phone=&#8221;17px&#8221; header_font_size_last_edited=&#8221;on|tablet&#8221; header_line_height_tablet=&#8221;1.4em&#8221; header_line_height_phone=&#8221;1.2em&#8221; header_line_height_last_edited=&#8221;on|phone&#8221; body_font_size_tablet=&#8221;&#8221; body_font_size_phone=&#8221;12px&#8221; body_font_size_last_edited=&#8221;on|phone&#8221; body_line_height_tablet=&#8221;&#8221; body_line_height_phone=&#8221;1.3em&#8221; body_line_height_last_edited=&#8221;on|phone&#8221;]<\/p>\n<h3><strong><br \/> DAF Caminh\u00f5es Brasil Ind\u00fastria Ltda.<\/strong><\/h3>\n<p>Avenida Senador Fl\u00e1vio Carvalho Guimar\u00e3es, 6000<br \/> 84072-190 &#8211; Ponta Grossa &#8211; PR<\/p>\n<h4><span>Tel: 55 42 3122-8400 | Tel: +55 42 3122-8400 | <span style=\"color: #0000ff;\"><a href=\"https:\/\/www.dafcaminhoes.com.br\/pt-br\" target=\"_blank\" rel=\"noopener noreferrer\" style=\"color: #0000ff;\">www.dafcaminhoes.com.br<\/a><\/span><\/span><\/h4>\n<p>[\/et_pb_team_member][et_pb_team_member image_url=&#8221;\/\/i1.wp.com\/anfavea.com.br\/site\/wp-content\/uploads\/2020\/01\/FORD.jpg&#8221; _builder_version=&#8221;4.4.0&#8243; header_font=&#8221;|600|||||||&#8221; header_font_size=&#8221;21px&#8221; header_line_height=&#8221;2.1em&#8221; body_line_height=&#8221;1.4em&#8221; background_color=&#8221;#ffffff&#8221; min_height=&#8221;138px&#8221; custom_margin=&#8221;0px||0px||false|false&#8221; custom_margin_tablet=&#8221;-14px||-11px||false|false&#8221; custom_margin_phone=&#8221;&#8221; custom_margin_last_edited=&#8221;on|tablet&#8221; custom_padding=&#8221;16px||0px||false|false&#8221; custom_padding_tablet=&#8221;0px|70px|28px|44px|false|false&#8221; custom_padding_phone=&#8221;11px|29px||26px|false|false&#8221; custom_padding_last_edited=&#8221;on|phone&#8221; link_option_url=&#8221;https:\/\/www.ford.com.br\/&#8221; link_option_url_new_window=&#8221;on&#8221; header_font_size_tablet=&#8221;&#8221; header_font_size_phone=&#8221;17px&#8221; header_font_size_last_edited=&#8221;on|tablet&#8221; header_line_height_tablet=&#8221;1.4em&#8221; header_line_height_phone=&#8221;1.2em&#8221; header_line_height_last_edited=&#8221;on|phone&#8221; body_font_size_tablet=&#8221;&#8221; body_font_size_phone=&#8221;12px&#8221; body_font_size_last_edited=&#8221;on|phone&#8221; body_line_height_tablet=&#8221;&#8221; body_line_height_phone=&#8221;1.3em&#8221; body_line_height_last_edited=&#8221;on|phone&#8221;]<\/p>\n<h3><strong><br \/> Ford Motor Company Brasil Ltda.<\/strong><\/h3>\n<p>Av. Dr. Cardoso do Melo, 1.336<br \/> 04548-004 &#8211; S\u00e3o Paulo &#8211; SP<\/p>\n<h4><span>Tel: 0800 703 3673 | <span style=\"color: #0000ff;\"><a href=\"https:\/\/www.ford.com.br\/\" target=\"_blank\" rel=\"noopener noreferrer\" style=\"color: #0000ff;\">www.ford.com.br<\/a><\/span><\/span><\/h4>\n<p>[\/et_pb_team_member][et_pb_team_member image_url=&#8221;https:\/\/anfavea.com.br\/site\/wp-content\/uploads\/2022\/05\/GM.jpg&#8221; _builder_version=&#8221;4.9.5&#8243; header_font=&#8221;|600|||||||&#8221; header_font_size=&#8221;21px&#8221; header_line_height=&#8221;2.1em&#8221; body_line_height=&#8221;1.4em&#8221; background_color=&#8221;#ffffff&#8221; min_height=&#8221;138px&#8221; custom_margin=&#8221;0px||0px||false|false&#8221; custom_margin_tablet=&#8221;-14px||-11px||false|false&#8221; custom_margin_phone=&#8221;&#8221; custom_margin_last_edited=&#8221;on|tablet&#8221; custom_padding=&#8221;0px||0px||false|false&#8221; custom_padding_tablet=&#8221;0px|70px|28px|44px|false|false&#8221; custom_padding_phone=&#8221;11px|29px||26px|false|false&#8221; custom_padding_last_edited=&#8221;on|phone&#8221; link_option_url=&#8221;https:\/\/www.chevroletsf.com.br\/Pages\/default.aspx&#8221; link_option_url_new_window=&#8221;on&#8221; header_font_size_tablet=&#8221;&#8221; header_font_size_phone=&#8221;17px&#8221; header_font_size_last_edited=&#8221;on|tablet&#8221; header_line_height_tablet=&#8221;1.4em&#8221; header_line_height_phone=&#8221;1.2em&#8221; header_line_height_last_edited=&#8221;on|phone&#8221; body_font_size_tablet=&#8221;&#8221; body_font_size_phone=&#8221;12px&#8221; body_font_size_last_edited=&#8221;on|phone&#8221; body_line_height_tablet=&#8221;&#8221; body_line_height_phone=&#8221;1.3em&#8221; body_line_height_last_edited=&#8221;on|phone&#8221;]<\/p>\n<h3><strong><br \/>General Motors do Brasil Ltda.<\/strong><\/h3>\n<p>Avenida Goi\u00e1s, 1.805<br \/>09550-050 &#8211; S\u00e3o Caetano do Sul &#8211; SP<\/p>\n<h4><span style=\"color: #0000ff;\"><a href=\"https:\/\/www.chevrolet.com.br\/\" target=\"_blank\" rel=\"noopener noreferrer\" style=\"color: #0000ff;\">\u00a0www.chevrolet.com.br<\/a><\/span><\/h4>\n<p>[\/et_pb_team_member][et_pb_team_member image_url=&#8221;\/\/i2.wp.com\/anfavea.com.br\/site\/wp-content\/uploads\/2021\/06\/honda.jpg&#8221; _builder_version=&#8221;4.4.0&#8243; header_font=&#8221;|600|||||||&#8221; header_font_size=&#8221;21px&#8221; header_line_height=&#8221;2.1em&#8221; body_line_height=&#8221;1.4em&#8221; background_color=&#8221;#ffffff&#8221; min_height=&#8221;138px&#8221; custom_margin=&#8221;0px||0px||false|false&#8221; custom_margin_tablet=&#8221;-14px||-11px||false|false&#8221; custom_margin_phone=&#8221;&#8221; custom_margin_last_edited=&#8221;on|tablet&#8221; custom_padding=&#8221;0px||17px||false|false&#8221; custom_padding_tablet=&#8221;0px|70px|28px|44px|false|false&#8221; custom_padding_phone=&#8221;11px|29px||26px|false|false&#8221; custom_padding_last_edited=&#8221;on|phone&#8221; link_option_url=&#8221;https:\/\/www.honda.com.br\/&#8221; link_option_url_new_window=&#8221;on&#8221; header_font_size_tablet=&#8221;&#8221; header_font_size_phone=&#8221;17px&#8221; header_font_size_last_edited=&#8221;on|tablet&#8221; header_line_height_tablet=&#8221;1.4em&#8221; header_line_height_phone=&#8221;1.2em&#8221; header_line_height_last_edited=&#8221;on|phone&#8221; body_font_size_tablet=&#8221;&#8221; body_font_size_phone=&#8221;12px&#8221; body_font_size_last_edited=&#8221;on|phone&#8221; body_line_height_tablet=&#8221;&#8221; body_line_height_phone=&#8221;1.3em&#8221; body_line_height_last_edited=&#8221;on|phone&#8221;]<\/p>\n<h3><strong><br \/> Honda Autom\u00f3veis do Brasil Ltda.<\/strong><\/h3>\n<p>Estrada Municipal Val\u00eancio Calegari, 777<br \/> 13181-903 &#8211; Sumar\u00e9 &#8211; SP<\/p>\n<h4>Tel: +55 19 3864-7400 | <a href=\"https:\/\/www.honda.com.br\/\" target=\"_blank\" rel=\"noopener noreferrer\"><span style=\"color: #0000ff;\">www.honda.com.br<\/span><\/a><\/h4>\n<p>[\/et_pb_team_member][et_pb_team_member image_url=&#8221;\/\/i3.wp.com\/anfavea.com.br\/site\/wp-content\/uploads\/2020\/01\/HPE.jpg&#8221; _builder_version=&#8221;4.9.5&#8243; header_font=&#8221;|600|||||||&#8221; header_font_size=&#8221;21px&#8221; header_line_height=&#8221;2.1em&#8221; body_line_height=&#8221;1.4em&#8221; background_color=&#8221;#ffffff&#8221; min_height=&#8221;138px&#8221; custom_margin=&#8221;0px||0px||false|false&#8221; custom_margin_tablet=&#8221;-14px||-11px||false|false&#8221; custom_margin_phone=&#8221;&#8221; custom_margin_last_edited=&#8221;on|tablet&#8221; custom_padding=&#8221;0px||14px||false|false&#8221; custom_padding_tablet=&#8221;0px|70px|28px|44px|false|false&#8221; custom_padding_phone=&#8221;11px|29px||26px|false|false&#8221; custom_padding_last_edited=&#8221;on|phone&#8221; link_option_url=&#8221;http:\/\/en.hpeautos.com.br\/&#8221; link_option_url_new_window=&#8221;on&#8221; header_font_size_tablet=&#8221;&#8221; header_font_size_phone=&#8221;17px&#8221; header_font_size_last_edited=&#8221;on|tablet&#8221; header_line_height_tablet=&#8221;1.4em&#8221; header_line_height_phone=&#8221;1.2em&#8221; header_line_height_last_edited=&#8221;on|phone&#8221; body_font_size_tablet=&#8221;&#8221; body_font_size_phone=&#8221;12px&#8221; body_font_size_last_edited=&#8221;on|phone&#8221; body_line_height_tablet=&#8221;&#8221; body_line_height_phone=&#8221;1.3em&#8221; body_line_height_last_edited=&#8221;on|phone&#8221;]<\/p>\n<h3><strong>HPE Automotores do Brasil Ltda.<\/strong><\/h3>\n<p>Avenida Pres. Juscelino Kubitschek, 1.400, 3\u00ba andar<br \/>04543-000 &#8211; S\u00e3o Paulo &#8211; SP<\/p>\n<h4><span>Tel: 0800 702 0404 | 0800 770 3380 | <a href=\"http:\/\/en.hpeautos.com.br\/\" target=\"_blank\" rel=\"noopener\"><span style=\"color: #0000ff;\">http:\/\/en.hpeautos.com.br\/<\/span><\/a><\/span><\/h4>\n<p>[\/et_pb_team_member][et_pb_team_member image_url=&#8221;\/\/i1.wp.com\/anfavea.com.br\/site\/wp-content\/uploads\/2021\/06\/hyundai-1.jpg&#8221; _builder_version=&#8221;4.4.0&#8243; header_font=&#8221;|600|||||||&#8221; header_font_size=&#8221;21px&#8221; header_line_height=&#8221;2.1em&#8221; body_line_height=&#8221;1.4em&#8221; background_color=&#8221;#ffffff&#8221; min_height=&#8221;138px&#8221; custom_margin=&#8221;0px||0px||false|false&#8221; custom_margin_tablet=&#8221;-14px||-11px||false|false&#8221; custom_margin_phone=&#8221;&#8221; custom_margin_last_edited=&#8221;on|tablet&#8221; custom_padding=&#8221;0px||0px||false|false&#8221; custom_padding_tablet=&#8221;0px|70px|28px|44px|false|false&#8221; custom_padding_phone=&#8221;11px|29px||26px|false|false&#8221; custom_padding_last_edited=&#8221;on|phone&#8221; link_option_url=&#8221;https:\/\/hyundai.com.br\/&#8221; link_option_url_new_window=&#8221;on&#8221; header_font_size_tablet=&#8221;&#8221; header_font_size_phone=&#8221;17px&#8221; header_font_size_last_edited=&#8221;on|tablet&#8221; header_line_height_tablet=&#8221;1.4em&#8221; header_line_height_phone=&#8221;1.2em&#8221; header_line_height_last_edited=&#8221;on|phone&#8221; body_font_size_tablet=&#8221;&#8221; body_font_size_phone=&#8221;12px&#8221; body_font_size_last_edited=&#8221;on|phone&#8221; body_line_height_tablet=&#8221;&#8221; body_line_height_phone=&#8221;1.3em&#8221; body_line_height_last_edited=&#8221;on|phone&#8221;]<\/p>\n<h3><strong><br \/> Hyundai Motor Brasil Montadora de Autom\u00f3veis Ltda.<\/strong><\/h3>\n<p>Avenida das Na\u00e7\u00f5es Unidas, 14.171, 21\u00ba andar, Torre Crystal<br \/> 04794-000 &#8211; S\u00e3o Paulo &#8211; SP<\/p>\n<h4>Tel: +55 11 5186-7500 | <a href=\"https:\/\/www.hyundai.com.br\/\" target=\"_blank\" rel=\"noopener noreferrer\"><span style=\"color: #0000ff;\">www.hyundai.com.br<\/span><\/a><\/h4>\n<p>[\/et_pb_team_member][et_pb_team_member image_url=&#8221;\/\/i3.wp.com\/anfavea.com.br\/site\/wp-content\/uploads\/2021\/06\/jaguar.jpg&#8221; _builder_version=&#8221;4.4.0&#8243; header_font=&#8221;|600|||||||&#8221; header_font_size=&#8221;21px&#8221; header_line_height=&#8221;2.1em&#8221; body_line_height=&#8221;1.4em&#8221; background_color=&#8221;#ffffff&#8221; min_height=&#8221;138px&#8221; custom_margin=&#8221;0px||0px||false|false&#8221; custom_margin_tablet=&#8221;-14px||-11px||false|false&#8221; custom_margin_phone=&#8221;&#8221; custom_margin_last_edited=&#8221;on|tablet&#8221; custom_padding=&#8221;0px||2px||false|false&#8221; custom_padding_tablet=&#8221;0px|70px|28px|44px|false|false&#8221; custom_padding_phone=&#8221;11px|29px||26px|false|false&#8221; custom_padding_last_edited=&#8221;on|phone&#8221; header_font_size_tablet=&#8221;&#8221; header_font_size_phone=&#8221;17px&#8221; header_font_size_last_edited=&#8221;on|tablet&#8221; header_line_height_tablet=&#8221;1.4em&#8221; header_line_height_phone=&#8221;1.2em&#8221; header_line_height_last_edited=&#8221;on|phone&#8221; body_font_size_tablet=&#8221;&#8221; body_font_size_phone=&#8221;12px&#8221; body_font_size_last_edited=&#8221;on|phone&#8221; body_line_height_tablet=&#8221;&#8221; body_line_height_phone=&#8221;1.3em&#8221; body_line_height_last_edited=&#8221;on|phone&#8221;]<\/p>\n<h3><strong><br \/> Jaguar e Land Rover Brasil Ind\u00fastria e Com\u00e9rcio de Ve\u00edculos Ltda.<\/strong><\/h3>\n<p>Avenida Ibirapuera, 2.332, &#8211; 10\u00ba andar<br \/> 04028-002 &#8211; S\u00e3o Paulo &#8211; SP<\/p>\n<h4><span>Tel: +55 11 5056-7000 | <a href=\"https:\/\/www.jaguarbrasil.com.br\/index.html\" target=\"_blank\" rel=\"noopener noreferrer\"><span style=\"color: #0000ff;\">www.jaguarbrasil.com.br<\/span><\/a> | <a href=\"https:\/\/www.landrover.com.br\/index.html\" target=\"_blank\" rel=\"noopener noreferrer\"><span style=\"color: #0000ff;\">www.landrover.com.br<\/span><\/a><\/span><\/h4>\n<p>[\/et_pb_team_member][et_pb_team_member image_url=&#8221;\/\/i3.wp.com\/anfavea.com.br\/site\/wp-content\/uploads\/2020\/01\/KOMATSU.jpg&#8221; _builder_version=&#8221;4.4.0&#8243; header_font=&#8221;|600|||||||&#8221; header_font_size=&#8221;21px&#8221; header_line_height=&#8221;2.1em&#8221; body_line_height=&#8221;1.4em&#8221; background_color=&#8221;#ffffff&#8221; min_height=&#8221;138px&#8221; custom_margin=&#8221;0px||0px||false|false&#8221; custom_margin_tablet=&#8221;-14px||-11px||false|false&#8221; custom_margin_phone=&#8221;&#8221; custom_margin_last_edited=&#8221;on|tablet&#8221; custom_padding=&#8221;0px||0px||false|false&#8221; custom_padding_tablet=&#8221;0px|70px|28px|44px|false|false&#8221; custom_padding_phone=&#8221;11px|29px||26px|false|false&#8221; custom_padding_last_edited=&#8221;on|phone&#8221; link_option_url=&#8221;https:\/\/www.komatsu.com.br\/&#8221; link_option_url_new_window=&#8221;on&#8221; header_font_size_tablet=&#8221;&#8221; header_font_size_phone=&#8221;17px&#8221; header_font_size_last_edited=&#8221;on|tablet&#8221; header_line_height_tablet=&#8221;1.4em&#8221; header_line_height_phone=&#8221;1.2em&#8221; header_line_height_last_edited=&#8221;on|phone&#8221; body_font_size_tablet=&#8221;&#8221; body_font_size_phone=&#8221;12px&#8221; body_font_size_last_edited=&#8221;on|phone&#8221; body_line_height_tablet=&#8221;&#8221; body_line_height_phone=&#8221;1.3em&#8221; body_line_height_last_edited=&#8221;on|phone&#8221;]<\/p>\n<h3><strong><br \/>Komatsu do Brasil Ltda.<\/strong><\/h3>\n<p>Rodovia \u00cdndio Tibiri\u00e7\u00e1, 2.000<br \/> 08655-000 &#8211; Suzano &#8211; SP<\/p>\n<h4>Tel: +55 11 4745-7000 | <a href=\"https:\/\/www.komatsu.com.br\/source\/\" target=\"_blank\" rel=\"noopener noreferrer\"><span style=\"color: #0000ff;\">www.komatsu.com.br<\/span><\/a><\/h4>\n<p>[\/et_pb_team_member][et_pb_team_member image_url=&#8221;\/\/i3.wp.com\/anfavea.com.br\/site\/wp-content\/uploads\/2020\/01\/MERCEDES.jpg&#8221; _builder_version=&#8221;4.4.0&#8243; header_font=&#8221;|600|||||||&#8221; header_font_size=&#8221;21px&#8221; header_line_height=&#8221;2.1em&#8221; body_line_height=&#8221;1.4em&#8221; background_color=&#8221;#ffffff&#8221; max_width_tablet=&#8221;&#8221; max_width_phone=&#8221;&#8221; max_width_last_edited=&#8221;on|desktop&#8221; min_height=&#8221;138px&#8221; custom_margin=&#8221;0px||0px||false|false&#8221; custom_margin_tablet=&#8221;-14px||-11px||false|false&#8221; custom_margin_phone=&#8221;&#8221; custom_margin_last_edited=&#8221;on|tablet&#8221; custom_padding=&#8221;0px||16px||false|false&#8221; custom_padding_tablet=&#8221;0px|70px|28px|44px|false|false&#8221; custom_padding_phone=&#8221;11px|29px||26px|false|false&#8221; custom_padding_last_edited=&#8221;on|phone&#8221; link_option_url=&#8221;https:\/\/www2.mercedes-benz.com.br\/&#8221; link_option_url_new_window=&#8221;on&#8221; header_font_size_tablet=&#8221;&#8221; header_font_size_phone=&#8221;17px&#8221; header_font_size_last_edited=&#8221;on|tablet&#8221; header_line_height_tablet=&#8221;1.4em&#8221; header_line_height_phone=&#8221;1.2em&#8221; header_line_height_last_edited=&#8221;on|phone&#8221; body_font_size_tablet=&#8221;&#8221; body_font_size_phone=&#8221;12px&#8221; body_font_size_last_edited=&#8221;on|phone&#8221; body_line_height_tablet=&#8221;&#8221; body_line_height_phone=&#8221;1.3em&#8221; body_line_height_last_edited=&#8221;on|phone&#8221;]<\/p>\n<h3><strong><br \/> Mercedes-Benz Cars &amp; Vans Brasil &#8211; Ind\u00fastria e Com\u00e9rcio de Ve\u00edculos Ltda.<\/strong><\/h3>\n<p>Avenida Alfred Jurzykowski, 562<br \/> 09680-900 &#8211; S\u00e3o Bernardo do Campo &#8211; SP<\/p>\n<h4>Tel: +55 11 4173-6611 | <a href=\"https:\/\/www2.mercedes-benz.com.br\/?group=all&amp;subgroup=see-all&amp;view=BODYTYPE\" target=\"_blank\" rel=\"noopener noreferrer\"><span style=\"color: #0000ff;\">www2.mercedes-benz.com.br<\/span><\/a><\/h4>\n<p>[\/et_pb_team_member][et_pb_team_member image_url=&#8221;\/\/i3.wp.com\/anfavea.com.br\/site\/wp-content\/uploads\/2020\/01\/MERCEDES.jpg&#8221; _builder_version=&#8221;4.4.0&#8243; header_font=&#8221;|600|||||||&#8221; header_font_size=&#8221;21px&#8221; header_line_height=&#8221;2.1em&#8221; body_line_height=&#8221;1.4em&#8221; background_color=&#8221;#ffffff&#8221; min_height=&#8221;138px&#8221; custom_margin=&#8221;0px||0px||false|false&#8221; custom_margin_tablet=&#8221;-14px||-11px||false|false&#8221; custom_margin_phone=&#8221;&#8221; custom_margin_last_edited=&#8221;on|tablet&#8221; custom_padding=&#8221;0px||0px||false|false&#8221; custom_padding_tablet=&#8221;0px|70px|28px|44px|false|false&#8221; custom_padding_phone=&#8221;11px|29px||26px|false|false&#8221; custom_padding_last_edited=&#8221;on|phone&#8221; link_option_url=&#8221;https:\/\/www.mercedes-benz.com.br\/&#8221; link_option_url_new_window=&#8221;on&#8221; header_font_size_tablet=&#8221;&#8221; header_font_size_phone=&#8221;17px&#8221; header_font_size_last_edited=&#8221;on|tablet&#8221; header_line_height_tablet=&#8221;1.4em&#8221; header_line_height_phone=&#8221;1.2em&#8221; header_line_height_last_edited=&#8221;on|phone&#8221; body_font_size_tablet=&#8221;&#8221; body_font_size_phone=&#8221;12px&#8221; body_font_size_last_edited=&#8221;on|phone&#8221; body_line_height_tablet=&#8221;&#8221; body_line_height_phone=&#8221;1.3em&#8221; body_line_height_last_edited=&#8221;on|phone&#8221;]<\/p>\n<h3><strong><br \/> Mercedes-Benz do Brasil Ltda.<\/strong><\/h3>\n<p>Avenida Alfred Jurzykowski, 562<br \/> 09680-900 &#8211; S\u00e3o Bernardo do Campo &#8211; SP<\/p>\n<h4>Tel: +55 11 4173-6611 | <a href=\"https:\/\/www.mercedes-benz.com.br\/\" target=\"_blank\" rel=\"noopener noreferrer\"><span style=\"color: #0000ff;\">www.mercedes-benz.com.br <\/span><\/a><\/h4>\n<p>[\/et_pb_team_member][et_pb_team_member image_url=&#8221;\/\/i3.wp.com\/anfavea.com.br\/site\/wp-content\/uploads\/2020\/10\/ni.jpg&#8221; _builder_version=&#8221;4.4.0&#8243; header_font=&#8221;|600|||||||&#8221; header_font_size=&#8221;21px&#8221; header_line_height=&#8221;2.1em&#8221; body_line_height=&#8221;1.4em&#8221; background_color=&#8221;#ffffff&#8221; min_height=&#8221;138px&#8221; custom_margin=&#8221;0px||0px||false|false&#8221; custom_margin_tablet=&#8221;-14px||-11px||false|false&#8221; custom_margin_phone=&#8221;&#8221; custom_margin_last_edited=&#8221;on|tablet&#8221; custom_padding=&#8221;0px||14px||false|false&#8221; custom_padding_tablet=&#8221;0px|70px|28px|44px|false|false&#8221; custom_padding_phone=&#8221;11px|29px||26px|false|false&#8221; custom_padding_last_edited=&#8221;on|phone&#8221; link_option_url=&#8221;https:\/\/www.nissan.com.br\/&#8221; link_option_url_new_window=&#8221;on&#8221; header_font_size_tablet=&#8221;&#8221; header_font_size_phone=&#8221;17px&#8221; header_font_size_last_edited=&#8221;on|tablet&#8221; header_line_height_tablet=&#8221;1.4em&#8221; header_line_height_phone=&#8221;1.2em&#8221; header_line_height_last_edited=&#8221;on|phone&#8221; body_font_size_tablet=&#8221;&#8221; body_font_size_phone=&#8221;12px&#8221; body_font_size_last_edited=&#8221;on|phone&#8221; body_line_height_tablet=&#8221;&#8221; body_line_height_phone=&#8221;1.3em&#8221; body_line_height_last_edited=&#8221;on|phone&#8221;]<\/p>\n<h3><strong><br \/> Nissan do Brasil Autom\u00f3veis Ltda.<\/strong><\/h3>\n<p>Avenida Bar\u00e3o de Tef\u00e9, 27, 7\u00ba andar<br \/> 20220-460 &#8211; Rio de Janeiro &#8211; RJ<\/p>\n<h4><span>Tel. 55 21 2134-9000 | Tel: +55 21 2134-9201 | 4504-3236 \/ 4505-3202 | <a href=\"https:\/\/www.nissan.com.br\/\" target=\"_blank\" rel=\"noopener noreferrer\"><span style=\"color: #0000ff;\">www.nissan.com.br<\/span><\/a><\/span><\/h4>\n<p>[\/et_pb_team_member][et_pb_team_member image_url=&#8221;https:\/\/anfavea.com.br\/site\/wp-content\/uploads\/2022\/02\/iveco-1.jpg&#8221; _builder_version=&#8221;4.9.5&#8243; header_font=&#8221;|600|||||||&#8221; header_font_size=&#8221;21px&#8221; header_line_height=&#8221;2.1em&#8221; body_line_height=&#8221;1.4em&#8221; background_color=&#8221;#ffffff&#8221; min_height=&#8221;138px&#8221; custom_margin=&#8221;0px||0px||false|false&#8221; custom_margin_tablet=&#8221;-14px||-11px||false|false&#8221; custom_margin_phone=&#8221;&#8221; custom_margin_last_edited=&#8221;on|tablet&#8221; custom_padding=&#8221;0px||14px||false|false&#8221; custom_padding_tablet=&#8221;0px|70px|28px|44px|false|false&#8221; custom_padding_phone=&#8221;11px|29px||26px|false|false&#8221; custom_padding_last_edited=&#8221;on|phone&#8221; link_option_url=&#8221;https:\/\/iveco.com.br\/&#8221; link_option_url_new_window=&#8221;on&#8221; header_font_size_tablet=&#8221;&#8221; header_font_size_phone=&#8221;17px&#8221; header_font_size_last_edited=&#8221;on|tablet&#8221; header_line_height_tablet=&#8221;1.4em&#8221; header_line_height_phone=&#8221;1.2em&#8221; header_line_height_last_edited=&#8221;on|phone&#8221; body_font_size_tablet=&#8221;&#8221; body_font_size_phone=&#8221;12px&#8221; body_font_size_last_edited=&#8221;on|phone&#8221; body_line_height_tablet=&#8221;&#8221; body_line_height_phone=&#8221;1.3em&#8221; body_line_height_last_edited=&#8221;on|phone&#8221; locked=&#8221;off&#8221;]<\/p>\n<h3><strong><br \/><span>On-Highway Brasil Ltda<\/span><br \/><\/strong><\/h3>\n<p class=\"x_MsoNormal\">Rua Senador Milton Campos, 175 &#8211; Vila da Serra &#8211; 34006-050 &#8211; Nova Lima &#8211; MG<\/p>\n<h4><span>Tel. +55 31 2107-2355<br \/><a href=\"https:\/\/iveco.com.br\/\" target=\"_blank\" rel=\"noopener noreferrer\"><span style=\"color: #0000ff;\">www.iveco.com.br\/<\/span><\/a><\/span><\/h4>\n<p>[\/et_pb_team_member][et_pb_team_member image_url=&#8221;\/\/i1.wp.com\/anfavea.com.br\/site\/wp-content\/uploads\/2021\/06\/renault.jpg&#8221; _builder_version=&#8221;4.4.0&#8243; header_font=&#8221;|600|||||||&#8221; header_font_size=&#8221;21px&#8221; header_line_height=&#8221;2.1em&#8221; body_line_height=&#8221;1.4em&#8221; background_color=&#8221;#ffffff&#8221; min_height=&#8221;138px&#8221; custom_margin=&#8221;0px||0px||false|false&#8221; custom_margin_tablet=&#8221;-14px||-11px||false|false&#8221; custom_margin_phone=&#8221;&#8221; custom_margin_last_edited=&#8221;on|tablet&#8221; custom_padding=&#8221;0px||0px||false|false&#8221; custom_padding_tablet=&#8221;0px|70px|28px|44px|false|false&#8221; custom_padding_phone=&#8221;11px|29px||26px|false|false&#8221; custom_padding_last_edited=&#8221;on|phone&#8221; link_option_url=&#8221;https:\/\/www.renault.com.br\/&#8221; link_option_url_new_window=&#8221;on&#8221; header_font_size_tablet=&#8221;&#8221; header_font_size_phone=&#8221;17px&#8221; header_font_size_last_edited=&#8221;on|tablet&#8221; header_line_height_tablet=&#8221;1.4em&#8221; header_line_height_phone=&#8221;1.2em&#8221; header_line_height_last_edited=&#8221;on|phone&#8221; body_font_size_tablet=&#8221;&#8221; body_font_size_phone=&#8221;12px&#8221; body_font_size_last_edited=&#8221;on|phone&#8221; body_line_height_tablet=&#8221;&#8221; body_line_height_phone=&#8221;1.3em&#8221; body_line_height_last_edited=&#8221;on|phone&#8221;]<\/p>\n<h3><strong><br \/> Renault do Brasil S.A.<\/strong><\/h3>\n<p>Avenida Renault, 1.300<br \/> 83070-900 &#8211; S\u00e3o Jos\u00e9 dos Pinhais &#8211; PR<\/p>\n<h4>Tel: 0800 055 56 15 | <a href=\"https:\/\/www.renault.com.br\/\" target=\"_blank\" rel=\"noopener noreferrer\"><span style=\"color: #0000ff;\">www.renault.com.br<\/span><\/a><\/h4>\n<p>[\/et_pb_team_member][et_pb_team_member image_url=&#8221;\/\/i2.wp.com\/anfavea.com.br\/site\/wp-content\/uploads\/2020\/10\/sca.jpg&#8221; _builder_version=&#8221;4.4.0&#8243; header_font=&#8221;|600|||||||&#8221; header_font_size=&#8221;21px&#8221; header_line_height=&#8221;2.1em&#8221; body_line_height=&#8221;1.4em&#8221; background_color=&#8221;#ffffff&#8221; min_height=&#8221;138px&#8221; custom_margin=&#8221;0px||0px||false|false&#8221; custom_margin_tablet=&#8221;-14px||-11px||false|false&#8221; custom_margin_phone=&#8221;&#8221; custom_margin_last_edited=&#8221;on|tablet&#8221; custom_padding=&#8221;0px||0px||false|false&#8221; custom_padding_tablet=&#8221;0px|70px|28px|44px|false|false&#8221; custom_padding_phone=&#8221;11px|29px||26px|false|false&#8221; custom_padding_last_edited=&#8221;on|phone&#8221; link_option_url=&#8221;https:\/\/www.scania.com\/br\/pt\/home.html&#8221; link_option_url_new_window=&#8221;on&#8221; header_font_size_tablet=&#8221;&#8221; header_font_size_phone=&#8221;17px&#8221; header_font_size_last_edited=&#8221;on|tablet&#8221; header_line_height_tablet=&#8221;1.4em&#8221; header_line_height_phone=&#8221;1.2em&#8221; header_line_height_last_edited=&#8221;on|phone&#8221; body_font_size_tablet=&#8221;&#8221; body_font_size_phone=&#8221;12px&#8221; body_font_size_last_edited=&#8221;on|phone&#8221; body_line_height_tablet=&#8221;&#8221; body_line_height_phone=&#8221;1.3em&#8221; body_line_height_last_edited=&#8221;on|phone&#8221;]<\/p>\n<h3><strong><br \/>Scania Latin America Ltda.<\/strong><\/h3>\n<p>Avenida Jos\u00e9 Odorizzi, 151<br \/> 09810-902 &#8211; S\u00e3o Bernardo do Campo &#8211; SP<\/p>\n<h4>Tel: +55 11 4344-9333 | <a href=\"https:\/\/www.scania.com\/br\/pt\/home.html\" target=\"_blank\" rel=\"noopener noreferrer\"><span style=\"color: #0000ff;\">www.scania.com.br<\/span><\/a><\/h4>\n<p>[\/et_pb_team_member][et_pb_team_member image_url=&#8221;https:\/\/anfavea.com.br\/site\/wp-content\/uploads\/2020\/01\/ste.jpg&#8221; _builder_version=&#8221;4.9.5&#8243; header_font=&#8221;|600|||||||&#8221; header_font_size=&#8221;21px&#8221; header_line_height=&#8221;2.1em&#8221; body_line_height=&#8221;1.4em&#8221; background_color=&#8221;#ffffff&#8221; min_height=&#8221;138px&#8221; custom_margin=&#8221;0px||0px||false|false&#8221; custom_margin_tablet=&#8221;-14px||-11px||false|false&#8221; custom_margin_phone=&#8221;&#8221; custom_margin_last_edited=&#8221;on|tablet&#8221; custom_padding=&#8221;0px||0px||false|false&#8221; custom_padding_tablet=&#8221;0px|70px|28px|44px|false|false&#8221; custom_padding_phone=&#8221;11px|29px||26px|false|false&#8221; custom_padding_last_edited=&#8221;on|phone&#8221; link_option_url=&#8221;https:\/\/www.stellantis.com\/&#8221; link_option_url_new_window=&#8221;on&#8221; header_font_size_tablet=&#8221;&#8221; header_font_size_phone=&#8221;17px&#8221; header_font_size_last_edited=&#8221;on|tablet&#8221; header_line_height_tablet=&#8221;1.4em&#8221; header_line_height_phone=&#8221;1.2em&#8221; header_line_height_last_edited=&#8221;on|phone&#8221; body_font_size_tablet=&#8221;&#8221; body_font_size_phone=&#8221;12px&#8221; body_font_size_last_edited=&#8221;on|phone&#8221; body_line_height_tablet=&#8221;&#8221; body_line_height_phone=&#8221;1.3em&#8221; body_line_height_last_edited=&#8221;on|phone&#8221; locked=&#8221;off&#8221;]<\/p>\n<h3><strong><br \/><span>Stellantis<\/span><br \/><\/strong><\/h3>\n<p>Avenida Contorno, 3.455 | <span>Bairro Paulo Camilo &#8211; CEP 32669-900 \u2013 Betim\/MG<\/span><\/p>\n<h4>Tel: (<span>31) 2123 2408<\/span><br \/><span style=\"color: #0000ff;\"><a href=\"https:\/\/www.stellantis.com\/\" target=\"_blank\" rel=\"noopener\" style=\"color: #0000ff;\">https:\/\/www.stellantis.com\/<\/a><\/span><\/h4>\n<p>[\/et_pb_team_member][et_pb_team_member image_url=&#8221;https:\/\/anfavea.com.br\/site\/wp-content\/uploads\/2021\/09\/novotoyota.jpg&#8221; _builder_version=&#8221;4.9.5&#8243; header_font=&#8221;|600|||||||&#8221; header_font_size=&#8221;21px&#8221; header_line_height=&#8221;2.1em&#8221; body_line_height=&#8221;1.4em&#8221; background_color=&#8221;#ffffff&#8221; min_height=&#8221;138px&#8221; custom_margin=&#8221;0px||0px||false|false&#8221; custom_margin_tablet=&#8221;-14px||-11px||false|false&#8221; custom_margin_phone=&#8221;&#8221; custom_margin_last_edited=&#8221;on|tablet&#8221; custom_padding=&#8221;0px||0px||false|false&#8221; custom_padding_tablet=&#8221;0px|70px|28px|44px|false|false&#8221; custom_padding_phone=&#8221;11px|29px||26px|false|false&#8221; custom_padding_last_edited=&#8221;on|phone&#8221; link_option_url=&#8221;https:\/\/www.toyota.com.br\/&#8221; link_option_url_new_window=&#8221;on&#8221; header_font_size_tablet=&#8221;&#8221; header_font_size_phone=&#8221;17px&#8221; header_font_size_last_edited=&#8221;on|tablet&#8221; header_line_height_tablet=&#8221;1.4em&#8221; header_line_height_phone=&#8221;1.2em&#8221; header_line_height_last_edited=&#8221;on|phone&#8221; body_font_size_tablet=&#8221;&#8221; body_font_size_phone=&#8221;12px&#8221; body_font_size_last_edited=&#8221;on|phone&#8221; body_line_height_tablet=&#8221;&#8221; body_line_height_phone=&#8221;1.3em&#8221; body_line_height_last_edited=&#8221;on|phone&#8221;]<\/p>\n<h3><strong><br \/>Toyota do Brasil Ltda.<\/strong><\/h3>\n<p>Av. Toyota, 9005<br \/>18079-755 &#8211; Sorocaba &#8211; SP<\/p>\n<h4>Tel: 0800 703 02 06 | <a href=\"https:\/\/www.toyota.com.br\/\" target=\"_blank\" rel=\"noopener noreferrer\"><span style=\"color: #0000ff;\">www.toyota.com.br<\/span><\/a><\/h4>\n<p>[\/et_pb_team_member][et_pb_team_member image_url=&#8221;\/\/i2.wp.com\/anfavea.com.br\/site\/wp-content\/uploads\/2020\/10\/vw.jpg&#8221; _builder_version=&#8221;4.4.0&#8243; header_font=&#8221;|600|||||||&#8221; header_font_size=&#8221;21px&#8221; header_line_height=&#8221;2.1em&#8221; body_line_height=&#8221;1.4em&#8221; background_color=&#8221;#ffffff&#8221; min_height=&#8221;138px&#8221; custom_margin=&#8221;0px||0px||false|false&#8221; custom_margin_tablet=&#8221;-14px||-11px||false|false&#8221; custom_margin_phone=&#8221;&#8221; custom_margin_last_edited=&#8221;on|tablet&#8221; custom_padding=&#8221;0px||0px||false|false&#8221; custom_padding_tablet=&#8221;0px|70px|28px|44px|false|false&#8221; custom_padding_phone=&#8221;11px|29px||26px|false|false&#8221; custom_padding_last_edited=&#8221;on|phone&#8221; link_option_url=&#8221;https:\/\/www.vw.com.br\/pt.html&#8221; link_option_url_new_window=&#8221;on&#8221; header_font_size_tablet=&#8221;&#8221; header_font_size_phone=&#8221;17px&#8221; header_font_size_last_edited=&#8221;on|tablet&#8221; header_line_height_tablet=&#8221;1.4em&#8221; header_line_height_phone=&#8221;1.2em&#8221; header_line_height_last_edited=&#8221;on|phone&#8221; body_font_size_tablet=&#8221;&#8221; body_font_size_phone=&#8221;12px&#8221; body_font_size_last_edited=&#8221;on|phone&#8221; body_line_height_tablet=&#8221;&#8221; body_line_height_phone=&#8221;1.3em&#8221; body_line_height_last_edited=&#8221;on|phone&#8221;]<\/p>\n<h3><strong><br \/>Volkswagen do Brasil Ltda.<\/strong><\/h3>\n<p>Via Anchieta, Km 23,5<br \/> 09823-901 &#8211; S\u00e3o Bernardo do Campo &#8211; SP<\/p>\n<h4>Tel: +55 11 4347-2355 | 0800 019 5775 | <a href=\"https:\/\/www.vw.com.br\/pt.html\" target=\"_blank\" rel=\"noopener noreferrer\"><span style=\"color: #0000ff;\">www.vw.com.br<\/span><\/a><\/h4>\n<p>[\/et_pb_team_member][et_pb_team_member image_url=&#8221;\/\/i1.wp.com\/anfavea.com.br\/site\/wp-content\/uploads\/2020\/10\/vc.jpg&#8221; _builder_version=&#8221;4.9.5&#8243; header_font=&#8221;|600|||||||&#8221; header_font_size=&#8221;21px&#8221; header_line_height=&#8221;2.1em&#8221; body_line_height=&#8221;1.4em&#8221; background_color=&#8221;#ffffff&#8221; min_height=&#8221;138px&#8221; custom_margin=&#8221;0px||0px||false|false&#8221; custom_margin_tablet=&#8221;-14px||-11px||false|false&#8221; custom_margin_phone=&#8221;&#8221; custom_margin_last_edited=&#8221;on|tablet&#8221; custom_padding=&#8221;0px||0px||false|false&#8221; custom_padding_tablet=&#8221;0px|70px|28px|44px|false|false&#8221; custom_padding_phone=&#8221;11px|29px||26px|false|false&#8221; custom_padding_last_edited=&#8221;on|phone&#8221; link_option_url=&#8221;https:\/\/www.vwco.com.br\/&#8221; link_option_url_new_window=&#8221;on&#8221; hover_enabled=&#8221;0&#8243; header_font_size_tablet=&#8221;&#8221; header_font_size_phone=&#8221;17px&#8221; header_font_size_last_edited=&#8221;on|tablet&#8221; header_line_height_tablet=&#8221;1.4em&#8221; header_line_height_phone=&#8221;1.2em&#8221; header_line_height_last_edited=&#8221;on|phone&#8221; body_font_size_tablet=&#8221;&#8221; body_font_size_phone=&#8221;12px&#8221; body_font_size_last_edited=&#8221;on|phone&#8221; body_line_height_tablet=&#8221;&#8221; body_line_height_phone=&#8221;1.3em&#8221; body_line_height_last_edited=&#8221;on|phone&#8221; sticky_enabled=&#8221;0&#8243; locked=&#8221;off&#8221;]<\/p>\n<h3><strong>Volkswagen Trucks &amp; Bus Ind\u00fastria <br \/>e Com\u00e9rcio de Ve\u00edculos Ltda.<\/strong><\/h3>\n<p>Rua Volkswagen, 100<br \/>27537-803 &#8211; Resende &#8211; RJ<\/p>\n<h4>Tel: +55 11 5582-5122 | <a href=\"https:\/\/www.vwco.com.br\/\" target=\"_blank\" rel=\"noopener noreferrer\"><span style=\"color: #0000ff;\">www.vwco.com.br<\/span><\/a><\/h4>\n<p>[\/et_pb_team_member][et_pb_team_member image_url=&#8221;https:\/\/anfavea.com.br\/site\/wp-content\/uploads\/2021\/09\/VOLVO.jpg&#8221; _builder_version=&#8221;4.9.5&#8243; header_font=&#8221;|600|||||||&#8221; header_font_size=&#8221;21px&#8221; header_line_height=&#8221;2.1em&#8221; body_line_height=&#8221;1.4em&#8221; background_color=&#8221;#ffffff&#8221; min_height=&#8221;138px&#8221; custom_margin=&#8221;0px||0px||false|false&#8221; custom_margin_tablet=&#8221;-14px||-11px||false|false&#8221; custom_margin_phone=&#8221;&#8221; custom_margin_last_edited=&#8221;on|tablet&#8221; custom_padding=&#8221;0px||23px||false|false&#8221; custom_padding_tablet=&#8221;0px|70px|28px|44px|false|false&#8221; custom_padding_phone=&#8221;11px|29px||26px|false|false&#8221; custom_padding_last_edited=&#8221;on|phone&#8221; link_option_url=&#8221;https:\/\/www.volvogroup.com\/br.html&#8221; link_option_url_new_window=&#8221;on&#8221; header_font_size_tablet=&#8221;&#8221; header_font_size_phone=&#8221;17px&#8221; header_font_size_last_edited=&#8221;on|tablet&#8221; header_line_height_tablet=&#8221;1.4em&#8221; header_line_height_phone=&#8221;1.2em&#8221; header_line_height_last_edited=&#8221;on|phone&#8221; body_font_size_tablet=&#8221;&#8221; body_font_size_phone=&#8221;12px&#8221; body_font_size_last_edited=&#8221;on|phone&#8221; body_line_height_tablet=&#8221;&#8221; body_line_height_phone=&#8221;1.3em&#8221; body_line_height_last_edited=&#8221;on|phone&#8221;]<\/p>\n<h3><strong><br \/>Volvo do Brasil Ve\u00edculos Ltda.<\/strong><\/h3>\n<p>Avenida Juscelino Kubitschek de Oliveira, 2.600<br \/>81260-900 &#8211; Curitiba &#8211; PR<\/p>\n<h4>Tel: +55 41 3317-8111 | <a href=\"https:\/\/www.volvogroup.com\/br.html\" target=\"_blank\" rel=\"noopener noreferrer\"><span style=\"color: #0000ff;\">www.volvo.com.br<\/span><\/a><\/h4>\n<p>[\/et_pb_team_member][\/et_pb_column][\/et_pb_row][\/et_pb_section][et_pb_section fb_built=&#8221;1&#8243; _builder_version=&#8221;4.0.11&#8243;][\/et_pb_section]<\/p>\n","protected":false},"excerpt":{"rendered":"<p>Member Companies \u00a0 AGCO do Brasil Solu\u00e7\u00f5es Agr\u00edcolas Ltda. Rua Capit\u00e3o Francisco de Almeida, 69508740-300 &#8211; Mogi das Cruzes &#8211; SP Tel: +55 11 4795-2500 | www.agco.com.br Agrale S.A. Rodovia BR 116, Km 145, n\u00ba 15.10495059-520 &#8211; Caxias do Sul &#8211; RS Tel: +55 54 3238-8000 | www.agrale.com.br Audi do Brasil Ind\u00fastria e Com\u00e9rcio de [&hellip;]<\/p>\n","protected":false},"author":1,"featured_media":0,"parent":0,"menu_order":0,"comment_status":"closed","ping_status":"closed","template":"","meta":{"_et_pb_use_builder":"on","_et_pb_old_content":"","_et_gb_content_width":"","footnotes":""},"class_list":["post-4740","page","type-page","status-publish","hentry"],"_links":{"self":[{"href":"https:\/\/anfavea.com.br\/site\/wp-json\/wp\/v2\/pages\/4740","targetHints":{"allow":["GET"]}}],"collection":[{"href":"https:\/\/anfavea.com.br\/site\/wp-json\/wp\/v2\/pages"}],"about":[{"href":"https:\/\/anfavea.com.br\/site\/wp-json\/wp\/v2\/types\/page"}],"author":[{"embeddable":true,"href":"https:\/\/anfavea.com.br\/site\/wp-json\/wp\/v2\/users\/1"}],"replies":[{"embeddable":true,"href":"https:\/\/anfavea.com.br\/site\/wp-json\/wp\/v2\/comments?post=4740"}],"version-history":[{"count":10,"href":"https:\/\/anfavea.com.br\/site\/wp-json\/wp\/v2\/pages\/4740\/revisions"}],"predecessor-version":[{"id":7408,"href":"https:\/\/anfavea.com.br\/site\/wp-json\/wp\/v2\/pages\/4740\/revisions\/7408"}],"wp:attachment":[{"href":"https:\/\/anfavea.com.br\/site\/wp-json\/wp\/v2\/media?parent=4740"}],"curies":[{"name":"wp","href":"https:\/\/api.w.org\/{rel}","templated":true}]}}