{"id":4715,"date":"2021-09-08T09:45:30","date_gmt":"2021-09-08T12:45:30","guid":{"rendered":"https:\/\/anfavea.com.br\/site\/current-board\/"},"modified":"2023-06-30T17:49:37","modified_gmt":"2023-06-30T20:49:37","slug":"current-board","status":"publish","type":"page","link":"https:\/\/anfavea.com.br\/site\/current-board\/","title":{"rendered":"Current Board"},"content":{"rendered":"<p>[et_pb_section fb_built=&#8221;1&#8243; custom_padding_last_edited=&#8221;on|tablet&#8221; next_background_color=&#8221;#eaeaf1&#8243; admin_label=&#8221;Header&#8221; _builder_version=&#8221;4.16&#8243; background_color=&#8221;#eaeaf1&#8243; use_background_color_gradient=&#8221;on&#8221; background_color_gradient_direction=&#8221;-67deg&#8221; background_color_gradient_stops=&#8221;#eaeaf1 47%|#ffffff 47%&#8221; background_color_gradient_start=&#8221;#eaeaf1&#8243; background_color_gradient_start_position=&#8221;47%&#8221; background_color_gradient_end=&#8221;#ffffff&#8221; background_color_gradient_end_position=&#8221;0%&#8221; background_position=&#8221;top_left&#8221; custom_margin=&#8221;45px||-259px||false|false&#8221; custom_margin_tablet=&#8221;54px||||false|false&#8221; custom_margin_phone=&#8221;||-231px||false|false&#8221; custom_margin_last_edited=&#8221;on|phone&#8221; custom_padding=&#8221;0|0px|0px|0px|false|false&#8221; custom_padding_tablet=&#8221;||0px&#8221; custom_padding_phone=&#8221;&#8221; bottom_divider_style=&#8221;slant&#8221; bottom_divider_height=&#8221;30vw&#8221; bottom_divider_flip=&#8221;horizontal&#8221; background_last_edited=&#8221;on|phone&#8221; background_color_gradient_stops_phone=&#8221;#eaeaf1 44%|#ffffff 44%&#8221; background_color_gradient_start_position_phone=&#8221;44%&#8221; locked=&#8221;off&#8221; global_colors_info=&#8221;{}&#8221;][et_pb_row column_structure=&#8221;2_5,3_5&#8243; custom_padding_last_edited=&#8221;on|phone&#8221; _builder_version=&#8221;4.16&#8243; width=&#8221;90%&#8221; max_width=&#8221;1800px&#8221; module_alignment=&#8221;right&#8221; custom_padding=&#8221;0px||153px||false|false&#8221; custom_padding_tablet=&#8221;||244px||false|false&#8221; custom_padding_phone=&#8221;||172px||false|false&#8221; use_custom_width=&#8221;on&#8221; width_unit=&#8221;off&#8221; custom_width_percent=&#8221;90%&#8221; global_colors_info=&#8221;{}&#8221;][et_pb_column type=&#8221;2_5&#8243; _builder_version=&#8221;4.16&#8243; custom_padding=&#8221;|50px||&#8221; global_colors_info=&#8221;{}&#8221; custom_padding__hover=&#8221;|||&#8221;][et_pb_divider color=&#8221;#0251b8&#8243; divider_weight=&#8221;80px&#8221; _builder_version=&#8221;4.16&#8243; transform_skew=&#8221;-22deg|0deg&#8221; transform_skew_linked=&#8221;off&#8221; height=&#8221;80px&#8221; custom_margin=&#8221;||74px|-20vw||&#8221; custom_margin_tablet=&#8221;||30px&#8221; custom_margin_phone=&#8221;&#8221; custom_margin_last_edited=&#8221;on|tablet&#8221; locked=&#8221;off&#8221; global_colors_info=&#8221;{}&#8221;][\/et_pb_divider][et_pb_text _builder_version=&#8221;4.16&#8243; header_font=&#8221;Khand|700|||||||&#8221; header_text_align=&#8221;left&#8221; header_font_size=&#8221;5vw&#8221; header_2_font_size=&#8221;6vw&#8221; header_3_font_size=&#8221;6vw&#8221; header_4_font_size=&#8221;6vw&#8221; header_5_font_size=&#8221;6vw&#8221; header_6_font_size=&#8221;6vw&#8221; transform_skew_linked=&#8221;off&#8221; custom_margin=&#8221;||0px|||&#8221; header_font_tablet=&#8221;&#8221; header_font_phone=&#8221;&#8221; header_font_last_edited=&#8221;on|tablet&#8221; header_font_size_tablet=&#8221;36px&#8221; header_font_size_phone=&#8221;38px&#8221; header_font_size_last_edited=&#8221;on|phone&#8221; header_2_font_size_tablet=&#8221;36px&#8221; header_2_font_size_phone=&#8221;38px&#8221; header_2_font_size_last_edited=&#8221;on|phone&#8221; header_3_font_size_tablet=&#8221;36px&#8221; header_3_font_size_phone=&#8221;38px&#8221; header_3_font_size_last_edited=&#8221;on|phone&#8221; header_4_font_size_tablet=&#8221;36px&#8221; header_4_font_size_phone=&#8221;38px&#8221; header_4_font_size_last_edited=&#8221;on|phone&#8221; header_5_font_size_tablet=&#8221;36px&#8221; header_5_font_size_phone=&#8221;38px&#8221; header_5_font_size_last_edited=&#8221;on|phone&#8221; header_6_font_size_tablet=&#8221;36px&#8221; header_6_font_size_phone=&#8221;38px&#8221; header_6_font_size_last_edited=&#8221;on|phone&#8221; global_colors_info=&#8221;{}&#8221;]<\/p>\n<h1>Current<\/h1>\n<h1>Board of Directors<\/p>\n<\/h1>\n<p>[\/et_pb_text][et_pb_divider color=&#8221;#053b87&#8243; divider_style=&#8221;double&#8221; divider_weight=&#8221;10px&#8221; _builder_version=&#8221;4.16&#8243; transform_skew=&#8221;-20deg|0deg&#8221; max_width=&#8221;100px&#8221; height=&#8221;10px&#8221; locked=&#8221;off&#8221; global_colors_info=&#8221;{}&#8221;][\/et_pb_divider][et_pb_text _builder_version=&#8221;4.16&#8243; text_font=&#8221;|600|||||||&#8221; text_font_size=&#8221;23px&#8221; text_line_height=&#8221;1.4em&#8221; width=&#8221;96%&#8221; width_tablet=&#8221;100%&#8221; width_phone=&#8221;84%&#8221; width_last_edited=&#8221;on|tablet&#8221; max_width=&#8221;84%&#8221; custom_margin=&#8221;|435px||||&#8221; text_font_size_tablet=&#8221;16px&#8221; text_font_size_phone=&#8221;15px&#8221; text_font_size_last_edited=&#8221;on|phone&#8221; header_font_size_tablet=&#8221;36px&#8221; header_font_size_phone=&#8221;&#8221; header_font_size_last_edited=&#8221;on|tablet&#8221; locked=&#8221;off&#8221; global_colors_info=&#8221;{}&#8221;]<\/p>\n<p>See the profile of the directors of the 2022\/2025 management<\/p>\n<p>[\/et_pb_text][et_pb_image src=&#8221;\/\/i3.wp.com\/anfavea.com.br\/site\/wp-content\/uploads\/2020\/01\/seta.gif&#8221; url=&#8221;#diretores&#8221; align=&#8221;center&#8221; _builder_version=&#8221;4.16&#8243; width=&#8221;16%&#8221; custom_margin=&#8221;|||154px|false|false&#8221; global_colors_info=&#8221;{}&#8221;][\/et_pb_image][\/et_pb_column][et_pb_column type=&#8221;3_5&#8243; _builder_version=&#8221;4.16&#8243; custom_padding=&#8221;|||&#8221; global_colors_info=&#8221;{}&#8221; custom_padding__hover=&#8221;|||&#8221;][et_pb_image src=&#8221;\/\/i3.wp.com\/anfavea.com.br\/site\/wp-content\/uploads\/2020\/01\/mechanic-59.png&#8221; align=&#8221;right&#8221; force_fullwidth=&#8221;on&#8221; _builder_version=&#8221;4.16&#8243; background_image=&#8221;\/\/i2.wp.com\/anfavea.com.br\/site\/wp-content\/uploads\/2020\/01\/Depositphotos_52467529_xl-2015-scaled-1.jpg&#8221; background_position=&#8221;bottom_left&#8221; width_tablet=&#8221;70%&#8221; width_phone=&#8221;&#8221; width_last_edited=&#8221;on|tablet&#8221; min_height_tablet=&#8221;388px&#8221; min_height_phone=&#8221;316px&#8221; min_height_last_edited=&#8221;on|tablet&#8221; height_tablet=&#8221;352px&#8221; height_phone=&#8221;&#8221; height_last_edited=&#8221;on|desktop&#8221; max_height_tablet=&#8221;247px&#8221; max_height_phone=&#8221;&#8221; max_height_last_edited=&#8221;on|desktop&#8221; custom_padding=&#8221;|||&#8221; always_center_on_mobile=&#8221;off&#8221; global_colors_info=&#8221;{}&#8221;][\/et_pb_image][et_pb_image src=&#8221;\/\/i2.wp.com\/anfavea.com.br\/site\/wp-content\/uploads\/2020\/01\/mechanic-57-1.png&#8221; align=&#8221;right&#8221; _builder_version=&#8221;4.16&#8243; width=&#8221;60%&#8221; width_tablet=&#8221;66%&#8221; width_phone=&#8221;&#8221; width_last_edited=&#8221;on|tablet&#8221; max_width=&#8221;66%&#8221; module_alignment=&#8221;right&#8221; min_height_tablet=&#8221;304px&#8221; min_height_phone=&#8221;&#8221; min_height_last_edited=&#8221;on|tablet&#8221; max_height_tablet=&#8221;343px&#8221; max_height_phone=&#8221;&#8221; max_height_last_edited=&#8221;on|tablet&#8221; custom_margin=&#8221;-70%|||-204px||&#8221; custom_padding=&#8221;||0px|||&#8221; always_center_on_mobile=&#8221;off&#8221; global_colors_info=&#8221;{}&#8221;][\/et_pb_image][et_pb_divider color=&#8221;#0c71c3&#8243; divider_weight=&#8221;4px&#8221; admin_label=&#8221;Divider&#8221; _builder_version=&#8221;4.16&#8243; transform_scale_tablet=&#8221;&#8221; transform_scale_phone=&#8221;&#8221; transform_scale_last_edited=&#8221;on|desktop&#8221; transform_translate=&#8221;-20%|-32vw&#8221; transform_translate_tablet=&#8221;-20px|-50vw&#8221; transform_translate_phone=&#8221;&#8221; transform_translate_last_edited=&#8221;on|phone&#8221; transform_translate_linked=&#8221;off&#8221; transform_rotate=&#8221;0deg|0deg|-68deg&#8221; transform_rotate_tablet=&#8221;&#8221; transform_rotate_phone=&#8221;&#8221; transform_rotate_last_edited=&#8221;on|desktop&#8221; transform_skew_tablet=&#8221;&#8221; transform_skew_phone=&#8221;&#8221; transform_skew_last_edited=&#8221;on|desktop&#8221; transform_origin_tablet=&#8221;&#8221; transform_origin_phone=&#8221;&#8221; transform_origin_last_edited=&#8221;on|desktop&#8221; transform_styles_last_edited=&#8221;on|phone&#8221; width=&#8221;20vw&#8221; module_alignment=&#8221;left&#8221; height=&#8221;0px&#8221; custom_margin=&#8221;||0px&#8221; transform_styles_tablet=&#8221;&#8221; transform_styles_phone=&#8221;&#8221; locked=&#8221;off&#8221; global_colors_info=&#8221;{}&#8221;][\/et_pb_divider][\/et_pb_column][\/et_pb_row][\/et_pb_section][et_pb_section fb_built=&#8221;1&#8243; admin_label=&#8221;Services&#8221; _builder_version=&#8221;4.16&#8243; background_color=&#8221;#eaeaf1&#8243; custom_padding=&#8221;0px||26px|||&#8221; locked=&#8221;off&#8221; global_colors_info=&#8221;{}&#8221;][et_pb_row column_structure=&#8221;1_2,1_2&#8243; custom_padding_last_edited=&#8221;on|phone&#8221; _builder_version=&#8221;4.16&#8243; width_tablet=&#8221;100%&#8221; width_phone=&#8221;100%&#8221; width_last_edited=&#8221;on|tablet&#8221; max_width=&#8221;2560px&#8221; custom_margin_tablet=&#8221;&#8221; custom_margin_phone=&#8221;&#8221; custom_margin_last_edited=&#8221;on|phone&#8221; custom_padding=&#8221;|||&#8221; custom_padding_tablet=&#8221;20px|20px|20px|20px|true|true&#8221; custom_padding_phone=&#8221;15px|15px|15px|15px|false|false&#8221; use_custom_width=&#8221;on&#8221; custom_width_px=&#8221;1440px&#8221; global_colors_info=&#8221;{}&#8221;][et_pb_column type=&#8221;1_2&#8243; _builder_version=&#8221;4.16&#8243; background_color=&#8221;#ffffff&#8221; custom_padding=&#8221;|||&#8221; box_shadow_style=&#8221;preset3&#8243; box_shadow_horizontal=&#8221;5px&#8221; box_shadow_color=&#8221;#bfd7ef&#8221; global_colors_info=&#8221;{}&#8221; custom_padding__hover=&#8221;|||&#8221;][et_pb_text module_id=&#8221;diretores&#8221; _builder_version=&#8221;4.16&#8243; header_font=&#8221;Khand|700|||||||&#8221; header_text_align=&#8221;left&#8221; header_font_size=&#8221;4vw&#8221; transform_skew_linked=&#8221;off&#8221; min_height=&#8221;180px&#8221; custom_margin=&#8221;2px||-67px|38px|false|false&#8221; custom_margin_tablet=&#8221;|||0px|false|false&#8221; custom_margin_phone=&#8221;|||0px|false|false&#8221; custom_margin_last_edited=&#8221;on|tablet&#8221; custom_padding=&#8221;30px|||||&#8221; header_text_align_tablet=&#8221;center&#8221; header_text_align_phone=&#8221;center&#8221; header_text_align_last_edited=&#8221;on|tablet&#8221; header_font_size_tablet=&#8221;48px&#8221; header_font_size_phone=&#8221;30px&#8221; header_font_size_last_edited=&#8221;on|tablet&#8221; module_alignment_tablet=&#8221;center&#8221; module_alignment_phone=&#8221;center&#8221; module_alignment_last_edited=&#8221;on|phone&#8221; global_colors_info=&#8221;{}&#8221;]<\/p>\n<h1><span>President<\/span><\/h1>\n<p>[\/et_pb_text][et_pb_divider color=&#8221;#053b87&#8243; divider_style=&#8221;double&#8221; divider_weight=&#8221;10px&#8221; _builder_version=&#8221;4.16&#8243; transform_skew=&#8221;-20deg|0deg&#8221; max_width=&#8221;100px&#8221; height=&#8221;10px&#8221; custom_margin=&#8221;|||34px|false|false&#8221; custom_margin_tablet=&#8221;-84px|||0px|false|false&#8221; custom_margin_phone=&#8221;-108px|||0px|false|false&#8221; custom_margin_last_edited=&#8221;on|phone&#8221; module_alignment_tablet=&#8221;center&#8221; module_alignment_phone=&#8221;center&#8221; module_alignment_last_edited=&#8221;on|tablet&#8221; locked=&#8221;off&#8221; global_colors_info=&#8221;{}&#8221;][\/et_pb_divider][et_pb_image src=&#8221;https:\/\/anfavea.com.br\/site\/wp-content\/uploads\/2023\/06\/marcio.png&#8221; title_text=&#8221;marcio&#8221; align=&#8221;center&#8221; _builder_version=&#8221;4.21.0&#8243; width=&#8221;89%&#8221; width_tablet=&#8221;100%&#8221; width_phone=&#8221;&#8221; width_last_edited=&#8221;on|tablet&#8221; global_colors_info=&#8221;{}&#8221; locked=&#8221;off&#8221;][\/et_pb_image][et_pb_text _builder_version=&#8221;4.16&#8243; text_orientation=&#8221;center&#8221; width=&#8221;88%&#8221; module_alignment=&#8221;center&#8221; custom_margin=&#8221;||27px||false|false&#8221; custom_margin_tablet=&#8221;&#8221; custom_margin_phone=&#8221;||34px||false|false&#8221; custom_margin_last_edited=&#8221;on|phone&#8221; global_colors_info=&#8221;{}&#8221;]<\/p>\n<p style=\"text-align: center;\"><strong>M\u00e1rcio de Lima Leite<br \/><\/strong><span>Stellantis<\/span>\u00a0<\/p>\n<p>[\/et_pb_text][et_pb_toggle title=&#8221;Check Profile&#8221; icon_color=&#8221;#0c71c3&#8243; use_icon_font_size=&#8221;on&#8221; icon_font_size=&#8221;23px&#8221; open_icon_color=&#8221;#0c71c3&#8243; open_use_icon_font_size=&#8221;on&#8221; open_icon_font_size=&#8221;23px&#8221; _builder_version=&#8221;4.21.0&#8243; title_font=&#8221;Roboto|700|||||||&#8221; title_text_align=&#8221;left&#8221; title_font_size=&#8221;18px&#8221; title_line_height=&#8221;1.7em&#8221; body_font=&#8221;||||||||&#8221; body_font_size=&#8221;17px&#8221; body_line_height=&#8221;1.4em&#8221; background_color=&#8221;#ffffff&#8221; custom_margin=&#8221;-16px||||false|false&#8221; custom_margin_tablet=&#8221;&#8221; custom_margin_phone=&#8221;&#8221; custom_margin_last_edited=&#8221;on|desktop&#8221; custom_padding=&#8221;|30px||30px&#8221; animation_style=&#8221;fold&#8221; animation_direction=&#8221;top&#8221; hover_enabled=&#8221;0&#8243; title_font_size_tablet=&#8221;&#8221; title_font_size_phone=&#8221;16px&#8221; title_font_size_last_edited=&#8221;on|desktop&#8221; border_radii=&#8221;on|10px|10px|10px|10px&#8221; border_width_all=&#8221;0px&#8221; border_color_all=&#8221;#0c71c3&#8243; border_width_left=&#8221;10px&#8221; box_shadow_style=&#8221;preset1&#8243; box_shadow_blur=&#8221;70px&#8221; box_shadow_color=&#8221;rgba(110,130,208,0.18)&#8221; locked=&#8221;off&#8221; global_colors_info=&#8221;{}&#8221; sticky_enabled=&#8221;0&#8243;]<\/p>\n<p>M\u00e1rcio de Lima Leite assumed the presidency of ANFAVEA on 05\/02\/2022. He is Stellantis&#8217; Legal, Tax and Institutional Relations Vice-President for South America. He has been with the group since 2000. Additionally, he is General Counsel and Head of Taxes in the South America region. He serves on the Audit Boards of Banco Fidis, Funda\u00e7\u00e3o Stellantis Sa\u00fade and IMPP-Instituto Minas Pela Paz.<\/p>\n<p>He holds a degree in Law and Accounting Science, a master&#8217;s degree in Business Law and a postgraduate degree in Strategic Management with a specialization in Finance from UFMG. Visiting professor at PUCMINAS for the LLM postgraduate course in Tax Law. Former undergraduate professor at UFMG and PUCMINAS and of the postgraduate course at Funda\u00e7\u00e3o Dom Cabral.<\/p>\n<p>He is also a member of the Audit Committee of CEMIG-Companhia Energ\u00e9tica de Minas Gerais-and Board Member and Coordinator of the Audit Committee of COPASA-Companhia de Saneamento de Minas Gerais. He is coordinator of the IBGC-Brazilian Institute of Corporate Governance of the Minas Gerais Chapter.<\/p>\n<p>He served as an independent auditor at KPMG, Deloitte Touche Thomatsu and Soltz Matoso e Mendes for 9 years. Certified by IBGC, Brazilian Institute of Corporate Governance, for Audit Committee member.<\/p>\n<p><span><a href=\"https:\/\/www.linkedin.com\/in\/m%C3%A1rcio-lima-leite-327226100\/\" target=\"_blank\" rel=\"noopener noreferrer\"><img decoding=\"async\" src=\"https:\/\/anfavea.com.br\/site\/wp-content\/uploads\/2020\/02\/linkedin.png\" width=\"40\" height=\"40\" alt=\"\" class=\"wp-image-2616 alignnone size-full\" style=\"display: block; margin-left: auto; margin-right: auto;\" \/><\/a><\/span><\/p>\n<p>[\/et_pb_toggle][\/et_pb_column][et_pb_column type=&#8221;1_2&#8243; _builder_version=&#8221;4.16&#8243; background_color=&#8221;#ffffff&#8221; custom_padding=&#8221;|||&#8221; box_shadow_style=&#8221;preset3&#8243; box_shadow_horizontal=&#8221;5px&#8221; box_shadow_color=&#8221;#bfd7ef&#8221; global_colors_info=&#8221;{}&#8221; custom_padding__hover=&#8221;|||&#8221;][et_pb_text _builder_version=&#8221;4.16&#8243; header_font=&#8221;Khand|700|||||||&#8221; header_text_align=&#8221;left&#8221; header_font_size=&#8221;4vw&#8221; transform_skew_linked=&#8221;off&#8221; min_height=&#8221;180px&#8221; custom_margin=&#8221;2px||-67px|38px|false|false&#8221; custom_margin_tablet=&#8221;|||0px|false|false&#8221; custom_margin_phone=&#8221;|||0px|false|false&#8221; custom_margin_last_edited=&#8221;on|tablet&#8221; custom_padding=&#8221;30px|||||&#8221; header_text_align_tablet=&#8221;center&#8221; header_text_align_phone=&#8221;center&#8221; header_text_align_last_edited=&#8221;on|tablet&#8221; header_font_size_tablet=&#8221;48px&#8221; header_font_size_phone=&#8221;30px&#8221; header_font_size_last_edited=&#8221;on|tablet&#8221; module_alignment_tablet=&#8221;center&#8221; module_alignment_phone=&#8221;center&#8221; module_alignment_last_edited=&#8221;on|phone&#8221; global_colors_info=&#8221;{}&#8221;]<\/p>\n<h1 class=\"LC20lb MBeuO DKV0Md\">1st Vice President<\/h1>\n<p>[\/et_pb_text][et_pb_divider color=&#8221;#053b87&#8243; divider_style=&#8221;double&#8221; divider_weight=&#8221;10px&#8221; _builder_version=&#8221;4.16&#8243; transform_skew=&#8221;-20deg|0deg&#8221; max_width=&#8221;100px&#8221; height=&#8221;10px&#8221; custom_margin=&#8221;|||34px|false|false&#8221; custom_margin_tablet=&#8221;-84px|||0px|false|false&#8221; custom_margin_phone=&#8221;-108px|||0px|false|false&#8221; custom_margin_last_edited=&#8221;on|phone&#8221; module_alignment_tablet=&#8221;center&#8221; module_alignment_phone=&#8221;center&#8221; module_alignment_last_edited=&#8221;on|tablet&#8221; locked=&#8221;off&#8221; global_colors_info=&#8221;{}&#8221;][\/et_pb_divider][et_pb_image src=&#8221;https:\/\/anfavea.com.br\/site\/wp-content\/uploads\/2023\/06\/bonini.png&#8221; title_text=&#8221;bonini&#8221; align=&#8221;center&#8221; _builder_version=&#8221;4.21.0&#8243; width=&#8221;89%&#8221; width_tablet=&#8221;100%&#8221; width_phone=&#8221;&#8221; width_last_edited=&#8221;on|tablet&#8221; global_colors_info=&#8221;{}&#8221; locked=&#8221;off&#8221;][\/et_pb_image][et_pb_text _builder_version=&#8221;4.16&#8243; text_orientation=&#8221;center&#8221; width=&#8221;90%&#8221; width_tablet=&#8221;&#8221; width_phone=&#8221;&#8221; width_last_edited=&#8221;on|desktop&#8221; max_width=&#8221;88%&#8221; module_alignment=&#8221;center&#8221; locked=&#8221;off&#8221; global_colors_info=&#8221;{}&#8221;]<\/p>\n<p style=\"text-align: center;\"><strong>Gustavo Rodrigo Bonini<br \/> <\/strong>Scania<\/p>\n<p>[\/et_pb_text][et_pb_toggle title=&#8221;Check Profile&#8221; icon_color=&#8221;#0c71c3&#8243; use_icon_font_size=&#8221;on&#8221; icon_font_size=&#8221;23px&#8221; open_icon_color=&#8221;#0c71c3&#8243; open_use_icon_font_size=&#8221;on&#8221; open_icon_font_size=&#8221;23px&#8221; _builder_version=&#8221;4.21.0&#8243; title_font=&#8221;Roboto|700|||||||&#8221; title_text_align=&#8221;left&#8221; title_font_size=&#8221;18px&#8221; title_line_height=&#8221;1.7em&#8221; body_font=&#8221;||||||||&#8221; body_font_size=&#8221;17px&#8221; body_line_height=&#8221;1.4em&#8221; background_color=&#8221;#ffffff&#8221; custom_margin=&#8221;-26px||||false|false&#8221; custom_margin_tablet=&#8221;0px||||false|false&#8221; custom_margin_phone=&#8221;&#8221; custom_margin_last_edited=&#8221;on|phone&#8221; custom_padding=&#8221;|30px||30px&#8221; animation_style=&#8221;fold&#8221; animation_direction=&#8221;top&#8221; hover_enabled=&#8221;0&#8243; title_font_size_tablet=&#8221;&#8221; title_font_size_phone=&#8221;16px&#8221; title_font_size_last_edited=&#8221;on|desktop&#8221; border_radii=&#8221;on|10px|10px|10px|10px&#8221; border_width_all=&#8221;0px&#8221; border_color_all=&#8221;#0c71c3&#8243; border_width_left=&#8221;10px&#8221; box_shadow_style=&#8221;preset1&#8243; box_shadow_blur=&#8221;70px&#8221; box_shadow_color=&#8221;rgba(110,130,208,0.18)&#8221; locked=&#8221;off&#8221; global_colors_info=&#8221;{}&#8221; sticky_enabled=&#8221;0&#8243;]<\/p>\n<p>Gustavo Bonini is ANFAVEA&#8217;s Vice-President and Treasurer. He serves as director of Institutional and Governmental Relations at Scania Latin America and has been in the automotive sector for almost 21 years. In 2013, he was appointed to lead ANFAVEA&#8217;s logistics commission, a position he held until 2016. He is currently Vice-President of the entity and speaker at trade fairs. He holds an MBA from FGV and a degree in Business Administration and Foreign Trade.<\/p>\n<p style=\"text-align: center;\"><span><a href=\"https:\/\/www.linkedin.com\/in\/gustavobonini\/\" target=\"_blank\" rel=\"noopener noreferrer\"><img decoding=\"async\" src=\"https:\/\/anfavea.com.br\/site\/wp-content\/uploads\/2020\/02\/linkedin.png\" width=\"40\" height=\"40\" alt=\"\" class=\"wp-image-2616 alignnone size-full\" style=\"display: block; margin-left: auto; margin-right: auto;\" \/><\/a><\/span><\/p>\n<p>[\/et_pb_toggle][\/et_pb_column][\/et_pb_row][et_pb_row column_structure=&#8221;1_2,1_2&#8243; custom_padding_last_edited=&#8221;on|phone&#8221; _builder_version=&#8221;4.16&#8243; width_tablet=&#8221;100%&#8221; width_phone=&#8221;100%&#8221; width_last_edited=&#8221;on|tablet&#8221; max_width=&#8221;2560px&#8221; custom_margin_tablet=&#8221;&#8221; custom_margin_phone=&#8221;&#8221; custom_margin_last_edited=&#8221;on|phone&#8221; custom_padding=&#8221;|||&#8221; custom_padding_tablet=&#8221;20px|20px|20px|20px|true|true&#8221; custom_padding_phone=&#8221;15px|15px|15px|15px|false|false&#8221; use_custom_width=&#8221;on&#8221; custom_width_px=&#8221;1440px&#8221; locked=&#8221;off&#8221; global_colors_info=&#8221;{}&#8221;][et_pb_column type=&#8221;1_2&#8243; _builder_version=&#8221;4.16&#8243; background_color=&#8221;#ffffff&#8221; custom_padding=&#8221;|||&#8221; box_shadow_style=&#8221;preset3&#8243; box_shadow_horizontal=&#8221;5px&#8221; box_shadow_color=&#8221;#bfd7ef&#8221; global_colors_info=&#8221;{}&#8221; custom_padding__hover=&#8221;|||&#8221;][et_pb_text _builder_version=&#8221;4.16&#8243; header_font=&#8221;Khand|700|||||||&#8221; header_text_align=&#8221;left&#8221; header_font_size=&#8221;4vw&#8221; transform_skew_linked=&#8221;off&#8221; min_height=&#8221;180px&#8221; custom_margin=&#8221;2px||-67px|38px|false|false&#8221; custom_margin_tablet=&#8221;|||0px|false|false&#8221; custom_margin_phone=&#8221;|||0px|false|false&#8221; custom_margin_last_edited=&#8221;on|tablet&#8221; custom_padding=&#8221;30px|||||&#8221; header_text_align_tablet=&#8221;center&#8221; header_text_align_phone=&#8221;center&#8221; header_text_align_last_edited=&#8221;on|tablet&#8221; header_font_size_tablet=&#8221;48px&#8221; header_font_size_phone=&#8221;30px&#8221; header_font_size_last_edited=&#8221;on|tablet&#8221; module_alignment_tablet=&#8221;center&#8221; module_alignment_phone=&#8221;center&#8221; module_alignment_last_edited=&#8221;on|phone&#8221; global_colors_info=&#8221;{}&#8221;]<\/p>\n<h1>Vice President Treasurer<\/h1>\n<p>[\/et_pb_text][et_pb_divider color=&#8221;#053b87&#8243; divider_style=&#8221;double&#8221; divider_weight=&#8221;10px&#8221; _builder_version=&#8221;4.16&#8243; transform_skew=&#8221;-20deg|0deg&#8221; max_width=&#8221;100px&#8221; height=&#8221;10px&#8221; custom_margin=&#8221;53px||53px|34px|true|false&#8221; custom_margin_tablet=&#8221;-84px|||0px|false|false&#8221; custom_margin_phone=&#8221;-108px|||0px|false|false&#8221; custom_margin_last_edited=&#8221;on|phone&#8221; module_alignment_tablet=&#8221;center&#8221; module_alignment_phone=&#8221;center&#8221; module_alignment_last_edited=&#8221;on|tablet&#8221; locked=&#8221;off&#8221; global_colors_info=&#8221;{}&#8221;][\/et_pb_divider][et_pb_image src=&#8221;https:\/\/anfavea.com.br\/site\/wp-content\/uploads\/2023\/06\/gleide.png&#8221; title_text=&#8221;gleide&#8221; align=&#8221;center&#8221; _builder_version=&#8221;4.21.0&#8243; width=&#8221;89%&#8221; width_tablet=&#8221;100%&#8221; width_phone=&#8221;&#8221; width_last_edited=&#8221;on|tablet&#8221; hover_enabled=&#8221;0&#8243; global_colors_info=&#8221;{}&#8221; locked=&#8221;off&#8221; custom_margin_last_edited=&#8221;on|desktop&#8221; custom_margin=&#8221;-20px||||false|false&#8221; sticky_enabled=&#8221;0&#8243; custom_margin_tablet=&#8221;-20px||||false|false&#8221; custom_margin_phone=&#8221;-20px||||false|false&#8221;][\/et_pb_image][et_pb_text _builder_version=&#8221;4.16&#8243; text_orientation=&#8221;center&#8221; width=&#8221;90%&#8221; width_tablet=&#8221;&#8221; width_phone=&#8221;&#8221; width_last_edited=&#8221;on|desktop&#8221; max_width=&#8221;88%&#8221; module_alignment=&#8221;center&#8221; global_colors_info=&#8221;{}&#8221; locked=&#8221;off&#8221;]<\/p>\n<p style=\"text-align: center;\"><strong>Gleide M\u00e9rcia Souza Patrizi<br \/><\/strong>BMW<\/p>\n<p>[\/et_pb_text][et_pb_toggle title=&#8221;Check Profile&#8221; icon_color=&#8221;#0c71c3&#8243; use_icon_font_size=&#8221;on&#8221; icon_font_size=&#8221;23px&#8221; open_icon_color=&#8221;#0c71c3&#8243; open_use_icon_font_size=&#8221;on&#8221; open_icon_font_size=&#8221;23px&#8221; _builder_version=&#8221;4.21.0&#8243; title_font=&#8221;Roboto|700|||||||&#8221; title_text_align=&#8221;left&#8221; title_font_size=&#8221;18px&#8221; title_line_height=&#8221;1.7em&#8221; body_font=&#8221;||||||||&#8221; body_font_size=&#8221;17px&#8221; body_line_height=&#8221;1.4em&#8221; background_color=&#8221;#ffffff&#8221; custom_margin=&#8221;-18px||||false|false&#8221; custom_margin_tablet=&#8221;0px||||false|false&#8221; custom_margin_phone=&#8221;&#8221; custom_margin_last_edited=&#8221;on|phone&#8221; custom_padding=&#8221;|30px||30px&#8221; animation_style=&#8221;fold&#8221; animation_direction=&#8221;top&#8221; hover_enabled=&#8221;0&#8243; title_font_size_tablet=&#8221;&#8221; title_font_size_phone=&#8221;16px&#8221; title_font_size_last_edited=&#8221;on|desktop&#8221; border_radii=&#8221;on|10px|10px|10px|10px&#8221; border_width_all=&#8221;0px&#8221; border_color_all=&#8221;#0c71c3&#8243; border_width_left=&#8221;10px&#8221; box_shadow_style=&#8221;preset1&#8243; box_shadow_blur=&#8221;70px&#8221; box_shadow_color=&#8221;rgba(110,130,208,0.18)&#8221; global_colors_info=&#8221;{}&#8221; locked=&#8221;off&#8221; sticky_enabled=&#8221;0&#8243;]<\/p>\n<p style=\"text-align: left;\">Gleide M\u00e9rcia Souza Patrizi has been Vice-President of ANFAVEA since 2014. Graduated in Full Mechanical Engineering and Industrial Administration, she has been working in the automotive sector for 30 years, having worked for large multinationals in the segment. At BMW do Brasil, she has been at the forefront of strategic areas over the last 13 years, assuming the Directorship of Government Relations and Social Responsibility in 2013.<\/p>\n<p><a href=\"https:\/\/www.linkedin.com\/in\/gleide-souza-a42a9b15\/\" target=\"_blank\" rel=\"noopener noreferrer\"><img decoding=\"async\" src=\"https:\/\/anfavea.com.br\/site\/wp-content\/uploads\/2020\/02\/linkedin.png\" width=\"40\" height=\"40\" alt=\"\" class=\"wp-image-2616 alignnone size-full\" style=\"display: block; margin-left: auto; margin-right: auto;\" \/><\/a><\/p>\n<p>[\/et_pb_toggle][\/et_pb_column][et_pb_column type=&#8221;1_2&#8243; _builder_version=&#8221;4.16&#8243; background_color=&#8221;#ffffff&#8221; custom_padding=&#8221;|||&#8221; box_shadow_style=&#8221;preset3&#8243; box_shadow_horizontal=&#8221;5px&#8221; box_shadow_color=&#8221;#bfd7ef&#8221; global_colors_info=&#8221;{}&#8221; custom_padding__hover=&#8221;|||&#8221;][et_pb_text _builder_version=&#8221;4.16&#8243; header_font=&#8221;Khand|700|||||||&#8221; header_text_align=&#8221;left&#8221; header_font_size=&#8221;4vw&#8221; transform_skew_linked=&#8221;off&#8221; min_height=&#8221;180px&#8221; custom_margin=&#8221;2px||-67px|38px|false|false&#8221; custom_margin_tablet=&#8221;|||0px|false|false&#8221; custom_margin_phone=&#8221;|||0px|false|false&#8221; custom_margin_last_edited=&#8221;on|tablet&#8221; custom_padding=&#8221;30px|||||&#8221; header_text_align_tablet=&#8221;center&#8221; header_text_align_phone=&#8221;center&#8221; header_text_align_last_edited=&#8221;on|tablet&#8221; header_font_size_tablet=&#8221;48px&#8221; header_font_size_phone=&#8221;30px&#8221; header_font_size_last_edited=&#8221;on|tablet&#8221; module_alignment_tablet=&#8221;center&#8221; module_alignment_phone=&#8221;center&#8221; module_alignment_last_edited=&#8221;on|phone&#8221; global_colors_info=&#8221;{}&#8221;]<\/p>\n<h1>Vice President Secretary<\/h1>\n<p>[\/et_pb_text][et_pb_divider color=&#8221;#053b87&#8243; divider_style=&#8221;double&#8221; divider_weight=&#8221;10px&#8221; _builder_version=&#8221;4.16&#8243; transform_skew=&#8221;-20deg|0deg&#8221; max_width=&#8221;100px&#8221; height=&#8221;10px&#8221; custom_margin=&#8221;53px|||34px|false|false&#8221; custom_margin_tablet=&#8221;-84px|||0px|false|false&#8221; custom_margin_phone=&#8221;-108px|||0px|false|false&#8221; custom_margin_last_edited=&#8221;on|phone&#8221; module_alignment_tablet=&#8221;center&#8221; module_alignment_phone=&#8221;center&#8221; module_alignment_last_edited=&#8221;on|tablet&#8221; locked=&#8221;off&#8221; global_colors_info=&#8221;{}&#8221;][\/et_pb_divider][et_pb_image src=&#8221;https:\/\/anfavea.com.br\/site\/wp-content\/uploads\/2022\/04\/Antonio-1.jpg&#8221; title_text=&#8221;Antonio&#8221; align=&#8221;center&#8221; _builder_version=&#8221;4.16&#8243; width=&#8221;89%&#8221; width_tablet=&#8221;100%&#8221; width_phone=&#8221;&#8221; width_last_edited=&#8221;on|tablet&#8221; global_colors_info=&#8221;{}&#8221;][\/et_pb_image][et_pb_text _builder_version=&#8221;4.16&#8243; text_orientation=&#8221;center&#8221; width=&#8221;90%&#8221; width_tablet=&#8221;&#8221; width_phone=&#8221;&#8221; width_last_edited=&#8221;on|desktop&#8221; max_width=&#8221;88%&#8221; module_alignment=&#8221;center&#8221; locked=&#8221;off&#8221; global_colors_info=&#8221;{}&#8221;]<\/p>\n<p style=\"text-align: center;\"><strong><span>Ant\u00f4nio C. Prataviera Calcagnotto<\/span><br \/> <\/strong>Audi<\/p>\n<p><a href=\"https:\/\/www.linkedin.com\/in\/carlos-eduardo-do-nascimento-ogliari-8577062\/\" target=\"_blank\" rel=\"noopener noreferrer\"><\/a><\/p>\n<p>[\/et_pb_text][et_pb_toggle title=&#8221;Check Profile&#8221; icon_color=&#8221;#0c71c3&#8243; use_icon_font_size=&#8221;on&#8221; icon_font_size=&#8221;23px&#8221; open_icon_color=&#8221;#0c71c3&#8243; open_use_icon_font_size=&#8221;on&#8221; open_icon_font_size=&#8221;23px&#8221; _builder_version=&#8221;4.21.0&#8243; title_font=&#8221;Roboto|700|||||||&#8221; title_text_align=&#8221;left&#8221; title_font_size=&#8221;18px&#8221; title_line_height=&#8221;1.7em&#8221; body_font=&#8221;||||||||&#8221; body_font_size=&#8221;17px&#8221; body_line_height=&#8221;1.4em&#8221; background_color=&#8221;#ffffff&#8221; custom_margin=&#8221;-34px||||false|false&#8221; custom_margin_tablet=&#8221;0px||||false|false&#8221; custom_margin_phone=&#8221;&#8221; custom_margin_last_edited=&#8221;on|phone&#8221; custom_padding=&#8221;|30px||30px&#8221; animation_style=&#8221;fold&#8221; animation_direction=&#8221;top&#8221; hover_enabled=&#8221;0&#8243; title_font_size_tablet=&#8221;&#8221; title_font_size_phone=&#8221;16px&#8221; title_font_size_last_edited=&#8221;on|desktop&#8221; border_radii=&#8221;on|10px|10px|10px|10px&#8221; border_width_all=&#8221;0px&#8221; border_color_all=&#8221;#0c71c3&#8243; border_width_left=&#8221;10px&#8221; box_shadow_style=&#8221;preset1&#8243; box_shadow_blur=&#8221;70px&#8221; box_shadow_color=&#8221;rgba(110,130,208,0.18)&#8221; locked=&#8221;off&#8221; global_colors_info=&#8221;{}&#8221; sticky_enabled=&#8221;0&#8243;]<\/p>\n<p style=\"text-align: left;\">Ant\u00f4nio has been Vice President of ANFAVEA for Audi since 2020. He worked at Marcopolo Buses, Navistar International Trucks and Renault-Nissan Alliance. He is Audi&#8217;s Institutional Relations and Sustainability Director and is on the board of ABERJE (Brazilian Association of Business Journalism), is a member of the CNI and of the board of FIESP. He holds a degree in Business Administration and Law and a master&#8217;s degree in Strategic Planning (FGV).<\/p>\n<p style=\"text-align: center;\"><span><a href=\"https:\/\/br.linkedin.com\/in\/calcagnotto-antonio-c-prataviera-msc-prof-comendador-b6462022\" target=\"_blank\" rel=\"noopener noreferrer\"><img decoding=\"async\" src=\"https:\/\/anfavea.com.br\/site\/wp-content\/uploads\/2020\/02\/linkedin.png\" width=\"40\" height=\"40\" alt=\"\" class=\"wp-image-2616 alignnone size-full\" style=\"display: block; margin-left: auto; margin-right: auto;\" \/><\/a><\/span><\/p>\n<p>[\/et_pb_toggle][\/et_pb_column][\/et_pb_row][\/et_pb_section][et_pb_section fb_built=&#8221;1&#8243; custom_padding_last_edited=&#8221;off|desktop&#8221; admin_label=&#8221;Team&#8221; _builder_version=&#8221;4.16&#8243; custom_margin=&#8221;||46px|||&#8221; custom_padding=&#8221;||49px|||&#8221; custom_padding_tablet=&#8221;0px|||&#8221; custom_padding_phone=&#8221;0px|||&#8221; bottom_divider_style=&#8221;ramp&#8221; bottom_divider_color=&#8221;#ffffff&#8221; bottom_divider_height=&#8221;250px&#8221; bottom_divider_height_tablet=&#8221;150px&#8221; bottom_divider_height_phone=&#8221;110px&#8221; bottom_divider_height_last_edited=&#8221;on|phone&#8221; border_radii=&#8221;on|10px|10px|10px|10px&#8221; locked=&#8221;off&#8221; global_colors_info=&#8221;{}&#8221;][et_pb_row _builder_version=&#8221;4.16&#8243; custom_padding=&#8221;0px|||||&#8221; global_colors_info=&#8221;{}&#8221;][et_pb_column type=&#8221;4_4&#8243; _builder_version=&#8221;4.16&#8243; custom_padding=&#8221;|||&#8221; global_colors_info=&#8221;{}&#8221; custom_padding__hover=&#8221;|||&#8221;][et_pb_text _builder_version=&#8221;4.16&#8243; header_font=&#8221;Khand|700|||||||&#8221; header_text_align=&#8221;center&#8221; header_font_size=&#8221;4vw&#8221; transform_skew_linked=&#8221;off&#8221; min_height=&#8221;180px&#8221; custom_margin=&#8221;2px||-67px|||&#8221; custom_padding=&#8221;30px|||||&#8221; header_font_size_tablet=&#8221;48px&#8221; header_font_size_phone=&#8221;30px&#8221; header_font_size_last_edited=&#8221;on|tablet&#8221; global_colors_info=&#8221;{}&#8221;]<\/p>\n<h1><span>Vice-Presidentes<\/span><\/h1>\n<p>[\/et_pb_text][et_pb_divider color=&#8221;#053b87&#8243; divider_style=&#8221;double&#8221; divider_weight=&#8221;10px&#8221; _builder_version=&#8221;4.16&#8243; transform_skew=&#8221;-20deg|0deg&#8221; max_width=&#8221;100px&#8221; module_alignment=&#8221;center&#8221; height=&#8221;10px&#8221; custom_margin_tablet=&#8221;-82px||||false|false&#8221; custom_margin_phone=&#8221;-97px||||false|false&#8221; custom_margin_last_edited=&#8221;on|tablet&#8221; custom_padding_tablet=&#8221;&#8221; custom_padding_phone=&#8221;&#8221; custom_padding_last_edited=&#8221;on|desktop&#8221; locked=&#8221;off&#8221; global_colors_info=&#8221;{}&#8221;][\/et_pb_divider][\/et_pb_column][\/et_pb_row][et_pb_row column_structure=&#8221;1_3,1_3,1_3&#8243; custom_padding_last_edited=&#8221;on|phone&#8221; _builder_version=&#8221;4.16&#8243; width_tablet=&#8221;100%&#8221; width_phone=&#8221;100%&#8221; width_last_edited=&#8221;on|tablet&#8221; max_width=&#8221;2560px&#8221; custom_margin_tablet=&#8221;&#8221; custom_margin_phone=&#8221;&#8221; custom_margin_last_edited=&#8221;on|phone&#8221; custom_padding=&#8221;|||&#8221; custom_padding_tablet=&#8221;20px|20px|20px|20px|true|true&#8221; custom_padding_phone=&#8221;15px|15px|15px|15px|false|false&#8221; use_custom_width=&#8221;on&#8221; custom_width_px=&#8221;1440px&#8221; global_colors_info=&#8221;{}&#8221;][et_pb_column type=&#8221;1_3&#8243; _builder_version=&#8221;4.16&#8243; background_color=&#8221;#ffffff&#8221; custom_padding=&#8221;|||&#8221; box_shadow_style=&#8221;preset3&#8243; box_shadow_horizontal=&#8221;5px&#8221; box_shadow_color=&#8221;#bfd7ef&#8221; global_colors_info=&#8221;{}&#8221; custom_padding__hover=&#8221;|||&#8221;][et_pb_image src=&#8221;\/\/i0.wp.com\/anfavea.com.br\/site\/wp-content\/uploads\/2020\/01\/Adriano-Barros.jpg&#8221; align=&#8221;center&#8221; _builder_version=&#8221;4.16&#8243; global_colors_info=&#8221;{}&#8221;][\/et_pb_image][et_pb_text _builder_version=&#8221;4.16&#8243; text_orientation=&#8221;center&#8221; width=&#8221;90%&#8221; width_tablet=&#8221;&#8221; width_phone=&#8221;&#8221; width_last_edited=&#8221;on|desktop&#8221; max_width=&#8221;88%&#8221; module_alignment=&#8221;center&#8221; global_colors_info=&#8221;{}&#8221;]<\/p>\n<p style=\"text-align: center;\"><strong>Adriano Leite de Barros<br \/> <\/strong><span>General Motors<\/span><\/p>\n<p>[\/et_pb_text][et_pb_toggle title=&#8221;Check Profile&#8221; icon_color=&#8221;#0c71c3&#8243; use_icon_font_size=&#8221;on&#8221; icon_font_size=&#8221;23px&#8221; open_icon_color=&#8221;#0c71c3&#8243; open_use_icon_font_size=&#8221;on&#8221; open_icon_font_size=&#8221;23px&#8221; _builder_version=&#8221;4.16&#8243; title_font=&#8221;Roboto|700|||||||&#8221; title_text_align=&#8221;left&#8221; title_font_size=&#8221;18px&#8221; title_line_height=&#8221;1.7em&#8221; body_font=&#8221;||||||||&#8221; body_font_size=&#8221;17px&#8221; body_line_height=&#8221;1.4em&#8221; background_color=&#8221;#ffffff&#8221; custom_margin=&#8221;-16px||||false|false&#8221; custom_margin_tablet=&#8221;&#8221; custom_margin_phone=&#8221;&#8221; custom_margin_last_edited=&#8221;on|desktop&#8221; custom_padding=&#8221;|30px||30px&#8221; animation_style=&#8221;fold&#8221; animation_direction=&#8221;top&#8221; title_font_size_tablet=&#8221;&#8221; title_font_size_phone=&#8221;16px&#8221; title_font_size_last_edited=&#8221;on|desktop&#8221; border_radii=&#8221;on|10px|10px|10px|10px&#8221; border_width_all=&#8221;0px&#8221; border_color_all=&#8221;#0c71c3&#8243; border_width_left=&#8221;10px&#8221; box_shadow_style=&#8221;preset1&#8243; box_shadow_blur=&#8221;70px&#8221; box_shadow_color=&#8221;rgba(110,130,208,0.18)&#8221; global_colors_info=&#8221;{}&#8221;]<\/p>\n<p style=\"text-align: center;\"><a href=\"https:\/\/br.linkedin.com\/in\/adriano-barros-503a81107\" target=\"_blank\" rel=\"noopener noreferrer\"><img decoding=\"async\" src=\"https:\/\/anfavea.com.br\/site\/wp-content\/uploads\/2020\/02\/linkedin.png\" width=\"40\" height=\"40\" alt=\"\" class=\"wp-image-2616 alignnone size-full\" style=\"display: block; margin-left: auto; margin-right: auto;\" \/><\/a><\/p>\n<p>[\/et_pb_toggle][\/et_pb_column][et_pb_column type=&#8221;1_3&#8243; _builder_version=&#8221;4.16&#8243; background_color=&#8221;#ffffff&#8221; custom_padding=&#8221;|||&#8221; box_shadow_style=&#8221;preset3&#8243; box_shadow_horizontal=&#8221;5px&#8221; box_shadow_color=&#8221;#bfd7ef&#8221; global_colors_info=&#8221;{}&#8221; custom_padding__hover=&#8221;|||&#8221;][et_pb_image src=&#8221;\/\/i3.wp.com\/anfavea.com.br\/site\/wp-content\/uploads\/2021\/06\/Alexandre-Bernardes-1.jpg&#8221; align=&#8221;center&#8221; _builder_version=&#8221;4.16&#8243; global_colors_info=&#8221;{}&#8221;][\/et_pb_image][et_pb_text _builder_version=&#8221;4.16&#8243; text_orientation=&#8221;center&#8221; width=&#8221;90%&#8221; width_tablet=&#8221;&#8221; width_phone=&#8221;&#8221; width_last_edited=&#8221;on|desktop&#8221; max_width=&#8221;88%&#8221; module_alignment=&#8221;center&#8221; global_colors_info=&#8221;{}&#8221;]<\/p>\n<p style=\"text-align: center;\"><strong>Alexandre B. de Miranda<br \/> <\/strong>CNH<\/p>\n<p>[\/et_pb_text][et_pb_toggle title=&#8221;Check Profile&#8221; icon_color=&#8221;#0c71c3&#8243; use_icon_font_size=&#8221;on&#8221; icon_font_size=&#8221;23px&#8221; open_icon_color=&#8221;#0c71c3&#8243; open_use_icon_font_size=&#8221;on&#8221; open_icon_font_size=&#8221;23px&#8221; _builder_version=&#8221;4.16&#8243; title_font=&#8221;Roboto|700|||||||&#8221; title_text_align=&#8221;left&#8221; title_font_size=&#8221;18px&#8221; title_line_height=&#8221;1.7em&#8221; body_font=&#8221;||||||||&#8221; body_font_size=&#8221;17px&#8221; body_line_height=&#8221;1.4em&#8221; background_color=&#8221;#ffffff&#8221; custom_margin=&#8221;-16px||||false|false&#8221; custom_margin_tablet=&#8221;&#8221; custom_margin_phone=&#8221;&#8221; custom_margin_last_edited=&#8221;on|desktop&#8221; custom_padding=&#8221;|30px||30px&#8221; animation_style=&#8221;fold&#8221; animation_direction=&#8221;top&#8221; title_font_size_tablet=&#8221;&#8221; title_font_size_phone=&#8221;16px&#8221; title_font_size_last_edited=&#8221;on|desktop&#8221; border_radii=&#8221;on|10px|10px|10px|10px&#8221; border_width_all=&#8221;0px&#8221; border_color_all=&#8221;#0c71c3&#8243; border_width_left=&#8221;10px&#8221; box_shadow_style=&#8221;preset1&#8243; box_shadow_blur=&#8221;70px&#8221; box_shadow_color=&#8221;rgba(110,130,208,0.18)&#8221; global_colors_info=&#8221;{}&#8221;]<\/p>\n<p style=\"text-align: center;\"><a href=\"https:\/\/www.linkedin.com\/in\/alexandre-bernardes-de-miranda-486117a5\/\" target=\"_blank\" rel=\"noopener noreferrer\"><img decoding=\"async\" src=\"https:\/\/anfavea.com.br\/site\/wp-content\/uploads\/2020\/02\/linkedin.png\" width=\"40\" height=\"40\" alt=\"\" class=\"wp-image-2616 alignnone size-full\" style=\"display: block; margin-left: auto; margin-right: auto;\" \/><\/a><\/p>\n<p>[\/et_pb_toggle][\/et_pb_column][et_pb_column type=&#8221;1_3&#8243; _builder_version=&#8221;4.16&#8243; background_color=&#8221;#ffffff&#8221; custom_padding=&#8221;|||&#8221; box_shadow_style=&#8221;preset3&#8243; box_shadow_horizontal=&#8221;5px&#8221; box_shadow_color=&#8221;#bfd7ef&#8221; global_colors_info=&#8221;{}&#8221; custom_padding__hover=&#8221;|||&#8221;][et_pb_image src=&#8221;\/\/i3.wp.com\/anfavea.com.br\/site\/wp-content\/uploads\/2021\/06\/AP.jpg&#8221; title_text=&#8221;AP&#8221; align=&#8221;center&#8221; _builder_version=&#8221;4.16&#8243; global_colors_info=&#8221;{}&#8221;][\/et_pb_image][et_pb_text _builder_version=&#8221;4.16&#8243; text_orientation=&#8221;center&#8221; width=&#8221;90%&#8221; width_tablet=&#8221;&#8221; width_phone=&#8221;&#8221; width_last_edited=&#8221;on|desktop&#8221; max_width=&#8221;88%&#8221; module_alignment=&#8221;center&#8221; global_colors_info=&#8221;{}&#8221;]<\/p>\n<p style=\"text-align: center;\"><strong><span>Alexandre Parker Machado<\/span><br \/> <\/strong>Volvo<\/p>\n<p>[\/et_pb_text][et_pb_toggle title=&#8221;Check Profile&#8221; icon_color=&#8221;#0c71c3&#8243; use_icon_font_size=&#8221;on&#8221; icon_font_size=&#8221;23px&#8221; open_icon_color=&#8221;#0c71c3&#8243; open_use_icon_font_size=&#8221;on&#8221; open_icon_font_size=&#8221;23px&#8221; _builder_version=&#8221;4.16&#8243; title_font=&#8221;Roboto|700|||||||&#8221; title_text_align=&#8221;left&#8221; title_font_size=&#8221;18px&#8221; title_line_height=&#8221;1.7em&#8221; body_font=&#8221;||||||||&#8221; body_font_size=&#8221;17px&#8221; body_line_height=&#8221;1.4em&#8221; background_color=&#8221;#ffffff&#8221; custom_margin=&#8221;-16px||||false|false&#8221; custom_margin_tablet=&#8221;&#8221; custom_margin_phone=&#8221;&#8221; custom_margin_last_edited=&#8221;on|desktop&#8221; custom_padding=&#8221;|30px||30px&#8221; animation_style=&#8221;fold&#8221; animation_direction=&#8221;top&#8221; title_font_size_tablet=&#8221;&#8221; title_font_size_phone=&#8221;16px&#8221; title_font_size_last_edited=&#8221;on|desktop&#8221; border_radii=&#8221;on|10px|10px|10px|10px&#8221; border_width_all=&#8221;0px&#8221; border_color_all=&#8221;#0c71c3&#8243; border_width_left=&#8221;10px&#8221; box_shadow_style=&#8221;preset1&#8243; box_shadow_blur=&#8221;70px&#8221; box_shadow_color=&#8221;rgba(110,130,208,0.18)&#8221; global_colors_info=&#8221;{}&#8221;]<\/p>\n<p>Alexandre Parker holds a degree in Mechanical Engineering and postgraduate degrees in Management Development and in Automotive Industry Management from FGV. He has 35 years of experience in the sector and is currently responsible for the Corporate Affairs Area of the Volvo Latin America Group.<\/p>\n<p style=\"text-align: center;\"><a href=\"https:\/\/br.linkedin.com\/in\/alexandre-parker-8629b1\" target=\"_blank\" rel=\"noopener\"><img decoding=\"async\" src=\"https:\/\/anfavea.com.br\/site\/wp-content\/uploads\/2020\/02\/linkedin.png\" width=\"40\" height=\"40\" alt=\"\" class=\"wp-image-2616 alignnone size-full\" style=\"display: block; margin-left: auto; margin-right: auto;\" \/><\/a><\/p>\n<p>[\/et_pb_toggle][\/et_pb_column][\/et_pb_row][et_pb_row column_structure=&#8221;1_3,1_3,1_3&#8243; custom_padding_last_edited=&#8221;on|phone&#8221; _builder_version=&#8221;4.16&#8243; width_tablet=&#8221;100%&#8221; width_phone=&#8221;100%&#8221; width_last_edited=&#8221;on|tablet&#8221; max_width=&#8221;2560px&#8221; custom_margin_tablet=&#8221;&#8221; custom_margin_phone=&#8221;&#8221; custom_margin_last_edited=&#8221;on|phone&#8221; custom_padding=&#8221;|||&#8221; custom_padding_tablet=&#8221;20px|20px|20px|20px|true|true&#8221; custom_padding_phone=&#8221;15px|15px|15px|15px|false|false&#8221; use_custom_width=&#8221;on&#8221; custom_width_px=&#8221;1440px&#8221; global_colors_info=&#8221;{}&#8221;][et_pb_column type=&#8221;1_3&#8243; _builder_version=&#8221;4.16&#8243; background_color=&#8221;#ffffff&#8221; custom_padding=&#8221;|||&#8221; box_shadow_style=&#8221;preset3&#8243; box_shadow_horizontal=&#8221;5px&#8221; box_shadow_color=&#8221;#bfd7ef&#8221; global_colors_info=&#8221;{}&#8221; custom_padding__hover=&#8221;|||&#8221;][et_pb_image src=&#8221;\/\/i1.wp.com\/anfavea.com.br\/site\/wp-content\/uploads\/2020\/03\/ANA-HELENA.jpg&#8221; align=&#8221;center&#8221; _builder_version=&#8221;4.16&#8243; global_colors_info=&#8221;{}&#8221;][\/et_pb_image][et_pb_text _builder_version=&#8221;4.16&#8243; text_orientation=&#8221;center&#8221; width=&#8221;90%&#8221; width_tablet=&#8221;&#8221; width_phone=&#8221;&#8221; width_last_edited=&#8221;on|desktop&#8221; max_width=&#8221;88%&#8221; module_alignment=&#8221;center&#8221; global_colors_info=&#8221;{}&#8221;]<\/p>\n<p style=\"text-align: center;\"><strong>Ana Helena C. de Andrade<br \/> <\/strong>\u00a0AGCO<\/p>\n<p>[\/et_pb_text][et_pb_toggle title=&#8221;Check Profile&#8221; icon_color=&#8221;#0c71c3&#8243; use_icon_font_size=&#8221;on&#8221; icon_font_size=&#8221;23px&#8221; open_icon_color=&#8221;#0c71c3&#8243; open_use_icon_font_size=&#8221;on&#8221; open_icon_font_size=&#8221;23px&#8221; _builder_version=&#8221;4.16&#8243; title_font=&#8221;Roboto|700|||||||&#8221; title_text_align=&#8221;left&#8221; title_font_size=&#8221;18px&#8221; title_line_height=&#8221;1.7em&#8221; body_font=&#8221;||||||||&#8221; body_font_size=&#8221;17px&#8221; body_line_height=&#8221;1.4em&#8221; background_color=&#8221;#ffffff&#8221; custom_margin=&#8221;-16px||||false|false&#8221; custom_margin_tablet=&#8221;&#8221; custom_margin_phone=&#8221;&#8221; custom_margin_last_edited=&#8221;on|desktop&#8221; custom_padding=&#8221;|30px||30px&#8221; animation_style=&#8221;fold&#8221; animation_direction=&#8221;top&#8221; title_font_size_tablet=&#8221;&#8221; title_font_size_phone=&#8221;16px&#8221; title_font_size_last_edited=&#8221;on|desktop&#8221; border_radii=&#8221;on|10px|10px|10px|10px&#8221; border_width_all=&#8221;0px&#8221; border_color_all=&#8221;#0c71c3&#8243; border_width_left=&#8221;10px&#8221; box_shadow_style=&#8221;preset1&#8243; box_shadow_blur=&#8221;70px&#8221; box_shadow_color=&#8221;rgba(110,130,208,0.18)&#8221; global_colors_info=&#8221;{}&#8221;]<\/p>\n<p>Ana Helena has been Director of Government Affairs at AGCO do Brasil and Vice-President of ANFAVEA since October 2013. She has a postgraduate degree in Business Administration and Economics from PUC-SP. She holds an MBA in Business Communication from Funda\u00e7\u00e3o C\u00e1sper L\u00edbero-SP and in Agribusiness from USP-Esalq. In her career, she has worked for the Brazilian Machinery Industry Association, private companies and the Government of the State of S\u00e3o Paulo.<\/p>\n<p style=\"text-align: center;\"><a href=\"https:\/\/www.linkedin.com\/in\/ana-helena-andrade-a851a2\/\" target=\"_blank\" rel=\"noopener noreferrer\"><img decoding=\"async\" src=\"https:\/\/anfavea.com.br\/site\/wp-content\/uploads\/2020\/02\/linkedin.png\" width=\"40\" height=\"40\" alt=\"\" class=\"wp-image-2616 alignnone size-full\" style=\"display: block; margin-left: auto; margin-right: auto;\" \/><\/a><\/p>\n<p>[\/et_pb_toggle][\/et_pb_column][et_pb_column type=&#8221;1_3&#8243; _builder_version=&#8221;4.16&#8243; background_color=&#8221;#ffffff&#8221; custom_padding=&#8221;|||&#8221; box_shadow_style=&#8221;preset3&#8243; box_shadow_horizontal=&#8221;5px&#8221; box_shadow_color=&#8221;#bfd7ef&#8221; global_colors_info=&#8221;{}&#8221; custom_padding__hover=&#8221;|||&#8221;][et_pb_image src=&#8221;\/\/i1.wp.com\/anfavea.com.br\/site\/wp-content\/uploads\/2020\/01\/ANDREIA-PARK.jpg&#8221; align=&#8221;center&#8221; _builder_version=&#8221;4.16&#8243; global_colors_info=&#8221;{}&#8221;][\/et_pb_image][et_pb_text _builder_version=&#8221;4.16&#8243; text_orientation=&#8221;center&#8221; width=&#8221;90%&#8221; width_tablet=&#8221;&#8221; width_phone=&#8221;&#8221; width_last_edited=&#8221;on|desktop&#8221; max_width=&#8221;88%&#8221; module_alignment=&#8221;center&#8221; global_colors_info=&#8221;{}&#8221;]<\/p>\n<p style=\"text-align: center;\"><strong>Andrea Z\u00e1molyi Park<br \/><\/strong>Caterpillar<\/p>\n<p><a href=\"https:\/\/www.linkedin.com\/in\/andrea-zamolyi-park-160972a0\/\" target=\"_blank\" rel=\"noopener noreferrer\"><\/a><\/p>\n<p>[\/et_pb_text][et_pb_toggle title=&#8221;Check Profile&#8221; icon_color=&#8221;#0c71c3&#8243; use_icon_font_size=&#8221;on&#8221; icon_font_size=&#8221;23px&#8221; open_icon_color=&#8221;#0c71c3&#8243; open_use_icon_font_size=&#8221;on&#8221; open_icon_font_size=&#8221;23px&#8221; _builder_version=&#8221;4.16&#8243; title_font=&#8221;Roboto|700|||||||&#8221; title_text_align=&#8221;left&#8221; title_font_size=&#8221;18px&#8221; title_line_height=&#8221;1.7em&#8221; body_font=&#8221;||||||||&#8221; body_font_size=&#8221;17px&#8221; body_line_height=&#8221;1.4em&#8221; background_color=&#8221;#ffffff&#8221; custom_margin=&#8221;-28px||||false|false&#8221; custom_margin_tablet=&#8221;-14px||||false|false&#8221; custom_margin_phone=&#8221;&#8221; custom_margin_last_edited=&#8221;on|phone&#8221; custom_padding=&#8221;|30px||30px&#8221; animation_style=&#8221;fold&#8221; animation_direction=&#8221;top&#8221; title_font_size_tablet=&#8221;&#8221; title_font_size_phone=&#8221;16px&#8221; title_font_size_last_edited=&#8221;on|desktop&#8221; border_radii=&#8221;on|10px|10px|10px|10px&#8221; border_width_all=&#8221;0px&#8221; border_color_all=&#8221;#0c71c3&#8243; border_width_left=&#8221;10px&#8221; box_shadow_style=&#8221;preset1&#8243; box_shadow_blur=&#8221;70px&#8221; box_shadow_color=&#8221;rgba(110,130,208,0.18)&#8221; global_colors_info=&#8221;{}&#8221;]<\/p>\n<p><span lang=\"EN-US\"><\/span>Andrea has been Vice President of ANFAVEA since 2010. With 22 years of experience in the road machinery sector, she currently holds the position of Director of Government &amp; Corporate Affairs at Caterpillar Brazil. Graduated in Social Communication, she has a Postgraduate Degree in Foreign Trade and an MBA in Business Management from FGV. She is Director of Competitiveness and Economics at FIESP and a member of the Brazil-US Business Council.<\/p>\n<p style=\"text-align: center;\"><a href=\"https:\/\/www.linkedin.com\/in\/andrea-zamolyi-park-160972a0\/\" target=\"_blank\" rel=\"noopener noreferrer\"><img decoding=\"async\" src=\"https:\/\/anfavea.com.br\/site\/wp-content\/uploads\/2020\/02\/linkedin.png\" width=\"40\" height=\"40\" alt=\"\" class=\"wp-image-2616 alignnone size-full\" style=\"display: block; margin-left: auto; margin-right: auto;\" \/><\/a><\/p>\n<p>[\/et_pb_toggle][\/et_pb_column][et_pb_column type=&#8221;1_3&#8243; _builder_version=&#8221;4.16&#8243; background_color=&#8221;#ffffff&#8221; custom_padding=&#8221;|||&#8221; box_shadow_style=&#8221;preset3&#8243; box_shadow_horizontal=&#8221;5px&#8221; box_shadow_color=&#8221;#bfd7ef&#8221; global_colors_info=&#8221;{}&#8221; custom_padding__hover=&#8221;|||&#8221;][et_pb_image src=&#8221;\/\/i3.wp.com\/anfavea.com.br\/site\/wp-content\/uploads\/2020\/02\/ANTONIO-SERGIO.jpg&#8221; align=&#8221;center&#8221; _builder_version=&#8221;4.16&#8243; global_colors_info=&#8221;{}&#8221;][\/et_pb_image][et_pb_text _builder_version=&#8221;4.16&#8243; text_orientation=&#8221;center&#8221; width=&#8221;90%&#8221; width_tablet=&#8221;&#8221; width_phone=&#8221;&#8221; width_last_edited=&#8221;on|desktop&#8221; max_width=&#8221;88%&#8221; module_alignment=&#8221;center&#8221; global_colors_info=&#8221;{}&#8221;]<\/p>\n<p style=\"text-align: center;\"><strong>Antonio S\u00e9rgio Martins Mello<br \/><\/strong><span>Stellantis<\/span><\/p>\n<p>[\/et_pb_text][et_pb_toggle title=&#8221;Check Profile&#8221; icon_color=&#8221;#0c71c3&#8243; use_icon_font_size=&#8221;on&#8221; icon_font_size=&#8221;23px&#8221; open_icon_color=&#8221;#0c71c3&#8243; open_use_icon_font_size=&#8221;on&#8221; open_icon_font_size=&#8221;23px&#8221; _builder_version=&#8221;4.16&#8243; title_font=&#8221;Roboto|700|||||||&#8221; title_text_align=&#8221;left&#8221; title_font_size=&#8221;18px&#8221; title_line_height=&#8221;1.7em&#8221; body_font=&#8221;||||||||&#8221; body_font_size=&#8221;17px&#8221; body_line_height=&#8221;1.4em&#8221; background_color=&#8221;#ffffff&#8221; custom_margin=&#8221;-16px||||false|false&#8221; custom_margin_tablet=&#8221;&#8221; custom_margin_phone=&#8221;&#8221; custom_margin_last_edited=&#8221;on|desktop&#8221; custom_padding=&#8221;|30px||30px&#8221; animation_style=&#8221;fold&#8221; animation_direction=&#8221;top&#8221; title_font_size_tablet=&#8221;&#8221; title_font_size_phone=&#8221;16px&#8221; title_font_size_last_edited=&#8221;on|desktop&#8221; border_radii=&#8221;on|10px|10px|10px|10px&#8221; border_width_all=&#8221;0px&#8221; border_color_all=&#8221;#0c71c3&#8243; border_width_left=&#8221;10px&#8221; box_shadow_style=&#8221;preset1&#8243; box_shadow_blur=&#8221;70px&#8221; box_shadow_color=&#8221;rgba(110,130,208,0.18)&#8221; global_colors_info=&#8221;{}&#8221;]<\/p>\n<p>Antonio Sergio is Vice President of ANFAVEA. He currently holds the position of Director of Institutional Relations at Stellantis. He serves as Vice President of the AEB and as a member of the AEA Board of Directors. Before dedicating himself to the private sector, he developed his career in the public sector, holding positions at the Ministry of Development, Industry and Foreign Trade \u2013 MDIC and at the Ministry of Economy. He holds a degree in Economic Sciences with a specialization in Economic Engineering and Industrial Administration.<\/p>\n<p style=\"text-align: center;\"><span><a href=\"https:\/\/www.linkedin.com\/in\/antonio-sergio-martins-mello-4b163246\/\" target=\"_blank\" rel=\"noopener noreferrer\"><img decoding=\"async\" src=\"https:\/\/anfavea.com.br\/site\/wp-content\/uploads\/2020\/02\/linkedin.png\" width=\"40\" height=\"40\" alt=\"\" class=\"wp-image-2616 alignnone size-full\" style=\"display: block; margin-left: auto; margin-right: auto;\" \/><\/a><\/span><\/p>\n<p>[\/et_pb_toggle][\/et_pb_column][\/et_pb_row][et_pb_row column_structure=&#8221;1_3,1_3,1_3&#8243; custom_padding_last_edited=&#8221;on|phone&#8221; _builder_version=&#8221;4.16&#8243; width_tablet=&#8221;100%&#8221; width_phone=&#8221;100%&#8221; width_last_edited=&#8221;on|tablet&#8221; max_width=&#8221;2560px&#8221; custom_margin_tablet=&#8221;&#8221; custom_margin_phone=&#8221;&#8221; custom_margin_last_edited=&#8221;on|phone&#8221; custom_padding=&#8221;|||&#8221; custom_padding_tablet=&#8221;20px|20px|20px|20px|true|true&#8221; custom_padding_phone=&#8221;15px|15px|15px|15px|false|false&#8221; use_custom_width=&#8221;on&#8221; custom_width_px=&#8221;1440px&#8221; global_colors_info=&#8221;{}&#8221;][et_pb_column type=&#8221;1_3&#8243; _builder_version=&#8221;4.16&#8243; background_color=&#8221;#ffffff&#8221; custom_padding=&#8221;|||&#8221; box_shadow_style=&#8221;preset3&#8243; box_shadow_horizontal=&#8221;5px&#8221; box_shadow_color=&#8221;#bfd7ef&#8221; global_colors_info=&#8221;{}&#8221; custom_padding__hover=&#8221;|||&#8221;][et_pb_image src=&#8221;\/\/i0.wp.com\/anfavea.com.br\/site\/wp-content\/uploads\/2020\/02\/CARLOS-EDUARDO-LEMOS-1.jpg&#8221; align=&#8221;center&#8221; _builder_version=&#8221;4.16&#8243; global_colors_info=&#8221;{}&#8221;][\/et_pb_image][et_pb_text _builder_version=&#8221;4.16&#8243; text_orientation=&#8221;center&#8221; width=&#8221;90%&#8221; width_tablet=&#8221;&#8221; width_phone=&#8221;&#8221; width_last_edited=&#8221;on|desktop&#8221; max_width=&#8221;88%&#8221; module_alignment=&#8221;center&#8221; global_colors_info=&#8221;{}&#8221;]<\/p>\n<p style=\"text-align: center;\"><strong>Carlos Eduardo Lemos<br \/> <\/strong>Mercedez-Benz<\/p>\n<p>[\/et_pb_text][et_pb_toggle title=&#8221;Check Profile&#8221; icon_color=&#8221;#0c71c3&#8243; use_icon_font_size=&#8221;on&#8221; icon_font_size=&#8221;23px&#8221; open_icon_color=&#8221;#0c71c3&#8243; open_use_icon_font_size=&#8221;on&#8221; open_icon_font_size=&#8221;23px&#8221; _builder_version=&#8221;4.16&#8243; title_font=&#8221;Roboto|700|||||||&#8221; title_text_align=&#8221;left&#8221; title_font_size=&#8221;18px&#8221; title_line_height=&#8221;1.7em&#8221; body_font=&#8221;||||||||&#8221; body_font_size=&#8221;17px&#8221; body_line_height=&#8221;1.4em&#8221; background_color=&#8221;#ffffff&#8221; custom_margin=&#8221;-16px||||false|false&#8221; custom_margin_tablet=&#8221;&#8221; custom_margin_phone=&#8221;&#8221; custom_margin_last_edited=&#8221;on|desktop&#8221; custom_padding=&#8221;|30px||30px&#8221; animation_style=&#8221;fold&#8221; animation_direction=&#8221;top&#8221; title_font_size_tablet=&#8221;&#8221; title_font_size_phone=&#8221;16px&#8221; title_font_size_last_edited=&#8221;on|desktop&#8221; border_radii=&#8221;on|10px|10px|10px|10px&#8221; border_width_all=&#8221;0px&#8221; border_color_all=&#8221;#0c71c3&#8243; border_width_left=&#8221;10px&#8221; box_shadow_style=&#8221;preset1&#8243; box_shadow_blur=&#8221;70px&#8221; box_shadow_color=&#8221;rgba(110,130,208,0.18)&#8221; global_colors_info=&#8221;{}&#8221;]<\/p>\n<p>Carlos Eduardo has been Vice-President of ANFAVEA since 2004, representing Mercedes-Benz do Brasil. With legal training and specialization in Constitutional and Tax Law, he began his professional activities at the Ministry of Foreign Affairs and later moved to the Presidency of the Republic. He has more than 20 years of experience in the automotive sector.<\/p>\n<p style=\"text-align: center;\"><span><a href=\"https:\/\/www.linkedin.com\/in\/carlos-eduardo-lemos-b536223b\/\" target=\"_blank\" rel=\"noopener noreferrer\"><img decoding=\"async\" src=\"https:\/\/anfavea.com.br\/site\/wp-content\/uploads\/2020\/02\/linkedin.png\" width=\"40\" height=\"40\" alt=\"\" class=\"wp-image-2616 alignnone size-full\" style=\"display: block; margin-left: auto; margin-right: auto;\" \/><\/a><\/span><\/p>\n<p>[\/et_pb_toggle][\/et_pb_column][et_pb_column type=&#8221;1_3&#8243; _builder_version=&#8221;4.16&#8243; background_color=&#8221;#ffffff&#8221; custom_padding=&#8221;|||&#8221; box_shadow_style=&#8221;preset3&#8243; box_shadow_horizontal=&#8221;5px&#8221; box_shadow_color=&#8221;#bfd7ef&#8221; global_colors_info=&#8221;{}&#8221; custom_padding__hover=&#8221;|||&#8221;][et_pb_image src=&#8221;https:\/\/anfavea.com.br\/site\/wp-content\/uploads\/2022\/02\/Dirlei.jpg&#8221; title_text=&#8221;Dirlei&#8221; align=&#8221;center&#8221; _builder_version=&#8221;4.16&#8243; global_colors_info=&#8221;{}&#8221;][\/et_pb_image][et_pb_text _builder_version=&#8221;4.16&#8243; text_orientation=&#8221;center&#8221; width=&#8221;90%&#8221; width_tablet=&#8221;&#8221; width_phone=&#8221;&#8221; width_last_edited=&#8221;on|desktop&#8221; max_width=&#8221;88%&#8221; module_alignment=&#8221;center&#8221; global_colors_info=&#8221;{}&#8221;]<\/p>\n<p style=\"text-align: center;\"><strong><b>Dirlei Dias<\/b><br \/><\/strong>Mercedes-Benz Cars &amp; Vans Brasil<\/p>\n<p>[\/et_pb_text][et_pb_toggle title=&#8221;Check Profile&#8221; icon_color=&#8221;#0c71c3&#8243; use_icon_font_size=&#8221;on&#8221; icon_font_size=&#8221;23px&#8221; open_icon_color=&#8221;#0c71c3&#8243; open_use_icon_font_size=&#8221;on&#8221; open_icon_font_size=&#8221;23px&#8221; _builder_version=&#8221;4.16&#8243; title_font=&#8221;Roboto|700|||||||&#8221; title_text_align=&#8221;left&#8221; title_font_size=&#8221;18px&#8221; title_line_height=&#8221;1.7em&#8221; body_font=&#8221;||||||||&#8221; body_font_size=&#8221;17px&#8221; body_line_height=&#8221;1.4em&#8221; background_color=&#8221;#ffffff&#8221; custom_margin=&#8221;-16px||||false|false&#8221; custom_margin_tablet=&#8221;&#8221; custom_margin_phone=&#8221;&#8221; custom_margin_last_edited=&#8221;on|desktop&#8221; custom_padding=&#8221;|30px||30px&#8221; animation_style=&#8221;fold&#8221; animation_direction=&#8221;top&#8221; title_font_size_tablet=&#8221;&#8221; title_font_size_phone=&#8221;16px&#8221; title_font_size_last_edited=&#8221;on|desktop&#8221; border_radii=&#8221;on|10px|10px|10px|10px&#8221; border_width_all=&#8221;0px&#8221; border_color_all=&#8221;#0c71c3&#8243; border_width_left=&#8221;10px&#8221; box_shadow_style=&#8221;preset1&#8243; box_shadow_blur=&#8221;70px&#8221; box_shadow_color=&#8221;rgba(110,130,208,0.18)&#8221; global_colors_info=&#8221;{}&#8221;]<\/p>\n<p class=\"x_MsoNormal\">Dirlei Dias joins Anfavea&#8217;s Board as Vice-President in February 2022. With a degree in Business Administration from Universidade Anhembi Morumbi and in Mechanical Technology from FATEC, he has more than 30 years of experience in the automotive industry, working in various areas and projects. of commercial vehicles and automobiles both in the national market and in Latin America. He is currently Head of After Sales at Mercedes-Benz Cars &amp; Vans Brazil, working at the brand since 1985.<\/p>\n<p style=\"text-align: center;\"><span><a href=\"https:\/\/www.linkedin.com\/in\/dirlei-dias-a9093781\/\" target=\"_blank\" rel=\"noopener noreferrer\"><img decoding=\"async\" src=\"https:\/\/anfavea.com.br\/site\/wp-content\/uploads\/2020\/02\/linkedin.png\" width=\"40\" height=\"40\" alt=\"\" class=\"wp-image-2616 alignnone size-full\" style=\"display: block; margin-left: auto; margin-right: auto;\" \/><\/a><\/span><\/p>\n<p>[\/et_pb_toggle][\/et_pb_column][et_pb_column type=&#8221;1_3&#8243; _builder_version=&#8221;4.16&#8243; background_color=&#8221;#ffffff&#8221; custom_padding=&#8221;|||&#8221; box_shadow_style=&#8221;preset3&#8243; box_shadow_horizontal=&#8221;5px&#8221; box_shadow_color=&#8221;#bfd7ef&#8221; global_colors_info=&#8221;{}&#8221; custom_padding__hover=&#8221;|||&#8221;][et_pb_image src=&#8221;https:\/\/anfavea.com.br\/site\/wp-content\/uploads\/2023\/05\/Edson.png&#8221; title_text=&#8221;Edson&#8221; align=&#8221;center&#8221; _builder_version=&#8221;4.16&#8243; global_colors_info=&#8221;{}&#8221; locked=&#8221;off&#8221;][\/et_pb_image][et_pb_text _builder_version=&#8221;4.16&#8243; text_orientation=&#8221;center&#8221; width=&#8221;90%&#8221; width_tablet=&#8221;&#8221; width_phone=&#8221;&#8221; width_last_edited=&#8221;on|desktop&#8221; max_width=&#8221;88%&#8221; module_alignment=&#8221;center&#8221; custom_margin=&#8221;||30px||false|false&#8221; global_colors_info=&#8221;{}&#8221;]<\/p>\n<p style=\"text-align: center;\"><strong>Edson Ares Sixto Martins<\/strong><br \/>Agrale<\/p>\n<p>[\/et_pb_text][et_pb_toggle title=&#8221;Check Profile&#8221; icon_color=&#8221;#0c71c3&#8243; use_icon_font_size=&#8221;on&#8221; icon_font_size=&#8221;23px&#8221; open_icon_color=&#8221;#0c71c3&#8243; open_use_icon_font_size=&#8221;on&#8221; open_icon_font_size=&#8221;23px&#8221; _builder_version=&#8221;4.16&#8243; title_font=&#8221;Roboto|700|||||||&#8221; title_text_align=&#8221;left&#8221; title_font_size=&#8221;18px&#8221; title_line_height=&#8221;1.7em&#8221; body_font=&#8221;||||||||&#8221; body_font_size=&#8221;17px&#8221; body_line_height=&#8221;1.4em&#8221; background_color=&#8221;#ffffff&#8221; custom_margin=&#8221;-16px||||false|false&#8221; custom_margin_tablet=&#8221;4px||||false|false&#8221; custom_margin_phone=&#8221;2px||||false|false&#8221; custom_margin_last_edited=&#8221;on|desktop&#8221; custom_padding=&#8221;|30px||30px&#8221; animation_style=&#8221;fold&#8221; animation_direction=&#8221;top&#8221; title_font_size_tablet=&#8221;&#8221; title_font_size_phone=&#8221;16px&#8221; title_font_size_last_edited=&#8221;on|desktop&#8221; border_radii=&#8221;on|10px|10px|10px|10px&#8221; border_width_all=&#8221;0px&#8221; border_color_all=&#8221;#0c71c3&#8243; border_width_left=&#8221;10px&#8221; box_shadow_style=&#8221;preset1&#8243; box_shadow_blur=&#8221;70px&#8221; box_shadow_color=&#8221;rgba(110,130,208,0.18)&#8221; global_colors_info=&#8221;{}&#8221;]<\/p>\n<p class=\"x_MsoNormal\">Corporate Sales Director, he is also responsible for Marketing, Exports and After Sales. At Agrale since 2004, he was also responsible for the Supply Department (purchasing, logistics, supplier development and production planning). Graduated from the Air Force Academy and later as a fighter pilot, he has 4 MBAs: Business Management, Business Administration, Marketing and Finance, with passage through the commerce and services sectors.<\/p>\n<p>[\/et_pb_toggle][\/et_pb_column][\/et_pb_row][et_pb_row column_structure=&#8221;1_3,1_3,1_3&#8243; custom_padding_last_edited=&#8221;on|phone&#8221; _builder_version=&#8221;4.21.0&#8243; width_tablet=&#8221;100%&#8221; width_phone=&#8221;100%&#8221; width_last_edited=&#8221;on|tablet&#8221; max_width=&#8221;2560px&#8221; custom_margin_tablet=&#8221;&#8221; custom_margin_phone=&#8221;&#8221; custom_margin_last_edited=&#8221;on|phone&#8221; custom_padding=&#8221;|||&#8221; custom_padding_tablet=&#8221;20px|20px|20px|20px|true|true&#8221; custom_padding_phone=&#8221;15px|15px|15px|15px|false|false&#8221; hover_enabled=&#8221;0&#8243; use_custom_width=&#8221;on&#8221; custom_width_px=&#8221;1440px&#8221; global_colors_info=&#8221;{}&#8221; sticky_enabled=&#8221;0&#8243;][et_pb_column type=&#8221;1_3&#8243; _builder_version=&#8221;4.16&#8243; background_color=&#8221;#ffffff&#8221; custom_padding=&#8221;|||&#8221; box_shadow_style=&#8221;preset3&#8243; box_shadow_horizontal=&#8221;5px&#8221; box_shadow_color=&#8221;#bfd7ef&#8221; global_colors_info=&#8221;{}&#8221; custom_padding__hover=&#8221;|||&#8221;][et_pb_image src=&#8221;https:\/\/anfavea.com.br\/site\/wp-content\/uploads\/2022\/01\/Fernando-Florido.jpg&#8221; title_text=&#8221;Fernando Fl\u00f3rido&#8221; align=&#8221;center&#8221; _builder_version=&#8221;4.16&#8243; global_colors_info=&#8221;{}&#8221;][\/et_pb_image][et_pb_text _builder_version=&#8221;4.16&#8243; text_orientation=&#8221;center&#8221; width=&#8221;90%&#8221; width_tablet=&#8221;&#8221; width_phone=&#8221;&#8221; width_last_edited=&#8221;on|desktop&#8221; max_width=&#8221;88%&#8221; module_alignment=&#8221;center&#8221; global_colors_info=&#8221;{}&#8221;]<\/p>\n<p style=\"text-align: center;\"><strong><b>Fernando Fl\u00f3rido<\/b><br \/><\/strong>Nissan<\/p>\n<p>[\/et_pb_text][et_pb_toggle title=&#8221;Check Profile&#8221; icon_color=&#8221;#0c71c3&#8243; use_icon_font_size=&#8221;on&#8221; icon_font_size=&#8221;23px&#8221; open_icon_color=&#8221;#0c71c3&#8243; open_use_icon_font_size=&#8221;on&#8221; open_icon_font_size=&#8221;23px&#8221; _builder_version=&#8221;4.16&#8243; title_font=&#8221;Roboto|700|||||||&#8221; title_text_align=&#8221;left&#8221; title_font_size=&#8221;18px&#8221; title_line_height=&#8221;1.7em&#8221; body_font=&#8221;||||||||&#8221; body_font_size=&#8221;17px&#8221; body_line_height=&#8221;1.4em&#8221; background_color=&#8221;#ffffff&#8221; custom_margin=&#8221;-16px||||false|false&#8221; custom_margin_tablet=&#8221;&#8221; custom_margin_phone=&#8221;&#8221; custom_margin_last_edited=&#8221;on|desktop&#8221; custom_padding=&#8221;|30px||30px&#8221; animation_style=&#8221;fold&#8221; animation_direction=&#8221;top&#8221; title_font_size_tablet=&#8221;&#8221; title_font_size_phone=&#8221;16px&#8221; title_font_size_last_edited=&#8221;on|desktop&#8221; border_radii=&#8221;on|10px|10px|10px|10px&#8221; border_width_all=&#8221;0px&#8221; border_color_all=&#8221;#0c71c3&#8243; border_width_left=&#8221;10px&#8221; box_shadow_style=&#8221;preset1&#8243; box_shadow_blur=&#8221;70px&#8221; box_shadow_color=&#8221;rgba(110,130,208,0.18)&#8221; global_colors_info=&#8221;{}&#8221;]<\/p>\n<p style=\"text-align: left;\">Fernando is Director of External and Government Affairs and Sustainability at Nissan do Brasil. He has 20 years of experience in the area of Foreign Affairs in multinationals from different sectors, working in the automotive industry since 2013. Graduated in Electrical Production Engineering from the Pontifical Catholic University of Rio de Janeiro.<\/p>\n<p style=\"text-align: center;\"><span><a href=\"https:\/\/www.linkedin.com\/in\/fflorido\/\" target=\"_blank\" rel=\"noopener noreferrer\"><img decoding=\"async\" src=\"https:\/\/anfavea.com.br\/site\/wp-content\/uploads\/2020\/02\/linkedin.png\" width=\"40\" height=\"40\" alt=\"\" class=\"wp-image-2616 alignnone size-full\" style=\"display: block; margin-left: auto; margin-right: auto;\" \/><\/a><\/span><\/p>\n<p>[\/et_pb_toggle][\/et_pb_column][et_pb_column type=&#8221;1_3&#8243; _builder_version=&#8221;4.16&#8243; background_color=&#8221;#ffffff&#8221; custom_padding=&#8221;|||&#8221; box_shadow_style=&#8221;preset3&#8243; box_shadow_horizontal=&#8221;5px&#8221; box_shadow_color=&#8221;#bfd7ef&#8221; global_colors_info=&#8221;{}&#8221; custom_padding__hover=&#8221;|||&#8221;][et_pb_image src=&#8221;https:\/\/anfavea.com.br\/site\/wp-content\/uploads\/2022\/02\/eduardo.jpg&#8221; title_text=&#8221;eduardo&#8221; align=&#8221;center&#8221; _builder_version=&#8221;4.16&#8243; global_colors_info=&#8221;{}&#8221;][\/et_pb_image][et_pb_text _builder_version=&#8221;4.16&#8243; text_orientation=&#8221;center&#8221; width=&#8221;90%&#8221; width_tablet=&#8221;&#8221; width_phone=&#8221;&#8221; width_last_edited=&#8221;on|desktop&#8221; max_width=&#8221;88%&#8221; module_alignment=&#8221;center&#8221; global_colors_info=&#8221;{}&#8221;]<\/p>\n<p style=\"text-align: center;\"><strong><b>Eduardo Freitas<\/b><br \/><\/strong><span>IVECO<\/span><\/p>\n<p>[\/et_pb_text][et_pb_toggle title=&#8221;Check Profile&#8221; icon_color=&#8221;#0c71c3&#8243; use_icon_font_size=&#8221;on&#8221; icon_font_size=&#8221;23px&#8221; open_icon_color=&#8221;#0c71c3&#8243; open_use_icon_font_size=&#8221;on&#8221; open_icon_font_size=&#8221;23px&#8221; _builder_version=&#8221;4.16&#8243; title_font=&#8221;Roboto|700|||||||&#8221; title_text_align=&#8221;left&#8221; title_font_size=&#8221;18px&#8221; title_line_height=&#8221;1.7em&#8221; body_font=&#8221;||||||||&#8221; body_font_size=&#8221;17px&#8221; body_line_height=&#8221;1.4em&#8221; background_color=&#8221;#ffffff&#8221; custom_margin=&#8221;-16px||||false|false&#8221; custom_margin_tablet=&#8221;&#8221; custom_margin_phone=&#8221;&#8221; custom_margin_last_edited=&#8221;on|desktop&#8221; custom_padding=&#8221;|30px||30px&#8221; animation_style=&#8221;fold&#8221; animation_direction=&#8221;top&#8221; title_font_size_tablet=&#8221;&#8221; title_font_size_phone=&#8221;16px&#8221; title_font_size_last_edited=&#8221;on|desktop&#8221; border_radii=&#8221;on|10px|10px|10px|10px&#8221; border_width_all=&#8221;0px&#8221; border_color_all=&#8221;#0c71c3&#8243; border_width_left=&#8221;10px&#8221; box_shadow_style=&#8221;preset1&#8243; box_shadow_blur=&#8221;70px&#8221; box_shadow_color=&#8221;rgba(110,130,208,0.18)&#8221; global_colors_info=&#8221;{}&#8221;]<\/p>\n<p class=\"x_MsoNormal\">Eduardo Freitas is an economist, graduated from the Federal University of Esp\u00edrito Santo and master&#8217;s degree from the University of Strathclyde, Scotland. Current director of Institutional Relations at IVECO for Latin America, the executive accumulates 27 years of professional experience with stints in consulting companies, the US Embassy in Bras\u00edlia, and the automotive sector.<\/p>\n<p style=\"text-align: center;\"><span><a href=\"https:\/\/www.linkedin.com\/in\/eduardo-freitas-356557165\/\" target=\"_blank\" rel=\"noopener noreferrer\"><img decoding=\"async\" src=\"https:\/\/anfavea.com.br\/site\/wp-content\/uploads\/2020\/02\/linkedin.png\" width=\"40\" height=\"40\" alt=\"\" class=\"wp-image-2616 alignnone size-full\" style=\"display: block; margin-left: auto; margin-right: auto;\" \/><\/a><\/span><\/p>\n<p>[\/et_pb_toggle][\/et_pb_column][et_pb_column type=&#8221;1_3&#8243; _builder_version=&#8221;4.16&#8243; background_color=&#8221;#ffffff&#8221; custom_padding=&#8221;|||&#8221; box_shadow_style=&#8221;preset3&#8243; box_shadow_horizontal=&#8221;5px&#8221; box_shadow_color=&#8221;#bfd7ef&#8221; global_colors_info=&#8221;{}&#8221; custom_padding__hover=&#8221;|||&#8221;][et_pb_image src=&#8221;https:\/\/anfavea.com.br\/site\/wp-content\/uploads\/2023\/04\/RUA.png&#8221; title_text=&#8221;RUA&#8221; align=&#8221;center&#8221; _builder_version=&#8221;4.16&#8243; global_colors_info=&#8221;{}&#8221; locked=&#8221;off&#8221;][\/et_pb_image][et_pb_text _builder_version=&#8221;4.16&#8243; text_orientation=&#8221;center&#8221; width=&#8221;90%&#8221; width_tablet=&#8221;&#8221; width_phone=&#8221;&#8221; width_last_edited=&#8221;on|desktop&#8221; max_width=&#8221;88%&#8221; module_alignment=&#8221;center&#8221; global_colors_info=&#8221;{}&#8221; locked=&#8221;off&#8221;]<\/p>\n<p style=\"text-align: center;\"><strong><b><span>Fabio Rua<\/span><\/b><br \/><\/strong>General Motors<\/p>\n<p>[\/et_pb_text][et_pb_toggle title=&#8221;Check Profile&#8221; icon_color=&#8221;#0c71c3&#8243; use_icon_font_size=&#8221;on&#8221; icon_font_size=&#8221;23px&#8221; open_icon_color=&#8221;#0c71c3&#8243; open_use_icon_font_size=&#8221;on&#8221; open_icon_font_size=&#8221;23px&#8221; _builder_version=&#8221;4.21.0&#8243; title_font=&#8221;Roboto|700|||||||&#8221; title_text_align=&#8221;left&#8221; title_font_size=&#8221;18px&#8221; title_line_height=&#8221;1.7em&#8221; body_font=&#8221;||||||||&#8221; body_font_size=&#8221;17px&#8221; body_line_height=&#8221;1.4em&#8221; background_color=&#8221;#ffffff&#8221; custom_margin=&#8221;-16px||||false|false&#8221; custom_margin_tablet=&#8221;&#8221; custom_margin_phone=&#8221;&#8221; custom_margin_last_edited=&#8221;on|desktop&#8221; custom_padding=&#8221;|30px||30px&#8221; animation_style=&#8221;fold&#8221; animation_direction=&#8221;top&#8221; hover_enabled=&#8221;0&#8243; title_font_size_tablet=&#8221;&#8221; title_font_size_phone=&#8221;16px&#8221; title_font_size_last_edited=&#8221;on|desktop&#8221; border_radii=&#8221;on|10px|10px|10px|10px&#8221; border_width_all=&#8221;0px&#8221; border_color_all=&#8221;#0c71c3&#8243; border_width_left=&#8221;10px&#8221; box_shadow_style=&#8221;preset1&#8243; box_shadow_blur=&#8221;70px&#8221; box_shadow_color=&#8221;rgba(110,130,208,0.18)&#8221; global_colors_info=&#8221;{}&#8221; locked=&#8221;off&#8221; sticky_enabled=&#8221;0&#8243;]<\/p>\n<p>Fabio Rua has been vice-president of ANFAVEA since 2022. Graduated in International Relations, post-graduated in Economic Diplomacy and Master in International Business Management. At GM, since October 2022, he is Vice President of Government Relations, Communications and ESG. He leads a multidisciplinary team across South America.<\/p>\n<p style=\"text-align: center;\"><a href=\"https:\/\/www.linkedin.com\/in\/fabiorua\/\" target=\"_blank\" rel=\"noopener noreferrer\"><img decoding=\"async\" src=\"https:\/\/anfavea.com.br\/site\/wp-content\/uploads\/2020\/02\/linkedin.png\" width=\"40\" height=\"40\" alt=\"\" class=\"wp-image-2616 alignnone size-full\" style=\"display: block; margin-left: auto; margin-right: auto;\" \/><\/a><\/p>\n<p>[\/et_pb_toggle][\/et_pb_column][\/et_pb_row][et_pb_row column_structure=&#8221;1_3,1_3,1_3&#8243; custom_padding_last_edited=&#8221;on|phone&#8221; _builder_version=&#8221;4.16&#8243; width_tablet=&#8221;100%&#8221; width_phone=&#8221;100%&#8221; width_last_edited=&#8221;on|tablet&#8221; max_width=&#8221;2560px&#8221; custom_margin_tablet=&#8221;&#8221; custom_margin_phone=&#8221;&#8221; custom_margin_last_edited=&#8221;on|phone&#8221; custom_padding=&#8221;|||&#8221; custom_padding_tablet=&#8221;20px|20px|20px|20px|true|true&#8221; custom_padding_phone=&#8221;15px|15px|15px|15px|false|false&#8221; use_custom_width=&#8221;on&#8221; custom_width_px=&#8221;1440px&#8221; global_colors_info=&#8221;{}&#8221;][et_pb_column type=&#8221;1_3&#8243; _builder_version=&#8221;4.16&#8243; background_color=&#8221;#ffffff&#8221; custom_padding=&#8221;|||&#8221; box_shadow_style=&#8221;preset3&#8243; box_shadow_horizontal=&#8221;5px&#8221; box_shadow_color=&#8221;#bfd7ef&#8221; global_colors_info=&#8221;{}&#8221; custom_padding__hover=&#8221;|||&#8221;][et_pb_image src=&#8221;\/\/i3.wp.com\/anfavea.com.br\/site\/wp-content\/uploads\/2020\/02\/Fernando-Satkunas.jpg&#8221; align=&#8221;center&#8221; _builder_version=&#8221;4.16&#8243; global_colors_info=&#8221;{}&#8221;][\/et_pb_image][et_pb_text _builder_version=&#8221;4.16&#8243; text_orientation=&#8221;center&#8221; width=&#8221;90%&#8221; width_tablet=&#8221;&#8221; width_phone=&#8221;&#8221; width_last_edited=&#8221;on|desktop&#8221; max_width=&#8221;88%&#8221; module_alignment=&#8221;center&#8221; global_colors_info=&#8221;{}&#8221;]<\/p>\n<p style=\"text-align: center;\"><strong>Francisco Nelson Satkunas<br \/> <\/strong>HPE<\/p>\n<p>[\/et_pb_text][et_pb_toggle title=&#8221;Check Profile&#8221; icon_color=&#8221;#0c71c3&#8243; use_icon_font_size=&#8221;on&#8221; icon_font_size=&#8221;23px&#8221; open_icon_color=&#8221;#0c71c3&#8243; open_use_icon_font_size=&#8221;on&#8221; open_icon_font_size=&#8221;23px&#8221; _builder_version=&#8221;4.16&#8243; title_font=&#8221;Roboto|700|||||||&#8221; title_text_align=&#8221;left&#8221; title_font_size=&#8221;18px&#8221; title_line_height=&#8221;1.7em&#8221; body_font=&#8221;||||||||&#8221; body_font_size=&#8221;17px&#8221; body_line_height=&#8221;1.4em&#8221; background_color=&#8221;#ffffff&#8221; custom_margin=&#8221;-16px||||false|false&#8221; custom_margin_tablet=&#8221;&#8221; custom_margin_phone=&#8221;&#8221; custom_margin_last_edited=&#8221;on|desktop&#8221; custom_padding=&#8221;|30px||30px&#8221; animation_style=&#8221;fold&#8221; animation_direction=&#8221;top&#8221; title_font_size_tablet=&#8221;&#8221; title_font_size_phone=&#8221;16px&#8221; title_font_size_last_edited=&#8221;on|desktop&#8221; border_radii=&#8221;on|10px|10px|10px|10px&#8221; border_width_all=&#8221;0px&#8221; border_color_all=&#8221;#0c71c3&#8243; border_width_left=&#8221;10px&#8221; box_shadow_style=&#8221;preset1&#8243; box_shadow_blur=&#8221;70px&#8221; box_shadow_color=&#8221;rgba(110,130,208,0.18)&#8221; global_colors_info=&#8221;{}&#8221;]<\/p>\n<p>Francisco has 54 years in the automotive sector, 40 of which at General Motors (Brazil and Germany) in the areas of Engineering, Marketing, Sales, Global Purchasing, Strategic Planning and Quality. He was a member of the Board of Directors of Plascar for 8 years and serves on the Advisory Board of SAE BRASIL. Mechanical Engineer from FEI and postgraduate at FGV, he adds specialization courses in Europe. At ANFAVEA he has represented HPE since 2015.<\/p>\n<p style=\"text-align: center;\"><a href=\"https:\/\/www.linkedin.com\/in\/francisco-satkunas-99966312\/\" target=\"_blank\" rel=\"noopener noreferrer\"><img decoding=\"async\" src=\"https:\/\/anfavea.com.br\/site\/wp-content\/uploads\/2020\/02\/linkedin.png\" width=\"40\" height=\"40\" alt=\"\" class=\"wp-image-2616 alignnone size-full\" style=\"display: block; margin-left: auto; margin-right: auto;\" \/><\/a><\/p>\n<p>[\/et_pb_toggle][\/et_pb_column][et_pb_column type=&#8221;1_3&#8243; _builder_version=&#8221;4.16&#8243; background_color=&#8221;#ffffff&#8221; custom_padding=&#8221;|||&#8221; box_shadow_style=&#8221;preset3&#8243; box_shadow_horizontal=&#8221;5px&#8221; box_shadow_color=&#8221;#bfd7ef&#8221; global_colors_info=&#8221;{}&#8221; custom_padding__hover=&#8221;|||&#8221;][et_pb_image src=&#8221;https:\/\/anfavea.com.br\/site\/wp-content\/uploads\/2022\/05\/Henrique.jpg&#8221; title_text=&#8221;Henrique&#8221; align=&#8221;center&#8221; _builder_version=&#8221;4.16&#8243; locked=&#8221;off&#8221; global_colors_info=&#8221;{}&#8221;][\/et_pb_image][et_pb_text _builder_version=&#8221;4.16&#8243; text_orientation=&#8221;center&#8221; width=&#8221;90%&#8221; width_tablet=&#8221;&#8221; width_phone=&#8221;&#8221; width_last_edited=&#8221;on|desktop&#8221; max_width=&#8221;88%&#8221; module_alignment=&#8221;center&#8221; global_colors_info=&#8221;{}&#8221;]<\/p>\n<p style=\"text-align: center;\"><strong><span>Henrique Mendes Ara\u00fajo<\/span><br \/><\/strong>Volkswagen<\/p>\n<p>[\/et_pb_text][et_pb_toggle title=&#8221;Check Profile&#8221; icon_color=&#8221;#0c71c3&#8243; use_icon_font_size=&#8221;on&#8221; icon_font_size=&#8221;23px&#8221; open_icon_color=&#8221;#0c71c3&#8243; open_use_icon_font_size=&#8221;on&#8221; open_icon_font_size=&#8221;23px&#8221; _builder_version=&#8221;4.16&#8243; title_font=&#8221;Roboto|700|||||||&#8221; title_text_align=&#8221;left&#8221; title_font_size=&#8221;18px&#8221; title_line_height=&#8221;1.7em&#8221; body_font=&#8221;||||||||&#8221; body_font_size=&#8221;17px&#8221; body_line_height=&#8221;1.4em&#8221; background_color=&#8221;#ffffff&#8221; custom_margin=&#8221;-16px||||false|false&#8221; custom_margin_tablet=&#8221;&#8221; custom_margin_phone=&#8221;&#8221; custom_margin_last_edited=&#8221;on|desktop&#8221; custom_padding=&#8221;|30px||30px&#8221; animation_style=&#8221;fold&#8221; animation_direction=&#8221;top&#8221; title_font_size_tablet=&#8221;&#8221; title_font_size_phone=&#8221;16px&#8221; title_font_size_last_edited=&#8221;on|desktop&#8221; border_radii=&#8221;on|10px|10px|10px|10px&#8221; border_width_all=&#8221;0px&#8221; border_color_all=&#8221;#0c71c3&#8243; border_width_left=&#8221;10px&#8221; box_shadow_style=&#8221;preset1&#8243; box_shadow_blur=&#8221;70px&#8221; box_shadow_color=&#8221;rgba(110,130,208,0.18)&#8221; global_colors_info=&#8221;{}&#8221;]<\/p>\n<p>He has participated in ANFAVEA&#8217;s thematic committees since 2008, having been Coordinator of the Legal Affairs Committee. He has 18 years of experience, working on regulatory issues in the sector. He holds a degree in Social and Legal Sciences from the Faculty of Law of S\u00e3o Bernardo do Campo and a postgraduate degree from PUC-SP in Constitutional Law. In 2020 he was appointed Superintendent Director of the Volkswagen Group Foundation.<a href=\"https:\/\/www.linkedin.com\/in\/henrique-mendes-araujo-ab934950\/\" target=\"_blank\" rel=\"noopener noreferrer\"><br \/><\/a><\/p>\n<p style=\"text-align: center;\"><span><a href=\"https:\/\/www.linkedin.com\/in\/henrique-mendes-araujo-ab934950\/\" target=\"_blank\" rel=\"noopener noreferrer\"><img decoding=\"async\" src=\"https:\/\/anfavea.com.br\/site\/wp-content\/uploads\/2020\/02\/linkedin.png\" width=\"40\" height=\"40\" alt=\"\" class=\"wp-image-2616 alignnone size-full\" \/><\/a><\/span><\/p>\n<p>[\/et_pb_toggle][\/et_pb_column][et_pb_column type=&#8221;1_3&#8243; _builder_version=&#8221;4.16&#8243; background_color=&#8221;#ffffff&#8221; custom_padding=&#8221;|||&#8221; box_shadow_style=&#8221;preset3&#8243; box_shadow_horizontal=&#8221;5px&#8221; box_shadow_color=&#8221;#bfd7ef&#8221; global_colors_info=&#8221;{}&#8221; custom_padding__hover=&#8221;|||&#8221;][et_pb_image src=&#8221;\/\/i3.wp.com\/anfavea.com.br\/site\/wp-content\/uploads\/2020\/01\/JEFFERSON-BIAGGI.jpg&#8221; align=&#8221;center&#8221; _builder_version=&#8221;4.16&#8243; global_colors_info=&#8221;{}&#8221;][\/et_pb_image][et_pb_text _builder_version=&#8221;4.16&#8243; text_orientation=&#8221;center&#8221; width=&#8221;90%&#8221; width_tablet=&#8221;&#8221; width_phone=&#8221;&#8221; width_last_edited=&#8221;on|desktop&#8221; max_width=&#8221;88%&#8221; module_alignment=&#8221;center&#8221; global_colors_info=&#8221;{}&#8221;]<\/p>\n<p style=\"text-align: center;\"><strong>Jeferson Olivete Biaggi<br \/> <\/strong>Komatsu<\/p>\n<p>[\/et_pb_text][et_pb_toggle title=&#8221;Check Profile&#8221; icon_color=&#8221;#0c71c3&#8243; use_icon_font_size=&#8221;on&#8221; icon_font_size=&#8221;23px&#8221; open_icon_color=&#8221;#0c71c3&#8243; open_use_icon_font_size=&#8221;on&#8221; open_icon_font_size=&#8221;23px&#8221; _builder_version=&#8221;4.16&#8243; title_font=&#8221;Roboto|700|||||||&#8221; title_text_align=&#8221;left&#8221; title_font_size=&#8221;18px&#8221; title_line_height=&#8221;1.7em&#8221; body_font=&#8221;||||||||&#8221; body_font_size=&#8221;17px&#8221; body_line_height=&#8221;1.4em&#8221; background_color=&#8221;#ffffff&#8221; custom_margin=&#8221;-16px||||false|false&#8221; custom_margin_tablet=&#8221;&#8221; custom_margin_phone=&#8221;&#8221; custom_margin_last_edited=&#8221;on|desktop&#8221; custom_padding=&#8221;|30px||30px&#8221; animation_style=&#8221;fold&#8221; animation_direction=&#8221;top&#8221; title_font_size_tablet=&#8221;&#8221; title_font_size_phone=&#8221;16px&#8221; title_font_size_last_edited=&#8221;on|desktop&#8221; border_radii=&#8221;on|10px|10px|10px|10px&#8221; border_width_all=&#8221;0px&#8221; border_color_all=&#8221;#0c71c3&#8243; border_width_left=&#8221;10px&#8221; box_shadow_style=&#8221;preset1&#8243; box_shadow_blur=&#8221;70px&#8221; box_shadow_color=&#8221;rgba(110,130,208,0.18)&#8221; global_colors_info=&#8221;{}&#8221;]<\/p>\n<p>Jeferson has been Vice President of ANFAVEA since 2015. With 30 years of experience in the sector, he currently holds the position of Industrial Director at Komatsu do Brasil. Graduated in Business Administration, he has an MBA in business management at FGV and a degree in Global Management at the Komatsu Way Institute in Japan.<\/p>\n<p style=\"text-align: center;\"><a href=\"https:\/\/www.linkedin.com\/in\/jeferson-olivete-biaggi-b4709123\/\" target=\"_blank\" rel=\"noopener noreferrer\"><img decoding=\"async\" src=\"https:\/\/anfavea.com.br\/site\/wp-content\/uploads\/2020\/02\/linkedin.png\" width=\"40\" height=\"40\" alt=\"\" class=\"wp-image-2616 alignnone size-full\" style=\"display: block; margin-left: auto; margin-right: auto;\" \/><\/a><\/p>\n<p>[\/et_pb_toggle][\/et_pb_column][\/et_pb_row][et_pb_row column_structure=&#8221;1_3,1_3,1_3&#8243; custom_padding_last_edited=&#8221;on|phone&#8221; _builder_version=&#8221;4.16&#8243; width_tablet=&#8221;100%&#8221; width_phone=&#8221;100%&#8221; width_last_edited=&#8221;on|tablet&#8221; max_width=&#8221;2560px&#8221; custom_margin_tablet=&#8221;&#8221; custom_margin_phone=&#8221;&#8221; custom_margin_last_edited=&#8221;on|phone&#8221; custom_padding=&#8221;|||&#8221; custom_padding_tablet=&#8221;20px|20px|20px|20px|true|true&#8221; custom_padding_phone=&#8221;15px|15px|15px|15px|false|false&#8221; use_custom_width=&#8221;on&#8221; custom_width_px=&#8221;1440px&#8221; global_colors_info=&#8221;{}&#8221;][et_pb_column type=&#8221;1_3&#8243; _builder_version=&#8221;4.16&#8243; background_color=&#8221;#ffffff&#8221; custom_padding=&#8221;|||&#8221; box_shadow_style=&#8221;preset3&#8243; box_shadow_horizontal=&#8221;5px&#8221; box_shadow_color=&#8221;#bfd7ef&#8221; global_colors_info=&#8221;{}&#8221; custom_padding__hover=&#8221;|||&#8221;][et_pb_image src=&#8221;\/\/i0.wp.com\/anfavea.com.br\/site\/wp-content\/uploads\/2020\/02\/Joao-Alecrim.jpg&#8221; align=&#8221;center&#8221; _builder_version=&#8221;4.16&#8243; global_colors_info=&#8221;{}&#8221;][\/et_pb_image][et_pb_text _builder_version=&#8221;4.16&#8243; text_orientation=&#8221;center&#8221; width=&#8221;90%&#8221; width_tablet=&#8221;&#8221; width_phone=&#8221;&#8221; width_last_edited=&#8221;on|desktop&#8221; max_width=&#8221;88%&#8221; module_alignment=&#8221;center&#8221; global_colors_info=&#8221;{}&#8221;]<\/p>\n<p style=\"text-align: center;\"><strong>Jo\u00e3o Alecrim Pereira<br \/> <\/strong>Ford<\/p>\n<p>[\/et_pb_text][et_pb_toggle title=&#8221;Check Profile&#8221; icon_color=&#8221;#0c71c3&#8243; use_icon_font_size=&#8221;on&#8221; icon_font_size=&#8221;23px&#8221; open_icon_color=&#8221;#0c71c3&#8243; open_use_icon_font_size=&#8221;on&#8221; open_icon_font_size=&#8221;23px&#8221; _builder_version=&#8221;4.16&#8243; title_font=&#8221;Roboto|700|||||||&#8221; title_text_align=&#8221;left&#8221; title_font_size=&#8221;18px&#8221; title_line_height=&#8221;1.7em&#8221; body_font=&#8221;||||||||&#8221; body_font_size=&#8221;17px&#8221; body_line_height=&#8221;1.4em&#8221; background_color=&#8221;#ffffff&#8221; custom_margin=&#8221;-16px||||false|false&#8221; custom_margin_tablet=&#8221;&#8221; custom_margin_phone=&#8221;&#8221; custom_margin_last_edited=&#8221;on|desktop&#8221; custom_padding=&#8221;|30px||30px&#8221; animation_style=&#8221;fold&#8221; animation_direction=&#8221;top&#8221; title_font_size_tablet=&#8221;&#8221; title_font_size_phone=&#8221;16px&#8221; title_font_size_last_edited=&#8221;on|desktop&#8221; border_radii=&#8221;on|10px|10px|10px|10px&#8221; border_width_all=&#8221;0px&#8221; border_color_all=&#8221;#0c71c3&#8243; border_width_left=&#8221;10px&#8221; box_shadow_style=&#8221;preset1&#8243; box_shadow_blur=&#8221;70px&#8221; box_shadow_color=&#8221;rgba(110,130,208,0.18)&#8221; global_colors_info=&#8221;{}&#8221;]<\/p>\n<p>Jo\u00e3o is Ford&#8217;s Government Relations Manager and Vice President of ANFAVEA. He has 28 years of experience in Government Relations, Public Relations and Corporate Communications. He also worked at TIM Brasil, Edelman, Jornal A Tarde, Salvador City Hall and TVE Educativa da Bahia. He holds a degree in Journalism from UFBA and an MBA in Marketing from ESPM.<\/p>\n<p style=\"text-align: center;\"><span><a href=\"https:\/\/www.linkedin.com\/in\/jo%C3%A3o-alecrim-pereira-953203187\/\" target=\"_blank\" rel=\"noopener noreferrer\"><img decoding=\"async\" src=\"https:\/\/anfavea.com.br\/site\/wp-content\/uploads\/2020\/02\/linkedin.png\" width=\"40\" height=\"40\" alt=\"\" class=\"wp-image-2616 alignnone size-full\" style=\"display: block; margin-left: auto; margin-right: auto;\" \/><\/a><\/span><\/p>\n<p>[\/et_pb_toggle][\/et_pb_column][et_pb_column type=&#8221;1_3&#8243; _builder_version=&#8221;4.16&#8243; background_color=&#8221;#ffffff&#8221; custom_padding=&#8221;|||&#8221; box_shadow_style=&#8221;preset3&#8243; box_shadow_horizontal=&#8221;5px&#8221; box_shadow_color=&#8221;#bfd7ef&#8221; global_colors_info=&#8221;{}&#8221; custom_padding__hover=&#8221;|||&#8221;][et_pb_image src=&#8221;https:\/\/anfavea.com.br\/site\/wp-content\/uploads\/2022\/05\/Joao.jpg&#8221; title_text=&#8221;Jo\u00e3o&#8221; align=&#8221;center&#8221; _builder_version=&#8221;4.16&#8243; global_colors_info=&#8221;{}&#8221;][\/et_pb_image][et_pb_text _builder_version=&#8221;4.16&#8243; text_orientation=&#8221;center&#8221; width=&#8221;90%&#8221; width_tablet=&#8221;&#8221; width_phone=&#8221;&#8221; width_last_edited=&#8221;on|desktop&#8221; max_width=&#8221;88%&#8221; module_alignment=&#8221;center&#8221; global_colors_info=&#8221;{}&#8221;]<\/p>\n<p style=\"text-align: center;\"><strong><b>Jo\u00e3o Irineu Medeiros<\/b><br \/><\/strong>Stellantis<\/p>\n<p>[\/et_pb_text][et_pb_toggle title=&#8221;Check Profile&#8221; icon_color=&#8221;#0c71c3&#8243; use_icon_font_size=&#8221;on&#8221; icon_font_size=&#8221;23px&#8221; open_icon_color=&#8221;#0c71c3&#8243; open_use_icon_font_size=&#8221;on&#8221; open_icon_font_size=&#8221;23px&#8221; _builder_version=&#8221;4.16&#8243; title_font=&#8221;Roboto|700|||||||&#8221; title_text_align=&#8221;left&#8221; title_font_size=&#8221;18px&#8221; title_line_height=&#8221;1.7em&#8221; body_font=&#8221;||||||||&#8221; body_font_size=&#8221;17px&#8221; body_line_height=&#8221;1.4em&#8221; background_color=&#8221;#ffffff&#8221; custom_margin=&#8221;-16px||||false|false&#8221; custom_margin_tablet=&#8221;&#8221; custom_margin_phone=&#8221;&#8221; custom_margin_last_edited=&#8221;on|desktop&#8221; custom_padding=&#8221;|30px||30px&#8221; animation_style=&#8221;fold&#8221; animation_direction=&#8221;top&#8221; title_font_size_tablet=&#8221;&#8221; title_font_size_phone=&#8221;16px&#8221; title_font_size_last_edited=&#8221;on|desktop&#8221; border_radii=&#8221;on|10px|10px|10px|10px&#8221; border_width_all=&#8221;0px&#8221; border_color_all=&#8221;#0c71c3&#8243; border_width_left=&#8221;10px&#8221; box_shadow_style=&#8221;preset1&#8243; box_shadow_blur=&#8221;70px&#8221; box_shadow_color=&#8221;rgba(110,130,208,0.18)&#8221; global_colors_info=&#8221;{}&#8221;]<\/p>\n<p style=\"text-align: left;\">With 35 years in the industry and experience in the areas of Product Engineering, Product Development, Product Planning, he is currently Director of Product Regulation and Compliance. He holds a degree in Mechanical Engineering from the Federal University of Minas Gerais, a postgraduate degree in Structural Engineering from UFMG and Economic Engineering from Funda\u00e7\u00e3o Dom Cabral, an MBA in Business Management from Funda\u00e7\u00e3o Dom Cabral and a Post-MBA from the Kellogg School of Management Chicago, Northwerstern University.<\/p>\n<p><a href=\"https:\/\/www.linkedin.com\/in\/jo%C3%A3o-irineu-medeiros-07a41534\" target=\"_blank\" rel=\"noopener noreferrer\"><\/a><span><a href=\"https:\/\/www.linkedin.com\/in\/jo%C3%A3o-irineu-medeiros-07a41534\" target=\"_blank\" rel=\"noopener noreferrer\"><img decoding=\"async\" src=\"https:\/\/anfavea.com.br\/site\/wp-content\/uploads\/2020\/02\/linkedin.png\" width=\"40\" height=\"40\" alt=\"\" class=\"wp-image-2616 alignnone size-full\" style=\"display: block; margin-left: auto; margin-right: auto;\" \/><\/a><\/span><a href=\"https:\/\/www.linkedin.com\/in\/jo%C3%A3o-irineu-medeiros-07a41534\" target=\"_blank\" rel=\"noopener noreferrer\"><\/a><a href=\"https:\/\/www.linkedin.com\/in\/jo%C3%A3o-irineu-medeiros-07a41534\" target=\"_blank\" rel=\"noopener noreferrer\"><\/a><\/p>\n<p>[\/et_pb_toggle][\/et_pb_column][et_pb_column type=&#8221;1_3&#8243; _builder_version=&#8221;4.16&#8243; background_color=&#8221;#ffffff&#8221; custom_padding=&#8221;|||&#8221; box_shadow_style=&#8221;preset3&#8243; box_shadow_horizontal=&#8221;5px&#8221; box_shadow_color=&#8221;#bfd7ef&#8221; global_colors_info=&#8221;{}&#8221; custom_padding__hover=&#8221;|||&#8221;][et_pb_image src=&#8221;https:\/\/anfavea.com.br\/site\/wp-content\/uploads\/2021\/09\/2.jpg&#8221; title_text=&#8221;2&#8243; align=&#8221;center&#8221; _builder_version=&#8221;4.16&#8243; global_colors_info=&#8221;{}&#8221;][\/et_pb_image][et_pb_text _builder_version=&#8221;4.16&#8243; text_orientation=&#8221;center&#8221; width=&#8221;90%&#8221; width_tablet=&#8221;&#8221; width_phone=&#8221;&#8221; width_last_edited=&#8221;on|desktop&#8221; max_width=&#8221;88%&#8221; module_alignment=&#8221;center&#8221; global_colors_info=&#8221;{}&#8221;]<\/p>\n<p style=\"text-align: center;\"><strong>Luiz Carlos Moraes<br \/><\/strong>Mercedes-Benz<\/p>\n<p>[\/et_pb_text][et_pb_toggle title=&#8221;Check Profile&#8221; icon_color=&#8221;#0c71c3&#8243; use_icon_font_size=&#8221;on&#8221; icon_font_size=&#8221;23px&#8221; open_icon_color=&#8221;#0c71c3&#8243; open_use_icon_font_size=&#8221;on&#8221; open_icon_font_size=&#8221;23px&#8221; _builder_version=&#8221;4.16&#8243; title_font=&#8221;Roboto|700|||||||&#8221; title_text_align=&#8221;left&#8221; title_font_size=&#8221;18px&#8221; title_line_height=&#8221;1.7em&#8221; body_font=&#8221;||||||||&#8221; body_font_size=&#8221;17px&#8221; body_line_height=&#8221;1.4em&#8221; background_color=&#8221;#ffffff&#8221; custom_margin=&#8221;-16px||||false|false&#8221; custom_margin_tablet=&#8221;&#8221; custom_margin_phone=&#8221;&#8221; custom_margin_last_edited=&#8221;on|desktop&#8221; custom_padding=&#8221;|30px||30px&#8221; animation_style=&#8221;fold&#8221; animation_direction=&#8221;top&#8221; title_font_size_tablet=&#8221;&#8221; title_font_size_phone=&#8221;16px&#8221; title_font_size_last_edited=&#8221;on|desktop&#8221; border_radii=&#8221;on|10px|10px|10px|10px&#8221; border_width_all=&#8221;0px&#8221; border_color_all=&#8221;#0c71c3&#8243; border_width_left=&#8221;10px&#8221; box_shadow_style=&#8221;preset1&#8243; box_shadow_blur=&#8221;70px&#8221; box_shadow_color=&#8221;rgba(110,130,208,0.18)&#8221; global_colors_info=&#8221;{}&#8221;]<\/p>\n<p style=\"text-align: left;\">With 42 years of experience in the sector, he currently holds the position of Director of Corporate Communications &amp; Institutional Relations at Mercedes-Benz do Brasil. Graduated in Economics from Funda\u00e7\u00e3o Santo Andr\u00e9, he has a postgraduate degree from FGV, an MBA from IBMEC and a postgraduate degree from INSEAD\/France.<\/p>\n<p><a href=\"https:\/\/www.linkedin.com\/in\/luiz-carlos-moraes-7b655829\/\" target=\"_blank\" rel=\"noopener noreferrer\"><img decoding=\"async\" src=\"https:\/\/anfavea.com.br\/site\/wp-content\/uploads\/2020\/02\/linkedin.png\" width=\"40\" height=\"40\" alt=\"\" class=\"wp-image-2616 alignnone size-full\" style=\"display: block; margin-left: auto; margin-right: auto;\" \/><\/a><\/p>\n<p>[\/et_pb_toggle][\/et_pb_column][\/et_pb_row][et_pb_row column_structure=&#8221;1_3,1_3,1_3&#8243; custom_padding_last_edited=&#8221;on|phone&#8221; _builder_version=&#8221;4.16&#8243; width_tablet=&#8221;100%&#8221; width_phone=&#8221;100%&#8221; width_last_edited=&#8221;on|tablet&#8221; max_width=&#8221;2560px&#8221; custom_margin_tablet=&#8221;&#8221; custom_margin_phone=&#8221;&#8221; custom_margin_last_edited=&#8221;on|phone&#8221; custom_padding=&#8221;|||&#8221; custom_padding_tablet=&#8221;20px|20px|20px|20px|true|true&#8221; custom_padding_phone=&#8221;15px|15px|15px|15px|false|false&#8221; use_custom_width=&#8221;on&#8221; custom_width_px=&#8221;1440px&#8221; global_colors_info=&#8221;{}&#8221;][et_pb_column type=&#8221;1_3&#8243; _builder_version=&#8221;4.16&#8243; background_color=&#8221;#ffffff&#8221; custom_padding=&#8221;|||&#8221; box_shadow_style=&#8221;preset3&#8243; box_shadow_horizontal=&#8221;5px&#8221; box_shadow_color=&#8221;#bfd7ef&#8221; global_colors_info=&#8221;{}&#8221; custom_padding__hover=&#8221;|||&#8221;][et_pb_image src=&#8221;https:\/\/anfavea.com.br\/site\/wp-content\/uploads\/2022\/06\/luiz-1.jpg&#8221; title_text=&#8221;luiz&#8221; align=&#8221;center&#8221; _builder_version=&#8221;4.16&#8243; global_colors_info=&#8221;{}&#8221;][\/et_pb_image][et_pb_text _builder_version=&#8221;4.16&#8243; text_orientation=&#8221;center&#8221; width=&#8221;90%&#8221; width_tablet=&#8221;&#8221; width_phone=&#8221;&#8221; width_last_edited=&#8221;on|desktop&#8221; max_width=&#8221;88%&#8221; module_alignment=&#8221;center&#8221; global_colors_info=&#8221;{}&#8221;]<\/p>\n<p style=\"text-align: center;\"><strong><b>Luiz Henrique Maia Bezerra<\/b><br \/><\/strong>Volkswagen<\/p>\n<p>[\/et_pb_text][et_pb_toggle title=&#8221;Veja o Perfil&#8221; icon_color=&#8221;#0c71c3&#8243; use_icon_font_size=&#8221;on&#8221; icon_font_size=&#8221;23px&#8221; open_icon_color=&#8221;#0c71c3&#8243; open_use_icon_font_size=&#8221;on&#8221; open_icon_font_size=&#8221;23px&#8221; _builder_version=&#8221;4.16&#8243; title_font=&#8221;Roboto|700|||||||&#8221; title_text_align=&#8221;left&#8221; title_font_size=&#8221;18px&#8221; title_line_height=&#8221;1.7em&#8221; body_font=&#8221;||||||||&#8221; body_font_size=&#8221;17px&#8221; body_line_height=&#8221;1.4em&#8221; background_color=&#8221;#ffffff&#8221; custom_margin=&#8221;-16px||||false|false&#8221; custom_margin_tablet=&#8221;4px||||false|false&#8221; custom_margin_phone=&#8221;2px||||false|false&#8221; custom_margin_last_edited=&#8221;on|desktop&#8221; custom_padding=&#8221;|30px||30px&#8221; animation_style=&#8221;fold&#8221; animation_direction=&#8221;top&#8221; title_font_size_tablet=&#8221;&#8221; title_font_size_phone=&#8221;16px&#8221; title_font_size_last_edited=&#8221;on|desktop&#8221; border_radii=&#8221;on|10px|10px|10px|10px&#8221; border_width_all=&#8221;0px&#8221; border_color_all=&#8221;#0c71c3&#8243; border_width_left=&#8221;10px&#8221; box_shadow_style=&#8221;preset1&#8243; box_shadow_blur=&#8221;70px&#8221; box_shadow_color=&#8221;rgba(110,130,208,0.18)&#8221; global_colors_info=&#8221;{}&#8221;]<\/p>\n<p><span>Luiz Henrique Maia Bezerra \u00e9 Advogado e Administrador de Empresas com Habilita\u00e7\u00e3o em Com\u00e9rcio Exterior, p\u00f3s-graduado em gest\u00e3o de pessoas e direito eleitoral. Com mais de 10 anos de experi\u00eancia na ind\u00fastria automobil\u00edstica e mais de 15 anos na \u00e1rea de rela\u00e7\u00f5es institucionais e governamentais. Foi ainda: Executivo da Fiesp, Conselheiro da OAB\/DF, Presidente da ABRIG e Assessor da Presid\u00eancia da CNI.<\/span><\/p>\n<p style=\"text-align: center;\"><strong><a href=\"https:\/\/www.linkedin.com\/in\/luiz-henrique-maia-bezerra-85628ba4\/\" target=\"_blank\" rel=\"noopener noreferrer\"><img decoding=\"async\" src=\"https:\/\/anfavea.com.br\/site\/wp-content\/uploads\/2020\/02\/linkedin.png\" width=\"40\" height=\"40\" alt=\"\" class=\"wp-image-2616 alignnone size-full\" style=\"display: block; margin-left: auto; margin-right: auto;\" \/><\/a><\/strong><\/p>\n<p>[\/et_pb_toggle][\/et_pb_column][et_pb_column type=&#8221;1_3&#8243; _builder_version=&#8221;4.16&#8243; background_color=&#8221;#ffffff&#8221; custom_padding=&#8221;|||&#8221; box_shadow_style=&#8221;preset3&#8243; box_shadow_horizontal=&#8221;5px&#8221; box_shadow_color=&#8221;#bfd7ef&#8221; global_colors_info=&#8221;{}&#8221; custom_padding__hover=&#8221;|||&#8221;][et_pb_image src=&#8221;\/\/i3.wp.com\/anfavea.com.br\/site\/wp-content\/uploads\/2020\/02\/MARCELO.jpg&#8221; align=&#8221;center&#8221; _builder_version=&#8221;4.16&#8243; global_colors_info=&#8221;{}&#8221;][\/et_pb_image][et_pb_text _builder_version=&#8221;4.16&#8243; text_orientation=&#8221;center&#8221; width=&#8221;90%&#8221; width_tablet=&#8221;&#8221; width_phone=&#8221;&#8221; width_last_edited=&#8221;on|desktop&#8221; max_width=&#8221;88%&#8221; module_alignment=&#8221;center&#8221; global_colors_info=&#8221;{}&#8221;]<\/p>\n<p style=\"text-align: center;\"><strong>Marcelo de Oliveira Elias<br \/> <\/strong>CAOA<\/p>\n<p>[\/et_pb_text][et_pb_toggle title=&#8221;Check Profile&#8221; icon_color=&#8221;#0c71c3&#8243; use_icon_font_size=&#8221;on&#8221; icon_font_size=&#8221;23px&#8221; open_icon_color=&#8221;#0c71c3&#8243; open_use_icon_font_size=&#8221;on&#8221; open_icon_font_size=&#8221;23px&#8221; _builder_version=&#8221;4.16&#8243; title_font=&#8221;Roboto|700|||||||&#8221; title_text_align=&#8221;left&#8221; title_font_size=&#8221;18px&#8221; title_line_height=&#8221;1.7em&#8221; body_font=&#8221;||||||||&#8221; body_font_size=&#8221;17px&#8221; body_line_height=&#8221;1.4em&#8221; background_color=&#8221;#ffffff&#8221; custom_margin=&#8221;-18px||||false|false&#8221; custom_margin_tablet=&#8221;0px||||false|false&#8221; custom_margin_phone=&#8221;&#8221; custom_margin_last_edited=&#8221;on|phone&#8221; custom_padding=&#8221;|30px||30px&#8221; animation_style=&#8221;fold&#8221; animation_direction=&#8221;top&#8221; title_font_size_tablet=&#8221;&#8221; title_font_size_phone=&#8221;16px&#8221; title_font_size_last_edited=&#8221;on|desktop&#8221; border_radii=&#8221;on|10px|10px|10px|10px&#8221; border_width_all=&#8221;0px&#8221; border_color_all=&#8221;#0c71c3&#8243; border_width_left=&#8221;10px&#8221; box_shadow_style=&#8221;preset1&#8243; box_shadow_blur=&#8221;70px&#8221; box_shadow_color=&#8221;rgba(110,130,208,0.18)&#8221; global_colors_info=&#8221;{}&#8221;]<\/p>\n<p>Marcelo has been Vice-President of ANFAVEA since 2014. With more than 20 years of market experience, he works as Legal, Tax and Institutional Relations Director of CAOA Automaker and as a member of the Board of Directors of the automaker CAOA CHERY. Graduated in Law from PUC \/ RJ, he has a Masters in Commercial Law from the London School of Economics (LSE).<\/p>\n<p style=\"text-align: center;\"><a href=\"https:\/\/www.linkedin.com\/in\/marcelo-de-oliveira-elias-18a62b55\/\" target=\"_blank\" rel=\"noopener noreferrer\"><img decoding=\"async\" src=\"https:\/\/anfavea.com.br\/site\/wp-content\/uploads\/2020\/02\/linkedin.png\" width=\"40\" height=\"40\" alt=\"\" class=\"wp-image-2616 alignnone size-full\" style=\"display: block; margin-left: auto; margin-right: auto;\" \/><\/a><\/p>\n<p>[\/et_pb_toggle][\/et_pb_column][et_pb_column type=&#8221;1_3&#8243; _builder_version=&#8221;4.16&#8243; background_color=&#8221;#ffffff&#8221; custom_padding=&#8221;|||&#8221; box_shadow_style=&#8221;preset3&#8243; box_shadow_horizontal=&#8221;5px&#8221; box_shadow_color=&#8221;#bfd7ef&#8221; global_colors_info=&#8221;{}&#8221; custom_padding__hover=&#8221;|||&#8221;][et_pb_image src=&#8221;https:\/\/anfavea.com.br\/site\/wp-content\/uploads\/2020\/02\/SALTINI.jpg&#8221; title_text=&#8221;SALTINI&#8221; align=&#8221;center&#8221; _builder_version=&#8221;4.16&#8243; global_colors_info=&#8221;{}&#8221;][\/et_pb_image][et_pb_text _builder_version=&#8221;4.16&#8243; text_orientation=&#8221;center&#8221; width=&#8221;90%&#8221; width_tablet=&#8221;&#8221; width_phone=&#8221;&#8221; width_last_edited=&#8221;on|desktop&#8221; max_width=&#8221;88%&#8221; module_alignment=&#8221;center&#8221; global_colors_info=&#8221;{}&#8221;]<\/p>\n<p style=\"text-align: center;\"><strong>Marco Saltini<br \/><\/strong>MAN<\/p>\n<p>[\/et_pb_text][et_pb_toggle title=&#8221;Check Profile&#8221; icon_color=&#8221;#0c71c3&#8243; use_icon_font_size=&#8221;on&#8221; icon_font_size=&#8221;23px&#8221; open_icon_color=&#8221;#0c71c3&#8243; open_use_icon_font_size=&#8221;on&#8221; open_icon_font_size=&#8221;23px&#8221; _builder_version=&#8221;4.16&#8243; title_font=&#8221;Roboto|700|||||||&#8221; title_text_align=&#8221;left&#8221; title_font_size=&#8221;18px&#8221; title_line_height=&#8221;1.7em&#8221; body_font=&#8221;||||||||&#8221; body_font_size=&#8221;17px&#8221; body_line_height=&#8221;1.4em&#8221; background_color=&#8221;#ffffff&#8221; custom_margin=&#8221;-16px||||false|false&#8221; custom_margin_tablet=&#8221;&#8221; custom_margin_phone=&#8221;&#8221; custom_margin_last_edited=&#8221;on|desktop&#8221; custom_padding=&#8221;|30px||30px&#8221; animation_style=&#8221;fold&#8221; animation_direction=&#8221;top&#8221; title_font_size_tablet=&#8221;&#8221; title_font_size_phone=&#8221;16px&#8221; title_font_size_last_edited=&#8221;on|desktop&#8221; border_radii=&#8221;on|10px|10px|10px|10px&#8221; border_width_all=&#8221;0px&#8221; border_color_all=&#8221;#0c71c3&#8243; border_width_left=&#8221;10px&#8221; box_shadow_style=&#8221;preset1&#8243; box_shadow_blur=&#8221;70px&#8221; box_shadow_color=&#8221;rgba(110,130,208,0.18)&#8221; global_colors_info=&#8221;{}&#8221;]<\/p>\n<p style=\"text-align: left;\">Member of the Board of Directors since 2004, he has worked in the sector for 36 years and is currently Director of Governmental and Institutional Relations at MAN Latin America\/Volkswagen Caminh\u00f5es e \u00d4nibus. Graduated in Mechanical Production Engineering from the Instituto de Ensino de Engenharia Paulista and with a specialization in Management Development from PUC\/MG.<\/p>\n<p><a href=\"https:\/\/www.linkedin.com\/in\/marco-saltini-23a44b7\/\" target=\"_blank\" rel=\"noopener noreferrer\"><img decoding=\"async\" src=\"https:\/\/anfavea.com.br\/site\/wp-content\/uploads\/2020\/02\/linkedin.png\" width=\"40\" height=\"40\" alt=\"\" class=\"wp-image-2616 alignnone size-full\" style=\"display: block; margin-left: auto; margin-right: auto;\" \/><\/a><\/p>\n<p>&nbsp;<\/p>\n<p>[\/et_pb_toggle][\/et_pb_column][\/et_pb_row][et_pb_row column_structure=&#8221;1_3,1_3,1_3&#8243; custom_padding_last_edited=&#8221;on|phone&#8221; _builder_version=&#8221;4.21.0&#8243; width_tablet=&#8221;100%&#8221; width_phone=&#8221;100%&#8221; width_last_edited=&#8221;on|tablet&#8221; max_width=&#8221;2560px&#8221; custom_margin_tablet=&#8221;&#8221; custom_margin_phone=&#8221;&#8221; custom_margin_last_edited=&#8221;on|phone&#8221; custom_padding=&#8221;|||&#8221; custom_padding_tablet=&#8221;20px|20px|20px|20px|true|true&#8221; custom_padding_phone=&#8221;15px|15px|15px|15px|false|false&#8221; hover_enabled=&#8221;0&#8243; use_custom_width=&#8221;on&#8221; custom_width_px=&#8221;1440px&#8221; global_colors_info=&#8221;{}&#8221; sticky_enabled=&#8221;0&#8243;][et_pb_column type=&#8221;1_3&#8243; _builder_version=&#8221;4.16&#8243; background_color=&#8221;#ffffff&#8221; custom_padding=&#8221;|||&#8221; box_shadow_style=&#8221;preset3&#8243; box_shadow_horizontal=&#8221;5px&#8221; box_shadow_color=&#8221;#bfd7ef&#8221; global_colors_info=&#8221;{}&#8221; custom_padding__hover=&#8221;|||&#8221;][et_pb_image src=&#8221;\/\/i2.wp.com\/anfavea.com.br\/site\/wp-content\/uploads\/2020\/01\/MARCOS-VINICIUS-AGUIAR.jpg&#8221; align=&#8221;center&#8221; _builder_version=&#8221;4.16&#8243; global_colors_info=&#8221;{}&#8221;][\/et_pb_image][et_pb_text _builder_version=&#8221;4.16&#8243; text_orientation=&#8221;center&#8221; width=&#8221;90%&#8221; width_tablet=&#8221;&#8221; width_phone=&#8221;&#8221; width_last_edited=&#8221;on|desktop&#8221; max_width=&#8221;88%&#8221; module_alignment=&#8221;center&#8221; global_colors_info=&#8221;{}&#8221;]<\/p>\n<p style=\"text-align: center;\"><strong>Marcus Vinicius Aguiar<br \/> <\/strong>Renault<\/p>\n<p>[\/et_pb_text][et_pb_toggle title=&#8221;Check Profile&#8221; icon_color=&#8221;#0c71c3&#8243; use_icon_font_size=&#8221;on&#8221; icon_font_size=&#8221;23px&#8221; open_icon_color=&#8221;#0c71c3&#8243; open_use_icon_font_size=&#8221;on&#8221; open_icon_font_size=&#8221;23px&#8221; _builder_version=&#8221;4.16&#8243; title_font=&#8221;Roboto|700|||||||&#8221; title_text_align=&#8221;left&#8221; title_font_size=&#8221;18px&#8221; title_line_height=&#8221;1.7em&#8221; body_font=&#8221;||||||||&#8221; body_font_size=&#8221;17px&#8221; body_line_height=&#8221;1.4em&#8221; background_color=&#8221;#ffffff&#8221; custom_margin=&#8221;-16px||||false|false&#8221; custom_margin_tablet=&#8221;&#8221; custom_margin_phone=&#8221;&#8221; custom_margin_last_edited=&#8221;on|desktop&#8221; custom_padding=&#8221;|30px||30px&#8221; animation_style=&#8221;fold&#8221; animation_direction=&#8221;top&#8221; title_font_size_tablet=&#8221;&#8221; title_font_size_phone=&#8221;16px&#8221; title_font_size_last_edited=&#8221;on|desktop&#8221; border_radii=&#8221;on|10px|10px|10px|10px&#8221; border_width_all=&#8221;0px&#8221; border_color_all=&#8221;#0c71c3&#8243; border_width_left=&#8221;10px&#8221; box_shadow_style=&#8221;preset1&#8243; box_shadow_blur=&#8221;70px&#8221; box_shadow_color=&#8221;rgba(110,130,208,0.18)&#8221; global_colors_info=&#8221;{}&#8221;]<\/p>\n<p>Marcus Vinicius is Director of Institutional and Governmental Relations at Renault do Brasil. He holds a degree in Mechanical Engineering from Universidade Mackenzie and a postgraduate degree in Business Administration from FAAP, Funda\u00e7\u00e3o Alvares Penteado.<br \/>He is also Director of Institutional Relations at AEA (Association of Automotive Engineering) and member of the Board of Directors of IQA (Institute of Automotive Quality).<\/p>\n<p style=\"text-align: center;\"><a href=\"https:\/\/www.linkedin.com\/in\/marcus-vinicius-aguiar-5356b116\/\" target=\"_blank\" rel=\"noopener noreferrer\"><img decoding=\"async\" src=\"https:\/\/anfavea.com.br\/site\/wp-content\/uploads\/2020\/02\/linkedin.png\" width=\"40\" height=\"40\" alt=\"\" class=\"wp-image-2616 alignnone size-full\" style=\"display: block; margin-left: auto; margin-right: auto;\" \/><\/a><\/p>\n<p>[\/et_pb_toggle][\/et_pb_column][et_pb_column type=&#8221;1_3&#8243; _builder_version=&#8221;4.16&#8243; background_color=&#8221;#ffffff&#8221; custom_padding=&#8221;|||&#8221; box_shadow_style=&#8221;preset3&#8243; box_shadow_horizontal=&#8221;5px&#8221; box_shadow_color=&#8221;#bfd7ef&#8221; global_colors_info=&#8221;{}&#8221; custom_padding__hover=&#8221;|||&#8221;][et_pb_image src=&#8221;https:\/\/anfavea.com.br\/site\/wp-content\/uploads\/2023\/04\/Otavio.png&#8221; title_text=&#8221;Ot\u00e1vio&#8221; align=&#8221;center&#8221; _builder_version=&#8221;4.16&#8243; global_colors_info=&#8221;{}&#8221; locked=&#8221;off&#8221;][\/et_pb_image][et_pb_text _builder_version=&#8221;4.16&#8243; text_orientation=&#8221;center&#8221; width=&#8221;90%&#8221; width_tablet=&#8221;&#8221; width_phone=&#8221;&#8221; width_last_edited=&#8221;on|desktop&#8221; max_width=&#8221;88%&#8221; module_alignment=&#8221;center&#8221; global_colors_info=&#8221;{}&#8221; locked=&#8221;off&#8221;]<\/p>\n<p style=\"text-align: center;\"><strong><b>Ot\u00e1vio Mizikami<br \/><\/b><\/strong>Honda<\/p>\n<p>[\/et_pb_text][et_pb_toggle title=&#8221;Check Profile&#8221; icon_color=&#8221;#0c71c3&#8243; use_icon_font_size=&#8221;on&#8221; icon_font_size=&#8221;23px&#8221; open_icon_color=&#8221;#0c71c3&#8243; open_use_icon_font_size=&#8221;on&#8221; open_icon_font_size=&#8221;23px&#8221; _builder_version=&#8221;4.21.0&#8243; title_font=&#8221;Roboto|700|||||||&#8221; title_text_align=&#8221;left&#8221; title_font_size=&#8221;18px&#8221; title_line_height=&#8221;1.7em&#8221; body_font=&#8221;||||||||&#8221; body_font_size=&#8221;17px&#8221; body_line_height=&#8221;1.4em&#8221; background_color=&#8221;#ffffff&#8221; custom_margin=&#8221;-16px||||false|false&#8221; custom_margin_tablet=&#8221;&#8221; custom_margin_phone=&#8221;&#8221; custom_margin_last_edited=&#8221;on|desktop&#8221; custom_padding=&#8221;|30px||30px&#8221; animation_style=&#8221;fold&#8221; animation_direction=&#8221;top&#8221; hover_enabled=&#8221;0&#8243; title_font_size_tablet=&#8221;&#8221; title_font_size_phone=&#8221;16px&#8221; title_font_size_last_edited=&#8221;on|desktop&#8221; border_radii=&#8221;on|10px|10px|10px|10px&#8221; border_width_all=&#8221;0px&#8221; border_color_all=&#8221;#0c71c3&#8243; border_width_left=&#8221;10px&#8221; box_shadow_style=&#8221;preset1&#8243; box_shadow_blur=&#8221;70px&#8221; box_shadow_color=&#8221;rgba(110,130,208,0.18)&#8221; global_colors_info=&#8221;{}&#8221; locked=&#8221;off&#8221; sticky_enabled=&#8221;0&#8243;]<\/p>\n<p>Ot\u00e1vio Mizikami has more than 35 years of experience in the automotive sector. He is a mechanical engineer graduated from the Faculty of Industrial Engineering (FEI) and currently occupies the position of Industrial Vice President of Honda Autom\u00f3veis do Brasil and President of Honda Energy, a subsidiary of Honda Autom\u00f3veis whose activities are in the area of power generation. wind.<\/p>\n<p>In his trajectory, he also accumulates 20 years of experience in the brand&#8217;s motorcycle factory, in Manaus, as a product engineer<\/p>\n<p style=\"text-align: center;\"><a href=\"https:\/\/www.linkedin.com\/in\/otavio-mizikami-94839889\/?originalSubdomain=br\" target=\"_blank\" rel=\"noopener noreferrer\"><img decoding=\"async\" src=\"https:\/\/anfavea.com.br\/site\/wp-content\/uploads\/2020\/02\/linkedin.png\" width=\"40\" height=\"40\" alt=\"\" class=\"wp-image-2616 alignnone size-full\" style=\"display: block; margin-left: auto; margin-right: auto;\" \/><\/a><\/p>\n<p>[\/et_pb_toggle][\/et_pb_column][et_pb_column type=&#8221;1_3&#8243; _builder_version=&#8221;4.16&#8243; background_color=&#8221;#ffffff&#8221; custom_padding=&#8221;|||&#8221; box_shadow_style=&#8221;preset3&#8243; box_shadow_horizontal=&#8221;5px&#8221; box_shadow_color=&#8221;#bfd7ef&#8221; global_colors_info=&#8221;{}&#8221; custom_padding__hover=&#8221;|||&#8221;][et_pb_image src=&#8221;https:\/\/anfavea.com.br\/site\/wp-content\/uploads\/2022\/03\/Rafael.jpg&#8221; title_text=&#8221;Rafael&#8221; align=&#8221;center&#8221; _builder_version=&#8221;4.16&#8243; global_colors_info=&#8221;{}&#8221;][\/et_pb_image][et_pb_text _builder_version=&#8221;4.16&#8243; text_orientation=&#8221;center&#8221; width=&#8221;90%&#8221; width_tablet=&#8221;&#8221; width_phone=&#8221;&#8221; width_last_edited=&#8221;on|desktop&#8221; max_width=&#8221;88%&#8221; module_alignment=&#8221;center&#8221; global_colors_info=&#8221;{}&#8221;]<\/p>\n<p style=\"text-align: center;\"><strong><b>Rafael Ceconello<\/b><br \/><\/strong>Toyota<\/p>\n<p>[\/et_pb_text][et_pb_toggle title=&#8221;Check Profile&#8221; icon_color=&#8221;#0c71c3&#8243; use_icon_font_size=&#8221;on&#8221; icon_font_size=&#8221;23px&#8221; open_icon_color=&#8221;#0c71c3&#8243; open_use_icon_font_size=&#8221;on&#8221; open_icon_font_size=&#8221;23px&#8221; _builder_version=&#8221;4.21.0&#8243; title_font=&#8221;Roboto|700|||||||&#8221; title_text_align=&#8221;left&#8221; title_font_size=&#8221;18px&#8221; title_line_height=&#8221;1.7em&#8221; body_font=&#8221;||||||||&#8221; body_font_size=&#8221;17px&#8221; body_line_height=&#8221;1.4em&#8221; background_color=&#8221;#ffffff&#8221; custom_margin=&#8221;-16px||||false|false&#8221; custom_margin_tablet=&#8221;4px||||false|false&#8221; custom_margin_phone=&#8221;2px||||false|false&#8221; custom_margin_last_edited=&#8221;on|desktop&#8221; custom_padding=&#8221;|30px||30px&#8221; animation_style=&#8221;fold&#8221; animation_direction=&#8221;top&#8221; hover_enabled=&#8221;0&#8243; title_font_size_tablet=&#8221;&#8221; title_font_size_phone=&#8221;16px&#8221; title_font_size_last_edited=&#8221;on|desktop&#8221; border_radii=&#8221;on|10px|10px|10px|10px&#8221; border_width_all=&#8221;0px&#8221; border_color_all=&#8221;#0c71c3&#8243; border_width_left=&#8221;10px&#8221; box_shadow_style=&#8221;preset1&#8243; box_shadow_blur=&#8221;70px&#8221; box_shadow_color=&#8221;rgba(110,130,208,0.18)&#8221; global_colors_info=&#8221;{}&#8221; sticky_enabled=&#8221;0&#8243;]<\/p>\n<p>Rafael Ceconello has 20 years of experience working with legal, tax and regulatory issues in various sectors of the industry, in addition to working in consultancies and offices. He holds a degree in Social and Legal Sciences from the Faculty of Law of S\u00e3o Bernardo do Campo and a postgraduate degree from PUC-SP in Tax Law. He started his work at TOYOTA in 2021 as a tax officer for the Latin America and Caribbean region. The executive also has extensive experience in the financial area and has specialized courses at SDA\/Bocconi (Faculty of Administration in Milan).<\/p>\n<p style=\"text-align: center;\"><a href=\"https:\/\/www.linkedin.com\/in\/rafael-ceconello-bb59b78\/\" target=\"_blank\" rel=\"noopener noreferrer\"><img decoding=\"async\" src=\"https:\/\/anfavea.com.br\/site\/wp-content\/uploads\/2020\/02\/linkedin.png\" width=\"40\" height=\"40\" alt=\"\" class=\"wp-image-2616 alignnone size-full\" style=\"display: block; margin-left: auto; margin-right: auto;\" \/><\/a><\/p>\n<p>[\/et_pb_toggle][\/et_pb_column][\/et_pb_row][et_pb_row column_structure=&#8221;1_3,1_3,1_3&#8243; custom_padding_last_edited=&#8221;on|phone&#8221; _builder_version=&#8221;4.16&#8243; width_tablet=&#8221;100%&#8221; width_phone=&#8221;100%&#8221; width_last_edited=&#8221;on|tablet&#8221; max_width=&#8221;2560px&#8221; custom_margin_tablet=&#8221;&#8221; custom_margin_phone=&#8221;&#8221; custom_margin_last_edited=&#8221;on|phone&#8221; custom_padding=&#8221;|||&#8221; custom_padding_tablet=&#8221;20px|20px|20px|20px|true|true&#8221; custom_padding_phone=&#8221;15px|15px|15px|15px|false|false&#8221; use_custom_width=&#8221;on&#8221; custom_width_px=&#8221;1440px&#8221; global_colors_info=&#8221;{}&#8221;][et_pb_column type=&#8221;1_3&#8243; _builder_version=&#8221;4.16&#8243; background_color=&#8221;#ffffff&#8221; custom_padding=&#8221;|||&#8221; box_shadow_style=&#8221;preset3&#8243; box_shadow_horizontal=&#8221;5px&#8221; box_shadow_color=&#8221;#bfd7ef&#8221; global_colors_info=&#8221;{}&#8221; custom_padding__hover=&#8221;|||&#8221;][et_pb_image src=&#8221;\/\/i1.wp.com\/anfavea.com.br\/site\/wp-content\/uploads\/2020\/02\/RICARDO-MARTINS.jpg&#8221; align=&#8221;center&#8221; _builder_version=&#8221;4.16&#8243; global_colors_info=&#8221;{}&#8221;][\/et_pb_image][et_pb_text _builder_version=&#8221;4.16&#8243; text_orientation=&#8221;center&#8221; width=&#8221;90%&#8221; width_tablet=&#8221;&#8221; width_phone=&#8221;&#8221; width_last_edited=&#8221;on|desktop&#8221; max_width=&#8221;88%&#8221; module_alignment=&#8221;center&#8221; global_colors_info=&#8221;{}&#8221;]<\/p>\n<p style=\"text-align: center;\"><strong>Ricardo Augusto Martins<br \/> <\/strong>Hyundai<\/p>\n<p>[\/et_pb_text][et_pb_toggle title=&#8221;Check Profile&#8221; icon_color=&#8221;#0c71c3&#8243; use_icon_font_size=&#8221;on&#8221; icon_font_size=&#8221;23px&#8221; open_icon_color=&#8221;#0c71c3&#8243; open_use_icon_font_size=&#8221;on&#8221; open_icon_font_size=&#8221;23px&#8221; _builder_version=&#8221;4.16&#8243; title_font=&#8221;Roboto|700|||||||&#8221; title_text_align=&#8221;left&#8221; title_font_size=&#8221;18px&#8221; title_line_height=&#8221;1.7em&#8221; body_font=&#8221;||||||||&#8221; body_font_size=&#8221;17px&#8221; body_line_height=&#8221;1.4em&#8221; background_color=&#8221;#ffffff&#8221; custom_margin=&#8221;-16px||||false|false&#8221; custom_margin_tablet=&#8221;4px||||false|false&#8221; custom_margin_phone=&#8221;2px||||false|false&#8221; custom_margin_last_edited=&#8221;on|desktop&#8221; custom_padding=&#8221;|30px||30px&#8221; animation_style=&#8221;fold&#8221; animation_direction=&#8221;top&#8221; title_font_size_tablet=&#8221;&#8221; title_font_size_phone=&#8221;16px&#8221; title_font_size_last_edited=&#8221;on|desktop&#8221; border_radii=&#8221;on|10px|10px|10px|10px&#8221; border_width_all=&#8221;0px&#8221; border_color_all=&#8221;#0c71c3&#8243; border_width_left=&#8221;10px&#8221; box_shadow_style=&#8221;preset1&#8243; box_shadow_blur=&#8221;70px&#8221; box_shadow_color=&#8221;rgba(110,130,208,0.18)&#8221; global_colors_info=&#8221;{}&#8221;]<\/p>\n<p>Ricardo has worked at ANFAVEA since 2012 and has over 27 years of experience in the automotive sector. He is Administrative Vice President of Hyundai Motor Brasil and holds degrees in Electronic Engineering from Universidade Mackenzie (Brazil), MBAs in Management from the Universities of Michigan (USA), Darmstadt (Germany), Masters from FIA (Brazil) and Grenoble (France) and is a PhD candidate in Business Administration at FGV.<\/p>\n<p style=\"text-align: center;\"><a href=\"https:\/\/www.linkedin.com\/in\/ricardo-augusto-martins-phd-msc-mba-b607748\/?originalSubdomain=br\" target=\"_blank\" rel=\"noopener noreferrer\"><img decoding=\"async\" src=\"https:\/\/anfavea.com.br\/site\/wp-content\/uploads\/2020\/02\/linkedin.png\" width=\"40\" height=\"40\" alt=\"\" class=\"wp-image-2616 alignnone size-full\" style=\"display: block; margin-left: auto; margin-right: auto;\" \/><\/a><\/p>\n<p>[\/et_pb_toggle][\/et_pb_column][et_pb_column type=&#8221;1_3&#8243; _builder_version=&#8221;4.16&#8243; background_color=&#8221;#ffffff&#8221; custom_padding=&#8221;|||&#8221; box_shadow_style=&#8221;preset3&#8243; box_shadow_horizontal=&#8221;5px&#8221; box_shadow_color=&#8221;#bfd7ef&#8221; global_colors_info=&#8221;{}&#8221; custom_padding__hover=&#8221;|||&#8221;][et_pb_image src=&#8221;\/\/i0.wp.com\/anfavea.com.br\/site\/wp-content\/uploads\/2020\/02\/ROBERTO-MATARAZZO.jpg&#8221; align=&#8221;center&#8221; _builder_version=&#8221;4.16&#8243; global_colors_info=&#8221;{}&#8221;][\/et_pb_image][et_pb_text _builder_version=&#8221;4.16&#8243; text_orientation=&#8221;center&#8221; width=&#8221;90%&#8221; width_tablet=&#8221;&#8221; width_phone=&#8221;&#8221; width_last_edited=&#8221;on|desktop&#8221; max_width=&#8221;88%&#8221; module_alignment=&#8221;center&#8221; global_colors_info=&#8221;{}&#8221;]<\/p>\n<p style=\"text-align: center;\"><strong>Roberto Matarazzo Braun<br \/> <\/strong>Toyota<\/p>\n<p>[\/et_pb_text][et_pb_toggle title=&#8221;Check Profile&#8221; icon_color=&#8221;#0c71c3&#8243; use_icon_font_size=&#8221;on&#8221; icon_font_size=&#8221;23px&#8221; open_icon_color=&#8221;#0c71c3&#8243; open_use_icon_font_size=&#8221;on&#8221; open_icon_font_size=&#8221;23px&#8221; _builder_version=&#8221;4.16&#8243; title_font=&#8221;Roboto|700|||||||&#8221; title_text_align=&#8221;left&#8221; title_font_size=&#8221;18px&#8221; title_line_height=&#8221;1.7em&#8221; body_font=&#8221;||||||||&#8221; body_font_size=&#8221;17px&#8221; body_line_height=&#8221;1.4em&#8221; background_color=&#8221;#ffffff&#8221; custom_margin=&#8221;-16px||||false|false&#8221; custom_margin_tablet=&#8221;&#8221; custom_margin_phone=&#8221;&#8221; custom_margin_last_edited=&#8221;on|desktop&#8221; custom_padding=&#8221;|30px||30px&#8221; animation_style=&#8221;fold&#8221; animation_direction=&#8221;top&#8221; title_font_size_tablet=&#8221;&#8221; title_font_size_phone=&#8221;16px&#8221; title_font_size_last_edited=&#8221;on|desktop&#8221; border_radii=&#8221;on|10px|10px|10px|10px&#8221; border_width_all=&#8221;0px&#8221; border_color_all=&#8221;#0c71c3&#8243; border_width_left=&#8221;10px&#8221; box_shadow_style=&#8221;preset1&#8243; box_shadow_blur=&#8221;70px&#8221; box_shadow_color=&#8221;rgba(110,130,208,0.18)&#8221; global_colors_info=&#8221;{}&#8221;]<\/p>\n<p>Roberto has been Vice President of ANFAVEA since 2016. With 26 years of experience in the automotive sector, he currently holds the position of Director of Regulatory and Governmental Affairs at Toyota do Brasil. Graduated in Engineering from Funda\u00e7\u00e3o Armando \u00c1lvares Penteado, he has a postgraduate degree from FAAP, ESPM and an MBA from FIA\/USP.<\/p>\n<p style=\"text-align: center;\"><a href=\"https:\/\/www.linkedin.com\/in\/roberto-matarazzo-braun-a2066a\/\" target=\"_blank\" rel=\"noopener noreferrer\"><img decoding=\"async\" src=\"https:\/\/anfavea.com.br\/site\/wp-content\/uploads\/2020\/02\/linkedin.png\" width=\"40\" height=\"40\" alt=\"\" class=\"wp-image-2616 alignnone size-full\" style=\"display: block; margin-left: auto; margin-right: auto;\" \/><\/a><\/p>\n<p>[\/et_pb_toggle][\/et_pb_column][et_pb_column type=&#8221;1_3&#8243; _builder_version=&#8221;4.16&#8243; background_color=&#8221;#ffffff&#8221; custom_padding=&#8221;|||&#8221; box_shadow_style=&#8221;preset3&#8243; box_shadow_horizontal=&#8221;5px&#8221; box_shadow_color=&#8221;#bfd7ef&#8221; global_colors_info=&#8221;{}&#8221; custom_padding__hover=&#8221;|||&#8221;][et_pb_image src=&#8221;https:\/\/anfavea.com.br\/site\/wp-content\/uploads\/2021\/09\/roberto-mario.jpg&#8221; title_text=&#8221;roberto-mario&#8221; align=&#8221;center&#8221; _builder_version=&#8221;4.16&#8243; locked=&#8221;off&#8221; global_colors_info=&#8221;{}&#8221;][\/et_pb_image][et_pb_text _builder_version=&#8221;4.16&#8243; text_orientation=&#8221;center&#8221; width=&#8221;90%&#8221; width_tablet=&#8221;&#8221; width_phone=&#8221;&#8221; width_last_edited=&#8221;on|desktop&#8221; max_width=&#8221;88%&#8221; module_alignment=&#8221;center&#8221; global_colors_info=&#8221;{}&#8221;]<\/p>\n<p style=\"text-align: center;\"><strong><span>Roberto Mario Martini<\/span><br \/> <\/strong>Jaguar Land Rover<\/p>\n<p>[\/et_pb_text][et_pb_toggle title=&#8221;Check Profile&#8221; icon_color=&#8221;#0c71c3&#8243; use_icon_font_size=&#8221;on&#8221; icon_font_size=&#8221;23px&#8221; open_icon_color=&#8221;#0c71c3&#8243; open_use_icon_font_size=&#8221;on&#8221; open_icon_font_size=&#8221;23px&#8221; _builder_version=&#8221;4.16&#8243; title_font=&#8221;Roboto|700|||||||&#8221; title_text_align=&#8221;left&#8221; title_font_size=&#8221;18px&#8221; title_line_height=&#8221;1.7em&#8221; body_font=&#8221;||||||||&#8221; body_font_size=&#8221;17px&#8221; body_line_height=&#8221;1.4em&#8221; background_color=&#8221;#ffffff&#8221; custom_margin=&#8221;-16px||||false|false&#8221; custom_margin_tablet=&#8221;&#8221; custom_margin_phone=&#8221;&#8221; custom_margin_last_edited=&#8221;on|desktop&#8221; custom_padding=&#8221;|30px||30px&#8221; animation_style=&#8221;fold&#8221; animation_direction=&#8221;top&#8221; title_font_size_tablet=&#8221;&#8221; title_font_size_phone=&#8221;16px&#8221; title_font_size_last_edited=&#8221;on|desktop&#8221; border_radii=&#8221;on|10px|10px|10px|10px&#8221; border_width_all=&#8221;0px&#8221; border_color_all=&#8221;#0c71c3&#8243; border_width_left=&#8221;10px&#8221; box_shadow_style=&#8221;preset1&#8243; box_shadow_blur=&#8221;70px&#8221; box_shadow_color=&#8221;rgba(110,130,208,0.18)&#8221; locked=&#8221;off&#8221; global_colors_info=&#8221;{}&#8221;]<\/p>\n<p style=\"text-align: center;\"><span><a href=\"https:\/\/www.linkedin.com\/in\/roberto-mario-martini-64b0584\/\" target=\"_blank\" rel=\"noopener\"><img decoding=\"async\" src=\"https:\/\/anfavea.com.br\/site\/wp-content\/uploads\/2020\/02\/linkedin.png\" width=\"40\" height=\"40\" alt=\"\" class=\"wp-image-2616 alignnone size-full\" style=\"display: block; margin-left: auto; margin-right: auto;\" \/><\/a><\/span><\/p>\n<p>[\/et_pb_toggle][\/et_pb_column][\/et_pb_row][et_pb_row column_structure=&#8221;1_3,2_3&#8243; custom_padding_last_edited=&#8221;on|phone&#8221; _builder_version=&#8221;4.16&#8243; width_tablet=&#8221;100%&#8221; width_phone=&#8221;100%&#8221; width_last_edited=&#8221;on|tablet&#8221; max_width=&#8221;2560px&#8221; custom_margin_tablet=&#8221;&#8221; custom_margin_phone=&#8221;&#8221; custom_margin_last_edited=&#8221;on|phone&#8221; custom_padding=&#8221;|||&#8221; custom_padding_tablet=&#8221;20px|20px|20px|20px|true|true&#8221; custom_padding_phone=&#8221;15px|15px|15px|15px|false|false&#8221; use_custom_width=&#8221;on&#8221; custom_width_px=&#8221;1440px&#8221; global_colors_info=&#8221;{}&#8221;][et_pb_column type=&#8221;1_3&#8243; _builder_version=&#8221;4.16&#8243; background_color=&#8221;#ffffff&#8221; custom_padding=&#8221;|||&#8221; box_shadow_style=&#8221;preset3&#8243; box_shadow_horizontal=&#8221;5px&#8221; box_shadow_color=&#8221;#bfd7ef&#8221; global_colors_info=&#8221;{}&#8221; custom_padding__hover=&#8221;|||&#8221;][et_pb_image src=&#8221;\/\/i3.wp.com\/anfavea.com.br\/site\/wp-content\/uploads\/2020\/02\/ULISSES.jpg&#8221; align=&#8221;center&#8221; _builder_version=&#8221;4.16&#8243; global_colors_info=&#8221;{}&#8221;][\/et_pb_image][et_pb_text _builder_version=&#8221;4.16&#8243; text_orientation=&#8221;center&#8221; width=&#8221;90%&#8221; width_tablet=&#8221;&#8221; width_phone=&#8221;&#8221; width_last_edited=&#8221;on|desktop&#8221; max_width=&#8221;88%&#8221; module_alignment=&#8221;center&#8221; global_colors_info=&#8221;{}&#8221;]<\/p>\n<p style=\"text-align: center;\"><strong>Ulisses Lyrio Chaves<br \/> <\/strong>DAF<\/p>\n<p>[\/et_pb_text][et_pb_toggle title=&#8221;Check Profile&#8221; icon_color=&#8221;#0c71c3&#8243; use_icon_font_size=&#8221;on&#8221; icon_font_size=&#8221;23px&#8221; open_icon_color=&#8221;#0c71c3&#8243; open_use_icon_font_size=&#8221;on&#8221; open_icon_font_size=&#8221;23px&#8221; _builder_version=&#8221;4.16&#8243; title_font=&#8221;Roboto|700|||||||&#8221; title_text_align=&#8221;left&#8221; title_font_size=&#8221;18px&#8221; title_line_height=&#8221;1.7em&#8221; body_font=&#8221;||||||||&#8221; body_font_size=&#8221;17px&#8221; body_line_height=&#8221;1.4em&#8221; background_color=&#8221;#ffffff&#8221; custom_margin=&#8221;-16px||||false|false&#8221; custom_margin_tablet=&#8221;&#8221; custom_margin_phone=&#8221;&#8221; custom_margin_last_edited=&#8221;on|desktop&#8221; custom_padding=&#8221;|30px||30px&#8221; animation_style=&#8221;fold&#8221; animation_direction=&#8221;top&#8221; title_font_size_tablet=&#8221;&#8221; title_font_size_phone=&#8221;16px&#8221; title_font_size_last_edited=&#8221;on|desktop&#8221; border_radii=&#8221;on|10px|10px|10px|10px&#8221; border_width_all=&#8221;0px&#8221; border_color_all=&#8221;#0c71c3&#8243; border_width_left=&#8221;10px&#8221; box_shadow_style=&#8221;preset1&#8243; box_shadow_blur=&#8221;70px&#8221; box_shadow_color=&#8221;rgba(110,130,208,0.18)&#8221; global_colors_info=&#8221;{}&#8221;]<\/p>\n<p>Ulisses has been Vice President of ANFAVEA since 2012. He has 21 years of experience in the automotive sector and is currently Legal and Government Relations Director at DAF Caminh\u00f5es Brasil Ind\u00fastria Ltda. Graduated in Law from the Brazilian Faculty of Legal Sciences in Rio de Janeiro, he has a postgraduate degree from Universidade Federal Fluminense-UFF, from FAE \u2013 Centro Universit\u00e1rio, MBA from ISAE\/FGV and Masters from UniCuritiba.<\/p>\n<p style=\"text-align: center;\"><a href=\"https:\/\/www.linkedin.com\/in\/ulisses-chaves-642410b9\/\" target=\"_blank\" rel=\"noopener noreferrer\"><img decoding=\"async\" src=\"https:\/\/anfavea.com.br\/site\/wp-content\/uploads\/2020\/02\/linkedin.png\" width=\"40\" height=\"40\" alt=\"\" class=\"wp-image-2616 alignnone size-full\" style=\"display: block; margin-left: auto; margin-right: auto;\" \/><\/a><\/p>\n<p>[\/et_pb_toggle][\/et_pb_column][et_pb_column type=&#8221;2_3&#8243; _builder_version=&#8221;4.16&#8243; background_color=&#8221;#ffffff&#8221; custom_padding=&#8221;|||&#8221; global_colors_info=&#8221;{}&#8221; custom_padding__hover=&#8221;|||&#8221;][et_pb_image src=&#8221;https:\/\/anfavea.com.br\/site\/wp-content\/uploads\/2021\/06\/BACK-1.png&#8221; title_text=&#8221;BACK&#8221; disabled_on=&#8221;on|on|off&#8221; _builder_version=&#8221;4.16&#8243; _module_preset=&#8221;default&#8221; width=&#8221;82%&#8221; width_tablet=&#8221;&#8221; width_phone=&#8221;&#8221; width_last_edited=&#8221;on|tablet&#8221; custom_margin_tablet=&#8221;-189px||||false|false&#8221; custom_margin_phone=&#8221;0px||||false|false&#8221; custom_margin_last_edited=&#8221;on|phone&#8221; global_colors_info=&#8221;{}&#8221; locked=&#8221;off&#8221;][\/et_pb_image][\/et_pb_column][\/et_pb_row][\/et_pb_section][et_pb_section fb_built=&#8221;1&#8243; admin_label=&#8221;About&#8221; _builder_version=&#8221;4.16&#8243; background_color=&#8221;#eaeaf1&#8243; background_image=&#8221;\/\/i3.wp.com\/anfavea.com.br\/site\/wp-content\/uploads\/2020\/01\/mechanic-35.png&#8221; background_size=&#8221;initial&#8221; background_position=&#8221;bottom_right&#8221; custom_padding=&#8221;0px||52px|||&#8221; global_colors_info=&#8221;{}&#8221;][et_pb_row custom_padding_last_edited=&#8221;on|phone&#8221; _builder_version=&#8221;4.16&#8243; width_tablet=&#8221;100%&#8221; width_phone=&#8221;100%&#8221; width_last_edited=&#8221;on|tablet&#8221; max_width=&#8221;2560px&#8221; custom_margin=&#8221;-49px|auto||auto||&#8221; custom_padding=&#8221;41px|||||&#8221; custom_padding_tablet=&#8221;20px|20px|20px|20px|true|true&#8221; custom_padding_phone=&#8221;15px|15px|15px|15px|false|false&#8221; global_colors_info=&#8221;{}&#8221;][et_pb_column type=&#8221;4_4&#8243; _builder_version=&#8221;4.16&#8243; global_colors_info=&#8221;{}&#8221;][et_pb_text _builder_version=&#8221;4.16&#8243; header_font=&#8221;Khand|700|||||||&#8221; header_text_align=&#8221;center&#8221; header_font_size=&#8221;4vw&#8221; transform_skew_linked=&#8221;off&#8221; min_height=&#8221;180px&#8221; custom_margin=&#8221;2px||-73px|||&#8221; custom_padding=&#8221;30px|||||&#8221; header_font_size_tablet=&#8221;48px&#8221; header_font_size_phone=&#8221;30px&#8221; header_font_size_last_edited=&#8221;on|tablet&#8221; global_colors_info=&#8221;{}&#8221;]<\/p>\n<h1><span>Directores<\/span><\/h1>\n<p>[\/et_pb_text][et_pb_divider color=&#8221;#053b87&#8243; divider_style=&#8221;double&#8221; divider_weight=&#8221;10px&#8221; _builder_version=&#8221;4.16&#8243; transform_skew=&#8221;-20deg|0deg&#8221; max_width=&#8221;100px&#8221; module_alignment=&#8221;center&#8221; height=&#8221;10px&#8221; locked=&#8221;off&#8221; global_colors_info=&#8221;{}&#8221;][\/et_pb_divider][\/et_pb_column][\/et_pb_row][et_pb_row column_structure=&#8221;1_3,1_3,1_3&#8243; custom_padding_last_edited=&#8221;on|phone&#8221; _builder_version=&#8221;4.16&#8243; width_tablet=&#8221;100%&#8221; width_phone=&#8221;100%&#8221; width_last_edited=&#8221;on|tablet&#8221; max_width=&#8221;2560px&#8221; custom_margin_tablet=&#8221;&#8221; custom_margin_phone=&#8221;&#8221; custom_margin_last_edited=&#8221;on|phone&#8221; custom_padding=&#8221;|||&#8221; custom_padding_tablet=&#8221;20px|20px|20px|20px|true|true&#8221; custom_padding_phone=&#8221;15px|15px|15px|15px|false|false&#8221; use_custom_width=&#8221;on&#8221; custom_width_px=&#8221;1440px&#8221; global_colors_info=&#8221;{}&#8221;][et_pb_column type=&#8221;1_3&#8243; _builder_version=&#8221;4.16&#8243; background_color=&#8221;#ffffff&#8221; custom_padding=&#8221;|||&#8221; box_shadow_style=&#8221;preset3&#8243; box_shadow_horizontal=&#8221;5px&#8221; box_shadow_color=&#8221;#bfd7ef&#8221; global_colors_info=&#8221;{}&#8221; custom_padding__hover=&#8221;|||&#8221;][et_pb_image src=&#8221;https:\/\/anfavea.com.br\/site\/wp-content\/uploads\/2022\/05\/Aurelio.jpg&#8221; title_text=&#8221;Aurelio&#8221; align=&#8221;center&#8221; _builder_version=&#8221;4.16&#8243; global_colors_info=&#8221;{}&#8221;][\/et_pb_image][et_pb_text _builder_version=&#8221;4.16&#8243; text_orientation=&#8221;center&#8221; width=&#8221;90%&#8221; width_tablet=&#8221;&#8221; width_phone=&#8221;&#8221; width_last_edited=&#8221;on|desktop&#8221; max_width=&#8221;88%&#8221; module_alignment=&#8221;center&#8221; global_colors_info=&#8221;{}&#8221;]<\/p>\n<p style=\"text-align: center;\"><strong>Aur\u00e9lio Santana<br \/><\/strong>CEO<\/p>\n<p style=\"text-align: center;\">\n<p style=\"text-align: center;\">[\/et_pb_text][et_pb_toggle title=&#8221;Check Profile&#8221; icon_color=&#8221;#0c71c3&#8243; use_icon_font_size=&#8221;on&#8221; icon_font_size=&#8221;23px&#8221; open_icon_color=&#8221;#0c71c3&#8243; open_use_icon_font_size=&#8221;on&#8221; open_icon_font_size=&#8221;23px&#8221; _builder_version=&#8221;4.16&#8243; title_font=&#8221;Roboto|700|||||||&#8221; title_text_align=&#8221;left&#8221; title_font_size=&#8221;18px&#8221; title_line_height=&#8221;1.7em&#8221; body_font=&#8221;||||||||&#8221; body_font_size=&#8221;17px&#8221; body_line_height=&#8221;1.4em&#8221; background_color=&#8221;#ffffff&#8221; custom_margin=&#8221;-34px||||false|false&#8221; custom_margin_tablet=&#8221;0px||||false|false&#8221; custom_margin_phone=&#8221;&#8221; custom_margin_last_edited=&#8221;on|phone&#8221; custom_padding=&#8221;|30px||13px|false|false&#8221; animation_style=&#8221;fold&#8221; animation_direction=&#8221;top&#8221; title_font_size_tablet=&#8221;&#8221; title_font_size_phone=&#8221;13px&#8221; title_font_size_last_edited=&#8221;on|desktop&#8221; border_radii=&#8221;on|10px|10px|10px|10px&#8221; border_width_all=&#8221;0px&#8221; border_color_all=&#8221;#0c71c3&#8243; border_width_left=&#8221;10px&#8221; box_shadow_style=&#8221;preset1&#8243; box_shadow_blur=&#8221;70px&#8221; box_shadow_color=&#8221;rgba(110,130,208,0.18)&#8221; global_colors_info=&#8221;{}&#8221;]<\/p>\n<p>Aur\u00e9lio has been Executive Director of ANFAVEA since 2013, which he joined in 1982 as an intern. He is an economist from PUC-SP, postgraduate in Economic and Financial Administration from the Municipal Institute of Higher Education of S\u00e3o Caetano do Sul. He studied Applied Statistics at the Faculty of Economics and Administration of the University of S\u00e3o Paulo \u2013 FEA \/ USP-SP.<\/p>\n<p style=\"text-align: center;\"><a href=\"https:\/\/www.linkedin.com\/in\/aur%C3%A9lio-santana-74952a127\/\" target=\"_blank\" rel=\"noopener noreferrer\"><img decoding=\"async\" src=\"https:\/\/anfavea.com.br\/site\/wp-content\/uploads\/2020\/02\/linkedin.png\" width=\"40\" height=\"40\" alt=\"\" class=\"wp-image-2616 alignnone size-full\" style=\"display: block; margin-left: auto; margin-right: auto;\" \/><\/a><\/p>\n<p>[\/et_pb_toggle][\/et_pb_column][et_pb_column type=&#8221;1_3&#8243; _builder_version=&#8221;4.16&#8243; background_color=&#8221;#ffffff&#8221; custom_padding=&#8221;|||&#8221; box_shadow_style=&#8221;preset3&#8243; box_shadow_horizontal=&#8221;5px&#8221; box_shadow_color=&#8221;#bfd7ef&#8221; global_colors_info=&#8221;{}&#8221; custom_padding__hover=&#8221;|||&#8221;][et_pb_image src=&#8221;\/\/i3.wp.com\/anfavea.com.br\/site\/wp-content\/uploads\/2020\/01\/henry.jpg&#8221; align=&#8221;center&#8221; _builder_version=&#8221;4.16&#8243; global_colors_info=&#8221;{}&#8221;][\/et_pb_image][et_pb_text _builder_version=&#8221;4.16&#8243; text_orientation=&#8221;center&#8221; width=&#8221;90%&#8221; width_tablet=&#8221;&#8221; width_phone=&#8221;&#8221; width_last_edited=&#8221;on|desktop&#8221; max_width=&#8221;88%&#8221; module_alignment=&#8221;center&#8221; global_colors_info=&#8221;{}&#8221;]<\/p>\n<p style=\"text-align: center;\"><strong>Henry Joseph Junior<br \/><\/strong>Technical director<\/p>\n<p style=\"text-align: center;\">[\/et_pb_text][et_pb_toggle title=&#8221;Check Profile&#8221; icon_color=&#8221;#0c71c3&#8243; use_icon_font_size=&#8221;on&#8221; icon_font_size=&#8221;23px&#8221; open_icon_color=&#8221;#0c71c3&#8243; open_use_icon_font_size=&#8221;on&#8221; open_icon_font_size=&#8221;23px&#8221; _builder_version=&#8221;4.16&#8243; title_font=&#8221;Roboto|700|||||||&#8221; title_text_align=&#8221;left&#8221; title_font_size=&#8221;18px&#8221; title_line_height=&#8221;1.7em&#8221; body_font=&#8221;||||||||&#8221; body_font_size=&#8221;17px&#8221; body_line_height=&#8221;1.4em&#8221; background_color=&#8221;#ffffff&#8221; custom_margin=&#8221;-19px||||false|false&#8221; custom_margin_tablet=&#8221;&#8221; custom_margin_phone=&#8221;&#8221; custom_margin_last_edited=&#8221;on|tablet&#8221; custom_padding=&#8221;|30px||30px&#8221; animation_style=&#8221;fold&#8221; animation_direction=&#8221;top&#8221; title_font_size_tablet=&#8221;&#8221; title_font_size_phone=&#8221;16px&#8221; title_font_size_last_edited=&#8221;on|desktop&#8221; border_radii=&#8221;on|10px|10px|10px|10px&#8221; border_width_all=&#8221;0px&#8221; border_color_all=&#8221;#0c71c3&#8243; border_width_left=&#8221;10px&#8221; box_shadow_style=&#8221;preset1&#8243; box_shadow_blur=&#8221;70px&#8221; box_shadow_color=&#8221;rgba(110,130,208,0.18)&#8221; global_colors_info=&#8221;{}&#8221;]<\/p>\n<p>Henry Joseph Junior is ANFAVEA&#8217;s Technical Director. Chemical Engineer and Bachelor in Chemistry from Mackenzie University, with specialization from the University of Tsukuba (Japan) and more than 30 published works on fuels and vehicular emissions. He worked for 36 years at Volkswagen Engineering, with studies on engines, ethanol, emissions and lubricants. He was one of the main responsible for the creation of flexfuel technology.<\/p>\n<p><a href=\"https:\/\/www.linkedin.com\/in\/roberto-braun-a2066a\/\" target=\"_blank\" rel=\"noopener noreferrer\"><\/a><\/p>\n<p>[\/et_pb_toggle][\/et_pb_column][et_pb_column type=&#8221;1_3&#8243; _builder_version=&#8221;4.16&#8243; background_color=&#8221;#ffffff&#8221; custom_padding=&#8221;|||&#8221; box_shadow_style=&#8221;preset3&#8243; box_shadow_horizontal=&#8221;5px&#8221; box_shadow_color=&#8221;#bfd7ef&#8221; global_colors_info=&#8221;{}&#8221; custom_padding__hover=&#8221;|||&#8221;][et_pb_image src=&#8221;https:\/\/anfavea.com.br\/site\/wp-content\/uploads\/2021\/09\/Mauro.jpg&#8221; title_text=&#8221;Mauro&#8221; align=&#8221;center&#8221; _builder_version=&#8221;4.16&#8243; global_colors_info=&#8221;{}&#8221;][\/et_pb_image][et_pb_text _builder_version=&#8221;4.16&#8243; text_orientation=&#8221;center&#8221; width=&#8221;90%&#8221; width_tablet=&#8221;&#8221; width_phone=&#8221;&#8221; width_last_edited=&#8221;on|desktop&#8221; max_width=&#8221;88%&#8221; module_alignment=&#8221;center&#8221; global_colors_info=&#8221;{}&#8221;]<\/p>\n<p style=\"text-align: center;\"><strong>Mauro Borges de Castro<br \/><\/strong>Director of Government Relations<\/p>\n<p style=\"text-align: center;\">[\/et_pb_text][et_pb_toggle title=&#8221;Check Profile&#8221; icon_color=&#8221;#0c71c3&#8243; use_icon_font_size=&#8221;on&#8221; icon_font_size=&#8221;23px&#8221; open_icon_color=&#8221;#0c71c3&#8243; open_use_icon_font_size=&#8221;on&#8221; open_icon_font_size=&#8221;23px&#8221; _builder_version=&#8221;4.16&#8243; title_font=&#8221;Roboto|700|||||||&#8221; title_text_align=&#8221;left&#8221; title_font_size=&#8221;18px&#8221; title_line_height=&#8221;1.7em&#8221; body_font=&#8221;||||||||&#8221; body_font_size=&#8221;17px&#8221; body_line_height=&#8221;1.4em&#8221; background_color=&#8221;#ffffff&#8221; custom_margin=&#8221;-19px||||false|false&#8221; custom_margin_tablet=&#8221;&#8221; custom_margin_phone=&#8221;&#8221; custom_margin_last_edited=&#8221;on|tablet&#8221; custom_padding=&#8221;|30px||30px&#8221; animation_style=&#8221;fold&#8221; animation_direction=&#8221;top&#8221; title_font_size_tablet=&#8221;&#8221; title_font_size_phone=&#8221;16px&#8221; title_font_size_last_edited=&#8221;on|desktop&#8221; border_radii=&#8221;on|10px|10px|10px|10px&#8221; border_width_all=&#8221;0px&#8221; border_color_all=&#8221;#0c71c3&#8243; border_width_left=&#8221;10px&#8221; box_shadow_style=&#8221;preset1&#8243; box_shadow_blur=&#8221;70px&#8221; box_shadow_color=&#8221;rgba(110,130,208,0.18)&#8221; global_colors_info=&#8221;{}&#8221;]<\/p>\n<p>Mauro Borges de Castro assumed the Directorship of Government Relations of ANFAVEA on 03\/01\/2018. With 26 years of experience in Government Relations, he has held positions in the private (companies and class entities) and public (Legislative Power) sectors. He holds a degree in Economics from UNICEUB and has an international qualification in the area of Lobbying and Political Leadership.<\/p>\n<p style=\"text-align: center;\"><a href=\"https:\/\/www.linkedin.com\/in\/mauro-borges-de-castro-773b98a0\/\" target=\"_blank\" rel=\"noopener noreferrer\"><img decoding=\"async\" src=\"https:\/\/anfavea.com.br\/site\/wp-content\/uploads\/2020\/02\/linkedin.png\" width=\"40\" height=\"40\" alt=\"\" class=\"wp-image-2616 alignnone size-full\" style=\"display: block; margin-left: auto; margin-right: auto;\" \/><\/a><\/p>\n<p><a href=\"https:\/\/www.linkedin.com\/in\/roberto-braun-a2066a\/\" target=\"_blank\" rel=\"noopener noreferrer\"><\/a><\/p>\n<p>[\/et_pb_toggle][\/et_pb_column][\/et_pb_row][et_pb_row column_structure=&#8221;1_3,2_3&#8243; custom_padding_last_edited=&#8221;on|phone&#8221; _builder_version=&#8221;4.16&#8243; width_tablet=&#8221;100%&#8221; width_phone=&#8221;100%&#8221; width_last_edited=&#8221;on|tablet&#8221; max_width=&#8221;2560px&#8221; custom_margin_tablet=&#8221;&#8221; custom_margin_phone=&#8221;&#8221; custom_margin_last_edited=&#8221;on|phone&#8221; custom_padding=&#8221;|||&#8221; custom_padding_tablet=&#8221;20px|20px|20px|20px|true|true&#8221; custom_padding_phone=&#8221;15px|15px|15px|15px|false|false&#8221; use_custom_width=&#8221;on&#8221; custom_width_px=&#8221;1440px&#8221; global_colors_info=&#8221;{}&#8221;][et_pb_column type=&#8221;1_3&#8243; _builder_version=&#8221;4.16&#8243; background_color=&#8221;#ffffff&#8221; custom_padding=&#8221;|||&#8221; box_shadow_style=&#8221;preset3&#8243; box_shadow_horizontal=&#8221;5px&#8221; box_shadow_color=&#8221;#bfd7ef&#8221; global_colors_info=&#8221;{}&#8221; custom_padding__hover=&#8221;|||&#8221;][et_pb_image src=&#8221;https:\/\/anfavea.com.br\/site\/wp-content\/uploads\/2022\/05\/Andre.jpg&#8221; title_text=&#8221;Andre&#8221; align=&#8221;center&#8221; _builder_version=&#8221;4.16&#8243; global_colors_info=&#8221;{}&#8221;][\/et_pb_image][et_pb_text _builder_version=&#8221;4.16&#8243; text_orientation=&#8221;center&#8221; width=&#8221;90%&#8221; width_tablet=&#8221;&#8221; width_phone=&#8221;&#8221; width_last_edited=&#8221;on|desktop&#8221; max_width=&#8221;88%&#8221; module_alignment=&#8221;center&#8221; global_colors_info=&#8221;{}&#8221;]<\/p>\n<p style=\"text-align: center;\"><strong>Andr\u00e9 Jalonetsky<br \/><\/strong>Director of Communications and Institutional Affairs<\/p>\n<p>[\/et_pb_text][et_pb_toggle title=&#8221;Check Profile&#8221; icon_color=&#8221;#0c71c3&#8243; use_icon_font_size=&#8221;on&#8221; icon_font_size=&#8221;23px&#8221; open_icon_color=&#8221;#0c71c3&#8243; open_use_icon_font_size=&#8221;on&#8221; open_icon_font_size=&#8221;23px&#8221; _builder_version=&#8221;4.16&#8243; title_font=&#8221;Roboto|700|||||||&#8221; title_text_align=&#8221;left&#8221; title_font_size=&#8221;18px&#8221; title_line_height=&#8221;1.7em&#8221; body_font=&#8221;||||||||&#8221; body_font_size=&#8221;17px&#8221; body_line_height=&#8221;1.4em&#8221; background_color=&#8221;#ffffff&#8221; custom_margin=&#8221;-22px||||false|false&#8221; custom_margin_tablet=&#8221;0px||||false|false&#8221; custom_margin_phone=&#8221;35px||-5px||false|false&#8221; custom_margin_last_edited=&#8221;on|tablet&#8221; custom_padding=&#8221;|30px||13px|false|false&#8221; animation_style=&#8221;fold&#8221; animation_direction=&#8221;top&#8221; title_font_size_tablet=&#8221;&#8221; title_font_size_phone=&#8221;12px&#8221; title_font_size_last_edited=&#8221;on|desktop&#8221; border_radii=&#8221;on|10px|10px|10px|10px&#8221; border_width_all=&#8221;0px&#8221; border_color_all=&#8221;#0c71c3&#8243; border_width_left=&#8221;10px&#8221; box_shadow_style=&#8221;preset1&#8243; box_shadow_blur=&#8221;70px&#8221; box_shadow_color=&#8221;rgba(110,130,208,0.18)&#8221; global_colors_info=&#8221;{}&#8221;]<\/p>\n<p>Andr\u00e9 Jalonetsky assumed the Communication and Institutional Affairs Directorate of ANFAVEA on 04\/22\/2019. He holds a degree in Business Administration from Funda\u00e7\u00e3o Get\u00falio Vargas, with a specialization in Marketing and Finance. He worked for 15 years in the financial market and 21 with journalism, as Editor-in-Chief and Publisher of the magazines AutoEsporte and Car &amp; Driver, Jornal Di\u00e1rio de S\u00e3o Paulo and Portal IG.<\/p>\n<p style=\"text-align: center;\"><span><a href=\"https:\/\/www.linkedin.com\/in\/andre-jalonetsky-1a35a128\/\" target=\"_blank\" rel=\"noopener noreferrer\"><img decoding=\"async\" src=\"https:\/\/anfavea.com.br\/site\/wp-content\/uploads\/2020\/02\/linkedin.png\" width=\"40\" height=\"40\" alt=\"\" class=\"wp-image-2616 alignnone size-full\" style=\"display: block; margin-left: auto; margin-right: auto;\" \/><\/a><\/span><\/p>\n<p>[\/et_pb_toggle][\/et_pb_column][et_pb_column type=&#8221;2_3&#8243; _builder_version=&#8221;4.16&#8243; background_enable_color=&#8221;off&#8221; custom_padding=&#8221;|||&#8221; global_colors_info=&#8221;{}&#8221; custom_padding__hover=&#8221;|||&#8221;][et_pb_image src=&#8221;https:\/\/anfavea.com.br\/site\/wp-content\/uploads\/2021\/06\/BACK-1.png&#8221; title_text=&#8221;BACK&#8221; disabled_on=&#8221;on|on|off&#8221; _builder_version=&#8221;4.16&#8243; _module_preset=&#8221;default&#8221; width=&#8221;82%&#8221; width_tablet=&#8221;&#8221; width_phone=&#8221;&#8221; width_last_edited=&#8221;on|tablet&#8221; custom_margin_tablet=&#8221;-189px||||false|false&#8221; custom_margin_phone=&#8221;0px||||false|false&#8221; custom_margin_last_edited=&#8221;on|phone&#8221; global_colors_info=&#8221;{}&#8221;][\/et_pb_image][\/et_pb_column][\/et_pb_row][\/et_pb_section][et_pb_section fb_built=&#8221;1&#8243; admin_label=&#8221;Services&#8221; _builder_version=&#8221;4.16&#8243; background_color=&#8221;#021827&#8243; custom_padding=&#8221;0px|0px|0px|0px|false|false&#8221; global_colors_info=&#8221;{}&#8221;][\/et_pb_section]<\/p>\n","protected":false},"excerpt":{"rendered":"<p>Current Board of DirectorsSee the profile of the directors of the 2022\/2025 managementPresidentM\u00e1rcio de Lima LeiteStellantis\u00a0M\u00e1rcio de Lima Leite assumed the presidency of ANFAVEA on 05\/02\/2022. He is Stellantis&#8217; Legal, Tax and Institutional Relations Vice-President for South America. He has been with the group since 2000. Additionally, he is General Counsel and Head of Taxes [&hellip;]<\/p>\n","protected":false},"author":1,"featured_media":0,"parent":0,"menu_order":0,"comment_status":"closed","ping_status":"closed","template":"","meta":{"_et_pb_use_builder":"on","_et_pb_old_content":"","_et_gb_content_width":"","footnotes":""},"class_list":["post-4715","page","type-page","status-publish","hentry"],"_links":{"self":[{"href":"https:\/\/anfavea.com.br\/site\/wp-json\/wp\/v2\/pages\/4715","targetHints":{"allow":["GET"]}}],"collection":[{"href":"https:\/\/anfavea.com.br\/site\/wp-json\/wp\/v2\/pages"}],"about":[{"href":"https:\/\/anfavea.com.br\/site\/wp-json\/wp\/v2\/types\/page"}],"author":[{"embeddable":true,"href":"https:\/\/anfavea.com.br\/site\/wp-json\/wp\/v2\/users\/1"}],"replies":[{"embeddable":true,"href":"https:\/\/anfavea.com.br\/site\/wp-json\/wp\/v2\/comments?post=4715"}],"version-history":[{"count":39,"href":"https:\/\/anfavea.com.br\/site\/wp-json\/wp\/v2\/pages\/4715\/revisions"}],"predecessor-version":[{"id":9574,"href":"https:\/\/anfavea.com.br\/site\/wp-json\/wp\/v2\/pages\/4715\/revisions\/9574"}],"wp:attachment":[{"href":"https:\/\/anfavea.com.br\/site\/wp-json\/wp\/v2\/media?parent=4715"}],"curies":[{"name":"wp","href":"https:\/\/api.w.org\/{rel}","templated":true}]}}