{"id":4705,"date":"2021-09-06T19:50:45","date_gmt":"2021-09-06T22:50:45","guid":{"rendered":"https:\/\/anfavea.com.br\/site\/presidents-gallery\/"},"modified":"2022-05-02T11:56:24","modified_gmt":"2022-05-02T14:56:24","slug":"presidents-gallery","status":"publish","type":"page","link":"https:\/\/anfavea.com.br\/site\/presidents-gallery\/","title":{"rendered":"Presidents Gallery"},"content":{"rendered":"<p>[et_pb_section fb_built=&#8221;1&#8243; custom_padding_last_edited=&#8221;on|tablet&#8221; next_background_color=&#8221;#eaeaf1&#8243; admin_label=&#8221;Header&#8221; _builder_version=&#8221;4.0.11&#8243; background_color=&#8221;#eaeaf1&#8243; use_background_color_gradient=&#8221;on&#8221; background_color_gradient_start=&#8221;#eaeaf1&#8243; background_color_gradient_end=&#8221;#ffffff&#8221; background_color_gradient_direction=&#8221;-67deg&#8221; background_color_gradient_start_position=&#8221;47%&#8221; background_color_gradient_end_position=&#8221;0%&#8221; background_position=&#8221;top_left&#8221; custom_margin=&#8221;45px||-259px||false|false&#8221; custom_margin_tablet=&#8221;54px||||false|false&#8221; custom_margin_phone=&#8221;||-231px||false|false&#8221; custom_margin_last_edited=&#8221;on|phone&#8221; custom_padding=&#8221;0|0px|0px|0px|false|false&#8221; custom_padding_tablet=&#8221;||0px&#8221; custom_padding_phone=&#8221;&#8221; bottom_divider_style=&#8221;slant&#8221; bottom_divider_height=&#8221;30vw&#8221; bottom_divider_flip=&#8221;horizontal&#8221; background_last_edited=&#8221;on|phone&#8221; background_color_gradient_start_position_phone=&#8221;44%&#8221;][et_pb_row column_structure=&#8221;2_5,3_5&#8243; custom_padding_last_edited=&#8221;on|phone&#8221; _builder_version=&#8221;4.0.11&#8243; width=&#8221;90%&#8221; max_width=&#8221;1800px&#8221; module_alignment=&#8221;right&#8221; custom_padding=&#8221;0px||153px||false|false&#8221; custom_padding_tablet=&#8221;||244px||false|false&#8221; custom_padding_phone=&#8221;||172px||false|false&#8221; use_custom_width=&#8221;on&#8221; width_unit=&#8221;off&#8221; custom_width_percent=&#8221;90%&#8221;][et_pb_column type=&#8221;2_5&#8243; _builder_version=&#8221;3.25&#8243; custom_padding=&#8221;|50px||&#8221; custom_padding__hover=&#8221;|||&#8221;][et_pb_divider color=&#8221;#0251b8&#8243; divider_weight=&#8221;80px&#8221; _builder_version=&#8221;3.22.4&#8243; transform_skew=&#8221;-22deg|0deg&#8221; transform_skew_linked=&#8221;off&#8221; height=&#8221;80px&#8221; custom_margin=&#8221;||74px|-20vw||&#8221; custom_margin_tablet=&#8221;||30px&#8221; custom_margin_phone=&#8221;&#8221; custom_margin_last_edited=&#8221;on|tablet&#8221; locked=&#8221;off&#8221;][\/et_pb_divider][et_pb_text _builder_version=&#8221;4.9.5&#8243; header_font=&#8221;Khand|700|||||||&#8221; header_text_align=&#8221;left&#8221; header_font_size=&#8221;5vw&#8221; header_2_font_size=&#8221;6vw&#8221; header_3_font_size=&#8221;6vw&#8221; header_4_font_size=&#8221;6vw&#8221; header_5_font_size=&#8221;6vw&#8221; header_6_font_size=&#8221;6vw&#8221; transform_skew_linked=&#8221;off&#8221; custom_margin=&#8221;||0px|||&#8221; header_font_tablet=&#8221;&#8221; header_font_phone=&#8221;&#8221; header_font_last_edited=&#8221;on|tablet&#8221; header_font_size_tablet=&#8221;36px&#8221; header_font_size_phone=&#8221;38px&#8221; header_font_size_last_edited=&#8221;on|phone&#8221; header_2_font_size_tablet=&#8221;36px&#8221; header_2_font_size_phone=&#8221;38px&#8221; header_2_font_size_last_edited=&#8221;on|phone&#8221; header_3_font_size_tablet=&#8221;36px&#8221; header_3_font_size_phone=&#8221;38px&#8221; header_3_font_size_last_edited=&#8221;on|phone&#8221; header_4_font_size_tablet=&#8221;36px&#8221; header_4_font_size_phone=&#8221;38px&#8221; header_4_font_size_last_edited=&#8221;on|phone&#8221; header_5_font_size_tablet=&#8221;36px&#8221; header_5_font_size_phone=&#8221;38px&#8221; header_5_font_size_last_edited=&#8221;on|phone&#8221; header_6_font_size_tablet=&#8221;36px&#8221; header_6_font_size_phone=&#8221;38px&#8221; header_6_font_size_last_edited=&#8221;on|phone&#8221;]<\/p>\n<h1>Presidents\u2019 Gallery<\/h1>\n<p>[\/et_pb_text][et_pb_divider color=&#8221;#053b87&#8243; divider_style=&#8221;double&#8221; divider_weight=&#8221;10px&#8221; _builder_version=&#8221;3.21.1&#8243; transform_skew=&#8221;-20deg|0deg&#8221; max_width=&#8221;100px&#8221; height=&#8221;10px&#8221; locked=&#8221;off&#8221;][\/et_pb_divider][et_pb_text _builder_version=&#8221;4.9.5&#8243; text_font=&#8221;|600|||||||&#8221; text_font_size=&#8221;23px&#8221; text_line_height=&#8221;1.4em&#8221; width=&#8221;91%&#8221; width_tablet=&#8221;100%&#8221; width_phone=&#8221;84%&#8221; width_last_edited=&#8221;on|tablet&#8221; max_width=&#8221;84%&#8221; custom_margin=&#8221;|-68px||||&#8221; text_font_size_tablet=&#8221;16px&#8221; text_font_size_phone=&#8221;15px&#8221; text_font_size_last_edited=&#8221;on|phone&#8221; header_font_size_tablet=&#8221;36px&#8221; header_font_size_phone=&#8221;&#8221; header_font_size_last_edited=&#8221;on|tablet&#8221;]<\/p>\n<p style=\"text-align: left;\">Learn about the executives that helped write the history of ANFAVEA<\/p>\n<p>[\/et_pb_text][et_pb_image src=&#8221;\/\/i3.wp.com\/anfavea.com.br\/site\/wp-content\/uploads\/2020\/01\/seta.gif&#8221; url=&#8221;#presidentes&#8221; align=&#8221;center&#8221; _builder_version=&#8221;4.9.5&#8243; width=&#8221;16%&#8221; custom_margin=&#8221;|||154px|false|false&#8221;][\/et_pb_image][\/et_pb_column][et_pb_column type=&#8221;3_5&#8243; _builder_version=&#8221;3.25&#8243; custom_padding=&#8221;|||&#8221; custom_padding__hover=&#8221;|||&#8221;][et_pb_image src=&#8221;\/\/i3.wp.com\/anfavea.com.br\/site\/wp-content\/uploads\/2020\/01\/mechanic-59.png&#8221; align=&#8221;right&#8221; force_fullwidth=&#8221;on&#8221; _builder_version=&#8221;4.9.5&#8243; background_image=&#8221;\/\/i3.wp.com\/anfavea.com.br\/site\/wp-content\/uploads\/2020\/04\/fundoanfavea.jpg&#8221; width_tablet=&#8221;70%&#8221; width_phone=&#8221;&#8221; width_last_edited=&#8221;on|tablet&#8221; min_height_tablet=&#8221;388px&#8221; min_height_phone=&#8221;316px&#8221; min_height_last_edited=&#8221;on|tablet&#8221; height_tablet=&#8221;352px&#8221; height_phone=&#8221;&#8221; height_last_edited=&#8221;on|desktop&#8221; max_height_tablet=&#8221;247px&#8221; max_height_phone=&#8221;&#8221; max_height_last_edited=&#8221;on|desktop&#8221; custom_padding=&#8221;|||&#8221; always_center_on_mobile=&#8221;off&#8221;][\/et_pb_image][et_pb_image src=&#8221;\/\/i2.wp.com\/anfavea.com.br\/site\/wp-content\/uploads\/2020\/01\/mechanic-57-1.png&#8221; align=&#8221;right&#8221; _builder_version=&#8221;4.4.0&#8243; width=&#8221;60%&#8221; width_tablet=&#8221;66%&#8221; width_phone=&#8221;&#8221; width_last_edited=&#8221;on|tablet&#8221; max_width=&#8221;66%&#8221; module_alignment=&#8221;right&#8221; min_height_tablet=&#8221;304px&#8221; min_height_phone=&#8221;&#8221; min_height_last_edited=&#8221;on|tablet&#8221; max_height_tablet=&#8221;343px&#8221; max_height_phone=&#8221;&#8221; max_height_last_edited=&#8221;on|tablet&#8221; custom_margin=&#8221;-70%|||-204px||&#8221; custom_padding=&#8221;||0px|||&#8221; always_center_on_mobile=&#8221;off&#8221;][\/et_pb_image][et_pb_divider color=&#8221;#0c71c3&#8243; divider_weight=&#8221;4px&#8221; admin_label=&#8221;Divider&#8221; _builder_version=&#8221;4.0.11&#8243; transform_scale_tablet=&#8221;&#8221; transform_scale_phone=&#8221;&#8221; transform_scale_last_edited=&#8221;on|desktop&#8221; transform_translate=&#8221;-20%|-32vw&#8221; transform_translate_tablet=&#8221;-20px|-50vw&#8221; transform_translate_phone=&#8221;&#8221; transform_translate_last_edited=&#8221;on|phone&#8221; transform_translate_linked=&#8221;off&#8221; transform_rotate=&#8221;0deg|0deg|-68deg&#8221; transform_rotate_tablet=&#8221;&#8221; transform_rotate_phone=&#8221;&#8221; transform_rotate_last_edited=&#8221;on|desktop&#8221; transform_skew_tablet=&#8221;&#8221; transform_skew_phone=&#8221;&#8221; transform_skew_last_edited=&#8221;on|desktop&#8221; transform_origin_tablet=&#8221;&#8221; transform_origin_phone=&#8221;&#8221; transform_origin_last_edited=&#8221;on|desktop&#8221; transform_styles_last_edited=&#8221;on|phone&#8221; width=&#8221;20vw&#8221; module_alignment=&#8221;left&#8221; height=&#8221;0px&#8221; custom_margin=&#8221;||0px&#8221; transform_styles_tablet=&#8221;&#8221; transform_styles_phone=&#8221;&#8221; locked=&#8221;off&#8221;][\/et_pb_divider][\/et_pb_column][\/et_pb_row][\/et_pb_section][et_pb_section fb_built=&#8221;1&#8243; admin_label=&#8221;Services&#8221; _builder_version=&#8221;3.22.4&#8243; background_color=&#8221;#eaeaf1&#8243; custom_padding=&#8221;0px||26px|||&#8221;][et_pb_row column_structure=&#8221;1_3,1_3,1_3&#8243; custom_padding_last_edited=&#8221;on|phone&#8221; _builder_version=&#8221;4.9.5&#8243; width_tablet=&#8221;100%&#8221; width_phone=&#8221;100%&#8221; width_last_edited=&#8221;on|tablet&#8221; max_width=&#8221;2560px&#8221; custom_margin_tablet=&#8221;&#8221; custom_margin_phone=&#8221;&#8221; custom_margin_last_edited=&#8221;on|phone&#8221; custom_padding=&#8221;|||&#8221; custom_padding_tablet=&#8221;20px|20px|20px|20px|true|true&#8221; custom_padding_phone=&#8221;15px|15px|15px|15px|false|false&#8221; use_custom_width=&#8221;on&#8221; custom_width_px=&#8221;1440px&#8221;][et_pb_column type=&#8221;1_3&#8243; _builder_version=&#8221;4.3.2&#8243; background_color=&#8221;#ffffff&#8221; custom_padding=&#8221;|||&#8221; box_shadow_style=&#8221;preset3&#8243; box_shadow_horizontal=&#8221;5px&#8221; box_shadow_color=&#8221;#bfd7ef&#8221; custom_padding__hover=&#8221;|||&#8221;][et_pb_image src=&#8221;\/\/i3.wp.com\/anfavea.com.br\/site\/wp-content\/uploads\/2020\/01\/1-manuel-garcia-filho-1.jpg&#8221; align=&#8221;center&#8221; module_id=&#8221;presidentes&#8221; _builder_version=&#8221;4.9.5&#8243; width=&#8221;80%&#8221; width_tablet=&#8221;&#8221; width_phone=&#8221;&#8221; width_last_edited=&#8221;on|phone&#8221; max_width=&#8221;84%&#8221; custom_margin=&#8221;32px||||false|false&#8221; custom_margin_tablet=&#8221;62px||||false|false&#8221; custom_margin_phone=&#8221;40px||||false|false&#8221; custom_margin_last_edited=&#8221;on|desktop&#8221;][\/et_pb_image][et_pb_text _builder_version=&#8221;4.9.5&#8243; ul_text_align=&#8221;center&#8221; text_orientation=&#8221;center&#8221; width=&#8221;90%&#8221; width_tablet=&#8221;&#8221; width_phone=&#8221;&#8221; width_last_edited=&#8221;on|desktop&#8221; max_width=&#8221;88%&#8221; module_alignment=&#8221;center&#8221; custom_margin=&#8221;||13px||false|false&#8221; custom_margin_tablet=&#8221;&#8221; custom_margin_phone=&#8221;&#8221; custom_margin_last_edited=&#8221;on|tablet&#8221;]<\/p>\n<p style=\"text-align: center;\"><strong><span>Manoel Garcia Filho<\/span> <br \/><\/strong><span>Vemag<\/span><\/p>\n<p style=\"text-align: center;\"><strong>1956-1958 | <\/strong><strong>1958-1960<\/strong><\/p>\n<p><a href=\"https:\/\/www.linkedin.com\/in\/carlos-eduardo-do-nascimento-ogliari-8577062\/\" target=\"_blank\" rel=\"noopener noreferrer\"><\/a><\/p>\n<p>[\/et_pb_text][\/et_pb_column][et_pb_column type=&#8221;1_3&#8243; _builder_version=&#8221;4.3.2&#8243; background_color=&#8221;#ffffff&#8221; custom_padding=&#8221;|||&#8221; box_shadow_style=&#8221;preset3&#8243; box_shadow_horizontal=&#8221;5px&#8221; box_shadow_color=&#8221;#bfd7ef&#8221; custom_padding__hover=&#8221;|||&#8221;][et_pb_image src=&#8221;\/\/i1.wp.com\/anfavea.com.br\/site\/wp-content\/uploads\/2020\/01\/2-l\u00e9lio-de-toledo-piza-e-almeida-filho.jpg&#8221; align=&#8221;center&#8221; _builder_version=&#8221;4.3.2&#8243; width=&#8221;80%&#8221; width_tablet=&#8221;&#8221; width_phone=&#8221;&#8221; width_last_edited=&#8221;on|phone&#8221; max_width=&#8221;84%&#8221; custom_margin=&#8221;32px||||false|false&#8221; custom_margin_tablet=&#8221;62px||||false|false&#8221; custom_margin_phone=&#8221;40px||||false|false&#8221; custom_margin_last_edited=&#8221;on|desktop&#8221;][\/et_pb_image][et_pb_text _builder_version=&#8221;4.3.2&#8243; ul_text_align=&#8221;center&#8221; text_orientation=&#8221;center&#8221; width=&#8221;90%&#8221; width_tablet=&#8221;&#8221; width_phone=&#8221;&#8221; width_last_edited=&#8221;on|desktop&#8221; max_width=&#8221;88%&#8221; module_alignment=&#8221;center&#8221; custom_margin=&#8221;||13px||false|false&#8221; custom_margin_tablet=&#8221;&#8221; custom_margin_phone=&#8221;&#8221; custom_margin_last_edited=&#8221;on|tablet&#8221;]<\/p>\n<p style=\"text-align: center;\"><strong><span>L\u00e9lio de Toledo Piza e Almeida Filho<\/span> <br \/><\/strong><span>Vemag<\/span><\/p>\n<p style=\"text-align: center;\"><strong>1960-1962 | 1962-1964<\/strong><\/p>\n<p><a href=\"https:\/\/www.linkedin.com\/in\/carlos-eduardo-do-nascimento-ogliari-8577062\/\" target=\"_blank\" rel=\"noopener noreferrer\"><\/a><\/p>\n<p>[\/et_pb_text][\/et_pb_column][et_pb_column type=&#8221;1_3&#8243; _builder_version=&#8221;4.3.2&#8243; background_color=&#8221;#ffffff&#8221; custom_padding=&#8221;|||&#8221; box_shadow_style=&#8221;preset3&#8243; box_shadow_horizontal=&#8221;5px&#8221; box_shadow_color=&#8221;#bfd7ef&#8221; custom_padding__hover=&#8221;|||&#8221;][et_pb_image src=&#8221;\/\/i2.wp.com\/anfavea.com.br\/site\/wp-content\/uploads\/2020\/01\/3-sebasti\u00e3o-dayrell-de-lima.jpg&#8221; align=&#8221;center&#8221; _builder_version=&#8221;4.3.2&#8243; width=&#8221;80%&#8221; width_tablet=&#8221;&#8221; width_phone=&#8221;&#8221; width_last_edited=&#8221;on|phone&#8221; max_width=&#8221;84%&#8221; custom_margin=&#8221;32px||||false|false&#8221; custom_margin_tablet=&#8221;62px||||false|false&#8221; custom_margin_phone=&#8221;40px||||false|false&#8221; custom_margin_last_edited=&#8221;on|desktop&#8221;][\/et_pb_image][et_pb_text _builder_version=&#8221;4.3.2&#8243; ul_text_align=&#8221;center&#8221; text_orientation=&#8221;center&#8221; width=&#8221;90%&#8221; width_tablet=&#8221;&#8221; width_phone=&#8221;&#8221; width_last_edited=&#8221;on|desktop&#8221; max_width=&#8221;88%&#8221; module_alignment=&#8221;center&#8221; custom_margin=&#8221;||13px||false|false&#8221; custom_margin_tablet=&#8221;&#8221; custom_margin_phone=&#8221;&#8221; custom_margin_last_edited=&#8221;on|tablet&#8221;]<\/p>\n<p style=\"text-align: center;\"><strong><span>Sebasti\u00e3o Dayrell de Lima<\/span> <br \/><\/strong><span>Simca<\/span><\/p>\n<p style=\"text-align: center;\"><strong>1964-1966<\/strong><\/p>\n<p><a href=\"https:\/\/www.linkedin.com\/in\/carlos-eduardo-do-nascimento-ogliari-8577062\/\" target=\"_blank\" rel=\"noopener noreferrer\"><\/a><\/p>\n<p>[\/et_pb_text][\/et_pb_column][\/et_pb_row][et_pb_row column_structure=&#8221;1_3,1_3,1_3&#8243; custom_padding_last_edited=&#8221;on|phone&#8221; _builder_version=&#8221;4.4.0&#8243; width_tablet=&#8221;100%&#8221; width_phone=&#8221;100%&#8221; width_last_edited=&#8221;on|tablet&#8221; max_width=&#8221;2560px&#8221; custom_margin_tablet=&#8221;&#8221; custom_margin_phone=&#8221;&#8221; custom_margin_last_edited=&#8221;on|phone&#8221; custom_padding=&#8221;|||&#8221; custom_padding_tablet=&#8221;20px|20px|20px|20px|true|true&#8221; custom_padding_phone=&#8221;15px|15px|15px|15px|false|false&#8221; use_custom_width=&#8221;on&#8221; custom_width_px=&#8221;1440px&#8221;][et_pb_column type=&#8221;1_3&#8243; _builder_version=&#8221;4.3.2&#8243; background_color=&#8221;#ffffff&#8221; custom_padding=&#8221;|||&#8221; box_shadow_style=&#8221;preset3&#8243; box_shadow_horizontal=&#8221;5px&#8221; box_shadow_color=&#8221;#bfd7ef&#8221; custom_padding__hover=&#8221;|||&#8221;][et_pb_image src=&#8221;\/\/i2.wp.com\/anfavea.com.br\/site\/wp-content\/uploads\/2020\/01\/4-oscar-augusto-de-camargo.jpg&#8221; align=&#8221;center&#8221; _builder_version=&#8221;4.3.2&#8243; width=&#8221;80%&#8221; width_tablet=&#8221;&#8221; width_phone=&#8221;&#8221; width_last_edited=&#8221;on|phone&#8221; max_width=&#8221;84%&#8221; custom_margin=&#8221;32px||||false|false&#8221; custom_margin_tablet=&#8221;62px||||false|false&#8221; custom_margin_phone=&#8221;40px||||false|false&#8221; custom_margin_last_edited=&#8221;on|desktop&#8221;][\/et_pb_image][et_pb_text _builder_version=&#8221;4.3.2&#8243; ul_text_align=&#8221;center&#8221; text_orientation=&#8221;center&#8221; width=&#8221;90%&#8221; width_tablet=&#8221;&#8221; width_phone=&#8221;&#8221; width_last_edited=&#8221;on|desktop&#8221; max_width=&#8221;88%&#8221; module_alignment=&#8221;center&#8221; custom_margin=&#8221;||13px||false|false&#8221; custom_margin_tablet=&#8221;&#8221; custom_margin_phone=&#8221;&#8221; custom_margin_last_edited=&#8221;on|tablet&#8221;]<\/p>\n<p style=\"text-align: center;\"><strong><span>Oscar Augusto de Camargo<\/span> <br \/><\/strong><span>Vemag<\/span><\/p>\n<p style=\"text-align: center;\"><strong>1966-1968 | 1968-1971 | 1971-1974<\/strong><\/p>\n<p><a href=\"https:\/\/www.linkedin.com\/in\/carlos-eduardo-do-nascimento-ogliari-8577062\/\" target=\"_blank\" rel=\"noopener noreferrer\"><\/a><\/p>\n<p>[\/et_pb_text][\/et_pb_column][et_pb_column type=&#8221;1_3&#8243; _builder_version=&#8221;4.3.2&#8243; background_color=&#8221;#ffffff&#8221; custom_padding=&#8221;|||&#8221; box_shadow_style=&#8221;preset3&#8243; box_shadow_horizontal=&#8221;5px&#8221; box_shadow_color=&#8221;#bfd7ef&#8221; custom_padding__hover=&#8221;|||&#8221;][et_pb_image src=&#8221;\/\/i1.wp.com\/anfavea.com.br\/site\/wp-content\/uploads\/2020\/01\/5-m\u00e1rio-bernardo-garnero.jpg&#8221; align=&#8221;center&#8221; _builder_version=&#8221;4.3.2&#8243; width=&#8221;80%&#8221; width_tablet=&#8221;&#8221; width_phone=&#8221;&#8221; width_last_edited=&#8221;on|phone&#8221; max_width=&#8221;84%&#8221; custom_margin=&#8221;32px||||false|false&#8221; custom_margin_tablet=&#8221;62px||||false|false&#8221; custom_margin_phone=&#8221;40px||||false|false&#8221; custom_margin_last_edited=&#8221;on|desktop&#8221;][\/et_pb_image][et_pb_text _builder_version=&#8221;4.3.2&#8243; ul_text_align=&#8221;center&#8221; text_orientation=&#8221;center&#8221; width=&#8221;90%&#8221; width_tablet=&#8221;&#8221; width_phone=&#8221;&#8221; width_last_edited=&#8221;on|desktop&#8221; max_width=&#8221;88%&#8221; module_alignment=&#8221;center&#8221; custom_margin=&#8221;||13px||false|false&#8221; custom_margin_tablet=&#8221;&#8221; custom_margin_phone=&#8221;&#8221; custom_margin_last_edited=&#8221;on|tablet&#8221;]<\/p>\n<p style=\"text-align: center;\"><strong><span>M\u00e1rio Bernardo Garnero<\/span> <br \/><\/strong><span>Volkswagen<\/span><\/p>\n<p style=\"text-align: center;\"><strong>1974-1977 | 1977-1980 | 1980-1981<\/strong><\/p>\n<p><a href=\"https:\/\/www.linkedin.com\/in\/carlos-eduardo-do-nascimento-ogliari-8577062\/\" target=\"_blank\" rel=\"noopener noreferrer\"><\/a><\/p>\n<p>[\/et_pb_text][\/et_pb_column][et_pb_column type=&#8221;1_3&#8243; _builder_version=&#8221;4.3.2&#8243; background_color=&#8221;#ffffff&#8221; custom_padding=&#8221;|||&#8221; box_shadow_style=&#8221;preset3&#8243; box_shadow_horizontal=&#8221;5px&#8221; box_shadow_color=&#8221;#bfd7ef&#8221; custom_padding__hover=&#8221;|||&#8221;][et_pb_image src=&#8221;\/\/i3.wp.com\/anfavea.com.br\/site\/wp-content\/uploads\/2020\/01\/6-newton-chiaparini.jpg&#8221; align=&#8221;center&#8221; _builder_version=&#8221;4.3.2&#8243; width=&#8221;80%&#8221; width_tablet=&#8221;&#8221; width_phone=&#8221;&#8221; width_last_edited=&#8221;on|phone&#8221; max_width=&#8221;84%&#8221; custom_margin=&#8221;32px||||false|false&#8221; custom_margin_tablet=&#8221;62px||||false|false&#8221; custom_margin_phone=&#8221;40px||||false|false&#8221; custom_margin_last_edited=&#8221;on|desktop&#8221;][\/et_pb_image][et_pb_text _builder_version=&#8221;4.3.2&#8243; ul_text_align=&#8221;center&#8221; text_orientation=&#8221;center&#8221; width=&#8221;90%&#8221; width_tablet=&#8221;&#8221; width_phone=&#8221;&#8221; width_last_edited=&#8221;on|desktop&#8221; max_width=&#8221;88%&#8221; module_alignment=&#8221;center&#8221; custom_margin=&#8221;||13px||false|false&#8221; custom_margin_tablet=&#8221;&#8221; custom_margin_phone=&#8221;&#8221; custom_margin_last_edited=&#8221;on|tablet&#8221;]<\/p>\n<p style=\"text-align: center;\"><strong><span>Newton Chiaparini<\/span> <br \/><\/strong><span>Ford<\/span><\/p>\n<p style=\"text-align: center;\"><strong>1981-1983<\/strong><\/p>\n<p><a href=\"https:\/\/www.linkedin.com\/in\/carlos-eduardo-do-nascimento-ogliari-8577062\/\" target=\"_blank\" rel=\"noopener noreferrer\"><\/a><\/p>\n<p>[\/et_pb_text][\/et_pb_column][\/et_pb_row][et_pb_row column_structure=&#8221;1_3,1_3,1_3&#8243; custom_padding_last_edited=&#8221;on|phone&#8221; _builder_version=&#8221;4.4.0&#8243; width_tablet=&#8221;100%&#8221; width_phone=&#8221;100%&#8221; width_last_edited=&#8221;on|tablet&#8221; max_width=&#8221;2560px&#8221; custom_margin_tablet=&#8221;&#8221; custom_margin_phone=&#8221;&#8221; custom_margin_last_edited=&#8221;on|phone&#8221; custom_padding=&#8221;|||&#8221; custom_padding_tablet=&#8221;20px|20px|20px|20px|true|true&#8221; custom_padding_phone=&#8221;15px|15px|15px|15px|false|false&#8221; use_custom_width=&#8221;on&#8221; custom_width_px=&#8221;1440px&#8221;][et_pb_column type=&#8221;1_3&#8243; _builder_version=&#8221;4.3.2&#8243; background_color=&#8221;#ffffff&#8221; custom_padding=&#8221;|||&#8221; box_shadow_style=&#8221;preset3&#8243; box_shadow_horizontal=&#8221;5px&#8221; box_shadow_color=&#8221;#bfd7ef&#8221; custom_padding__hover=&#8221;|||&#8221;][et_pb_image src=&#8221;\/\/i2.wp.com\/anfavea.com.br\/site\/wp-content\/uploads\/2020\/01\/7-andr\u00e9-beer.jpg&#8221; align=&#8221;center&#8221; _builder_version=&#8221;4.3.2&#8243; width=&#8221;80%&#8221; width_tablet=&#8221;&#8221; width_phone=&#8221;&#8221; width_last_edited=&#8221;on|phone&#8221; max_width=&#8221;84%&#8221; custom_margin=&#8221;32px||||false|false&#8221; custom_margin_tablet=&#8221;62px||||false|false&#8221; custom_margin_phone=&#8221;40px||||false|false&#8221; custom_margin_last_edited=&#8221;on|desktop&#8221;][\/et_pb_image][et_pb_text _builder_version=&#8221;4.3.2&#8243; ul_text_align=&#8221;center&#8221; text_orientation=&#8221;center&#8221; width=&#8221;90%&#8221; width_tablet=&#8221;&#8221; width_phone=&#8221;&#8221; width_last_edited=&#8221;on|desktop&#8221; max_width=&#8221;88%&#8221; module_alignment=&#8221;center&#8221; custom_margin=&#8221;||13px||false|false&#8221; custom_margin_tablet=&#8221;&#8221; custom_margin_phone=&#8221;&#8221; custom_margin_last_edited=&#8221;on|tablet&#8221;]<\/p>\n<p style=\"text-align: center;\"><strong><span>Andr\u00e9 Beer<\/span> <br \/><\/strong><span>General Motors<\/span><\/p>\n<p style=\"text-align: center;\"><strong>1983-1986 | 1986-1989<\/strong><\/p>\n<p><a href=\"https:\/\/www.linkedin.com\/in\/carlos-eduardo-do-nascimento-ogliari-8577062\/\" target=\"_blank\" rel=\"noopener noreferrer\"><\/a><\/p>\n<p>[\/et_pb_text][\/et_pb_column][et_pb_column type=&#8221;1_3&#8243; _builder_version=&#8221;4.3.2&#8243; background_color=&#8221;#ffffff&#8221; custom_padding=&#8221;|||&#8221; box_shadow_style=&#8221;preset3&#8243; box_shadow_horizontal=&#8221;5px&#8221; box_shadow_color=&#8221;#bfd7ef&#8221; custom_padding__hover=&#8221;|||&#8221;][et_pb_image src=&#8221;\/\/i3.wp.com\/anfavea.com.br\/site\/wp-content\/uploads\/2020\/01\/8-jacy-de-souza-mendon\u00e7a.jpg&#8221; align=&#8221;center&#8221; _builder_version=&#8221;4.3.2&#8243; width=&#8221;80%&#8221; width_tablet=&#8221;&#8221; width_phone=&#8221;&#8221; width_last_edited=&#8221;on|phone&#8221; max_width=&#8221;84%&#8221; custom_margin=&#8221;32px||||false|false&#8221; custom_margin_tablet=&#8221;62px||||false|false&#8221; custom_margin_phone=&#8221;40px||||false|false&#8221; custom_margin_last_edited=&#8221;on|desktop&#8221;][\/et_pb_image][et_pb_text _builder_version=&#8221;4.3.2&#8243; ul_text_align=&#8221;center&#8221; text_orientation=&#8221;center&#8221; width=&#8221;90%&#8221; width_tablet=&#8221;&#8221; width_phone=&#8221;&#8221; width_last_edited=&#8221;on|desktop&#8221; max_width=&#8221;88%&#8221; module_alignment=&#8221;center&#8221; custom_margin=&#8221;||13px||false|false&#8221; custom_margin_tablet=&#8221;&#8221; custom_margin_phone=&#8221;&#8221; custom_margin_last_edited=&#8221;on|tablet&#8221;]<\/p>\n<p style=\"text-align: center;\"><strong><span>Jacy de Souza Mendon\u00e7a<\/span> <br \/><\/strong><span>Autolatina<\/span><\/p>\n<p style=\"text-align: center;\"><strong>1989-1992<\/strong><\/p>\n<p><a href=\"https:\/\/www.linkedin.com\/in\/carlos-eduardo-do-nascimento-ogliari-8577062\/\" target=\"_blank\" rel=\"noopener noreferrer\"><\/a><\/p>\n<p>[\/et_pb_text][\/et_pb_column][et_pb_column type=&#8221;1_3&#8243; _builder_version=&#8221;4.3.2&#8243; background_color=&#8221;#ffffff&#8221; custom_padding=&#8221;|||&#8221; box_shadow_style=&#8221;preset3&#8243; box_shadow_horizontal=&#8221;5px&#8221; box_shadow_color=&#8221;#bfd7ef&#8221; custom_padding__hover=&#8221;|||&#8221;][et_pb_image src=&#8221;\/\/i3.wp.com\/anfavea.com.br\/site\/wp-content\/uploads\/2020\/01\/9-luiz-adelar-scheuer.jpg&#8221; align=&#8221;center&#8221; _builder_version=&#8221;4.3.2&#8243; width=&#8221;80%&#8221; width_tablet=&#8221;&#8221; width_phone=&#8221;&#8221; width_last_edited=&#8221;on|phone&#8221; max_width=&#8221;84%&#8221; custom_margin=&#8221;32px||||false|false&#8221; custom_margin_tablet=&#8221;62px||||false|false&#8221; custom_margin_phone=&#8221;40px||||false|false&#8221; custom_margin_last_edited=&#8221;on|desktop&#8221;][\/et_pb_image][et_pb_text _builder_version=&#8221;4.3.2&#8243; ul_text_align=&#8221;center&#8221; text_orientation=&#8221;center&#8221; width=&#8221;90%&#8221; width_tablet=&#8221;&#8221; width_phone=&#8221;&#8221; width_last_edited=&#8221;on|desktop&#8221; max_width=&#8221;88%&#8221; module_alignment=&#8221;center&#8221; custom_margin=&#8221;||13px||false|false&#8221; custom_margin_tablet=&#8221;&#8221; custom_margin_phone=&#8221;&#8221; custom_margin_last_edited=&#8221;on|tablet&#8221;]<\/p>\n<p style=\"text-align: center;\"><strong><span>Luiz Adelar Scheuer<\/span> <br \/><\/strong><span>Mercedes-Benz<\/span><\/p>\n<p style=\"text-align: center;\"><strong>1992-1995<\/strong><\/p>\n<p><a href=\"https:\/\/www.linkedin.com\/in\/carlos-eduardo-do-nascimento-ogliari-8577062\/\" target=\"_blank\" rel=\"noopener noreferrer\"><\/a><\/p>\n<p>[\/et_pb_text][\/et_pb_column][\/et_pb_row][et_pb_row column_structure=&#8221;1_3,1_3,1_3&#8243; custom_padding_last_edited=&#8221;on|phone&#8221; _builder_version=&#8221;4.4.0&#8243; width_tablet=&#8221;100%&#8221; width_phone=&#8221;100%&#8221; width_last_edited=&#8221;on|tablet&#8221; max_width=&#8221;2560px&#8221; custom_margin_tablet=&#8221;&#8221; custom_margin_phone=&#8221;&#8221; custom_margin_last_edited=&#8221;on|phone&#8221; custom_padding=&#8221;|||&#8221; custom_padding_tablet=&#8221;20px|20px|20px|20px|true|true&#8221; custom_padding_phone=&#8221;15px|15px|15px|15px|false|false&#8221; use_custom_width=&#8221;on&#8221; custom_width_px=&#8221;1440px&#8221;][et_pb_column type=&#8221;1_3&#8243; _builder_version=&#8221;4.3.2&#8243; background_color=&#8221;#ffffff&#8221; custom_padding=&#8221;|||&#8221; box_shadow_style=&#8221;preset3&#8243; box_shadow_horizontal=&#8221;5px&#8221; box_shadow_color=&#8221;#bfd7ef&#8221; custom_padding__hover=&#8221;|||&#8221;][et_pb_image src=&#8221;\/\/i3.wp.com\/anfavea.com.br\/site\/wp-content\/uploads\/2020\/01\/10-silvano-valentino.jpg&#8221; align=&#8221;center&#8221; _builder_version=&#8221;4.3.2&#8243; width=&#8221;80%&#8221; width_tablet=&#8221;&#8221; width_phone=&#8221;&#8221; width_last_edited=&#8221;on|phone&#8221; max_width=&#8221;84%&#8221; custom_margin=&#8221;32px||||false|false&#8221; custom_margin_tablet=&#8221;62px||||false|false&#8221; custom_margin_phone=&#8221;40px||||false|false&#8221; custom_margin_last_edited=&#8221;on|desktop&#8221;][\/et_pb_image][et_pb_text _builder_version=&#8221;4.3.2&#8243; ul_text_align=&#8221;center&#8221; text_orientation=&#8221;center&#8221; width=&#8221;90%&#8221; width_tablet=&#8221;&#8221; width_phone=&#8221;&#8221; width_last_edited=&#8221;on|desktop&#8221; max_width=&#8221;88%&#8221; module_alignment=&#8221;center&#8221; custom_margin=&#8221;||13px||false|false&#8221; custom_margin_tablet=&#8221;&#8221; custom_margin_phone=&#8221;&#8221; custom_margin_last_edited=&#8221;on|tablet&#8221;]<\/p>\n<p style=\"text-align: center;\"><strong><span>Silvano Valentino<\/span> <br \/><\/strong><span>Fiat<\/span><\/p>\n<p style=\"text-align: center;\"><strong>1995-1998<\/strong><\/p>\n<p><a href=\"https:\/\/www.linkedin.com\/in\/carlos-eduardo-do-nascimento-ogliari-8577062\/\" target=\"_blank\" rel=\"noopener noreferrer\"><\/a><\/p>\n<p>[\/et_pb_text][\/et_pb_column][et_pb_column type=&#8221;1_3&#8243; _builder_version=&#8221;4.3.2&#8243; background_color=&#8221;#ffffff&#8221; custom_padding=&#8221;|||&#8221; box_shadow_style=&#8221;preset3&#8243; box_shadow_horizontal=&#8221;5px&#8221; box_shadow_color=&#8221;#bfd7ef&#8221; custom_padding__hover=&#8221;|||&#8221;][et_pb_image src=&#8221;\/\/i2.wp.com\/anfavea.com.br\/site\/wp-content\/uploads\/2020\/01\/11-jose\u0301-carlos-da-silveira-pinheiro-neto.jpg&#8221; align=&#8221;center&#8221; _builder_version=&#8221;4.3.2&#8243; width=&#8221;80%&#8221; width_tablet=&#8221;&#8221; width_phone=&#8221;&#8221; width_last_edited=&#8221;on|phone&#8221; max_width=&#8221;84%&#8221; custom_margin=&#8221;32px||||false|false&#8221; custom_margin_tablet=&#8221;62px||||false|false&#8221; custom_margin_phone=&#8221;40px||||false|false&#8221; custom_margin_last_edited=&#8221;on|desktop&#8221;][\/et_pb_image][et_pb_text _builder_version=&#8221;4.3.2&#8243; ul_text_align=&#8221;center&#8221; text_orientation=&#8221;center&#8221; width=&#8221;90%&#8221; width_tablet=&#8221;&#8221; width_phone=&#8221;&#8221; width_last_edited=&#8221;on|desktop&#8221; max_width=&#8221;88%&#8221; module_alignment=&#8221;center&#8221; custom_margin=&#8221;||13px||false|false&#8221; custom_margin_tablet=&#8221;&#8221; custom_margin_phone=&#8221;&#8221; custom_margin_last_edited=&#8221;on|tablet&#8221;]<\/p>\n<p style=\"text-align: center;\"><strong><span>Jos\u00e9 Carlos da Silveira Pinheiro Neto<\/span> <br \/><\/strong><span>General Motors<\/span><\/p>\n<p style=\"text-align: center;\"><strong>1998-2001<\/strong><\/p>\n<p><a href=\"https:\/\/www.linkedin.com\/in\/carlos-eduardo-do-nascimento-ogliari-8577062\/\" target=\"_blank\" rel=\"noopener noreferrer\"><\/a><\/p>\n<p>[\/et_pb_text][\/et_pb_column][et_pb_column type=&#8221;1_3&#8243; _builder_version=&#8221;4.3.2&#8243; background_color=&#8221;#ffffff&#8221; custom_padding=&#8221;|||&#8221; box_shadow_style=&#8221;preset3&#8243; box_shadow_horizontal=&#8221;5px&#8221; box_shadow_color=&#8221;#bfd7ef&#8221; custom_padding__hover=&#8221;|||&#8221;][et_pb_image src=&#8221;\/\/i1.wp.com\/anfavea.com.br\/site\/wp-content\/uploads\/2020\/01\/12-ce\u0301lio-de-freitas-batalha.jpg&#8221; align=&#8221;center&#8221; _builder_version=&#8221;4.3.2&#8243; width=&#8221;80%&#8221; width_tablet=&#8221;&#8221; width_phone=&#8221;&#8221; width_last_edited=&#8221;on|phone&#8221; max_width=&#8221;84%&#8221; custom_margin=&#8221;32px||||false|false&#8221; custom_margin_tablet=&#8221;62px||||false|false&#8221; custom_margin_phone=&#8221;40px||||false|false&#8221; custom_margin_last_edited=&#8221;on|desktop&#8221;][\/et_pb_image][et_pb_text _builder_version=&#8221;4.9.5&#8243; ul_text_align=&#8221;center&#8221; text_orientation=&#8221;center&#8221; width=&#8221;90%&#8221; width_tablet=&#8221;&#8221; width_phone=&#8221;&#8221; width_last_edited=&#8221;on|desktop&#8221; max_width=&#8221;88%&#8221; module_alignment=&#8221;center&#8221; custom_margin=&#8221;||13px||false|false&#8221; custom_margin_tablet=&#8221;&#8221; custom_margin_phone=&#8221;&#8221; custom_margin_last_edited=&#8221;on|tablet&#8221;]<\/p>\n<p style=\"text-align: center;\"><strong><span>C\u00e9lio de Freitas Batalha<\/span><br \/><\/strong><span>Ford<\/span><\/p>\n<p style=\"text-align: center;\"><strong>April 2001 &#8211; October 2001<\/strong><\/p>\n<p><a href=\"https:\/\/www.linkedin.com\/in\/carlos-eduardo-do-nascimento-ogliari-8577062\/\" target=\"_blank\" rel=\"noopener noreferrer\"><\/a><\/p>\n<p>[\/et_pb_text][\/et_pb_column][\/et_pb_row][et_pb_row column_structure=&#8221;1_3,1_3,1_3&#8243; custom_padding_last_edited=&#8221;on|phone&#8221; _builder_version=&#8221;4.4.0&#8243; width_tablet=&#8221;100%&#8221; width_phone=&#8221;100%&#8221; width_last_edited=&#8221;on|tablet&#8221; max_width=&#8221;2560px&#8221; custom_margin_tablet=&#8221;&#8221; custom_margin_phone=&#8221;&#8221; custom_margin_last_edited=&#8221;on|phone&#8221; custom_padding=&#8221;|||&#8221; custom_padding_tablet=&#8221;20px|20px|20px|20px|true|true&#8221; custom_padding_phone=&#8221;15px|15px|15px|15px|false|false&#8221; use_custom_width=&#8221;on&#8221; custom_width_px=&#8221;1440px&#8221;][et_pb_column type=&#8221;1_3&#8243; _builder_version=&#8221;4.3.2&#8243; background_color=&#8221;#ffffff&#8221; custom_padding=&#8221;|||&#8221; box_shadow_style=&#8221;preset3&#8243; box_shadow_horizontal=&#8221;5px&#8221; box_shadow_color=&#8221;#bfd7ef&#8221; custom_padding__hover=&#8221;|||&#8221;][et_pb_image src=&#8221;\/\/i2.wp.com\/anfavea.com.br\/site\/wp-content\/uploads\/2020\/01\/13-ricardo-carvalho.jpg&#8221; align=&#8221;center&#8221; _builder_version=&#8221;4.3.2&#8243; width=&#8221;80%&#8221; width_tablet=&#8221;&#8221; width_phone=&#8221;&#8221; width_last_edited=&#8221;on|phone&#8221; max_width=&#8221;84%&#8221; custom_margin=&#8221;32px||||false|false&#8221; custom_margin_tablet=&#8221;62px||||false|false&#8221; custom_margin_phone=&#8221;40px||||false|false&#8221; custom_margin_last_edited=&#8221;on|desktop&#8221;][\/et_pb_image][et_pb_text _builder_version=&#8221;4.9.5&#8243; ul_text_align=&#8221;center&#8221; text_orientation=&#8221;center&#8221; width=&#8221;90%&#8221; width_tablet=&#8221;&#8221; width_phone=&#8221;&#8221; width_last_edited=&#8221;on|desktop&#8221; max_width=&#8221;88%&#8221; module_alignment=&#8221;center&#8221; custom_margin=&#8221;||13px||false|false&#8221; custom_margin_tablet=&#8221;&#8221; custom_margin_phone=&#8221;&#8221; custom_margin_last_edited=&#8221;on|tablet&#8221;]<\/p>\n<p style=\"text-align: center;\"><strong><span>Ricardo Carvalho<\/span><br \/><\/strong><span>Volkswagen<\/span><\/p>\n<p style=\"text-align: center;\"><strong>Ovtober 2001-April 2004<\/strong><\/p>\n<p><a href=\"https:\/\/www.linkedin.com\/in\/carlos-eduardo-do-nascimento-ogliari-8577062\/\" target=\"_blank\" rel=\"noopener noreferrer\"><\/a><\/p>\n<p>[\/et_pb_text][\/et_pb_column][et_pb_column type=&#8221;1_3&#8243; _builder_version=&#8221;4.3.2&#8243; background_color=&#8221;#ffffff&#8221; custom_padding=&#8221;|||&#8221; box_shadow_style=&#8221;preset3&#8243; box_shadow_horizontal=&#8221;5px&#8221; box_shadow_color=&#8221;#bfd7ef&#8221; custom_padding__hover=&#8221;|||&#8221;][et_pb_image src=&#8221;\/\/i3.wp.com\/anfavea.com.br\/site\/wp-content\/uploads\/2020\/01\/14-rogelio-golfarb.jpg&#8221; align=&#8221;center&#8221; _builder_version=&#8221;4.3.2&#8243; width=&#8221;80%&#8221; width_tablet=&#8221;&#8221; width_phone=&#8221;&#8221; width_last_edited=&#8221;on|phone&#8221; max_width=&#8221;84%&#8221; custom_margin=&#8221;32px||||false|false&#8221; custom_margin_tablet=&#8221;62px||||false|false&#8221; custom_margin_phone=&#8221;40px||||false|false&#8221; custom_margin_last_edited=&#8221;on|desktop&#8221;][\/et_pb_image][et_pb_text _builder_version=&#8221;4.3.2&#8243; ul_text_align=&#8221;center&#8221; text_orientation=&#8221;center&#8221; width=&#8221;90%&#8221; width_tablet=&#8221;&#8221; width_phone=&#8221;&#8221; width_last_edited=&#8221;on|desktop&#8221; max_width=&#8221;88%&#8221; module_alignment=&#8221;center&#8221; custom_margin=&#8221;||13px||false|false&#8221; custom_margin_tablet=&#8221;&#8221; custom_margin_phone=&#8221;&#8221; custom_margin_last_edited=&#8221;on|tablet&#8221;]<\/p>\n<p style=\"text-align: center;\"><strong><span>Rogelio Golfarb<\/span> <br \/><\/strong><span>Ford<\/span><\/p>\n<p style=\"text-align: center;\"><strong>2004-2007<\/strong><\/p>\n<p><a href=\"https:\/\/www.linkedin.com\/in\/carlos-eduardo-do-nascimento-ogliari-8577062\/\" target=\"_blank\" rel=\"noopener noreferrer\"><\/a><\/p>\n<p>[\/et_pb_text][\/et_pb_column][et_pb_column type=&#8221;1_3&#8243; _builder_version=&#8221;4.3.2&#8243; background_color=&#8221;#ffffff&#8221; custom_padding=&#8221;|||&#8221; box_shadow_style=&#8221;preset3&#8243; box_shadow_horizontal=&#8221;5px&#8221; box_shadow_color=&#8221;#bfd7ef&#8221; custom_padding__hover=&#8221;|||&#8221;][et_pb_image src=&#8221;\/\/i0.wp.com\/anfavea.com.br\/site\/wp-content\/uploads\/2020\/01\/15-jackson-schneider.jpg&#8221; align=&#8221;center&#8221; _builder_version=&#8221;4.3.2&#8243; width=&#8221;80%&#8221; width_tablet=&#8221;&#8221; width_phone=&#8221;&#8221; width_last_edited=&#8221;on|phone&#8221; max_width=&#8221;84%&#8221; custom_margin=&#8221;32px||||false|false&#8221; custom_margin_tablet=&#8221;62px||||false|false&#8221; custom_margin_phone=&#8221;40px||||false|false&#8221; custom_margin_last_edited=&#8221;on|desktop&#8221;][\/et_pb_image][et_pb_text _builder_version=&#8221;4.3.2&#8243; ul_text_align=&#8221;center&#8221; text_orientation=&#8221;center&#8221; width=&#8221;90%&#8221; width_tablet=&#8221;&#8221; width_phone=&#8221;&#8221; width_last_edited=&#8221;on|desktop&#8221; max_width=&#8221;88%&#8221; module_alignment=&#8221;center&#8221; custom_margin=&#8221;||13px||false|false&#8221; custom_margin_tablet=&#8221;&#8221; custom_margin_phone=&#8221;&#8221; custom_margin_last_edited=&#8221;on|tablet&#8221;]<\/p>\n<p style=\"text-align: center;\"><strong><span>Jackson Schneider<\/span> <br \/><\/strong><span>Mercedes-Benz<\/span><\/p>\n<p style=\"text-align: center;\"><strong>2007-2010<\/strong><\/p>\n<p><a href=\"https:\/\/www.linkedin.com\/in\/carlos-eduardo-do-nascimento-ogliari-8577062\/\" target=\"_blank\" rel=\"noopener noreferrer\"><\/a><\/p>\n<p>[\/et_pb_text][\/et_pb_column][\/et_pb_row][et_pb_row column_structure=&#8221;1_3,1_3,1_3&#8243; custom_padding_last_edited=&#8221;on|phone&#8221; _builder_version=&#8221;4.4.0&#8243; width_tablet=&#8221;100%&#8221; width_phone=&#8221;100%&#8221; width_last_edited=&#8221;on|tablet&#8221; max_width=&#8221;2560px&#8221; custom_margin_tablet=&#8221;&#8221; custom_margin_phone=&#8221;&#8221; custom_margin_last_edited=&#8221;on|phone&#8221; custom_padding=&#8221;|||&#8221; custom_padding_tablet=&#8221;20px|20px|20px|20px|true|true&#8221; custom_padding_phone=&#8221;15px|15px|15px|15px|false|false&#8221; use_custom_width=&#8221;on&#8221; custom_width_px=&#8221;1440px&#8221;][et_pb_column type=&#8221;1_3&#8243; _builder_version=&#8221;4.3.2&#8243; background_color=&#8221;#ffffff&#8221; custom_padding=&#8221;|||&#8221; box_shadow_style=&#8221;preset3&#8243; box_shadow_horizontal=&#8221;5px&#8221; box_shadow_color=&#8221;#bfd7ef&#8221; custom_padding__hover=&#8221;|||&#8221;][et_pb_image src=&#8221;\/\/i2.wp.com\/anfavea.com.br\/site\/wp-content\/uploads\/2020\/01\/16-cledorvino-belini.jpg&#8221; align=&#8221;center&#8221; _builder_version=&#8221;4.3.2&#8243; width=&#8221;80%&#8221; width_tablet=&#8221;&#8221; width_phone=&#8221;&#8221; width_last_edited=&#8221;on|phone&#8221; max_width=&#8221;84%&#8221; custom_margin=&#8221;32px||||false|false&#8221; custom_margin_tablet=&#8221;62px||||false|false&#8221; custom_margin_phone=&#8221;40px||||false|false&#8221; custom_margin_last_edited=&#8221;on|desktop&#8221;][\/et_pb_image][et_pb_text _builder_version=&#8221;4.3.2&#8243; ul_text_align=&#8221;center&#8221; text_orientation=&#8221;center&#8221; width=&#8221;90%&#8221; width_tablet=&#8221;&#8221; width_phone=&#8221;&#8221; width_last_edited=&#8221;on|desktop&#8221; max_width=&#8221;88%&#8221; module_alignment=&#8221;center&#8221; custom_margin=&#8221;||13px||false|false&#8221; custom_margin_tablet=&#8221;&#8221; custom_margin_phone=&#8221;&#8221; custom_margin_last_edited=&#8221;on|tablet&#8221;]<\/p>\n<p style=\"text-align: center;\"><strong><span>Cledorvino Belini<\/span> <br \/><\/strong><span>Fiat<\/span><\/p>\n<p style=\"text-align: center;\"><strong>2010-2013<\/strong><\/p>\n<p><a href=\"https:\/\/www.linkedin.com\/in\/carlos-eduardo-do-nascimento-ogliari-8577062\/\" target=\"_blank\" rel=\"noopener noreferrer\"><\/a><\/p>\n<p>[\/et_pb_text][\/et_pb_column][et_pb_column type=&#8221;1_3&#8243; _builder_version=&#8221;4.3.2&#8243; background_color=&#8221;#ffffff&#8221; custom_padding=&#8221;|||&#8221; box_shadow_style=&#8221;preset3&#8243; box_shadow_horizontal=&#8221;5px&#8221; box_shadow_color=&#8221;#bfd7ef&#8221; custom_padding__hover=&#8221;|||&#8221;][et_pb_image src=&#8221;\/\/i2.wp.com\/anfavea.com.br\/site\/wp-content\/uploads\/2020\/01\/17-luiz-moan.jpg&#8221; align=&#8221;center&#8221; _builder_version=&#8221;4.3.2&#8243; width=&#8221;80%&#8221; width_tablet=&#8221;&#8221; width_phone=&#8221;&#8221; width_last_edited=&#8221;on|phone&#8221; max_width=&#8221;84%&#8221; custom_margin=&#8221;32px||||false|false&#8221; custom_margin_tablet=&#8221;62px||||false|false&#8221; custom_margin_phone=&#8221;40px||||false|false&#8221; custom_margin_last_edited=&#8221;on|desktop&#8221;][\/et_pb_image][et_pb_text _builder_version=&#8221;4.3.2&#8243; ul_text_align=&#8221;center&#8221; text_orientation=&#8221;center&#8221; width=&#8221;90%&#8221; width_tablet=&#8221;&#8221; width_phone=&#8221;&#8221; width_last_edited=&#8221;on|desktop&#8221; max_width=&#8221;88%&#8221; module_alignment=&#8221;center&#8221; custom_margin=&#8221;||13px||false|false&#8221; custom_margin_tablet=&#8221;&#8221; custom_margin_phone=&#8221;&#8221; custom_margin_last_edited=&#8221;on|tablet&#8221;]<\/p>\n<p style=\"text-align: center;\"><strong><span>Luiz Moan Yabiku Junior<\/span> <br \/><\/strong><span>General Motors<\/span><\/p>\n<p style=\"text-align: center;\"><strong>2013-2016<\/strong><\/p>\n<p><a href=\"https:\/\/www.linkedin.com\/in\/carlos-eduardo-do-nascimento-ogliari-8577062\/\" target=\"_blank\" rel=\"noopener noreferrer\"><\/a><\/p>\n<p>[\/et_pb_text][\/et_pb_column][et_pb_column type=&#8221;1_3&#8243; _builder_version=&#8221;4.3.2&#8243; background_color=&#8221;#ffffff&#8221; custom_padding=&#8221;|||&#8221; box_shadow_style=&#8221;preset3&#8243; box_shadow_horizontal=&#8221;5px&#8221; box_shadow_color=&#8221;#bfd7ef&#8221; custom_padding__hover=&#8221;|||&#8221;][et_pb_image src=&#8221;\/\/i2.wp.com\/anfavea.com.br\/site\/wp-content\/uploads\/2020\/01\/antonio-megale.jpg&#8221; align=&#8221;center&#8221; _builder_version=&#8221;4.3.2&#8243; width=&#8221;80%&#8221; width_tablet=&#8221;&#8221; width_phone=&#8221;&#8221; width_last_edited=&#8221;on|phone&#8221; max_width=&#8221;84%&#8221; custom_margin=&#8221;32px||||false|false&#8221; custom_margin_tablet=&#8221;62px||||false|false&#8221; custom_margin_phone=&#8221;40px||||false|false&#8221; custom_margin_last_edited=&#8221;on|desktop&#8221;][\/et_pb_image][et_pb_text _builder_version=&#8221;4.3.2&#8243; ul_text_align=&#8221;center&#8221; text_orientation=&#8221;center&#8221; width=&#8221;90%&#8221; width_tablet=&#8221;&#8221; width_phone=&#8221;&#8221; width_last_edited=&#8221;on|desktop&#8221; max_width=&#8221;88%&#8221; module_alignment=&#8221;center&#8221; custom_margin=&#8221;||13px||false|false&#8221; custom_margin_tablet=&#8221;&#8221; custom_margin_phone=&#8221;&#8221; custom_margin_last_edited=&#8221;on|tablet&#8221;]<\/p>\n<p style=\"text-align: center;\"><strong>Antonio Megale<br \/><\/strong>Volkswagen<\/p>\n<p style=\"text-align: center;\"><strong>2016-2019<\/strong><\/p>\n<p><a href=\"https:\/\/www.linkedin.com\/in\/carlos-eduardo-do-nascimento-ogliari-8577062\/\" target=\"_blank\" rel=\"noopener noreferrer\"><\/a><\/p>\n<p>[\/et_pb_text][\/et_pb_column][\/et_pb_row][et_pb_row column_structure=&#8221;1_3,1_3,1_3&#8243; custom_padding_last_edited=&#8221;on|phone&#8221; _builder_version=&#8221;4.9.5&#8243; width_tablet=&#8221;100%&#8221; width_phone=&#8221;100%&#8221; width_last_edited=&#8221;on|tablet&#8221; max_width=&#8221;2560px&#8221; custom_margin_tablet=&#8221;&#8221; custom_margin_phone=&#8221;&#8221; custom_margin_last_edited=&#8221;on|phone&#8221; custom_padding=&#8221;|||&#8221; custom_padding_tablet=&#8221;20px|20px|20px|20px|true|true&#8221; custom_padding_phone=&#8221;15px|15px|15px|15px|false|false&#8221; use_custom_width=&#8221;on&#8221; custom_width_px=&#8221;1440px&#8221; locked=&#8221;off&#8221;][et_pb_column type=&#8221;1_3&#8243; _builder_version=&#8221;4.3.2&#8243; background_color=&#8221;#ffffff&#8221; custom_padding=&#8221;|||&#8221; box_shadow_style=&#8221;preset3&#8243; box_shadow_horizontal=&#8221;5px&#8221; box_shadow_color=&#8221;#bfd7ef&#8221; custom_padding__hover=&#8221;|||&#8221;][et_pb_image src=&#8221;https:\/\/anfavea.com.br\/site\/wp-content\/uploads\/2022\/05\/luquadro.jpg&#8221; title_text=&#8221;luquadro&#8221; align=&#8221;center&#8221; _builder_version=&#8221;4.9.5&#8243; width=&#8221;80%&#8221; width_tablet=&#8221;&#8221; width_phone=&#8221;&#8221; width_last_edited=&#8221;on|phone&#8221; max_width=&#8221;84%&#8221; custom_margin=&#8221;32px||||false|false&#8221; custom_margin_tablet=&#8221;62px||||false|false&#8221; custom_margin_phone=&#8221;40px||||false|false&#8221; custom_margin_last_edited=&#8221;on|desktop&#8221;][\/et_pb_image][et_pb_text _builder_version=&#8221;4.9.5&#8243; ul_text_align=&#8221;center&#8221; text_orientation=&#8221;center&#8221; width=&#8221;90%&#8221; width_tablet=&#8221;&#8221; width_phone=&#8221;&#8221; width_last_edited=&#8221;on|desktop&#8221; max_width=&#8221;88%&#8221; module_alignment=&#8221;center&#8221; custom_margin=&#8221;||13px||false|false&#8221; custom_margin_tablet=&#8221;&#8221; custom_margin_phone=&#8221;&#8221; custom_margin_last_edited=&#8221;on|tablet&#8221;]<\/p>\n<p style=\"text-align: center;\"><strong><span>Luiz Carlos Moraes<\/span><br \/><\/strong><span>Mercedes-Benz<\/span><\/p>\n<p style=\"text-align: center;\"><strong>2019-2022<\/strong><\/p>\n<p><a href=\"https:\/\/www.linkedin.com\/in\/carlos-eduardo-do-nascimento-ogliari-8577062\/\" target=\"_blank\" rel=\"noopener noreferrer\"><\/a><\/p>\n<p>[\/et_pb_text][\/et_pb_column][et_pb_column type=&#8221;1_3&#8243; _builder_version=&#8221;4.9.5&#8243; background_color=&#8221;#ffffff&#8221; custom_padding=&#8221;|||&#8221; custom_padding__hover=&#8221;|||&#8221;][\/et_pb_column][et_pb_column type=&#8221;1_3&#8243; _builder_version=&#8221;4.9.5&#8243; background_color=&#8221;#ffffff&#8221; custom_padding=&#8221;|||&#8221; custom_padding__hover=&#8221;|||&#8221;][\/et_pb_column][\/et_pb_row][\/et_pb_section][et_pb_section fb_built=&#8221;1&#8243; admin_label=&#8221;About&#8221; _builder_version=&#8221;3.22.4&#8243; background_color=&#8221;#eaeaf1&#8243; background_image=&#8221;\/\/i0.wp.com\/anfavea.com.br\/site\/wp-content\/uploads\/2020\/01\/mechanic-35.png&#8221; background_size=&#8221;initial&#8221; background_position=&#8221;bottom_right&#8221; custom_padding=&#8221;0px||52px|||&#8221;][\/et_pb_section][et_pb_section fb_built=&#8221;1&#8243; admin_label=&#8221;Services&#8221; _builder_version=&#8221;3.22.3&#8243; background_color=&#8221;#021827&#8243; custom_padding=&#8221;0px|0px|0px|0px|false|false&#8221;][\/et_pb_section]<\/p>\n","protected":false},"excerpt":{"rendered":"<p>Presidents\u2019 GalleryLearn about the executives that helped write the history of ANFAVEAManoel Garcia Filho Vemag 1956-1958 | 1958-1960 L\u00e9lio de Toledo Piza e Almeida Filho Vemag 1960-1962 | 1962-1964 Sebasti\u00e3o Dayrell de Lima Simca 1964-1966 Oscar Augusto de Camargo Vemag 1966-1968 | 1968-1971 | 1971-1974 M\u00e1rio Bernardo Garnero Volkswagen 1974-1977 | 1977-1980 | 1980-1981 Newton [&hellip;]<\/p>\n","protected":false},"author":1,"featured_media":0,"parent":0,"menu_order":0,"comment_status":"closed","ping_status":"closed","template":"","meta":{"_et_pb_use_builder":"on","_et_pb_old_content":"","_et_gb_content_width":"","footnotes":""},"class_list":["post-4705","page","type-page","status-publish","hentry"],"_links":{"self":[{"href":"https:\/\/anfavea.com.br\/site\/wp-json\/wp\/v2\/pages\/4705","targetHints":{"allow":["GET"]}}],"collection":[{"href":"https:\/\/anfavea.com.br\/site\/wp-json\/wp\/v2\/pages"}],"about":[{"href":"https:\/\/anfavea.com.br\/site\/wp-json\/wp\/v2\/types\/page"}],"author":[{"embeddable":true,"href":"https:\/\/anfavea.com.br\/site\/wp-json\/wp\/v2\/users\/1"}],"replies":[{"embeddable":true,"href":"https:\/\/anfavea.com.br\/site\/wp-json\/wp\/v2\/comments?post=4705"}],"version-history":[{"count":6,"href":"https:\/\/anfavea.com.br\/site\/wp-json\/wp\/v2\/pages\/4705\/revisions"}],"predecessor-version":[{"id":7185,"href":"https:\/\/anfavea.com.br\/site\/wp-json\/wp\/v2\/pages\/4705\/revisions\/7185"}],"wp:attachment":[{"href":"https:\/\/anfavea.com.br\/site\/wp-json\/wp\/v2\/media?parent=4705"}],"curies":[{"name":"wp","href":"https:\/\/api.w.org\/{rel}","templated":true}]}}