{"id":4684,"date":"2021-09-06T18:43:24","date_gmt":"2021-09-06T21:43:24","guid":{"rendered":"https:\/\/anfavea.com.br\/site\/timeline\/"},"modified":"2022-06-29T14:53:05","modified_gmt":"2022-06-29T17:53:05","slug":"timeline","status":"publish","type":"page","link":"https:\/\/anfavea.com.br\/site\/timeline\/","title":{"rendered":"Timeline"},"content":{"rendered":"<p>[et_pb_section fb_built=&#8221;1&#8243; custom_padding_last_edited=&#8221;on|tablet&#8221; next_background_color=&#8221;#eaeaf1&#8243; admin_label=&#8221;Header&#8221; _builder_version=&#8221;4.0.11&#8243; background_color=&#8221;#eaeaf1&#8243; use_background_color_gradient=&#8221;on&#8221; background_color_gradient_start=&#8221;#eaeaf1&#8243; background_color_gradient_end=&#8221;#ffffff&#8221; background_color_gradient_direction=&#8221;-67deg&#8221; background_color_gradient_start_position=&#8221;47%&#8221; background_color_gradient_end_position=&#8221;0%&#8221; background_position=&#8221;top_left&#8221; custom_margin=&#8221;45px||-259px||false|false&#8221; custom_margin_tablet=&#8221;54px||||false|false&#8221; custom_margin_phone=&#8221;&#8221; custom_margin_last_edited=&#8221;on|phone&#8221; custom_padding=&#8221;0|0px|0px|0px|false|false&#8221; custom_padding_tablet=&#8221;||0px&#8221; custom_padding_phone=&#8221;&#8221; bottom_divider_style=&#8221;slant&#8221; bottom_divider_height=&#8221;30vw&#8221; bottom_divider_flip=&#8221;horizontal&#8221;][et_pb_row column_structure=&#8221;2_5,3_5&#8243; custom_padding_last_edited=&#8221;on|phone&#8221; _builder_version=&#8221;4.4.0&#8243; width=&#8221;90%&#8221; max_width=&#8221;1800px&#8221; module_alignment=&#8221;right&#8221; custom_margin_tablet=&#8221;&#8221; custom_margin_phone=&#8221;&#8221; custom_margin_last_edited=&#8221;on|desktop&#8221; custom_padding=&#8221;0px||153px||false|false&#8221; custom_padding_tablet=&#8221;||264px||false|false&#8221; custom_padding_phone=&#8221;||249px||false|false&#8221; use_custom_width=&#8221;on&#8221; width_unit=&#8221;off&#8221; custom_width_percent=&#8221;90%&#8221; locked=&#8221;off&#8221;][et_pb_column type=&#8221;2_5&#8243; _builder_version=&#8221;3.25&#8243; custom_padding=&#8221;|50px||&#8221; custom_padding__hover=&#8221;|||&#8221;][et_pb_divider color=&#8221;#0251b8&#8243; divider_weight=&#8221;80px&#8221; _builder_version=&#8221;3.22.4&#8243; transform_skew=&#8221;-22deg|0deg&#8221; transform_skew_linked=&#8221;off&#8221; height=&#8221;80px&#8221; custom_margin=&#8221;||74px|-20vw||&#8221; custom_margin_tablet=&#8221;||30px&#8221; custom_margin_phone=&#8221;&#8221; custom_margin_last_edited=&#8221;on|tablet&#8221; locked=&#8221;off&#8221;][\/et_pb_divider][et_pb_text _builder_version=&#8221;4.9.5&#8243; header_font=&#8221;Khand|700|||||||&#8221; header_text_align=&#8221;left&#8221; header_font_size=&#8221;5vw&#8221; header_2_font_size=&#8221;6vw&#8221; header_3_font_size=&#8221;6vw&#8221; header_4_font_size=&#8221;6vw&#8221; header_5_font_size=&#8221;6vw&#8221; header_6_font_size=&#8221;6vw&#8221; transform_skew_linked=&#8221;off&#8221; custom_margin=&#8221;||0px|||&#8221; header_font_tablet=&#8221;&#8221; header_font_phone=&#8221;&#8221; header_font_last_edited=&#8221;on|tablet&#8221; header_font_size_tablet=&#8221;36px&#8221; header_font_size_phone=&#8221;38px&#8221; header_font_size_last_edited=&#8221;on|phone&#8221; header_2_font_size_tablet=&#8221;36px&#8221; header_2_font_size_phone=&#8221;38px&#8221; header_2_font_size_last_edited=&#8221;on|phone&#8221; header_3_font_size_tablet=&#8221;36px&#8221; header_3_font_size_phone=&#8221;38px&#8221; header_3_font_size_last_edited=&#8221;on|phone&#8221; header_4_font_size_tablet=&#8221;36px&#8221; header_4_font_size_phone=&#8221;38px&#8221; header_4_font_size_last_edited=&#8221;on|phone&#8221; header_5_font_size_tablet=&#8221;36px&#8221; header_5_font_size_phone=&#8221;38px&#8221; header_5_font_size_last_edited=&#8221;on|phone&#8221; header_6_font_size_tablet=&#8221;36px&#8221; header_6_font_size_phone=&#8221;38px&#8221; header_6_font_size_last_edited=&#8221;on|phone&#8221;]<\/p>\n<h1>Timeline<\/h1>\n<p>[\/et_pb_text][et_pb_divider color=&#8221;#053b87&#8243; divider_style=&#8221;double&#8221; divider_weight=&#8221;10px&#8221; _builder_version=&#8221;3.21.1&#8243; transform_skew=&#8221;-20deg|0deg&#8221; max_width=&#8221;100px&#8221; height=&#8221;10px&#8221; locked=&#8221;off&#8221;][\/et_pb_divider][et_pb_text _builder_version=&#8221;4.4.0&#8243; text_font=&#8221;|600|||||||&#8221; text_font_size=&#8221;23px&#8221; text_line_height=&#8221;1.4em&#8221; width=&#8221;91%&#8221; width_tablet=&#8221;100%&#8221; width_phone=&#8221;84%&#8221; width_last_edited=&#8221;on|tablet&#8221; max_width=&#8221;84%&#8221; custom_margin=&#8221;|-68px||||&#8221; text_font_size_tablet=&#8221;16px&#8221; text_font_size_phone=&#8221;15px&#8221; text_font_size_last_edited=&#8221;on|phone&#8221; header_font_size_tablet=&#8221;36px&#8221; header_font_size_phone=&#8221;&#8221; header_font_size_last_edited=&#8221;on|tablet&#8221;]<\/p>\n<p>Follow the history of the Brazilian automotive industry<\/p>\n<p>[\/et_pb_text][et_pb_image src=&#8221;\/\/i3.wp.com\/anfavea.com.br\/site\/wp-content\/uploads\/2020\/01\/seta.gif&#8221; url=&#8221;#linha&#8221; align=&#8221;center&#8221; _builder_version=&#8221;4.9.5&#8243; width=&#8221;16%&#8221; custom_margin=&#8221;|||154px|false|false&#8221;][\/et_pb_image][\/et_pb_column][et_pb_column type=&#8221;3_5&#8243; _builder_version=&#8221;3.25&#8243; custom_padding=&#8221;|||&#8221; custom_padding__hover=&#8221;|||&#8221;][et_pb_image src=&#8221;\/\/i3.wp.com\/anfavea.com.br\/site\/wp-content\/uploads\/2020\/01\/mechanic-59.png&#8221; align=&#8221;right&#8221; force_fullwidth=&#8221;on&#8221; _builder_version=&#8221;4.9.5&#8243; background_image=&#8221;\/\/i0.wp.com\/anfavea.com.br\/site\/wp-content\/uploads\/2020\/01\/Depositphotos_7987620_xl-2015-1.jpg&#8221; width_tablet=&#8221;70%&#8221; width_phone=&#8221;&#8221; width_last_edited=&#8221;on|tablet&#8221; min_height_tablet=&#8221;388px&#8221; min_height_phone=&#8221;316px&#8221; min_height_last_edited=&#8221;on|tablet&#8221; height_tablet=&#8221;352px&#8221; height_phone=&#8221;&#8221; height_last_edited=&#8221;on|desktop&#8221; max_height_tablet=&#8221;247px&#8221; max_height_phone=&#8221;&#8221; max_height_last_edited=&#8221;on|desktop&#8221; custom_padding=&#8221;|||&#8221; always_center_on_mobile=&#8221;off&#8221;][\/et_pb_image][et_pb_image src=&#8221;\/\/i2.wp.com\/anfavea.com.br\/site\/wp-content\/uploads\/2020\/01\/mechanic-57-1.png&#8221; align=&#8221;right&#8221; _builder_version=&#8221;4.4.0&#8243; width=&#8221;60%&#8221; width_tablet=&#8221;66%&#8221; width_phone=&#8221;&#8221; width_last_edited=&#8221;on|tablet&#8221; max_width=&#8221;66%&#8221; module_alignment=&#8221;right&#8221; min_height_tablet=&#8221;304px&#8221; min_height_phone=&#8221;&#8221; min_height_last_edited=&#8221;on|tablet&#8221; max_height_tablet=&#8221;343px&#8221; max_height_phone=&#8221;&#8221; max_height_last_edited=&#8221;on|tablet&#8221; custom_margin=&#8221;-70%|||-204px||&#8221; custom_padding=&#8221;||0px|||&#8221; always_center_on_mobile=&#8221;off&#8221;][\/et_pb_image][et_pb_divider color=&#8221;#0c71c3&#8243; divider_weight=&#8221;4px&#8221; admin_label=&#8221;Divider&#8221; _builder_version=&#8221;4.0.11&#8243; transform_scale_tablet=&#8221;&#8221; transform_scale_phone=&#8221;&#8221; transform_scale_last_edited=&#8221;on|desktop&#8221; transform_translate=&#8221;-20%|-32vw&#8221; transform_translate_tablet=&#8221;-20px|-50vw&#8221; transform_translate_phone=&#8221;&#8221; transform_translate_last_edited=&#8221;on|phone&#8221; transform_translate_linked=&#8221;off&#8221; transform_rotate=&#8221;0deg|0deg|-68deg&#8221; transform_rotate_tablet=&#8221;&#8221; transform_rotate_phone=&#8221;&#8221; transform_rotate_last_edited=&#8221;on|desktop&#8221; transform_skew_tablet=&#8221;&#8221; transform_skew_phone=&#8221;&#8221; transform_skew_last_edited=&#8221;on|desktop&#8221; transform_origin_tablet=&#8221;&#8221; transform_origin_phone=&#8221;&#8221; transform_origin_last_edited=&#8221;on|desktop&#8221; transform_styles_last_edited=&#8221;on|phone&#8221; width=&#8221;20vw&#8221; module_alignment=&#8221;left&#8221; height=&#8221;0px&#8221; custom_margin=&#8221;||0px&#8221; transform_styles_tablet=&#8221;&#8221; transform_styles_phone=&#8221;&#8221; locked=&#8221;off&#8221;][\/et_pb_divider][\/et_pb_column][\/et_pb_row][\/et_pb_section][et_pb_section fb_built=&#8221;1&#8243; admin_label=&#8221;Services&#8221; _builder_version=&#8221;3.22.4&#8243; background_color=&#8221;#eaeaf1&#8243; custom_padding=&#8221;0px||26px|||&#8221;][et_pb_row _builder_version=&#8221;4.9.5&#8243; width=&#8221;90%&#8221; max_width=&#8221;1357px&#8221;][et_pb_column type=&#8221;4_4&#8243; _builder_version=&#8221;4.0.11&#8243;][diti_timeline horizontal_line_color=&#8221;#d6d6d6&#8243; horizontal_line_width=&#8221;8px&#8221; module_id=&#8221;linha&#8221; _builder_version=&#8221;4.9.5&#8243; header_font=&#8221;|800|||||||&#8221; header_text_align=&#8221;center&#8221; header_font_size=&#8221;29px&#8221; body_font=&#8221;|600|||||||&#8221; body_font_size=&#8221;17px&#8221; min_height=&#8221;525px&#8221; filter_hue_rotate=&#8221;356deg&#8221; hover_enabled=&#8221;0&#8243; custom_css_main_element=&#8221;.timeline .timeline-panel::after, .timeline .timeline-panel::before {||top: 45%!important;||}&#8221; locked=&#8221;off&#8221; sticky_enabled=&#8221;0&#8243;][diti_timeline_item title=&#8221;1898&#8243; box_background_color=&#8221;#ffffff&#8221; badge_type=&#8221;image&#8221; image=&#8221;https:\/\/anfavea.com.br\/site\/wp-content\/uploads\/2020\/01\/timeline.png&#8221; title_text_color=&#8221;#0c71c3&#8243; _builder_version=&#8221;4.9.5&#8243; node_text_font_size=&#8221;1px&#8221; node_text_letter_spacing=&#8221;0px&#8221; hover_transition_duration=&#8221;150ms&#8221;]<\/p>\n<p style=\"text-align: center;\"><img decoding=\"async\" class=\"wp-image-2549 alignnone size-full\" src=\"https:\/\/anfavea.com.br\/site\/wp-content\/uploads\/2020\/01\/1898.jpg\" alt=\"\" width=\"750\" height=\"480\" \/><\/p>\n<p style=\"text-align: left;\">\u2023 First vehicle, a Peugeot, shipped to Brazil<\/p>\n<p>[\/diti_timeline_item][diti_timeline_item title=&#8221;1903&#8243; box_background_color=&#8221;#ffffff&#8221; badge_type=&#8221;image&#8221; image=&#8221;https:\/\/anfavea.com.br\/site\/wp-content\/uploads\/2020\/01\/timeline.png&#8221; title_text_color=&#8221;#0c71c3&#8243; _builder_version=&#8221;4.9.5&#8243; node_text_font_size=&#8221;1px&#8221; node_text_letter_spacing=&#8221;0px&#8221;]<\/p>\n<p style=\"text-align: center;\"><img decoding=\"async\" class=\"wp-image-2681 alignnone size-full\" src=\"https:\/\/anfavea.com.br\/site\/wp-content\/uploads\/2020\/03\/1903-Primeiro-autom\u00f3vel-emplacado-em-S\u00e3o-Paulo-de-propriedade-de-Francisco-Matarazzo-Credito-Acervo-MIAU.jpg\" alt=\"\" width=\"2393\" height=\"1854\" srcset=\"https:\/\/anfavea.com.br\/site\/wp-content\/uploads\/2020\/03\/1903-Primeiro-autom\u00f3vel-emplacado-em-S\u00e3o-Paulo-de-propriedade-de-Francisco-Matarazzo-Credito-Acervo-MIAU.jpg 2393w, https:\/\/anfavea.com.br\/site\/wp-content\/uploads\/2020\/03\/1903-Primeiro-autom\u00f3vel-emplacado-em-S\u00e3o-Paulo-de-propriedade-de-Francisco-Matarazzo-Credito-Acervo-MIAU-300x232.jpg 300w, https:\/\/anfavea.com.br\/site\/wp-content\/uploads\/2020\/03\/1903-Primeiro-autom\u00f3vel-emplacado-em-S\u00e3o-Paulo-de-propriedade-de-Francisco-Matarazzo-Credito-Acervo-MIAU-1024x793.jpg 1024w, https:\/\/anfavea.com.br\/site\/wp-content\/uploads\/2020\/03\/1903-Primeiro-autom\u00f3vel-emplacado-em-S\u00e3o-Paulo-de-propriedade-de-Francisco-Matarazzo-Credito-Acervo-MIAU-768x595.jpg 768w, https:\/\/anfavea.com.br\/site\/wp-content\/uploads\/2020\/03\/1903-Primeiro-autom\u00f3vel-emplacado-em-S\u00e3o-Paulo-de-propriedade-de-Francisco-Matarazzo-Credito-Acervo-MIAU-1536x1190.jpg 1536w, https:\/\/anfavea.com.br\/site\/wp-content\/uploads\/2020\/03\/1903-Primeiro-autom\u00f3vel-emplacado-em-S\u00e3o-Paulo-de-propriedade-de-Francisco-Matarazzo-Credito-Acervo-MIAU-2048x1587.jpg 2048w, https:\/\/anfavea.com.br\/site\/wp-content\/uploads\/2020\/03\/1903-Primeiro-autom\u00f3vel-emplacado-em-S\u00e3o-Paulo-de-propriedade-de-Francisco-Matarazzo-Credito-Acervo-MIAU-1080x837.jpg 1080w, https:\/\/anfavea.com.br\/site\/wp-content\/uploads\/2020\/03\/1903-Primeiro-autom\u00f3vel-emplacado-em-S\u00e3o-Paulo-de-propriedade-de-Francisco-Matarazzo-Credito-Acervo-MIAU-1280x992.jpg 1280w, https:\/\/anfavea.com.br\/site\/wp-content\/uploads\/2020\/03\/1903-Primeiro-autom\u00f3vel-emplacado-em-S\u00e3o-Paulo-de-propriedade-de-Francisco-Matarazzo-Credito-Acervo-MIAU-980x759.jpg 980w, https:\/\/anfavea.com.br\/site\/wp-content\/uploads\/2020\/03\/1903-Primeiro-autom\u00f3vel-emplacado-em-S\u00e3o-Paulo-de-propriedade-de-Francisco-Matarazzo-Credito-Acervo-MIAU-480x372.jpg 480w\" sizes=\"(max-width: 2393px) 100vw, 2393px\" \/><\/p>\n<p style=\"text-align: left;\">\u2023 First automobile, which belonged to Francisco Matarazzo, registered in S\u00e3o Paulo. License plate P-1<\/p>\n<p>[\/diti_timeline_item][diti_timeline_item title=&#8221;1908&#8243; box_background_color=&#8221;#ffffff&#8221; badge_type=&#8221;image&#8221; image=&#8221;https:\/\/anfavea.com.br\/site\/wp-content\/uploads\/2020\/01\/timeline.png&#8221; title_text_color=&#8221;#0c71c3&#8243; _builder_version=&#8221;4.9.5&#8243; node_text_font_size=&#8221;1px&#8221; node_text_letter_spacing=&#8221;0px&#8221;]<\/p>\n<p style=\"text-align: center;\"><img decoding=\"async\" class=\"wp-image-2684 alignnone size-full\" src=\"https:\/\/anfavea.com.br\/site\/wp-content\/uploads\/2020\/03\/1908-Primeira-viagem-de-carro-do-Rio-de-Janeiro-a-S\u00e3o-Paulo-capitaneada-pelo-conde-franc\u00eas-Lesdain-Credito-Acervo-MIAU.jpg\" alt=\"\" width=\"2013\" height=\"1354\" srcset=\"https:\/\/anfavea.com.br\/site\/wp-content\/uploads\/2020\/03\/1908-Primeira-viagem-de-carro-do-Rio-de-Janeiro-a-S\u00e3o-Paulo-capitaneada-pelo-conde-franc\u00eas-Lesdain-Credito-Acervo-MIAU.jpg 2013w, https:\/\/anfavea.com.br\/site\/wp-content\/uploads\/2020\/03\/1908-Primeira-viagem-de-carro-do-Rio-de-Janeiro-a-S\u00e3o-Paulo-capitaneada-pelo-conde-franc\u00eas-Lesdain-Credito-Acervo-MIAU-300x202.jpg 300w, https:\/\/anfavea.com.br\/site\/wp-content\/uploads\/2020\/03\/1908-Primeira-viagem-de-carro-do-Rio-de-Janeiro-a-S\u00e3o-Paulo-capitaneada-pelo-conde-franc\u00eas-Lesdain-Credito-Acervo-MIAU-1024x689.jpg 1024w, https:\/\/anfavea.com.br\/site\/wp-content\/uploads\/2020\/03\/1908-Primeira-viagem-de-carro-do-Rio-de-Janeiro-a-S\u00e3o-Paulo-capitaneada-pelo-conde-franc\u00eas-Lesdain-Credito-Acervo-MIAU-768x517.jpg 768w, https:\/\/anfavea.com.br\/site\/wp-content\/uploads\/2020\/03\/1908-Primeira-viagem-de-carro-do-Rio-de-Janeiro-a-S\u00e3o-Paulo-capitaneada-pelo-conde-franc\u00eas-Lesdain-Credito-Acervo-MIAU-1536x1033.jpg 1536w, https:\/\/anfavea.com.br\/site\/wp-content\/uploads\/2020\/03\/1908-Primeira-viagem-de-carro-do-Rio-de-Janeiro-a-S\u00e3o-Paulo-capitaneada-pelo-conde-franc\u00eas-Lesdain-Credito-Acervo-MIAU-1080x726.jpg 1080w, https:\/\/anfavea.com.br\/site\/wp-content\/uploads\/2020\/03\/1908-Primeira-viagem-de-carro-do-Rio-de-Janeiro-a-S\u00e3o-Paulo-capitaneada-pelo-conde-franc\u00eas-Lesdain-Credito-Acervo-MIAU-1280x861.jpg 1280w, https:\/\/anfavea.com.br\/site\/wp-content\/uploads\/2020\/03\/1908-Primeira-viagem-de-carro-do-Rio-de-Janeiro-a-S\u00e3o-Paulo-capitaneada-pelo-conde-franc\u00eas-Lesdain-Credito-Acervo-MIAU-980x659.jpg 980w, https:\/\/anfavea.com.br\/site\/wp-content\/uploads\/2020\/03\/1908-Primeira-viagem-de-carro-do-Rio-de-Janeiro-a-S\u00e3o-Paulo-capitaneada-pelo-conde-franc\u00eas-Lesdain-Credito-Acervo-MIAU-480x323.jpg 480w\" sizes=\"(max-width: 2013px) 100vw, 2013px\" \/><\/p>\n<p style=\"text-align: left;\">\u2023\u00a0First trip from Rio de Janeiro to S\u00e3o Paulo made by car, captained by the French noble Lesdain. 700 km in 33 days on board a 16 cv Brasier vehicle<\/p>\n<p style=\"text-align: left;\">\u2023\u00a0First trip from S\u00e3o Paulo to Santos completed in a 30 cv Motobloc vehicle. 36 hours from one destination to another<\/p>\n<p>[\/diti_timeline_item][diti_timeline_item title=&#8221;1911&#8243; box_background_color=&#8221;#ffffff&#8221; badge_type=&#8221;image&#8221; image=&#8221;https:\/\/anfavea.com.br\/site\/wp-content\/uploads\/2020\/01\/timeline.png&#8221; title_text_color=&#8221;#0c71c3&#8243; _builder_version=&#8221;4.9.5&#8243; node_text_font_size=&#8221;1px&#8221; node_text_letter_spacing=&#8221;0px&#8221;]<\/p>\n<p style=\"text-align: center;\"><strong><img decoding=\"async\" class=\"wp-image-2685 alignnone size-full\" src=\"https:\/\/anfavea.com.br\/site\/wp-content\/uploads\/2020\/03\/1911-Surge-a-primeira-revista-automotiva-brasileira-a-Revista-de-Autom\u00f3veis-Cr\u00e9dito-Acervo-MIAU.jpg\" alt=\"\" width=\"399\" height=\"535\" srcset=\"https:\/\/anfavea.com.br\/site\/wp-content\/uploads\/2020\/03\/1911-Surge-a-primeira-revista-automotiva-brasileira-a-Revista-de-Autom\u00f3veis-Cr\u00e9dito-Acervo-MIAU.jpg 399w, https:\/\/anfavea.com.br\/site\/wp-content\/uploads\/2020\/03\/1911-Surge-a-primeira-revista-automotiva-brasileira-a-Revista-de-Autom\u00f3veis-Cr\u00e9dito-Acervo-MIAU-224x300.jpg 224w\" sizes=\"(max-width: 399px) 100vw, 399px\" \/><\/strong><\/p>\n<p style=\"text-align: left;\">\u2023\u00a0The first Brazilian automotive magazine, Revista de Automov\u00e9is, is launched in Rio de Janeiro<\/p>\n<p>[\/diti_timeline_item][diti_timeline_item title=&#8221;1913&#8243; box_background_color=&#8221;#ffffff&#8221; badge_type=&#8221;image&#8221; image=&#8221;https:\/\/anfavea.com.br\/site\/wp-content\/uploads\/2020\/01\/timeline.png&#8221; title_text_color=&#8221;#0c71c3&#8243; _builder_version=&#8221;4.9.5&#8243; node_text_font_size=&#8221;1px&#8221; node_text_letter_spacing=&#8221;0px&#8221;]<\/p>\n<p style=\"text-align: left;\">\u2023 First trip by car from S\u00e3o Paulo to Curitiba is completed in 12 days in a Fiat vehicle<\/p>\n<p>[\/diti_timeline_item][diti_timeline_item title=&#8221;1917&#8243; box_background_color=&#8221;#ffffff&#8221; badge_type=&#8221;image&#8221; image=&#8221;https:\/\/anfavea.com.br\/site\/wp-content\/uploads\/2020\/01\/timeline.png&#8221; title_text_color=&#8221;#0c71c3&#8243; _builder_version=&#8221;4.9.5&#8243; node_text_font_size=&#8221;1px&#8221; node_text_letter_spacing=&#8221;0px&#8221;]<\/p>\n<p style=\"text-align: left;\">\u2023\u00a0S\u00e3o Paulo state already has a fleet of 2.6 thousand automobiles<\/p>\n<p>[\/diti_timeline_item][diti_timeline_item title=&#8221;1918&#8243; box_background_color=&#8221;#ffffff&#8221; badge_type=&#8221;image&#8221; image=&#8221;https:\/\/anfavea.com.br\/site\/wp-content\/uploads\/2020\/01\/timeline.png&#8221; title_text_color=&#8221;#0c71c3&#8243; _builder_version=&#8221;4.9.5&#8243; node_text_font_size=&#8221;1px&#8221; node_text_letter_spacing=&#8221;0px&#8221;]<\/p>\n<p style=\"text-align: left;\">\u2023\u00a0The first female motorist in S\u00e3o Paulo, the wife of the commander of the Port of Santos, operates her automobile under protest from traditional families<\/p>\n<p>[\/diti_timeline_item][diti_timeline_item title=&#8221;1919&#8243; box_background_color=&#8221;#ffffff&#8221; badge_type=&#8221;image&#8221; image=&#8221;https:\/\/anfavea.com.br\/site\/wp-content\/uploads\/2020\/01\/timeline.png&#8221; title_text_color=&#8221;#0c71c3&#8243; _builder_version=&#8221;4.9.5&#8243; node_text_font_size=&#8221;1px&#8221; node_text_letter_spacing=&#8221;0px&#8221;]<\/p>\n<p style=\"text-align: left;\">\u2023<span>\u00a0Ford\u2019s head office in the United States opens a Brazilian branch. It is the first assembly plant to be built in Brazil. Model Ts began to be assembled in downtown S\u00e3o Paulo.<\/span><\/p>\n<p>[\/diti_timeline_item][diti_timeline_item title=&#8221;1921&#8243; box_background_color=&#8221;#ffffff&#8221; badge_type=&#8221;image&#8221; image=&#8221;https:\/\/anfavea.com.br\/site\/wp-content\/uploads\/2020\/01\/timeline.png&#8221; title_text_color=&#8221;#0c71c3&#8243; _builder_version=&#8221;4.9.5&#8243; node_text_font_size=&#8221;1px&#8221; node_text_letter_spacing=&#8221;0px&#8221;]<\/p>\n<p style=\"text-align: center;\"><img decoding=\"async\" class=\"wp-image-2686 alignnone size-full\" src=\"https:\/\/anfavea.com.br\/site\/wp-content\/uploads\/2020\/03\/1921-Ford-brasileira-se-muda-para-pr\u00e9dio-pr\u00f3prio-constru\u00eddo-no-bairro-do-Bom-Retiro-Credito-Acervo-MIAU.jpg\" alt=\"\" width=\"1200\" height=\"800\" srcset=\"https:\/\/anfavea.com.br\/site\/wp-content\/uploads\/2020\/03\/1921-Ford-brasileira-se-muda-para-pr\u00e9dio-pr\u00f3prio-constru\u00eddo-no-bairro-do-Bom-Retiro-Credito-Acervo-MIAU.jpg 1200w, https:\/\/anfavea.com.br\/site\/wp-content\/uploads\/2020\/03\/1921-Ford-brasileira-se-muda-para-pr\u00e9dio-pr\u00f3prio-constru\u00eddo-no-bairro-do-Bom-Retiro-Credito-Acervo-MIAU-300x200.jpg 300w, https:\/\/anfavea.com.br\/site\/wp-content\/uploads\/2020\/03\/1921-Ford-brasileira-se-muda-para-pr\u00e9dio-pr\u00f3prio-constru\u00eddo-no-bairro-do-Bom-Retiro-Credito-Acervo-MIAU-1024x683.jpg 1024w, https:\/\/anfavea.com.br\/site\/wp-content\/uploads\/2020\/03\/1921-Ford-brasileira-se-muda-para-pr\u00e9dio-pr\u00f3prio-constru\u00eddo-no-bairro-do-Bom-Retiro-Credito-Acervo-MIAU-768x512.jpg 768w, https:\/\/anfavea.com.br\/site\/wp-content\/uploads\/2020\/03\/1921-Ford-brasileira-se-muda-para-pr\u00e9dio-pr\u00f3prio-constru\u00eddo-no-bairro-do-Bom-Retiro-Credito-Acervo-MIAU-1080x720.jpg 1080w, https:\/\/anfavea.com.br\/site\/wp-content\/uploads\/2020\/03\/1921-Ford-brasileira-se-muda-para-pr\u00e9dio-pr\u00f3prio-constru\u00eddo-no-bairro-do-Bom-Retiro-Credito-Acervo-MIAU-980x653.jpg 980w, https:\/\/anfavea.com.br\/site\/wp-content\/uploads\/2020\/03\/1921-Ford-brasileira-se-muda-para-pr\u00e9dio-pr\u00f3prio-constru\u00eddo-no-bairro-do-Bom-Retiro-Credito-Acervo-MIAU-480x320.jpg 480w\" sizes=\"(max-width: 1200px) 100vw, 1200px\" \/><\/p>\n<p style=\"text-align: left;\">\u2023<span> The Brazilian Ford branch moves into its own building in the Bom Retiro neighborhood.<\/span><\/p>\n<p style=\"text-align: left;\">\u2023<span>\u00a0The S\u00e3o Paulo-Campinas highway is inaugurated, the first highway in Brazil built specifically for car and truck traffic.<\/span><\/p>\n<p>[\/diti_timeline_item][diti_timeline_item title=&#8221;1925&#8243; box_background_color=&#8221;#ffffff&#8221; badge_type=&#8221;image&#8221; image=&#8221;https:\/\/anfavea.com.br\/site\/wp-content\/uploads\/2020\/01\/timeline.png&#8221; title_text_color=&#8221;#0c71c3&#8243; _builder_version=&#8221;4.9.5&#8243; node_text_font_size=&#8221;1px&#8221; node_text_letter_spacing=&#8221;0px&#8221;]<\/p>\n<p style=\"text-align: center;\"><img decoding=\"async\" class=\"wp-image-2687 alignnone size-full\" src=\"https:\/\/anfavea.com.br\/site\/wp-content\/uploads\/2020\/03\/1925-A-General-Motors-instala-uma-filial-no-Brasil-Credito-Acervo-MIAU.jpeg\" alt=\"\" width=\"1508\" height=\"1187\" srcset=\"https:\/\/anfavea.com.br\/site\/wp-content\/uploads\/2020\/03\/1925-A-General-Motors-instala-uma-filial-no-Brasil-Credito-Acervo-MIAU.jpeg 1508w, https:\/\/anfavea.com.br\/site\/wp-content\/uploads\/2020\/03\/1925-A-General-Motors-instala-uma-filial-no-Brasil-Credito-Acervo-MIAU-1280x1008.jpeg 1280w, https:\/\/anfavea.com.br\/site\/wp-content\/uploads\/2020\/03\/1925-A-General-Motors-instala-uma-filial-no-Brasil-Credito-Acervo-MIAU-980x771.jpeg 980w, https:\/\/anfavea.com.br\/site\/wp-content\/uploads\/2020\/03\/1925-A-General-Motors-instala-uma-filial-no-Brasil-Credito-Acervo-MIAU-480x378.jpeg 480w\" sizes=\"(min-width: 0px) and (max-width: 480px) 480px, (min-width: 481px) and (max-width: 980px) 980px, (min-width: 981px) and (max-width: 1280px) 1280px, (min-width: 1281px) 1508px, 100vw\" \/><\/p>\n<p style=\"text-align: left;\">\u2023<span> General Motors opens a branch in Brazil<\/p>\n<p><\/span>\u2023<span>\u00a0The 1st Brazilian Automotive and Driving Exhibition, a predecessor of the S\u00e3o Paulo International Motor Show, is held at the Palace of Industry in S\u00e3o Paulo<\/span><\/p>\n<p>[\/diti_timeline_item][diti_timeline_item title=&#8221;1926&#8243; box_background_color=&#8221;#ffffff&#8221; badge_type=&#8221;image&#8221; image=&#8221;https:\/\/anfavea.com.br\/site\/wp-content\/uploads\/2020\/01\/timeline.png&#8221; title_text_color=&#8221;#0c71c3&#8243; _builder_version=&#8221;4.9.5&#8243; node_text_font_size=&#8221;1px&#8221; node_text_letter_spacing=&#8221;0px&#8221;]<\/p>\n<p>\u2023\u00a0 International Haverster do Brasil, a truck manufacturer, was founded. It is the first automaker in the commercial vehicle segment to establish itself in the country<\/p>\n<p>[\/diti_timeline_item][diti_timeline_item title=&#8221;1930&#8243; box_background_color=&#8221;#ffffff&#8221; badge_type=&#8221;image&#8221; image=&#8221;https:\/\/anfavea.com.br\/site\/wp-content\/uploads\/2020\/01\/timeline.png&#8221; title_text_color=&#8221;#0c71c3&#8243; _builder_version=&#8221;4.9.5&#8243; node_text_font_size=&#8221;1px&#8221; node_text_letter_spacing=&#8221;0px&#8221;]<\/p>\n<p style=\"text-align: center;\"><img decoding=\"async\" class=\"wp-image-2692 size-full\" src=\"https:\/\/anfavea.com.br\/site\/wp-content\/uploads\/2020\/03\/1930-General-Motors-inaugura-unidade-em-S\u00e3o-Caetano-do-Sul-Credito-Acervo-MIAU.jpg\" alt=\"\" width=\"1512\" height=\"731\" srcset=\"https:\/\/anfavea.com.br\/site\/wp-content\/uploads\/2020\/03\/1930-General-Motors-inaugura-unidade-em-S\u00e3o-Caetano-do-Sul-Credito-Acervo-MIAU.jpg 1512w, https:\/\/anfavea.com.br\/site\/wp-content\/uploads\/2020\/03\/1930-General-Motors-inaugura-unidade-em-S\u00e3o-Caetano-do-Sul-Credito-Acervo-MIAU-300x145.jpg 300w, https:\/\/anfavea.com.br\/site\/wp-content\/uploads\/2020\/03\/1930-General-Motors-inaugura-unidade-em-S\u00e3o-Caetano-do-Sul-Credito-Acervo-MIAU-1024x495.jpg 1024w, https:\/\/anfavea.com.br\/site\/wp-content\/uploads\/2020\/03\/1930-General-Motors-inaugura-unidade-em-S\u00e3o-Caetano-do-Sul-Credito-Acervo-MIAU-768x371.jpg 768w, https:\/\/anfavea.com.br\/site\/wp-content\/uploads\/2020\/03\/1930-General-Motors-inaugura-unidade-em-S\u00e3o-Caetano-do-Sul-Credito-Acervo-MIAU-1080x522.jpg 1080w, https:\/\/anfavea.com.br\/site\/wp-content\/uploads\/2020\/03\/1930-General-Motors-inaugura-unidade-em-S\u00e3o-Caetano-do-Sul-Credito-Acervo-MIAU-1280x619.jpg 1280w, https:\/\/anfavea.com.br\/site\/wp-content\/uploads\/2020\/03\/1930-General-Motors-inaugura-unidade-em-S\u00e3o-Caetano-do-Sul-Credito-Acervo-MIAU-980x474.jpg 980w, https:\/\/anfavea.com.br\/site\/wp-content\/uploads\/2020\/03\/1930-General-Motors-inaugura-unidade-em-S\u00e3o-Caetano-do-Sul-Credito-Acervo-MIAU-480x232.jpg 480w\" sizes=\"(max-width: 1512px) 100vw, 1512px\" \/><\/p>\n<p>\u2023<span>\u00a0General Motors opens a new branch in S\u00e3o Caetano do Sul, SP<\/span><\/p>\n<p>[\/diti_timeline_item][diti_timeline_item title=&#8221;1939&#8243; box_background_color=&#8221;#ffffff&#8221; badge_type=&#8221;image&#8221; image=&#8221;https:\/\/anfavea.com.br\/site\/wp-content\/uploads\/2020\/01\/timeline.png&#8221; title_text_color=&#8221;#0c71c3&#8243; _builder_version=&#8221;4.9.5&#8243; node_text_font_size=&#8221;1px&#8221; node_text_letter_spacing=&#8221;0px&#8221;]<\/p>\n<p style=\"text-align: center;\"><img decoding=\"async\" class=\"wp-image-2693 alignnone size-full\" src=\"https:\/\/anfavea.com.br\/site\/wp-content\/uploads\/2020\/03\/1939-Nova-estrada-de-rodagem-S\u00e3o-Paulo-Santos-\u00e9-batizada-de-Via-Anchieta-Credito-Acervo-MIAU.jpg\" alt=\"\" width=\"550\" height=\"783\" srcset=\"https:\/\/anfavea.com.br\/site\/wp-content\/uploads\/2020\/03\/1939-Nova-estrada-de-rodagem-S\u00e3o-Paulo-Santos-\u00e9-batizada-de-Via-Anchieta-Credito-Acervo-MIAU.jpg 550w, https:\/\/anfavea.com.br\/site\/wp-content\/uploads\/2020\/03\/1939-Nova-estrada-de-rodagem-S\u00e3o-Paulo-Santos-\u00e9-batizada-de-Via-Anchieta-Credito-Acervo-MIAU-211x300.jpg 211w, https:\/\/anfavea.com.br\/site\/wp-content\/uploads\/2020\/03\/1939-Nova-estrada-de-rodagem-S\u00e3o-Paulo-Santos-\u00e9-batizada-de-Via-Anchieta-Credito-Acervo-MIAU-480x683.jpg 480w\" sizes=\"(max-width: 550px) 100vw, 550px\" \/><\/p>\n<p>\u2023\u00a0Massey-Harris opens a branch in Porto Alegre, RS. Its agricultural machinery carries out the first mechanized rice harvest in Brazil<\/p>\n<p>\u2023\u00a0New S\u00e3o Paulo-Santos highway is named Via Anchieta<\/p>\n<p>[\/diti_timeline_item][diti_timeline_item title=&#8221;1940&#8243; box_background_color=&#8221;#ffffff&#8221; badge_type=&#8221;image&#8221; image=&#8221;https:\/\/anfavea.com.br\/site\/wp-content\/uploads\/2020\/01\/timeline.png&#8221; title_text_color=&#8221;#0c71c3&#8243; _builder_version=&#8221;4.9.5&#8243; node_text_font_size=&#8221;1px&#8221; node_text_letter_spacing=&#8221;0px&#8221;]<\/p>\n<p style=\"text-align: center;\"><img decoding=\"async\" class=\"wp-image-4396 alignnone size-full\" src=\"https:\/\/anfavea.com.br\/site\/wp-content\/uploads\/2021\/07\/1940-Autodromo-de-Interlagos.jpg\" alt=\"\" width=\"399\" height=\"298\" \/><\/p>\n<p>\u2023<span>\u00a0The Interlagos Speedway is inaugurated<\/span><\/p>\n<p>\u2023<span>\u00a0The first trip from S\u00e3o Paulo to Fortaleza by car is completed in a Chevrolet in 25 days<\/span><\/p>\n<p>[\/diti_timeline_item][diti_timeline_item title=&#8221;1941&#8243; box_background_color=&#8221;#ffffff&#8221; badge_type=&#8221;image&#8221; image=&#8221;https:\/\/anfavea.com.br\/site\/wp-content\/uploads\/2020\/01\/timeline.png&#8221; title_text_color=&#8221;#0c71c3&#8243; _builder_version=&#8221;4.9.5&#8243; node_text_font_size=&#8221;1px&#8221; node_text_letter_spacing=&#8221;0px&#8221;]<\/p>\n<p>\u2023\u00a0Foundation of Companhia Sider\u00fargica Nacional, CSN<\/p>\n<p>[\/diti_timeline_item][diti_timeline_item title=&#8221;1942&#8243; box_background_color=&#8221;#ffffff&#8221; badge_type=&#8221;image&#8221; image=&#8221;https:\/\/anfavea.com.br\/site\/wp-content\/uploads\/2020\/01\/timeline.png&#8221; title_text_color=&#8221;#0c71c3&#8243; _builder_version=&#8221;4.9.5&#8243; node_text_font_size=&#8221;1px&#8221; node_text_letter_spacing=&#8221;0px&#8221;]<\/p>\n<p>\u2023\u00a0Inauguration of the National Engine Factory, FNM<\/p>\n<p>[\/diti_timeline_item][diti_timeline_item title=&#8221;1945&#8243; box_background_color=&#8221;#ffffff&#8221; badge_type=&#8221;image&#8221; image=&#8221;https:\/\/anfavea.com.br\/site\/wp-content\/uploads\/2020\/01\/timeline.png&#8221; title_text_color=&#8221;#0c71c3&#8243; _builder_version=&#8221;4.9.5&#8243; node_text_font_size=&#8221;1px&#8221; node_text_letter_spacing=&#8221;0px&#8221;]<\/p>\n<p>\u2023\u00a0Sudebaker Automobile Distributor founded, which gave rise to Vemag<\/p>\n<p>[\/diti_timeline_item][diti_timeline_item title=&#8221;1948&#8243; box_background_color=&#8221;#ffffff&#8221; badge_type=&#8221;image&#8221; image=&#8221;https:\/\/anfavea.com.br\/site\/wp-content\/uploads\/2020\/01\/timeline.png&#8221; title_text_color=&#8221;#0c71c3&#8243; _builder_version=&#8221;4.9.5&#8243; node_text_font_size=&#8221;1px&#8221; node_text_letter_spacing=&#8221;0px&#8221;]<\/p>\n<p>\u2023\u00a0General Motors do Brasil produces the first all-metal bus body with domestic raw material<\/p>\n<p>[\/diti_timeline_item][diti_timeline_item title=&#8221;1950&#8243; box_background_color=&#8221;#ffffff&#8221; badge_type=&#8221;image&#8221; image=&#8221;https:\/\/anfavea.com.br\/site\/wp-content\/uploads\/2020\/01\/timeline.png&#8221; title_text_color=&#8221;#0c71c3&#8243; _builder_version=&#8221;4.9.5&#8243; node_text_font_size=&#8221;1px&#8221; node_text_letter_spacing=&#8221;0px&#8221;]<\/p>\n<p style=\"text-align: center;\"><a href=\"https:\/\/anfavea.com.br\/site\/wp-content\/uploads\/2020\/03\/1950-FNM-fecha-acordo-com-a-Alfa-Romeo-para-produzir-caminh\u00f5es-Credito-Dana-Jean-Manzon2.mp4\" target=\"_blank\" rel=\"noopener\"><img decoding=\"async\" class=\"wp-image-4460 alignnone size-full\" src=\"https:\/\/anfavea.com.br\/site\/wp-content\/uploads\/2021\/08\/new.jpg\" alt=\"\" width=\"800\" height=\"602\" srcset=\"https:\/\/anfavea.com.br\/site\/wp-content\/uploads\/2021\/08\/new.jpg 800w, https:\/\/anfavea.com.br\/site\/wp-content\/uploads\/2021\/08\/new-480x361.jpg 480w\" sizes=\"(min-width: 0px) and (max-width: 480px) 480px, (min-width: 481px) 800px, 100vw\" \/><\/a><\/p>\n<p>\u2023<span> FNM signs agreement to produce trucks with Alfa Romeo <\/span><\/p>\n<p>[\/diti_timeline_item][diti_timeline_item title=&#8221;1951&#8243; box_background_color=&#8221;#ffffff&#8221; badge_type=&#8221;image&#8221; image=&#8221;https:\/\/anfavea.com.br\/site\/wp-content\/uploads\/2020\/01\/timeline.png&#8221; title_text_color=&#8221;#0c71c3&#8243; _builder_version=&#8221;4.9.5&#8243; node_text_font_size=&#8221;1px&#8221; node_text_letter_spacing=&#8221;0px&#8221;]<\/p>\n<p>\u2023 The Association of Automobile Parts and Similar Industry is founded, the embryo of Sindipe\u00e7as<\/p>\n<p>[\/diti_timeline_item][diti_timeline_item title=&#8221;1952&#8243; box_background_color=&#8221;#ffffff&#8221; badge_type=&#8221;image&#8221; image=&#8221;https:\/\/anfavea.com.br\/site\/wp-content\/uploads\/2020\/01\/timeline.png&#8221; title_text_color=&#8221;#0c71c3&#8243; _builder_version=&#8221;4.9.5&#8243; node_text_font_size=&#8221;1px&#8221; node_text_letter_spacing=&#8221;0px&#8221;]<\/p>\n<p>\u2023<span> The Subcommittee for Jeeps, Tractors, Trucks and Automobiles is established for the purposes of facilitating investments in Brazil\u2019s automotive industry<\/span><\/p>\n<p>\u2023<span>\u00a0Willys Overland do Brasil is founded<\/span><\/p>\n<p>[\/diti_timeline_item][diti_timeline_item title=&#8221;1953&#8243; box_background_color=&#8221;#ffffff&#8221; badge_type=&#8221;image&#8221; image=&#8221;https:\/\/anfavea.com.br\/site\/wp-content\/uploads\/2020\/01\/timeline.png&#8221; title_text_color=&#8221;#0c71c3&#8243; _builder_version=&#8221;4.9.5&#8243; node_text_font_size=&#8221;1px&#8221; node_text_letter_spacing=&#8221;0px&#8221;]<\/p>\n<p style=\"text-align: center;\"><img decoding=\"async\" class=\"wp-image-2698 alignnone size-full\" src=\"https:\/\/anfavea.com.br\/site\/wp-content\/uploads\/2020\/03\/1953-Fundada-a-Volkswagen-do-Brasil-com-montagem-de-ve\u00edculos-Sedan-e-Kombi-no-bairro-do-Ipiranga-Credito-Acervo-MIAU.jpg\" alt=\"\" width=\"1128\" height=\"734\" srcset=\"https:\/\/anfavea.com.br\/site\/wp-content\/uploads\/2020\/03\/1953-Fundada-a-Volkswagen-do-Brasil-com-montagem-de-ve\u00edculos-Sedan-e-Kombi-no-bairro-do-Ipiranga-Credito-Acervo-MIAU.jpg 1128w, https:\/\/anfavea.com.br\/site\/wp-content\/uploads\/2020\/03\/1953-Fundada-a-Volkswagen-do-Brasil-com-montagem-de-ve\u00edculos-Sedan-e-Kombi-no-bairro-do-Ipiranga-Credito-Acervo-MIAU-300x195.jpg 300w, https:\/\/anfavea.com.br\/site\/wp-content\/uploads\/2020\/03\/1953-Fundada-a-Volkswagen-do-Brasil-com-montagem-de-ve\u00edculos-Sedan-e-Kombi-no-bairro-do-Ipiranga-Credito-Acervo-MIAU-1024x666.jpg 1024w, https:\/\/anfavea.com.br\/site\/wp-content\/uploads\/2020\/03\/1953-Fundada-a-Volkswagen-do-Brasil-com-montagem-de-ve\u00edculos-Sedan-e-Kombi-no-bairro-do-Ipiranga-Credito-Acervo-MIAU-768x500.jpg 768w, https:\/\/anfavea.com.br\/site\/wp-content\/uploads\/2020\/03\/1953-Fundada-a-Volkswagen-do-Brasil-com-montagem-de-ve\u00edculos-Sedan-e-Kombi-no-bairro-do-Ipiranga-Credito-Acervo-MIAU-1080x703.jpg 1080w, https:\/\/anfavea.com.br\/site\/wp-content\/uploads\/2020\/03\/1953-Fundada-a-Volkswagen-do-Brasil-com-montagem-de-ve\u00edculos-Sedan-e-Kombi-no-bairro-do-Ipiranga-Credito-Acervo-MIAU-980x638.jpg 980w, https:\/\/anfavea.com.br\/site\/wp-content\/uploads\/2020\/03\/1953-Fundada-a-Volkswagen-do-Brasil-com-montagem-de-ve\u00edculos-Sedan-e-Kombi-no-bairro-do-Ipiranga-Credito-Acervo-MIAU-480x312.jpg 480w\" sizes=\"(max-width: 1128px) 100vw, 1128px\" \/><\/p>\n<p>\u2023<span> Volkswagen do Brasil is founded and assembly of Fusca (VW Beetle) and Kombi (VW Vans) begins in Ipiranga neighborhood<\/span><\/p>\n<p>\u2023<span> Mercedes-Benz do Brasil is founded<\/span><\/p>\n<p>&nbsp;<\/p>\n<p>\u2023<span>\u00a0The 1st National Auto Parts Industry Exhibition is held in Rio de Janeiro<\/span><\/p>\n<p>\u2023<span>\u00a0The importation of completely assembled vehicles becomes prohibited<\/span><\/p>\n<p>\u2023<span>\u00a0Petrobras is founded<\/span><\/p>\n<p style=\"text-align: center;\"><img decoding=\"async\" class=\"wp-image-4398 alignnone size-full\" src=\"https:\/\/anfavea.com.br\/site\/wp-content\/uploads\/2021\/07\/1953-Ford-Ipiranga.jpg\" alt=\"\" width=\"800\" height=\"598\" srcset=\"https:\/\/anfavea.com.br\/site\/wp-content\/uploads\/2021\/07\/1953-Ford-Ipiranga.jpg 800w, https:\/\/anfavea.com.br\/site\/wp-content\/uploads\/2021\/07\/1953-Ford-Ipiranga-480x359.jpg 480w\" sizes=\"(min-width: 0px) and (max-width: 480px) 480px, (min-width: 481px) 800px, 100vw\" \/><\/p>\n<p>\u2023<span>\u00a0Ford inaugurates manufacturing plant in Ipiranga, in S\u00e3o Paulo<\/span><\/p>\n<p style=\"text-align: center;\">\u00a0<img decoding=\"async\" class=\"wp-image-4399 alignnone size-full\" src=\"https:\/\/anfavea.com.br\/site\/wp-content\/uploads\/2021\/07\/1953-Caterpillar-Fabrica-Santo-Amaro.jpg\" alt=\"\" width=\"800\" height=\"520\" srcset=\"https:\/\/anfavea.com.br\/site\/wp-content\/uploads\/2021\/07\/1953-Caterpillar-Fabrica-Santo-Amaro.jpg 800w, https:\/\/anfavea.com.br\/site\/wp-content\/uploads\/2021\/07\/1953-Caterpillar-Fabrica-Santo-Amaro-480x312.jpg 480w\" sizes=\"(min-width: 0px) and (max-width: 480px) 480px, (min-width: 481px) 800px, 100vw\" \/><\/p>\n<p>\u2023\u00a0Caterpillar establishes plant in Santo Amaro, in S\u00e3o Paulo<\/p>\n<p>[\/diti_timeline_item][diti_timeline_item title=&#8221;1954&#8243; box_background_color=&#8221;#ffffff&#8221; badge_type=&#8221;image&#8221; image=&#8221;https:\/\/anfavea.com.br\/site\/wp-content\/uploads\/2020\/01\/timeline.png&#8221; title_text_color=&#8221;#0c71c3&#8243; _builder_version=&#8221;4.9.5&#8243; node_text_font_size=&#8221;1px&#8221; node_text_letter_spacing=&#8221;0px&#8221;]<\/p>\n<p>\u2023<span>\u00a0Caterpillar arrives in Brazil with the opening of a branch for parts and components in S\u00e3o Paulo, SP<\/span><\/p>\n<p>[\/diti_timeline_item][diti_timeline_item title=&#8221;1955&#8243; box_background_color=&#8221;#ffffff&#8221; badge_type=&#8221;image&#8221; image=&#8221;https:\/\/anfavea.com.br\/site\/wp-content\/uploads\/2020\/01\/timeline.png&#8221; title_text_color=&#8221;#0c71c3&#8243; _builder_version=&#8221;4.9.5&#8243; node_text_font_size=&#8221;1px&#8221; node_text_letter_spacing=&#8221;0px&#8221;]<\/p>\n<p>\u2023<span>\u00a0Juscelino Kubitscheck is elected president of Brazil. During his campaign, he makes a promise for vehicles that are completely produced in Brazil<\/span><\/p>\n<p>\u2023<span> Professional Association of Tractors, Trucks, Automobile, and Similar Vehicles is founded in 1962, changing its name to Sinfavea<\/span><\/p>\n<p>\u2023<span>\u00a0The first engine block is cast in Brazil and all of Latin America by Sofunge as part of an order from Mercedes-Benz<\/span><\/p>\n<p>[\/diti_timeline_item][diti_timeline_item title=&#8221;1956&#8243; box_background_color=&#8221;#ffffff&#8221; badge_type=&#8221;image&#8221; image=&#8221;https:\/\/anfavea.com.br\/site\/wp-content\/uploads\/2020\/01\/timeline.png&#8221; title_text_color=&#8221;#0c71c3&#8243; _builder_version=&#8221;4.9.5&#8243; node_text_font_size=&#8221;1px&#8221; node_text_letter_spacing=&#8221;0px&#8221;]<\/p>\n<p style=\"text-align: center;\"><img decoding=\"async\" class=\"wp-image-3847 alignnone size-full\" src=\"https:\/\/anfavea.com.br\/site\/wp-content\/uploads\/2021\/06\/Logo-1.png\" alt=\"\" width=\"1037\" height=\"861\" srcset=\"https:\/\/anfavea.com.br\/site\/wp-content\/uploads\/2021\/06\/Logo-1.png 1037w, https:\/\/anfavea.com.br\/site\/wp-content\/uploads\/2021\/06\/Logo-1-980x814.png 980w, https:\/\/anfavea.com.br\/site\/wp-content\/uploads\/2021\/06\/Logo-1-480x399.png 480w\" sizes=\"(min-width: 0px) and (max-width: 480px) 480px, (min-width: 481px) and (max-width: 980px) 980px, (min-width: 981px) 1037px, 100vw\" \/><img decoding=\"async\" class=\"wp-image-3407 alignnone size-full\" src=\"https:\/\/anfavea.com.br\/site\/wp-content\/uploads\/2021\/06\/1a-Ata-da-Assembleia-de-Constituicao-da-Anfavea_15_05_1956-1-scaled.jpg\" alt=\"\" width=\"1752\" height=\"2560\" srcset=\"https:\/\/anfavea.com.br\/site\/wp-content\/uploads\/2021\/06\/1a-Ata-da-Assembleia-de-Constituicao-da-Anfavea_15_05_1956-1-scaled.jpg 1752w, https:\/\/anfavea.com.br\/site\/wp-content\/uploads\/2021\/06\/1a-Ata-da-Assembleia-de-Constituicao-da-Anfavea_15_05_1956-1-205x300.jpg 205w, https:\/\/anfavea.com.br\/site\/wp-content\/uploads\/2021\/06\/1a-Ata-da-Assembleia-de-Constituicao-da-Anfavea_15_05_1956-1-701x1024.jpg 701w, https:\/\/anfavea.com.br\/site\/wp-content\/uploads\/2021\/06\/1a-Ata-da-Assembleia-de-Constituicao-da-Anfavea_15_05_1956-1-768x1122.jpg 768w, https:\/\/anfavea.com.br\/site\/wp-content\/uploads\/2021\/06\/1a-Ata-da-Assembleia-de-Constituicao-da-Anfavea_15_05_1956-1-1051x1536.jpg 1051w\" sizes=\"(max-width: 1752px) 100vw, 1752px\" \/><\/p>\n<p>\u2023<span> The Brazilian Association of Automotive Vehicle Manufacturers, ANFAVEA, is founded on the 15th of May<\/span><\/p>\n<p>\u2023<span> The Executive Group for the Automotive Industry, or GEIA, is formed. It creates legislation allowing the industrialization of automobiles in Brazil. GEIA approves the manufacturing of the first national design, the Vemag, by Camioneta DKW<\/span><\/p>\n<div class=\"et-fb-loader\" style=\"position: relative; margin-bottom: 40px; text-align: center;\"><img decoding=\"async\" class=\"wp-image-4458 alignnone size-full\" src=\"https:\/\/anfavea.com.br\/site\/wp-content\/uploads\/2021\/08\/tomi.jpg\" alt=\"\" width=\"800\" height=\"602\" srcset=\"https:\/\/anfavea.com.br\/site\/wp-content\/uploads\/2021\/08\/tomi.jpg 800w, https:\/\/anfavea.com.br\/site\/wp-content\/uploads\/2021\/08\/tomi-480x361.jpg 480w\" sizes=\"(min-width: 0px) and (max-width: 480px) 480px, (min-width: 481px) 800px, 100vw\" \/><\/div>\n<p>\u2023<span>\u00a0Ind\u00fastrias Romi introduces the Romi-Isetta<\/span><\/p>\n<p style=\"text-align: center;\"><strong><img decoding=\"async\" class=\"wp-image-2704 alignnone size-full\" src=\"https:\/\/anfavea.com.br\/site\/wp-content\/uploads\/2020\/03\/1956-GEIA-aprova-o-primeiro-projeto-de-produ\u00e7\u00e3o-nacional-da-Vemag-com-a-Camioneta-DKW-Credito-Acervo-MIAU.jpg\" alt=\"\" width=\"1632\" height=\"1950\" srcset=\"https:\/\/anfavea.com.br\/site\/wp-content\/uploads\/2020\/03\/1956-GEIA-aprova-o-primeiro-projeto-de-produ\u00e7\u00e3o-nacional-da-Vemag-com-a-Camioneta-DKW-Credito-Acervo-MIAU.jpg 1632w, https:\/\/anfavea.com.br\/site\/wp-content\/uploads\/2020\/03\/1956-GEIA-aprova-o-primeiro-projeto-de-produ\u00e7\u00e3o-nacional-da-Vemag-com-a-Camioneta-DKW-Credito-Acervo-MIAU-251x300.jpg 251w, https:\/\/anfavea.com.br\/site\/wp-content\/uploads\/2020\/03\/1956-GEIA-aprova-o-primeiro-projeto-de-produ\u00e7\u00e3o-nacional-da-Vemag-com-a-Camioneta-DKW-Credito-Acervo-MIAU-857x1024.jpg 857w, https:\/\/anfavea.com.br\/site\/wp-content\/uploads\/2020\/03\/1956-GEIA-aprova-o-primeiro-projeto-de-produ\u00e7\u00e3o-nacional-da-Vemag-com-a-Camioneta-DKW-Credito-Acervo-MIAU-768x918.jpg 768w, https:\/\/anfavea.com.br\/site\/wp-content\/uploads\/2020\/03\/1956-GEIA-aprova-o-primeiro-projeto-de-produ\u00e7\u00e3o-nacional-da-Vemag-com-a-Camioneta-DKW-Credito-Acervo-MIAU-1286x1536.jpg 1286w, https:\/\/anfavea.com.br\/site\/wp-content\/uploads\/2020\/03\/1956-GEIA-aprova-o-primeiro-projeto-de-produ\u00e7\u00e3o-nacional-da-Vemag-com-a-Camioneta-DKW-Credito-Acervo-MIAU-1080x1290.jpg 1080w, https:\/\/anfavea.com.br\/site\/wp-content\/uploads\/2020\/03\/1956-GEIA-aprova-o-primeiro-projeto-de-produ\u00e7\u00e3o-nacional-da-Vemag-com-a-Camioneta-DKW-Credito-Acervo-MIAU-1280x1529.jpg 1280w, https:\/\/anfavea.com.br\/site\/wp-content\/uploads\/2020\/03\/1956-GEIA-aprova-o-primeiro-projeto-de-produ\u00e7\u00e3o-nacional-da-Vemag-com-a-Camioneta-DKW-Credito-Acervo-MIAU-980x1171.jpg 980w, https:\/\/anfavea.com.br\/site\/wp-content\/uploads\/2020\/03\/1956-GEIA-aprova-o-primeiro-projeto-de-produ\u00e7\u00e3o-nacional-da-Vemag-com-a-Camioneta-DKW-Credito-Acervo-MIAU-480x574.jpg 480w\" sizes=\"(max-width: 1632px) 100vw, 1632px\" \/><\/strong><\/p>\n<p>&nbsp;<\/p>\n<p style=\"text-align: center;\"><a href=\"https:\/\/anfavea.com.br\/site\/wp-content\/uploads\/2020\/03\/1956-Inaugurada-a-f\u00e1brica-da-Mercedes-Benz-em-S\u00e3o-Bernardo-do-Campo-Credito-Dana-Jean-Manzon2.mp4\" target=\"_blank\" rel=\"noopener\"><img decoding=\"async\" class=\"wp-image-4459 alignnone size-full\" src=\"https:\/\/anfavea.com.br\/site\/wp-content\/uploads\/2021\/08\/mercedes.jpg\" alt=\"\" width=\"800\" height=\"602\" srcset=\"https:\/\/anfavea.com.br\/site\/wp-content\/uploads\/2021\/08\/mercedes.jpg 800w, https:\/\/anfavea.com.br\/site\/wp-content\/uploads\/2021\/08\/mercedes-480x361.jpg 480w\" sizes=\"(min-width: 0px) and (max-width: 480px) 480px, (min-width: 481px) 800px, 100vw\" \/><\/a><\/p>\n<p>\u2023<span>\u00a0A Mercedes-Benz plant is inaugurated in S\u00e3o Bernardo do Campo<\/span><\/p>\n<p>[\/diti_timeline_item][diti_timeline_item title=&#8221;1957&#8243; box_background_color=&#8221;#ffffff&#8221; badge_type=&#8221;image&#8221; image=&#8221;https:\/\/anfavea.com.br\/site\/wp-content\/uploads\/2020\/01\/timeline.png&#8221; title_text_color=&#8221;#0c71c3&#8243; _builder_version=&#8221;4.9.5&#8243; node_text_font_size=&#8221;1px&#8221; node_text_letter_spacing=&#8221;0px&#8221;]<\/p>\n<p>\u2023<span>\u00a0Volkswagen opens a plant in S\u00e3o Bernardo do Campo, SP, and begins producing Kombis <\/span><\/p>\n<p>\u2023<span>\u00a0Ford nationalizes truck manufacturing<\/span><\/p>\n<p>\u2023<span> Simca do Brasil is founded<\/span><\/p>\n<p>[\/diti_timeline_item][diti_timeline_item title=&#8221;1958&#8243; box_background_color=&#8221;#ffffff&#8221; badge_type=&#8221;image&#8221; image=&#8221;https:\/\/anfavea.com.br\/site\/wp-content\/uploads\/2020\/01\/timeline.png&#8221; title_text_color=&#8221;#0c71c3&#8243; _builder_version=&#8221;4.9.5&#8243; node_text_font_size=&#8221;1px&#8221; node_text_letter_spacing=&#8221;0px&#8221;]<\/p>\n<p>\u2023<span>\u00a0Toyota do Brasil is founded<\/span><\/p>\n<p>\u2023<span>\u00a0Willys and Ford open their first casting plants<\/span><\/p>\n<p>\u2023<span>\u00a0Scania begins producing trucks in Brazil<\/span><\/p>\n<p>\u2023<span>\u00a0General Motors inaugurates a manufacturing plant in S\u00e3o Caetano do Sul, SP<\/span><\/p>\n<p>\u2023<span> The Brazilian national soccer team wins its first World Cup in Sweden<\/span><\/p>\n<p>[\/diti_timeline_item][diti_timeline_item title=&#8221;1959&#8243; box_background_color=&#8221;#ffffff&#8221; badge_type=&#8221;image&#8221; image=&#8221;https:\/\/anfavea.com.br\/site\/wp-content\/uploads\/2020\/01\/timeline.png&#8221; title_text_color=&#8221;#0c71c3&#8243; _builder_version=&#8221;4.9.5&#8243; node_text_font_size=&#8221;1px&#8221; node_text_letter_spacing=&#8221;0px&#8221;]<\/p>\n<p style=\"text-align: center;\"><img decoding=\"async\" class=\"wp-image-2709 alignnone size-full\" src=\"https:\/\/anfavea.com.br\/site\/wp-content\/uploads\/2020\/03\/1959-Toyota-inicia-produ\u00e7\u00e3o-do-Bandeirante-Credito-Acervo-MIAU.jpg\" alt=\"\" width=\"1920\" height=\"1080\" srcset=\"https:\/\/anfavea.com.br\/site\/wp-content\/uploads\/2020\/03\/1959-Toyota-inicia-produ\u00e7\u00e3o-do-Bandeirante-Credito-Acervo-MIAU.jpg 1920w, https:\/\/anfavea.com.br\/site\/wp-content\/uploads\/2020\/03\/1959-Toyota-inicia-produ\u00e7\u00e3o-do-Bandeirante-Credito-Acervo-MIAU-300x169.jpg 300w, https:\/\/anfavea.com.br\/site\/wp-content\/uploads\/2020\/03\/1959-Toyota-inicia-produ\u00e7\u00e3o-do-Bandeirante-Credito-Acervo-MIAU-1024x576.jpg 1024w, https:\/\/anfavea.com.br\/site\/wp-content\/uploads\/2020\/03\/1959-Toyota-inicia-produ\u00e7\u00e3o-do-Bandeirante-Credito-Acervo-MIAU-768x432.jpg 768w, https:\/\/anfavea.com.br\/site\/wp-content\/uploads\/2020\/03\/1959-Toyota-inicia-produ\u00e7\u00e3o-do-Bandeirante-Credito-Acervo-MIAU-1536x864.jpg 1536w, https:\/\/anfavea.com.br\/site\/wp-content\/uploads\/2020\/03\/1959-Toyota-inicia-produ\u00e7\u00e3o-do-Bandeirante-Credito-Acervo-MIAU-1080x608.jpg 1080w, https:\/\/anfavea.com.br\/site\/wp-content\/uploads\/2020\/03\/1959-Toyota-inicia-produ\u00e7\u00e3o-do-Bandeirante-Credito-Acervo-MIAU-1280x720.jpg 1280w, https:\/\/anfavea.com.br\/site\/wp-content\/uploads\/2020\/03\/1959-Toyota-inicia-produ\u00e7\u00e3o-do-Bandeirante-Credito-Acervo-MIAU-980x551.jpg 980w, https:\/\/anfavea.com.br\/site\/wp-content\/uploads\/2020\/03\/1959-Toyota-inicia-produ\u00e7\u00e3o-do-Bandeirante-Credito-Acervo-MIAU-480x270.jpg 480w\" sizes=\"(max-width: 1920px) 100vw, 1920px\" \/><\/p>\n<p>\u2023<span> Toyota begins production of the Bandeirante<\/span><\/p>\n<p style=\"text-align: center;\"><img decoding=\"async\" class=\"wp-image-4438 alignnone size-full\" src=\"https:\/\/anfavea.com.br\/site\/wp-content\/uploads\/2021\/07\/scania.jpg\" alt=\"\" width=\"800\" height=\"462\" srcset=\"https:\/\/anfavea.com.br\/site\/wp-content\/uploads\/2021\/07\/scania.jpg 800w, https:\/\/anfavea.com.br\/site\/wp-content\/uploads\/2021\/07\/scania-480x277.jpg 480w\" sizes=\"(min-width: 0px) and (max-width: 480px) 480px, (min-width: 481px) 800px, 100vw\" \/><\/p>\n<p>\u2023<span> Scania inaugurates plant in Ipiranga<\/span><\/p>\n<p>\u2023<span>\u00a0Volkswagen officially inaugurates the S\u00e3o Bernardo do Campo plant and begins production of the Brazilian Fusca <\/span><\/p>\n<p>\u2023<span> Karmann-Ghia do Brasil is founded<\/span><\/p>\n<p>\u2023<span>\u00a0Simca begins production of the Brazilian Chambord <\/span><\/p>\n<p>\u2023<span>\u00a0Willys begins production of the Brazilian Dauphine<\/span><\/p>\n<p>\u2023<span>\u00a0The National Plan for Agricultural Tractors is created to stimulate production of these vehicles in Brazil<\/span><\/p>\n<p>[\/diti_timeline_item][diti_timeline_item title=&#8221;1960&#8243; box_background_color=&#8221;#ffffff&#8221; badge_type=&#8221;image&#8221; image=&#8221;https:\/\/anfavea.com.br\/site\/wp-content\/uploads\/2020\/01\/timeline.png&#8221; title_text_color=&#8221;#0c71c3&#8243; _builder_version=&#8221;4.9.5&#8243; node_text_font_size=&#8221;1px&#8221; node_text_letter_spacing=&#8221;0px&#8221; hover_enabled=&#8221;0&#8243; sticky_enabled=&#8221;0&#8243;]<\/p>\n<div style=\"width: 478px;\" class=\"wp-video\"><video class=\"wp-video-shortcode\" id=\"video-4684-1\" width=\"478\" height=\"360\" preload=\"metadata\" controls=\"controls\"><source type=\"video\/mp4\" src=\"https:\/\/anfavea.com.br\/site\/wp-content\/uploads\/2022\/06\/WhatsApp-Video-2022-06-29-at-11.40.49.mp4?_=1\" \/><a href=\"https:\/\/anfavea.com.br\/site\/wp-content\/uploads\/2022\/06\/WhatsApp-Video-2022-06-29-at-11.40.49.mp4\">https:\/\/anfavea.com.br\/site\/wp-content\/uploads\/2022\/06\/WhatsApp-Video-2022-06-29-at-11.40.49.mp4<\/a><\/video><\/div>\n<p>&nbsp;<\/p>\n<p>\u2023<span>\u00a0The 1st S\u00e3o Paulo International Motor Show is held in Ibirapuera park in S\u00e3o Paulo<\/span><\/p>\n<p style=\"text-align: center;\"><img decoding=\"async\" class=\"wp-image-2711 alignnone size-full\" src=\"https:\/\/anfavea.com.br\/site\/wp-content\/uploads\/2020\/03\/1960-Lan\u00e7ada-a-revista-Quatro-Rodas-Credito-Acervo-MIAU.jpg\" alt=\"\" width=\"1810\" height=\"2420\" srcset=\"https:\/\/anfavea.com.br\/site\/wp-content\/uploads\/2020\/03\/1960-Lan\u00e7ada-a-revista-Quatro-Rodas-Credito-Acervo-MIAU.jpg 1810w, https:\/\/anfavea.com.br\/site\/wp-content\/uploads\/2020\/03\/1960-Lan\u00e7ada-a-revista-Quatro-Rodas-Credito-Acervo-MIAU-224x300.jpg 224w, https:\/\/anfavea.com.br\/site\/wp-content\/uploads\/2020\/03\/1960-Lan\u00e7ada-a-revista-Quatro-Rodas-Credito-Acervo-MIAU-766x1024.jpg 766w, https:\/\/anfavea.com.br\/site\/wp-content\/uploads\/2020\/03\/1960-Lan\u00e7ada-a-revista-Quatro-Rodas-Credito-Acervo-MIAU-768x1027.jpg 768w, https:\/\/anfavea.com.br\/site\/wp-content\/uploads\/2020\/03\/1960-Lan\u00e7ada-a-revista-Quatro-Rodas-Credito-Acervo-MIAU-1149x1536.jpg 1149w\" sizes=\"(max-width: 1810px) 100vw, 1810px\" \/><\/p>\n<p>\u2023<span>\u00a0The magazine Quatro Rodas is launched<\/span><\/p>\n<p>\u2023<span>\u00a0ANFAVEA releases the first edition of its annual statistical report<\/span><\/p>\n<p><span>Valmet do Brasil is founded with the inauguration of a tractor manufacturing plant in Mogi das Cruzes, SP<\/span><\/p>\n<p>\u2023<span> FNM releases the JK automobile<\/span><\/p>\n<p>\u2023<span>\u00a0Companhia Brasileira de Tratores (The Brazilian Tractor Company, or CBT) is founded<\/span><\/p>\n<p>\u2023<span>\u00a0Willys introduces the Pick-Up Jeep<\/span><\/p>\n<p>\u2023<span>\u00a0Ford begins producing tractors at its Ipiranga branch<\/span><\/p>\n<p>[\/diti_timeline_item][diti_timeline_item title=&#8221;1961&#8243; box_background_color=&#8221;#ffffff&#8221; badge_type=&#8221;image&#8221; image=&#8221;https:\/\/anfavea.com.br\/site\/wp-content\/uploads\/2020\/01\/timeline.png&#8221; title_text_color=&#8221;#0c71c3&#8243; _builder_version=&#8221;4.9.5&#8243; node_text_font_size=&#8221;1px&#8221; node_text_letter_spacing=&#8221;0px&#8221;]<\/p>\n<p style=\"text-align: center;\"><img decoding=\"async\" class=\"wp-image-2714 alignnone size-full\" src=\"https:\/\/anfavea.com.br\/site\/wp-content\/uploads\/2020\/03\/1961-Primeira-exporta\u00e7\u00e3o-brasileira-de-ve\u00edculos-comerciais-380-\u00f4nibus-Mercedes-Benz-O-321-para-Argentina-e-Venezuela-Credito-Acervo-MIAU.jpg\" alt=\"\" width=\"2498\" height=\"1934\" srcset=\"https:\/\/anfavea.com.br\/site\/wp-content\/uploads\/2020\/03\/1961-Primeira-exporta\u00e7\u00e3o-brasileira-de-ve\u00edculos-comerciais-380-\u00f4nibus-Mercedes-Benz-O-321-para-Argentina-e-Venezuela-Credito-Acervo-MIAU.jpg 2498w, https:\/\/anfavea.com.br\/site\/wp-content\/uploads\/2020\/03\/1961-Primeira-exporta\u00e7\u00e3o-brasileira-de-ve\u00edculos-comerciais-380-\u00f4nibus-Mercedes-Benz-O-321-para-Argentina-e-Venezuela-Credito-Acervo-MIAU-300x232.jpg 300w, https:\/\/anfavea.com.br\/site\/wp-content\/uploads\/2020\/03\/1961-Primeira-exporta\u00e7\u00e3o-brasileira-de-ve\u00edculos-comerciais-380-\u00f4nibus-Mercedes-Benz-O-321-para-Argentina-e-Venezuela-Credito-Acervo-MIAU-1024x793.jpg 1024w, https:\/\/anfavea.com.br\/site\/wp-content\/uploads\/2020\/03\/1961-Primeira-exporta\u00e7\u00e3o-brasileira-de-ve\u00edculos-comerciais-380-\u00f4nibus-Mercedes-Benz-O-321-para-Argentina-e-Venezuela-Credito-Acervo-MIAU-768x595.jpg 768w, https:\/\/anfavea.com.br\/site\/wp-content\/uploads\/2020\/03\/1961-Primeira-exporta\u00e7\u00e3o-brasileira-de-ve\u00edculos-comerciais-380-\u00f4nibus-Mercedes-Benz-O-321-para-Argentina-e-Venezuela-Credito-Acervo-MIAU-1536x1189.jpg 1536w\" sizes=\"(max-width: 2498px) 100vw, 2498px\" \/><\/p>\n<p>\u2023<span>\u00a0The first Brazilian commercial vehicles are exported: 380 Mercedes-Benz O-321 buses to Argentina and Venezuela<\/span><\/p>\n<p>\u2023<span>\u00a0Willys introduces Interlagos, the first Brazilian sports car<\/span><\/p>\n<p>\u2023<span>\u00a0Massey-Ferguson inaugurates a Brazilian tractor plant <\/span><\/p>\n<p>[\/diti_timeline_item][diti_timeline_item title=&#8221;1962&#8243; box_background_color=&#8221;#ffffff&#8221; badge_type=&#8221;image&#8221; image=&#8221;https:\/\/anfavea.com.br\/site\/wp-content\/uploads\/2020\/01\/timeline.png&#8221; title_text_color=&#8221;#0c71c3&#8243; _builder_version=&#8221;4.9.5&#8243; node_text_font_size=&#8221;1px&#8221; node_text_letter_spacing=&#8221;0px&#8221;]<\/p>\n<p style=\"text-align: center;\"><img decoding=\"async\" class=\"wp-image-2715 alignnone size-full\" src=\"https:\/\/anfavea.com.br\/site\/wp-content\/uploads\/2020\/03\/1962-Scania-inaugura-f\u00e1brica-de-S\u00e3o-Bernardo-do-Campo-Credito-Acervo-MIAU.jpg\" alt=\"\" width=\"1200\" height=\"764\" srcset=\"https:\/\/anfavea.com.br\/site\/wp-content\/uploads\/2020\/03\/1962-Scania-inaugura-f\u00e1brica-de-S\u00e3o-Bernardo-do-Campo-Credito-Acervo-MIAU.jpg 1200w, https:\/\/anfavea.com.br\/site\/wp-content\/uploads\/2020\/03\/1962-Scania-inaugura-f\u00e1brica-de-S\u00e3o-Bernardo-do-Campo-Credito-Acervo-MIAU-300x191.jpg 300w, https:\/\/anfavea.com.br\/site\/wp-content\/uploads\/2020\/03\/1962-Scania-inaugura-f\u00e1brica-de-S\u00e3o-Bernardo-do-Campo-Credito-Acervo-MIAU-1024x652.jpg 1024w, https:\/\/anfavea.com.br\/site\/wp-content\/uploads\/2020\/03\/1962-Scania-inaugura-f\u00e1brica-de-S\u00e3o-Bernardo-do-Campo-Credito-Acervo-MIAU-768x489.jpg 768w, https:\/\/anfavea.com.br\/site\/wp-content\/uploads\/2020\/03\/1962-Scania-inaugura-f\u00e1brica-de-S\u00e3o-Bernardo-do-Campo-Credito-Acervo-MIAU-1080x688.jpg 1080w, https:\/\/anfavea.com.br\/site\/wp-content\/uploads\/2020\/03\/1962-Scania-inaugura-f\u00e1brica-de-S\u00e3o-Bernardo-do-Campo-Credito-Acervo-MIAU-980x624.jpg 980w, https:\/\/anfavea.com.br\/site\/wp-content\/uploads\/2020\/03\/1962-Scania-inaugura-f\u00e1brica-de-S\u00e3o-Bernardo-do-Campo-Credito-Acervo-MIAU-480x306.jpg 480w\" sizes=\"(max-width: 1200px) 100vw, 1200px\" \/><\/p>\n<p>\u2023<span>\u00a0Scania inaugurates plant in S\u00e3o Bernardo do Campo, SP<\/span><\/p>\n<p>\u2023<span>\u00a0Willys introduces the Aero Willys, the first vehicle designed in Brazil<\/span><\/p>\n<p>\u2023<span>\u00a0VW introduces the Karmann-Ghia<\/span><\/p>\n<p>\u2023<span>\u00a0Toyota inaugurates plant in S\u00e3o Bernardo do Campo, SP<\/span><\/p>\n<p>\u2023<span>\u00a0Agrisa, the Ga\u00facho (Rio Grande do Sul) Agricultural Implements Industry is founded<\/span><\/p>\n<p>[\/diti_timeline_item][diti_timeline_item title=&#8221;1964&#8243; box_background_color=&#8221;#ffffff&#8221; badge_type=&#8221;image&#8221; image=&#8221;https:\/\/anfavea.com.br\/site\/wp-content\/uploads\/2020\/01\/timeline.png&#8221; title_text_color=&#8221;#0c71c3&#8243; _builder_version=&#8221;4.9.5&#8243; node_text_font_size=&#8221;1px&#8221; node_text_letter_spacing=&#8221;0px&#8221;]<\/p>\n<p style=\"text-align: center;\"><img decoding=\"async\" class=\"wp-image-3406 alignnone size-full\" src=\"https:\/\/anfavea.com.br\/site\/wp-content\/uploads\/2021\/06\/1-Carta_Noticias-da-ANFAVEA_1964.jpg\" alt=\"\" width=\"418\" height=\"609\" srcset=\"https:\/\/anfavea.com.br\/site\/wp-content\/uploads\/2021\/06\/1-Carta_Noticias-da-ANFAVEA_1964.jpg 418w, https:\/\/anfavea.com.br\/site\/wp-content\/uploads\/2021\/06\/1-Carta_Noticias-da-ANFAVEA_1964-206x300.jpg 206w\" sizes=\"(max-width: 418px) 100vw, 418px\" \/><\/p>\n<p>\u2023<span>\u00a0The first edition of the ANFAVEA Letter, then known as ANFAVEA News, is published<\/span><\/p>\n<p style=\"text-align: center;\"><img decoding=\"async\" class=\"wp-image-4227 alignnone size-full\" src=\"https:\/\/anfavea.com.br\/site\/wp-content\/uploads\/2021\/06\/1964-Lancada-a-revista-Autoesporte-Credito-Acervo-MIAU.jpg\" alt=\"\" width=\"838\" height=\"1104\" srcset=\"https:\/\/anfavea.com.br\/site\/wp-content\/uploads\/2021\/06\/1964-Lancada-a-revista-Autoesporte-Credito-Acervo-MIAU.jpg 838w, https:\/\/anfavea.com.br\/site\/wp-content\/uploads\/2021\/06\/1964-Lancada-a-revista-Autoesporte-Credito-Acervo-MIAU-480x632.jpg 480w\" sizes=\"(min-width: 0px) and (max-width: 480px) 480px, (min-width: 481px) 838px, 100vw\" \/><\/p>\n<p>\u2023<span>\u00a0Autoesporte magazine is launched<\/span><\/p>\n<p>[\/diti_timeline_item][diti_timeline_item title=&#8221;1965&#8243; box_background_color=&#8221;#ffffff&#8221; badge_type=&#8221;image&#8221; image=&#8221;https:\/\/anfavea.com.br\/site\/wp-content\/uploads\/2020\/01\/timeline.png&#8221; title_text_color=&#8221;#0c71c3&#8243; _builder_version=&#8221;4.9.5&#8243; node_text_font_size=&#8221;1px&#8221; node_text_letter_spacing=&#8221;0px&#8221;]<\/p>\n<p style=\"text-align: center;\"><img decoding=\"async\" class=\"wp-image-4228 alignnone size-full\" src=\"https:\/\/anfavea.com.br\/site\/wp-content\/uploads\/2021\/06\/1965-Primeira-leva-de-carros-populares-com-impostos-e-precos-mais-baratos-Credito-Acervo-MIAU.jpg\" alt=\"\" width=\"766\" height=\"503\" srcset=\"https:\/\/anfavea.com.br\/site\/wp-content\/uploads\/2021\/06\/1965-Primeira-leva-de-carros-populares-com-impostos-e-precos-mais-baratos-Credito-Acervo-MIAU.jpg 766w, https:\/\/anfavea.com.br\/site\/wp-content\/uploads\/2021\/06\/1965-Primeira-leva-de-carros-populares-com-impostos-e-precos-mais-baratos-Credito-Acervo-MIAU-480x315.jpg 480w\" sizes=\"(min-width: 0px) and (max-width: 480px) 480px, (min-width: 481px) 766px, 100vw\" \/><\/p>\n<p>\u2023<span> First wave of \u2018popular\u2019 vehicles with lower taxes and prices, is released with the DKW-Vemag Pracinha, Willys Teimoso and VW P\u00e9-de-Boi models<\/span><\/p>\n<p>\u2023<span>\u00a0Vemag introduces the Fissore, which was designed in Brazil<\/span><\/p>\n<p>\u2023<span>\u00a0Francisco St\u00e9dile acquires control of Agrisa, which is renamed Agrale and moved to Caxias do Sul, RS<\/span><\/p>\n<p>\u2023<span>\u00a0The S\u00e3o Paulo Vehicle Dealers\u2019 Association comes to be national in scope, becoming the Brazilian Association for Authorized Vehicle Resale, Abrave, afterwards known as Fenabrave<\/span><\/p>\n<p>[\/diti_timeline_item][diti_timeline_item title=&#8221;1966&#8243; box_background_color=&#8221;#ffffff&#8221; badge_type=&#8221;image&#8221; image=&#8221;https:\/\/anfavea.com.br\/site\/wp-content\/uploads\/2020\/01\/timeline.png&#8221; title_text_color=&#8221;#0c71c3&#8243; _builder_version=&#8221;4.9.5&#8243; node_text_font_size=&#8221;1px&#8221; node_text_letter_spacing=&#8221;0px&#8221;]<\/p>\n<p>\u00a0\u2023<span> Willys inaugurates Jaboat\u00e3o dos Guararapes plant in Pernambuco (1st manufacturing plant in the Northeast region of Brazil)<\/span><\/p>\n<p>\u2023<span> Chrysler purchases Simca<\/span><\/p>\n<p>[\/diti_timeline_item][diti_timeline_item title=&#8221;1967&#8243; box_background_color=&#8221;#ffffff&#8221; badge_type=&#8221;image&#8221; image=&#8221;https:\/\/anfavea.com.br\/site\/wp-content\/uploads\/2020\/01\/timeline.png&#8221; title_text_color=&#8221;#0c71c3&#8243; _builder_version=&#8221;4.9.5&#8243; node_text_font_size=&#8221;1px&#8221; node_text_letter_spacing=&#8221;0px&#8221;]<\/p>\n<p style=\"text-align: center;\"><img decoding=\"async\" class=\"wp-image-2738 alignnone size-full\" src=\"https:\/\/anfavea.com.br\/site\/wp-content\/uploads\/2020\/03\/1967-Ford-compra-a-Willys-Cr\u00e9dito-Acervo-MIAU.jpg\" alt=\"\" width=\"1405\" height=\"894\" srcset=\"https:\/\/anfavea.com.br\/site\/wp-content\/uploads\/2020\/03\/1967-Ford-compra-a-Willys-Cr\u00e9dito-Acervo-MIAU.jpg 1405w, https:\/\/anfavea.com.br\/site\/wp-content\/uploads\/2020\/03\/1967-Ford-compra-a-Willys-Cr\u00e9dito-Acervo-MIAU-300x191.jpg 300w, https:\/\/anfavea.com.br\/site\/wp-content\/uploads\/2020\/03\/1967-Ford-compra-a-Willys-Cr\u00e9dito-Acervo-MIAU-1024x652.jpg 1024w, https:\/\/anfavea.com.br\/site\/wp-content\/uploads\/2020\/03\/1967-Ford-compra-a-Willys-Cr\u00e9dito-Acervo-MIAU-768x489.jpg 768w, https:\/\/anfavea.com.br\/site\/wp-content\/uploads\/2020\/03\/1967-Ford-compra-a-Willys-Cr\u00e9dito-Acervo-MIAU-1080x687.jpg 1080w, https:\/\/anfavea.com.br\/site\/wp-content\/uploads\/2020\/03\/1967-Ford-compra-a-Willys-Cr\u00e9dito-Acervo-MIAU-1280x814.jpg 1280w, https:\/\/anfavea.com.br\/site\/wp-content\/uploads\/2020\/03\/1967-Ford-compra-a-Willys-Cr\u00e9dito-Acervo-MIAU-980x624.jpg 980w, https:\/\/anfavea.com.br\/site\/wp-content\/uploads\/2020\/03\/1967-Ford-compra-a-Willys-Cr\u00e9dito-Acervo-MIAU-480x305.jpg 480w\" sizes=\"(max-width: 1405px) 100vw, 1405px\" \/><\/p>\n<p>\u2023<span> Ford introduces the Galaxie, and in the same year purchases Willys<\/span><\/p>\n<p>\u2023<span> Volkswagen purchases Vemag<\/span><\/p>\n<p>\u2023<span> Tratores Fiat (Fiat Tractors) do Brasil is founded<\/span><\/p>\n<p>[\/diti_timeline_item][diti_timeline_item title=&#8221;1968&#8243; box_background_color=&#8221;#ffffff&#8221; badge_type=&#8221;image&#8221; image=&#8221;https:\/\/anfavea.com.br\/site\/wp-content\/uploads\/2020\/01\/timeline.png&#8221; title_text_color=&#8221;#0c71c3&#8243; _builder_version=&#8221;4.9.5&#8243; node_text_font_size=&#8221;1px&#8221; node_text_letter_spacing=&#8221;0px&#8221;]<\/p>\n<p>\u2023<span> Alfa Romeo acquires FNM<\/span><\/p>\n<p>\u2023<span> Ford releases the Corcel<\/span><\/p>\n<p>\u2023<span> General Motors introduces the Opala<\/span><\/p>\n<p>[\/diti_timeline_item][diti_timeline_item title=&#8221;1969&#8243; box_background_color=&#8221;#ffffff&#8221; badge_type=&#8221;image&#8221; image=&#8221;https:\/\/anfavea.com.br\/site\/wp-content\/uploads\/2020\/01\/timeline.png&#8221; title_text_color=&#8221;#0c71c3&#8243; _builder_version=&#8221;4.9.5&#8243; node_text_font_size=&#8221;1px&#8221; node_text_letter_spacing=&#8221;0px&#8221;]<\/p>\n<p style=\"text-align: center;\"><img decoding=\"async\" class=\"wp-image-4230 alignnone size-full\" src=\"https:\/\/anfavea.com.br\/site\/wp-content\/uploads\/2021\/06\/1969-Primeira-exportacao-de-veiculos-leves-3-Chevrolet-Opala-para-o-Chile-Credito-Acervo-MIAU.jpg\" alt=\"\" width=\"1280\" height=\"960\" srcset=\"https:\/\/anfavea.com.br\/site\/wp-content\/uploads\/2021\/06\/1969-Primeira-exportacao-de-veiculos-leves-3-Chevrolet-Opala-para-o-Chile-Credito-Acervo-MIAU.jpg 1280w, https:\/\/anfavea.com.br\/site\/wp-content\/uploads\/2021\/06\/1969-Primeira-exportacao-de-veiculos-leves-3-Chevrolet-Opala-para-o-Chile-Credito-Acervo-MIAU-980x735.jpg 980w, https:\/\/anfavea.com.br\/site\/wp-content\/uploads\/2021\/06\/1969-Primeira-exportacao-de-veiculos-leves-3-Chevrolet-Opala-para-o-Chile-Credito-Acervo-MIAU-480x360.jpg 480w\" sizes=\"(min-width: 0px) and (max-width: 480px) 480px, (min-width: 481px) and (max-width: 980px) 980px, (min-width: 981px) 1280px, 100vw\" \/><\/p>\n<p>\u2023 First export of light vehicles: 3 Chevrolet Opala to Chile<\/p>\n<p>\u2023 Gurgel Foundation<\/p>\n<p>\u2023 Chrysler starts production in Brazil<\/p>\n<p>\u2023 Volkswagen launches 1600 and Variant<\/p>\n<p>[\/diti_timeline_item][diti_timeline_item title=&#8221;1970&#8243; box_background_color=&#8221;#ffffff&#8221; badge_type=&#8221;image&#8221; image=&#8221;https:\/\/anfavea.com.br\/site\/wp-content\/uploads\/2020\/01\/timeline.png&#8221; title_text_color=&#8221;#0c71c3&#8243; _builder_version=&#8221;4.9.5&#8243; node_text_font_size=&#8221;1px&#8221; node_text_letter_spacing=&#8221;0px&#8221;]<\/p>\n<p style=\"text-align: center;\"><img decoding=\"async\" class=\"wp-image-4231 alignnone size-full\" src=\"https:\/\/anfavea.com.br\/site\/wp-content\/uploads\/2021\/06\/1970-Realizado-o-7o.-Salao-do-Automovel-em-novo-local-o-Parque-Anhembi-SP-Credito-Acervo-MIAU.jpg\" alt=\"\" width=\"578\" height=\"425\" srcset=\"https:\/\/anfavea.com.br\/site\/wp-content\/uploads\/2021\/06\/1970-Realizado-o-7o.-Salao-do-Automovel-em-novo-local-o-Parque-Anhembi-SP-Credito-Acervo-MIAU.jpg 578w, https:\/\/anfavea.com.br\/site\/wp-content\/uploads\/2021\/06\/1970-Realizado-o-7o.-Salao-do-Automovel-em-novo-local-o-Parque-Anhembi-SP-Credito-Acervo-MIAU-480x353.jpg 480w\" sizes=\"(min-width: 0px) and (max-width: 480px) 480px, (min-width: 481px) 578px, 100vw\" \/><\/p>\n<p>\u2023<span> The 7th annual S\u00e3o Paulo International Motor Show is held at Anhembi Park, SP for the first time<\/span><\/p>\n<p>\u2023<span> Chrysler releases the Dodge Dart<\/span><\/p>\n<p>[\/diti_timeline_item][diti_timeline_item title=&#8221;1972&#8243; box_background_color=&#8221;#ffffff&#8221; badge_type=&#8221;image&#8221; image=&#8221;https:\/\/anfavea.com.br\/site\/wp-content\/uploads\/2020\/01\/timeline.png&#8221; title_text_color=&#8221;#0c71c3&#8243; _builder_version=&#8221;4.9.5&#8243; node_text_font_size=&#8221;1px&#8221; node_text_letter_spacing=&#8221;0px&#8221;]<\/p>\n<p>\u2023<span>\u00a0Volkswagen introduces the SP-2<\/span><\/p>\n<p>[\/diti_timeline_item][diti_timeline_item title=&#8221;1973&#8243; box_background_color=&#8221;#ffffff&#8221; badge_type=&#8221;image&#8221; image=&#8221;https:\/\/anfavea.com.br\/site\/wp-content\/uploads\/2020\/01\/timeline.png&#8221; title_text_color=&#8221;#0c71c3&#8243; _builder_version=&#8221;4.9.5&#8243; node_text_font_size=&#8221;1px&#8221; node_text_letter_spacing=&#8221;0px&#8221;][\/diti_timeline_item][diti_timeline_item title=&#8221;1974&#8243; box_background_color=&#8221;#ffffff&#8221; badge_type=&#8221;image&#8221; image=&#8221;https:\/\/anfavea.com.br\/site\/wp-content\/uploads\/2020\/01\/timeline.png&#8221; title_text_color=&#8221;#0c71c3&#8243; _builder_version=&#8221;4.9.5&#8243; node_text_font_size=&#8221;1px&#8221; node_text_letter_spacing=&#8221;0px&#8221;]<\/p>\n<p>\u2023 Volkswagen launches the Passat<\/p>\n<p>\u2023 FNM launches the Alfa Romeo 2300<\/p>\n<p>[\/diti_timeline_item][diti_timeline_item title=&#8221;1975&#8243; box_background_color=&#8221;#ffffff&#8221; badge_type=&#8221;image&#8221; image=&#8221;https:\/\/anfavea.com.br\/site\/wp-content\/uploads\/2020\/01\/timeline.png&#8221; title_text_color=&#8221;#0c71c3&#8243; _builder_version=&#8221;4.9.5&#8243; node_text_font_size=&#8221;1px&#8221; node_text_letter_spacing=&#8221;0px&#8221;]<\/p>\n<p style=\"text-align: center;\"><img decoding=\"async\" class=\"wp-image-3848 alignnone size-full\" src=\"https:\/\/anfavea.com.br\/site\/wp-content\/uploads\/2021\/06\/foto-proalcool.jpg\" alt=\"\" width=\"856\" height=\"1024\" srcset=\"https:\/\/anfavea.com.br\/site\/wp-content\/uploads\/2021\/06\/foto-proalcool.jpg 856w, https:\/\/anfavea.com.br\/site\/wp-content\/uploads\/2021\/06\/foto-proalcool-480x574.jpg 480w\" sizes=\"(min-width: 0px) and (max-width: 480px) 480px, (min-width: 481px) 856px, 100vw\" \/><\/p>\n<p>\u2023 Creation of Proalcool<\/p>\n<p style=\"text-align: center;\"><img decoding=\"async\" class=\"wp-image-4401 alignnone size-full\" src=\"https:\/\/anfavea.com.br\/site\/wp-content\/uploads\/2021\/07\/1975-Anfavea-Foto-de-1990.jpg\" alt=\"\" width=\"603\" height=\"393\" srcset=\"https:\/\/anfavea.com.br\/site\/wp-content\/uploads\/2021\/07\/1975-Anfavea-Foto-de-1990.jpg 603w, https:\/\/anfavea.com.br\/site\/wp-content\/uploads\/2021\/07\/1975-Anfavea-Foto-de-1990-480x313.jpg 480w\" sizes=\"(min-width: 0px) and (max-width: 480px) 480px, (min-width: 481px) 603px, 100vw\" \/><\/p>\n<p>\u2023<span> ANFAVEA opens its new headquarters on Av. Indian\u00f3polis, in S\u00e3o Paulo<\/span><\/p>\n<p>\u2023<span> Komatsu establishes itself in Brazil with the inauguration of a plant for manufacturing tractors in Suzano, SP<\/span><\/p>\n<p>\u2023<span> New Holland opens plant in Curitiba, PR<\/span><\/p>\n<p>[\/diti_timeline_item][diti_timeline_item title=&#8221;1976&#8243; box_background_color=&#8221;#ffffff&#8221; badge_type=&#8221;image&#8221; image=&#8221;https:\/\/anfavea.com.br\/site\/wp-content\/uploads\/2020\/01\/timeline.png&#8221; title_text_color=&#8221;#0c71c3&#8243; _builder_version=&#8221;4.9.5&#8243; node_text_font_size=&#8221;1px&#8221; node_text_letter_spacing=&#8221;0px&#8221;]<\/p>\n<p style=\"text-align: center;\"><img decoding=\"async\" class=\"wp-image-2748 alignnone size-full\" src=\"https:\/\/anfavea.com.br\/site\/wp-content\/uploads\/2020\/03\/1976-Fiat-Autom\u00f3veis-inaugura-f\u00e1brica-em-Betim-Credito-Acervo-MIAU.jpg\" alt=\"\" width=\"1080\" height=\"1080\" srcset=\"https:\/\/anfavea.com.br\/site\/wp-content\/uploads\/2020\/03\/1976-Fiat-Autom\u00f3veis-inaugura-f\u00e1brica-em-Betim-Credito-Acervo-MIAU.jpg 1080w, https:\/\/anfavea.com.br\/site\/wp-content\/uploads\/2020\/03\/1976-Fiat-Autom\u00f3veis-inaugura-f\u00e1brica-em-Betim-Credito-Acervo-MIAU-300x300.jpg 300w, https:\/\/anfavea.com.br\/site\/wp-content\/uploads\/2020\/03\/1976-Fiat-Autom\u00f3veis-inaugura-f\u00e1brica-em-Betim-Credito-Acervo-MIAU-1024x1024.jpg 1024w, https:\/\/anfavea.com.br\/site\/wp-content\/uploads\/2020\/03\/1976-Fiat-Autom\u00f3veis-inaugura-f\u00e1brica-em-Betim-Credito-Acervo-MIAU-150x150.jpg 150w, https:\/\/anfavea.com.br\/site\/wp-content\/uploads\/2020\/03\/1976-Fiat-Autom\u00f3veis-inaugura-f\u00e1brica-em-Betim-Credito-Acervo-MIAU-768x768.jpg 768w, https:\/\/anfavea.com.br\/site\/wp-content\/uploads\/2020\/03\/1976-Fiat-Autom\u00f3veis-inaugura-f\u00e1brica-em-Betim-Credito-Acervo-MIAU-980x980.jpg 980w, https:\/\/anfavea.com.br\/site\/wp-content\/uploads\/2020\/03\/1976-Fiat-Autom\u00f3veis-inaugura-f\u00e1brica-em-Betim-Credito-Acervo-MIAU-480x480.jpg 480w\" sizes=\"(max-width: 1080px) 100vw, 1080px\" \/><\/p>\n<p>\u2023<span> Fiat Automobiles opens plant in Betim, MG, and begins manufacturing the 147<\/span><\/p>\n<p>\u2023<span> Fiat acquires the remaining shares of the Brazilian Alfa Romeo subsidiary and unveils the 130 and 190E trucks manufactured in the old FNM branches in Xer\u00e9m, RJ<\/span><\/p>\n<p><img decoding=\"async\" class=\"wp-image-4402 alignnone size-full\" style=\"text-align: center;\" src=\"https:\/\/anfavea.com.br\/site\/wp-content\/uploads\/2021\/07\/1975-1976-Fabrica-de-Caterpillar-Piracicaba.jpg\" alt=\"\" width=\"800\" height=\"554\" srcset=\"https:\/\/anfavea.com.br\/site\/wp-content\/uploads\/2021\/07\/1975-1976-Fabrica-de-Caterpillar-Piracicaba.jpg 800w, https:\/\/anfavea.com.br\/site\/wp-content\/uploads\/2021\/07\/1975-1976-Fabrica-de-Caterpillar-Piracicaba-480x332.jpg 480w\" sizes=\"(min-width: 0px) and (max-width: 480px) 480px, (min-width: 481px) 800px, 100vw\" \/><\/p>\n<p>\u2023<span> Caterpillar inaugurates plant in Piracicaba, SP<\/span><\/p>\n<p>\u2023<span> Volkswagen opens manufacturing plant in Taubat\u00e9, SP<\/span><\/p>\n<p>[\/diti_timeline_item][diti_timeline_item title=&#8221;1977&#8243; box_background_color=&#8221;#ffffff&#8221; badge_type=&#8221;image&#8221; image=&#8221;https:\/\/anfavea.com.br\/site\/wp-content\/uploads\/2020\/01\/timeline.png&#8221; title_text_color=&#8221;#0c71c3&#8243; _builder_version=&#8221;4.9.5&#8243; node_text_font_size=&#8221;1px&#8221; node_text_letter_spacing=&#8221;0px&#8221;]<\/p>\n<p>\u2023 Ford launches Charger II<\/p>\n<p>[\/diti_timeline_item][diti_timeline_item title=&#8221;1978&#8243; box_background_color=&#8221;#ffffff&#8221; badge_type=&#8221;image&#8221; image=&#8221;https:\/\/anfavea.com.br\/site\/wp-content\/uploads\/2020\/01\/timeline.png&#8221; title_text_color=&#8221;#0c71c3&#8243; _builder_version=&#8221;4.9.5&#8243; node_text_font_size=&#8221;1px&#8221; node_text_letter_spacing=&#8221;0px&#8221;]<\/p>\n<p>\u2023<span> The Brazilian automotive industry reaches the historic mark of a million units manufactured in a single year<\/span><\/p>\n<p>\u2023<span>\u00a0The 1st Brasil Transpo, afterwards known as Fenatran, is held in Anhembi Park<\/span><\/p>\n<p>\u2023<span> Fiat unveils its 147 pickup truck, Brazil\u2019s first compact vehicle<\/span><\/p>\n<p>\u2023<span> Labor movements are responsible for the first strikes in the metal works industry in the ABC region of greater S\u00e3o Paulo<\/span><\/p>\n<p>[\/diti_timeline_item][diti_timeline_item title=&#8221;1979&#8243; box_background_color=&#8221;#ffffff&#8221; badge_type=&#8221;image&#8221; image=&#8221;https:\/\/anfavea.com.br\/site\/wp-content\/uploads\/2020\/01\/timeline.png&#8221; title_text_color=&#8221;#0c71c3&#8243; _builder_version=&#8221;4.9.5&#8243; node_text_font_size=&#8221;1px&#8221; node_text_letter_spacing=&#8221;0px&#8221;]<\/p>\n<p style=\"text-align: center;\"><img decoding=\"async\" class=\"wp-image-4232 alignnone size-full\" src=\"https:\/\/anfavea.com.br\/site\/wp-content\/uploads\/2021\/06\/1979-Lancamento-do-primeiro-veiculo-com-motor-a-alcool-o-Fiat-147-Credito-Acervo-MIAU.jpg\" alt=\"\" width=\"1024\" height=\"768\" srcset=\"https:\/\/anfavea.com.br\/site\/wp-content\/uploads\/2021\/06\/1979-Lancamento-do-primeiro-veiculo-com-motor-a-alcool-o-Fiat-147-Credito-Acervo-MIAU.jpg 1024w, https:\/\/anfavea.com.br\/site\/wp-content\/uploads\/2021\/06\/1979-Lancamento-do-primeiro-veiculo-com-motor-a-alcool-o-Fiat-147-Credito-Acervo-MIAU-980x735.jpg 980w, https:\/\/anfavea.com.br\/site\/wp-content\/uploads\/2021\/06\/1979-Lancamento-do-primeiro-veiculo-com-motor-a-alcool-o-Fiat-147-Credito-Acervo-MIAU-480x360.jpg 480w\" sizes=\"(min-width: 0px) and (max-width: 480px) 480px, (min-width: 481px) and (max-width: 980px) 980px, (min-width: 981px) 1024px, 100vw\" \/><\/p>\n<p>\u2023<span> The Fiat 147, the first ethanol-powered vehicle<\/span><\/p>\n<p style=\"text-align: center;\"><strong><img decoding=\"async\" class=\"wp-image-4233 alignnone size-full\" src=\"https:\/\/anfavea.com.br\/site\/wp-content\/uploads\/2021\/06\/1979-Volvo-comeca-a-produzir-onibus-e-motores-no-Pais-Credito-Acervo-MIAU.jpg\" alt=\"\" width=\"1860\" height=\"1050\" srcset=\"https:\/\/anfavea.com.br\/site\/wp-content\/uploads\/2021\/06\/1979-Volvo-comeca-a-produzir-onibus-e-motores-no-Pais-Credito-Acervo-MIAU.jpg 1860w, https:\/\/anfavea.com.br\/site\/wp-content\/uploads\/2021\/06\/1979-Volvo-comeca-a-produzir-onibus-e-motores-no-Pais-Credito-Acervo-MIAU-1280x723.jpg 1280w, https:\/\/anfavea.com.br\/site\/wp-content\/uploads\/2021\/06\/1979-Volvo-comeca-a-produzir-onibus-e-motores-no-Pais-Credito-Acervo-MIAU-980x553.jpg 980w, https:\/\/anfavea.com.br\/site\/wp-content\/uploads\/2021\/06\/1979-Volvo-comeca-a-produzir-onibus-e-motores-no-Pais-Credito-Acervo-MIAU-480x271.jpg 480w\" sizes=\"(min-width: 0px) and (max-width: 480px) 480px, (min-width: 481px) and (max-width: 980px) 980px, (min-width: 981px) and (max-width: 1280px) 1280px, (min-width: 1281px) 1860px, 100vw\" \/><\/strong><\/p>\n<p>\u2023<span> Volvo begins producing buses and engines in Brazil<\/span><\/p>\n<p>\u2023<span>\u00a0Caoa, a Ford distributor, is founded<\/span><\/p>\n<p>\u2023<span>\u00a0Mercedes-Benz opens a bus manufacturing plant in Campinas, SP<\/span><\/p>\n<p>\u2023<span>\u00a0Ford introduces the F-1000 pickup truck<\/span><\/p>\n<p>\u2023<span>\u00a0The \u2018Lei Renato Ferrari\u2019 (Renato Ferrari Law), which regulates vehicle distribution in Brazil, comes into effect<\/span><\/p>\n<p>[\/diti_timeline_item][diti_timeline_item title=&#8221;1980&#8243; box_background_color=&#8221;#ffffff&#8221; badge_type=&#8221;image&#8221; image=&#8221;https:\/\/anfavea.com.br\/site\/wp-content\/uploads\/2020\/01\/timeline.png&#8221; title_text_color=&#8221;#0c71c3&#8243; _builder_version=&#8221;4.9.5&#8243; node_text_font_size=&#8221;1px&#8221; node_text_letter_spacing=&#8221;0px&#8221;]<\/p>\n<p>\u2023<span>\u00a0Volkswagen introduces the Gol<\/span><\/p>\n<p style=\"text-align: center;\"><img decoding=\"async\" class=\"wp-image-4404 alignnone size-full\" src=\"https:\/\/anfavea.com.br\/site\/wp-content\/uploads\/2021\/07\/1979-1980-Volvo-Fabrica-de-Curitiba.jpg\" alt=\"\" width=\"800\" height=\"501\" srcset=\"https:\/\/anfavea.com.br\/site\/wp-content\/uploads\/2021\/07\/1979-1980-Volvo-Fabrica-de-Curitiba.jpg 800w, https:\/\/anfavea.com.br\/site\/wp-content\/uploads\/2021\/07\/1979-1980-Volvo-Fabrica-de-Curitiba-480x301.jpg 480w\" sizes=\"(min-width: 0px) and (max-width: 480px) 480px, (min-width: 481px) 800px, 100vw\" \/><\/p>\n<p>\u2023<span> Volvo opens plant in Curitiba, PR, begins manufacturing trucks in Brazil<\/span><\/p>\n<p>\u2023<span> Volkswagen purchases Chrysler<\/span><\/p>\n<p>\u2023<span>\u00a0The Renato Ferrari Law, which regulates vehicle distribution in Brazil, comes into effect<\/span><\/p>\n<p>[\/diti_timeline_item][diti_timeline_item title=&#8221;1981&#8243; box_background_color=&#8221;#ffffff&#8221; badge_type=&#8221;image&#8221; image=&#8221;https:\/\/anfavea.com.br\/site\/wp-content\/uploads\/2020\/01\/timeline.png&#8221; title_text_color=&#8221;#0c71c3&#8243; _builder_version=&#8221;4.9.5&#8243; node_text_font_size=&#8221;1px&#8221; node_text_letter_spacing=&#8221;0px&#8221;]<\/p>\n<p style=\"text-align: center;\"><img decoding=\"async\" class=\"wp-image-4235 alignnone size-full\" src=\"https:\/\/anfavea.com.br\/site\/wp-content\/uploads\/2021\/06\/1981-Volkswagen-comeca-a-produzir-caminhoes-no-Brasil-Credito-Acervo-MIAU.jpg\" alt=\"\" width=\"818\" height=\"1152\" srcset=\"https:\/\/anfavea.com.br\/site\/wp-content\/uploads\/2021\/06\/1981-Volkswagen-comeca-a-produzir-caminhoes-no-Brasil-Credito-Acervo-MIAU.jpg 818w, https:\/\/anfavea.com.br\/site\/wp-content\/uploads\/2021\/06\/1981-Volkswagen-comeca-a-produzir-caminhoes-no-Brasil-Credito-Acervo-MIAU-480x676.jpg 480w\" sizes=\"(min-width: 0px) and (max-width: 480px) 480px, (min-width: 481px) 818px, 100vw\" \/><\/p>\n<p>\u2023<span> Volkswagen begins producing trucks in Brazil with the introduction of the 11-130 and 13-130 models<\/span><\/p>\n<p>\u2023<span> Agrale begins manufacturing trucks<\/span><\/p>\n<p>[\/diti_timeline_item][diti_timeline_item title=&#8221;1986&#8243; box_background_color=&#8221;#ffffff&#8221; badge_type=&#8221;image&#8221; image=&#8221;https:\/\/anfavea.com.br\/site\/wp-content\/uploads\/2020\/01\/timeline.png&#8221; title_text_color=&#8221;#0c71c3&#8243; _builder_version=&#8221;4.9.5&#8243; node_text_font_size=&#8221;1px&#8221; node_text_letter_spacing=&#8221;0px&#8221;]<\/p>\n<p>\u2023<span> Ford purchases New Holland<\/span><\/p>\n<p>\u2023<span> Proconve, the Automotive Vehicle Air Pollution Control Program is created<\/span><\/p>\n<p>[\/diti_timeline_item][diti_timeline_item title=&#8221;1987&#8243; box_background_color=&#8221;#ffffff&#8221; badge_type=&#8221;image&#8221; image=&#8221;https:\/\/anfavea.com.br\/site\/wp-content\/uploads\/2020\/01\/timeline.png&#8221; title_text_color=&#8221;#0c71c3&#8243; _builder_version=&#8221;4.9.5&#8243; node_text_font_size=&#8221;1px&#8221; node_text_letter_spacing=&#8221;0px&#8221;]<\/p>\n<p style=\"text-align: center;\"><img decoding=\"async\" class=\"wp-image-2763 alignnone size-full\" src=\"https:\/\/anfavea.com.br\/site\/wp-content\/uploads\/2020\/03\/1987-Funda\u00e7\u00e3o-da-Autolatina-que-re\u00fane-as-opera\u00e7\u00f5es-Ford-e-Volkswagen-Credito-Acervo-MIAU.jpeg\" alt=\"\" width=\"1200\" height=\"791\" srcset=\"https:\/\/anfavea.com.br\/site\/wp-content\/uploads\/2020\/03\/1987-Funda\u00e7\u00e3o-da-Autolatina-que-re\u00fane-as-opera\u00e7\u00f5es-Ford-e-Volkswagen-Credito-Acervo-MIAU.jpeg 1200w, https:\/\/anfavea.com.br\/site\/wp-content\/uploads\/2020\/03\/1987-Funda\u00e7\u00e3o-da-Autolatina-que-re\u00fane-as-opera\u00e7\u00f5es-Ford-e-Volkswagen-Credito-Acervo-MIAU-300x198.jpeg 300w, https:\/\/anfavea.com.br\/site\/wp-content\/uploads\/2020\/03\/1987-Funda\u00e7\u00e3o-da-Autolatina-que-re\u00fane-as-opera\u00e7\u00f5es-Ford-e-Volkswagen-Credito-Acervo-MIAU-1024x675.jpeg 1024w, https:\/\/anfavea.com.br\/site\/wp-content\/uploads\/2020\/03\/1987-Funda\u00e7\u00e3o-da-Autolatina-que-re\u00fane-as-opera\u00e7\u00f5es-Ford-e-Volkswagen-Credito-Acervo-MIAU-768x506.jpeg 768w, https:\/\/anfavea.com.br\/site\/wp-content\/uploads\/2020\/03\/1987-Funda\u00e7\u00e3o-da-Autolatina-que-re\u00fane-as-opera\u00e7\u00f5es-Ford-e-Volkswagen-Credito-Acervo-MIAU-1080x712.jpeg 1080w, https:\/\/anfavea.com.br\/site\/wp-content\/uploads\/2020\/03\/1987-Funda\u00e7\u00e3o-da-Autolatina-que-re\u00fane-as-opera\u00e7\u00f5es-Ford-e-Volkswagen-Credito-Acervo-MIAU-980x646.jpeg 980w, https:\/\/anfavea.com.br\/site\/wp-content\/uploads\/2020\/03\/1987-Funda\u00e7\u00e3o-da-Autolatina-que-re\u00fane-as-opera\u00e7\u00f5es-Ford-e-Volkswagen-Credito-Acervo-MIAU-480x316.jpeg 480w\" sizes=\"(max-width: 1200px) 100vw, 1200px\" \/><\/p>\n<p>\u2023<span> Autolatina, which brings together Ford and Volkswagen\u2019s operations, is founded<\/span><\/p>\n<p><img decoding=\"async\" class=\"wp-image-3849 alignnone size-full\" style=\"display: block; margin-left: auto; margin-right: auto;\" src=\"https:\/\/anfavea.com.br\/site\/wp-content\/uploads\/2021\/06\/Sede-Brasilia.jpg\" alt=\"\" width=\"1784\" height=\"1262\" srcset=\"https:\/\/anfavea.com.br\/site\/wp-content\/uploads\/2021\/06\/Sede-Brasilia.jpg 1784w, https:\/\/anfavea.com.br\/site\/wp-content\/uploads\/2021\/06\/Sede-Brasilia-1280x905.jpg 1280w, https:\/\/anfavea.com.br\/site\/wp-content\/uploads\/2021\/06\/Sede-Brasilia-980x693.jpg 980w, https:\/\/anfavea.com.br\/site\/wp-content\/uploads\/2021\/06\/Sede-Brasilia-480x340.jpg 480w\" sizes=\"(min-width: 0px) and (max-width: 480px) 480px, (min-width: 481px) and (max-width: 980px) 980px, (min-width: 981px) and (max-width: 1280px) 1280px, (min-width: 1281px) 1784px, 100vw\" \/><\/p>\n<p>\u2023<span> ANFAVEA opens an office in Bras\u00edlia, DF<\/span><\/p>\n<p>[\/diti_timeline_item][diti_timeline_item title=&#8221;1989&#8243; box_background_color=&#8221;#ffffff&#8221; badge_type=&#8221;image&#8221; image=&#8221;https:\/\/anfavea.com.br\/site\/wp-content\/uploads\/2020\/01\/timeline.png&#8221; title_text_color=&#8221;#0c71c3&#8243; _builder_version=&#8221;4.9.5&#8243; node_text_font_size=&#8221;1px&#8221; node_text_letter_spacing=&#8221;0px&#8221;]<\/p>\n<p style=\"text-align: center;\"><img decoding=\"async\" class=\"wp-image-2764 alignnone size-full\" src=\"https:\/\/anfavea.com.br\/site\/wp-content\/uploads\/2020\/03\/1989-Volkswagen-lan\u00e7a-o-Gol-GTI-primeiro-autom\u00f3vel-brasileiro-com-inje\u00e7\u00e3o-eletr\u00f4nica-Credito-Acervo-MIAU.jpg\" alt=\"\" width=\"1600\" height=\"956\" srcset=\"https:\/\/anfavea.com.br\/site\/wp-content\/uploads\/2020\/03\/1989-Volkswagen-lan\u00e7a-o-Gol-GTI-primeiro-autom\u00f3vel-brasileiro-com-inje\u00e7\u00e3o-eletr\u00f4nica-Credito-Acervo-MIAU.jpg 1600w, https:\/\/anfavea.com.br\/site\/wp-content\/uploads\/2020\/03\/1989-Volkswagen-lan\u00e7a-o-Gol-GTI-primeiro-autom\u00f3vel-brasileiro-com-inje\u00e7\u00e3o-eletr\u00f4nica-Credito-Acervo-MIAU-300x179.jpg 300w, https:\/\/anfavea.com.br\/site\/wp-content\/uploads\/2020\/03\/1989-Volkswagen-lan\u00e7a-o-Gol-GTI-primeiro-autom\u00f3vel-brasileiro-com-inje\u00e7\u00e3o-eletr\u00f4nica-Credito-Acervo-MIAU-1024x612.jpg 1024w, https:\/\/anfavea.com.br\/site\/wp-content\/uploads\/2020\/03\/1989-Volkswagen-lan\u00e7a-o-Gol-GTI-primeiro-autom\u00f3vel-brasileiro-com-inje\u00e7\u00e3o-eletr\u00f4nica-Credito-Acervo-MIAU-768x459.jpg 768w, https:\/\/anfavea.com.br\/site\/wp-content\/uploads\/2020\/03\/1989-Volkswagen-lan\u00e7a-o-Gol-GTI-primeiro-autom\u00f3vel-brasileiro-com-inje\u00e7\u00e3o-eletr\u00f4nica-Credito-Acervo-MIAU-1536x918.jpg 1536w, https:\/\/anfavea.com.br\/site\/wp-content\/uploads\/2020\/03\/1989-Volkswagen-lan\u00e7a-o-Gol-GTI-primeiro-autom\u00f3vel-brasileiro-com-inje\u00e7\u00e3o-eletr\u00f4nica-Credito-Acervo-MIAU-1080x645.jpg 1080w, https:\/\/anfavea.com.br\/site\/wp-content\/uploads\/2020\/03\/1989-Volkswagen-lan\u00e7a-o-Gol-GTI-primeiro-autom\u00f3vel-brasileiro-com-inje\u00e7\u00e3o-eletr\u00f4nica-Credito-Acervo-MIAU-1280x765.jpg 1280w, https:\/\/anfavea.com.br\/site\/wp-content\/uploads\/2020\/03\/1989-Volkswagen-lan\u00e7a-o-Gol-GTI-primeiro-autom\u00f3vel-brasileiro-com-inje\u00e7\u00e3o-eletr\u00f4nica-Credito-Acervo-MIAU-980x586.jpg 980w, https:\/\/anfavea.com.br\/site\/wp-content\/uploads\/2020\/03\/1989-Volkswagen-lan\u00e7a-o-Gol-GTI-primeiro-autom\u00f3vel-brasileiro-com-inje\u00e7\u00e3o-eletr\u00f4nica-Credito-Acervo-MIAU-480x287.jpg 480w\" sizes=\"(max-width: 1600px) 100vw, 1600px\" \/><\/p>\n<p>\u2023<span> Volkswagen unveils the Gol GTI, the first Brazilian automobile with electronic fuel injection<\/span><\/p>\n<p>[\/diti_timeline_item][diti_timeline_item title=&#8221;1990&#8243; box_background_color=&#8221;#ffffff&#8221; badge_type=&#8221;image&#8221; image=&#8221;https:\/\/anfavea.com.br\/site\/wp-content\/uploads\/2020\/01\/timeline.png&#8221; title_text_color=&#8221;#0c71c3&#8243; _builder_version=&#8221;4.9.5&#8243; node_text_font_size=&#8221;1px&#8221; node_text_letter_spacing=&#8221;0px&#8221;]<\/p>\n<p>\u2023<span> Brazilian ports are reopened to imported vehicles<\/span><\/p>\n<p>\u2023<span> Fiat acquires Ford\u2019s tractor operations<\/span><\/p>\n<p>\u2023<span> BMW designates a representative to Brazil, which begins importing the Series 5 model<\/span><\/p>\n<p style=\"text-align: center;\"><img decoding=\"async\" class=\"wp-image-4405 alignnone size-full\" src=\"https:\/\/anfavea.com.br\/site\/wp-content\/uploads\/2021\/07\/1990-Agrale-Caixias-do-Sul-Caminhoes-e-Chassis.jpg\" alt=\"\" width=\"800\" height=\"468\" srcset=\"https:\/\/anfavea.com.br\/site\/wp-content\/uploads\/2021\/07\/1990-Agrale-Caixias-do-Sul-Caminhoes-e-Chassis.jpg 800w, https:\/\/anfavea.com.br\/site\/wp-content\/uploads\/2021\/07\/1990-Agrale-Caixias-do-Sul-Caminhoes-e-Chassis-480x281.jpg 480w\" sizes=\"(min-width: 0px) and (max-width: 480px) 480px, (min-width: 481px) 800px, 100vw\" \/><\/p>\n<p>\u2023 Agrale opens new factory in Caxias do Sul, RS<\/p>\n<p>\u2023 AGCO emerges with the acquisition of Deutz Allis, which belonged to the German group KHD<\/p>\n<p>[\/diti_timeline_item][diti_timeline_item title=&#8221;1991&#8243; box_background_color=&#8221;#ffffff&#8221; badge_type=&#8221;image&#8221; image=&#8221;https:\/\/anfavea.com.br\/site\/wp-content\/uploads\/2020\/01\/timeline.png&#8221; title_text_color=&#8221;#0c71c3&#8243; _builder_version=&#8221;4.9.5&#8243; node_text_font_size=&#8221;1px&#8221; node_text_letter_spacing=&#8221;0px&#8221;]<\/p>\n<p>\u2023<span> Citro\u00ebn provides accreditation to Brazilian importer, who begins importing the XM model<\/span><\/p>\n<p>\u2023<span> Mitsubishi begins operations in Brazil, designating a representative that begins importing L200 pickup trucks <\/span><\/p>\n<p>\u2023<span> Land Rover begins operating with imported vehicles in Brazil<\/span><\/p>\n<p>[\/diti_timeline_item][diti_timeline_item title=&#8221;1992&#8243; box_background_color=&#8221;#ffffff&#8221; badge_type=&#8221;image&#8221; image=&#8221;https:\/\/anfavea.com.br\/site\/wp-content\/uploads\/2020\/01\/timeline.png&#8221; title_text_color=&#8221;#0c71c3&#8243; _builder_version=&#8221;4.9.5&#8243; node_text_font_size=&#8221;1px&#8221; node_text_letter_spacing=&#8221;0px&#8221;]<\/p>\n<p>\u2023<span> The 1st Automotive Sectoral Agreement is created<\/span><\/p>\n<p>\u2023<span> Honda begins activity in Brazil, importing the Civic model<\/span><\/p>\n<p>\u2023<span> Peugeot becomes associated with a Brazilian representative and begins importing the 405 model<\/span><\/p>\n<p>\u2023<span> Renault designates a representative in Brazil and begins importing the 19 and 21 models<\/span><\/p>\n<p>[\/diti_timeline_item][diti_timeline_item title=&#8221;1993&#8243; box_background_color=&#8221;#ffffff&#8221; badge_type=&#8221;image&#8221; image=&#8221;https:\/\/anfavea.com.br\/site\/wp-content\/uploads\/2020\/01\/timeline.png&#8221; title_text_color=&#8221;#0c71c3&#8243; _builder_version=&#8221;4.9.5&#8243; node_text_font_size=&#8221;1px&#8221; node_text_letter_spacing=&#8221;0px&#8221;]<\/p>\n<p>\u2023<span> The 2nd Automotive Sectoral Agreement is created<\/span><\/p>\n<p>\u2023<span> The Carro Popular program is started<\/span><\/p>\n<p>\u2023<span> Nissan begins activities in Brazil with the importation of Maxima, Sentra and Pathfinder models<\/span><\/p>\n<p>\u2023<span> Audi designates a representative to Brazil, which begins importing the 80 and 100 models<\/span><\/p>\n<p>[\/diti_timeline_item][diti_timeline_item title=&#8221;1994&#8243; box_background_color=&#8221;#ffffff&#8221; badge_type=&#8221;image&#8221; image=&#8221;https:\/\/anfavea.com.br\/site\/wp-content\/uploads\/2020\/01\/timeline.png&#8221; title_text_color=&#8221;#0c71c3&#8243; _builder_version=&#8221;4.9.5&#8243; node_text_font_size=&#8221;1px&#8221; node_text_letter_spacing=&#8221;0px&#8221;]<\/p>\n<p>\u2023<span> ANFAVEA inaugurates Cedoc, the Documentation Center for Brazilian Automotive Industry<\/span><\/p>\n<p>\u2023<span>\u00a0The 1st Agrishow is held in Ribeir\u00e3o Preto, SP<\/span><\/p>\n<p>\u2023<span> Hyundai designates a representative to Brazil, which begins importing the Excel and Accent models\u00a0<\/span><\/p>\n<p>[\/diti_timeline_item][diti_timeline_item title=&#8221;1995&#8243; box_background_color=&#8221;#ffffff&#8221; badge_type=&#8221;image&#8221; image=&#8221;https:\/\/anfavea.com.br\/site\/wp-content\/uploads\/2020\/01\/timeline.png&#8221; title_text_color=&#8221;#0c71c3&#8243; _builder_version=&#8221;4.9.5&#8243; node_text_font_size=&#8221;1px&#8221; node_text_letter_spacing=&#8221;0px&#8221;]<\/p>\n<p>\u2023 Creation of the 3rd. Automotive Sector Agreement<\/p>\n<p>\u2023 BMW takes over the operation of imported vehicles in Brazil<\/p>\n<p>[\/diti_timeline_item][diti_timeline_item title=&#8221;1996&#8243; box_background_color=&#8221;#ffffff&#8221; badge_type=&#8221;image&#8221; image=&#8221;https:\/\/anfavea.com.br\/site\/wp-content\/uploads\/2020\/01\/timeline.png&#8221; title_text_color=&#8221;#0c71c3&#8243; _builder_version=&#8221;4.9.5&#8243; node_text_font_size=&#8221;1px&#8221; node_text_letter_spacing=&#8221;0px&#8221;]<\/p>\n<p>\u2023<span> AGCO acquires Iochpe-Maxion and Massey Ferguson in Brazil<\/span><\/p>\n<p style=\"text-align: center;\"><img decoding=\"async\" class=\"wp-image-4406 alignnone size-full\" src=\"https:\/\/anfavea.com.br\/site\/wp-content\/uploads\/2021\/07\/1996-Volkswagen-Caminhoes-e-Onibus-Resende.jpg\" alt=\"\" width=\"800\" height=\"511\" srcset=\"https:\/\/anfavea.com.br\/site\/wp-content\/uploads\/2021\/07\/1996-Volkswagen-Caminhoes-e-Onibus-Resende.jpg 800w, https:\/\/anfavea.com.br\/site\/wp-content\/uploads\/2021\/07\/1996-Volkswagen-Caminhoes-e-Onibus-Resende-480x307.jpg 480w\" sizes=\"(min-width: 0px) and (max-width: 480px) 480px, (min-width: 481px) 800px, 100vw\" \/><\/p>\n<p>\u2023<span> Volkswagen Caminh\u00f5es e \u00d4nibus opens a factory in Resende, RJ<\/span><\/p>\n<p>\u2023<span> Volkswagen inaugurates an engine manufacturing plant in S\u00e3o Carlos, SP<\/span><\/p>\n<p>[\/diti_timeline_item][diti_timeline_item title=&#8221;1997&#8243; box_background_color=&#8221;#ffffff&#8221; badge_type=&#8221;image&#8221; image=&#8221;https:\/\/anfavea.com.br\/site\/wp-content\/uploads\/2020\/01\/timeline.png&#8221; title_text_color=&#8221;#0c71c3&#8243; _builder_version=&#8221;4.9.5&#8243; node_text_font_size=&#8221;1px&#8221; node_text_letter_spacing=&#8221;0px&#8221;]<\/p>\n<p style=\"text-align: center;\"><img decoding=\"async\" class=\"wp-image-2767 alignnone size-full\" src=\"https:\/\/anfavea.com.br\/site\/wp-content\/uploads\/2020\/03\/1997-Honda-inaugura-f\u00e1brica-de-Sumar\u00e9-Credito-Acervo-MIAU.jpg\" alt=\"\" width=\"1920\" height=\"1080\" srcset=\"https:\/\/anfavea.com.br\/site\/wp-content\/uploads\/2020\/03\/1997-Honda-inaugura-f\u00e1brica-de-Sumar\u00e9-Credito-Acervo-MIAU.jpg 1920w, https:\/\/anfavea.com.br\/site\/wp-content\/uploads\/2020\/03\/1997-Honda-inaugura-f\u00e1brica-de-Sumar\u00e9-Credito-Acervo-MIAU-300x169.jpg 300w, https:\/\/anfavea.com.br\/site\/wp-content\/uploads\/2020\/03\/1997-Honda-inaugura-f\u00e1brica-de-Sumar\u00e9-Credito-Acervo-MIAU-1024x576.jpg 1024w, https:\/\/anfavea.com.br\/site\/wp-content\/uploads\/2020\/03\/1997-Honda-inaugura-f\u00e1brica-de-Sumar\u00e9-Credito-Acervo-MIAU-768x432.jpg 768w, https:\/\/anfavea.com.br\/site\/wp-content\/uploads\/2020\/03\/1997-Honda-inaugura-f\u00e1brica-de-Sumar\u00e9-Credito-Acervo-MIAU-1536x864.jpg 1536w, https:\/\/anfavea.com.br\/site\/wp-content\/uploads\/2020\/03\/1997-Honda-inaugura-f\u00e1brica-de-Sumar\u00e9-Credito-Acervo-MIAU-1080x608.jpg 1080w, https:\/\/anfavea.com.br\/site\/wp-content\/uploads\/2020\/03\/1997-Honda-inaugura-f\u00e1brica-de-Sumar\u00e9-Credito-Acervo-MIAU-1280x720.jpg 1280w, https:\/\/anfavea.com.br\/site\/wp-content\/uploads\/2020\/03\/1997-Honda-inaugura-f\u00e1brica-de-Sumar\u00e9-Credito-Acervo-MIAU-980x551.jpg 980w, https:\/\/anfavea.com.br\/site\/wp-content\/uploads\/2020\/03\/1997-Honda-inaugura-f\u00e1brica-de-Sumar\u00e9-Credito-Acervo-MIAU-480x270.jpg 480w\" sizes=\"(max-width: 1920px) 100vw, 1920px\" \/><\/p>\n<p>\u2023<span> Honda opens plant in Sumar\u00e9, SP, and introduces the Brazilian-made Civic <\/span><\/p>\n<p>\u2023<span> Case inaugurates manufacturing plant in Piracicaba, SP<\/span><\/p>\n<p>\u2023<span> Peugeot Citro\u00ebn do Brasil is formed<\/span><\/p>\n<p>\u2023<span> Komatsu inaugurates its second plant in Brazil in Aruj\u00e1, SP<\/span><\/p>\n<p>[\/diti_timeline_item][diti_timeline_item title=&#8221;1998&#8243; box_background_color=&#8221;#ffffff&#8221; badge_type=&#8221;image&#8221; image=&#8221;https:\/\/anfavea.com.br\/site\/wp-content\/uploads\/2020\/01\/timeline.png&#8221; title_text_color=&#8221;#0c71c3&#8243; _builder_version=&#8221;4.9.5&#8243; node_text_font_size=&#8221;1px&#8221; node_text_letter_spacing=&#8221;0px&#8221;]<\/p>\n<p style=\"text-align: center;\"><img decoding=\"async\" class=\"wp-image-4236 alignnone size-full\" src=\"https:\/\/anfavea.com.br\/site\/wp-content\/uploads\/2021\/06\/1998-Renault-inaugura-fabrica-de-Sao-Jose-dos-Pinhais-Credito-Divulgacao-Renault.jpg\" alt=\"\" width=\"1920\" height=\"1080\" srcset=\"https:\/\/anfavea.com.br\/site\/wp-content\/uploads\/2021\/06\/1998-Renault-inaugura-fabrica-de-Sao-Jose-dos-Pinhais-Credito-Divulgacao-Renault.jpg 1920w, https:\/\/anfavea.com.br\/site\/wp-content\/uploads\/2021\/06\/1998-Renault-inaugura-fabrica-de-Sao-Jose-dos-Pinhais-Credito-Divulgacao-Renault-1280x720.jpg 1280w, https:\/\/anfavea.com.br\/site\/wp-content\/uploads\/2021\/06\/1998-Renault-inaugura-fabrica-de-Sao-Jose-dos-Pinhais-Credito-Divulgacao-Renault-980x551.jpg 980w, https:\/\/anfavea.com.br\/site\/wp-content\/uploads\/2021\/06\/1998-Renault-inaugura-fabrica-de-Sao-Jose-dos-Pinhais-Credito-Divulgacao-Renault-480x270.jpg 480w\" sizes=\"(min-width: 0px) and (max-width: 480px) 480px, (min-width: 481px) and (max-width: 980px) 980px, (min-width: 981px) and (max-width: 1280px) 1280px, (min-width: 1281px) 1920px, 100vw\" \/><\/p>\n<p>\u2023<span> Renault opens plant in S\u00e3o Jos\u00e9 dos Pinhais, PR, and releases the Sc\u00e9nic<\/span><\/p>\n<p>\u2023<span> Mitsubishi inaugurates manufacturing plant in Catal\u00e3o, GO, and releases the Brazilian-manufactured L200 <\/span><\/p>\n<p style=\"text-align: center;\"><img decoding=\"async\" class=\"wp-image-4407 alignnone size-full\" src=\"https:\/\/anfavea.com.br\/site\/wp-content\/uploads\/2021\/07\/1998-Toyota-Indaiatuba.jpg\" alt=\"\" width=\"800\" height=\"627\" srcset=\"https:\/\/anfavea.com.br\/site\/wp-content\/uploads\/2021\/07\/1998-Toyota-Indaiatuba.jpg 800w, https:\/\/anfavea.com.br\/site\/wp-content\/uploads\/2021\/07\/1998-Toyota-Indaiatuba-480x376.jpg 480w\" sizes=\"(min-width: 0px) and (max-width: 480px) 480px, (min-width: 481px) 800px, 100vw\" \/><\/p>\n<p>\u2023<span> Toyota opens a plant in Sumar\u00e9, SP, and introduces the Brazilian-manufactured Corolla <\/span><\/p>\n<p>\u2023<span> Chrysler inaugurates plant in Campo Largo, PR, and introduces the Dakota.<\/span><\/p>\n<p>\u2023<span> Land Rover signs agreement with Karmann-Ghia and begins production of the Defender model in Brazil in S\u00e3o Bernardo do Campo, SP<\/span><\/p>\n<p>\u2023<span> Caoa takes over representation of Subaru in Brazil<\/span><\/p>\n<p>[\/diti_timeline_item][diti_timeline_item title=&#8221;1999&#8243; box_background_color=&#8221;#ffffff&#8221; badge_type=&#8221;image&#8221; image=&#8221;https:\/\/anfavea.com.br\/site\/wp-content\/uploads\/2020\/01\/timeline.png&#8221; title_text_color=&#8221;#0c71c3&#8243; _builder_version=&#8221;4.9.5&#8243; node_text_font_size=&#8221;1px&#8221; node_text_letter_spacing=&#8221;0px&#8221;]<\/p>\n<p style=\"text-align: center;\"><img decoding=\"async\" class=\"wp-image-2772 alignnone size-full\" src=\"https:\/\/anfavea.com.br\/site\/wp-content\/uploads\/2020\/03\/1999-VW-e-Audi-inauguram-f\u00e1brica-de-S\u00e3o-Jos\u00e9-dos-Pinhais-Credito-Acervo-MIAU.jpg\" alt=\"\" width=\"1017\" height=\"572\" srcset=\"https:\/\/anfavea.com.br\/site\/wp-content\/uploads\/2020\/03\/1999-VW-e-Audi-inauguram-f\u00e1brica-de-S\u00e3o-Jos\u00e9-dos-Pinhais-Credito-Acervo-MIAU.jpg 1017w, https:\/\/anfavea.com.br\/site\/wp-content\/uploads\/2020\/03\/1999-VW-e-Audi-inauguram-f\u00e1brica-de-S\u00e3o-Jos\u00e9-dos-Pinhais-Credito-Acervo-MIAU-300x169.jpg 300w, https:\/\/anfavea.com.br\/site\/wp-content\/uploads\/2020\/03\/1999-VW-e-Audi-inauguram-f\u00e1brica-de-S\u00e3o-Jos\u00e9-dos-Pinhais-Credito-Acervo-MIAU-768x432.jpg 768w, https:\/\/anfavea.com.br\/site\/wp-content\/uploads\/2020\/03\/1999-VW-e-Audi-inauguram-f\u00e1brica-de-S\u00e3o-Jos\u00e9-dos-Pinhais-Credito-Acervo-MIAU-980x551.jpg 980w, https:\/\/anfavea.com.br\/site\/wp-content\/uploads\/2020\/03\/1999-VW-e-Audi-inauguram-f\u00e1brica-de-S\u00e3o-Jos\u00e9-dos-Pinhais-Credito-Acervo-MIAU-480x270.jpg 480w\" sizes=\"(max-width: 1017px) 100vw, 1017px\" \/><\/p>\n<p>\u2023<span> Volkswagen and Audi open plants in S\u00e3o Jos\u00e9 dos Pinhais, PR, and release the Brazilian-manufactured Golf and A3<\/span><\/p>\n<p style=\"text-align: center;\"><img decoding=\"async\" class=\"wp-image-2773 alignnone size-full\" src=\"https:\/\/anfavea.com.br\/site\/wp-content\/uploads\/2020\/03\/1999-Mercedes-Benz-inaugura-f\u00e1brica-de-Juiz-de-Fora-Credito-Acervo-MIAU.jpg\" alt=\"\" width=\"1772\" height=\"988\" srcset=\"https:\/\/anfavea.com.br\/site\/wp-content\/uploads\/2020\/03\/1999-Mercedes-Benz-inaugura-f\u00e1brica-de-Juiz-de-Fora-Credito-Acervo-MIAU.jpg 1772w, https:\/\/anfavea.com.br\/site\/wp-content\/uploads\/2020\/03\/1999-Mercedes-Benz-inaugura-f\u00e1brica-de-Juiz-de-Fora-Credito-Acervo-MIAU-300x167.jpg 300w, https:\/\/anfavea.com.br\/site\/wp-content\/uploads\/2020\/03\/1999-Mercedes-Benz-inaugura-f\u00e1brica-de-Juiz-de-Fora-Credito-Acervo-MIAU-1024x571.jpg 1024w, https:\/\/anfavea.com.br\/site\/wp-content\/uploads\/2020\/03\/1999-Mercedes-Benz-inaugura-f\u00e1brica-de-Juiz-de-Fora-Credito-Acervo-MIAU-768x428.jpg 768w, https:\/\/anfavea.com.br\/site\/wp-content\/uploads\/2020\/03\/1999-Mercedes-Benz-inaugura-f\u00e1brica-de-Juiz-de-Fora-Credito-Acervo-MIAU-1536x856.jpg 1536w, https:\/\/anfavea.com.br\/site\/wp-content\/uploads\/2020\/03\/1999-Mercedes-Benz-inaugura-f\u00e1brica-de-Juiz-de-Fora-Credito-Acervo-MIAU-1080x602.jpg 1080w, https:\/\/anfavea.com.br\/site\/wp-content\/uploads\/2020\/03\/1999-Mercedes-Benz-inaugura-f\u00e1brica-de-Juiz-de-Fora-Credito-Acervo-MIAU-1280x714.jpg 1280w, https:\/\/anfavea.com.br\/site\/wp-content\/uploads\/2020\/03\/1999-Mercedes-Benz-inaugura-f\u00e1brica-de-Juiz-de-Fora-Credito-Acervo-MIAU-980x546.jpg 980w, https:\/\/anfavea.com.br\/site\/wp-content\/uploads\/2020\/03\/1999-Mercedes-Benz-inaugura-f\u00e1brica-de-Juiz-de-Fora-Credito-Acervo-MIAU-480x268.jpg 480w\" sizes=\"(max-width: 1772px) 100vw, 1772px\" \/><\/p>\n<p>\u2023<span> Mercedes-Benz opens factory in Juiz de Fora, MG, and introduces the Brazilian-made A-Class<\/span><\/p>\n<p>\u2023<span> Fiat acquires Case, creating CNH<\/span><\/p>\n<p>\u2023<span> Caoa begins representing Hyundai in Brazil<\/span><\/p>\n<p>[\/diti_timeline_item][diti_timeline_item title=&#8221;2000&#8243; box_background_color=&#8221;#ffffff&#8221; badge_type=&#8221;image&#8221; image=&#8221;https:\/\/anfavea.com.br\/site\/wp-content\/uploads\/2020\/01\/timeline.png&#8221; title_text_color=&#8221;#0c71c3&#8243; _builder_version=&#8221;4.9.5&#8243; node_text_font_size=&#8221;1px&#8221; node_text_letter_spacing=&#8221;0px&#8221;]<\/p>\n<p style=\"text-align: center;\"><img decoding=\"async\" class=\"wp-image-2777 size-full\" src=\"https:\/\/anfavea.com.br\/site\/wp-content\/uploads\/2020\/03\/2000-General-Motors-inaugura-f\u00e1brica-em-Gravata\u00ed-Foto-Divulga\u00e7\u00e3o-GM.jpg\" alt=\"\" width=\"2256\" height=\"1500\" srcset=\"https:\/\/anfavea.com.br\/site\/wp-content\/uploads\/2020\/03\/2000-General-Motors-inaugura-f\u00e1brica-em-Gravata\u00ed-Foto-Divulga\u00e7\u00e3o-GM.jpg 2256w, https:\/\/anfavea.com.br\/site\/wp-content\/uploads\/2020\/03\/2000-General-Motors-inaugura-f\u00e1brica-em-Gravata\u00ed-Foto-Divulga\u00e7\u00e3o-GM-300x199.jpg 300w, https:\/\/anfavea.com.br\/site\/wp-content\/uploads\/2020\/03\/2000-General-Motors-inaugura-f\u00e1brica-em-Gravata\u00ed-Foto-Divulga\u00e7\u00e3o-GM-1024x681.jpg 1024w, https:\/\/anfavea.com.br\/site\/wp-content\/uploads\/2020\/03\/2000-General-Motors-inaugura-f\u00e1brica-em-Gravata\u00ed-Foto-Divulga\u00e7\u00e3o-GM-768x511.jpg 768w, https:\/\/anfavea.com.br\/site\/wp-content\/uploads\/2020\/03\/2000-General-Motors-inaugura-f\u00e1brica-em-Gravata\u00ed-Foto-Divulga\u00e7\u00e3o-GM-1536x1021.jpg 1536w, https:\/\/anfavea.com.br\/site\/wp-content\/uploads\/2020\/03\/2000-General-Motors-inaugura-f\u00e1brica-em-Gravata\u00ed-Foto-Divulga\u00e7\u00e3o-GM-2048x1362.jpg 2048w, https:\/\/anfavea.com.br\/site\/wp-content\/uploads\/2020\/03\/2000-General-Motors-inaugura-f\u00e1brica-em-Gravata\u00ed-Foto-Divulga\u00e7\u00e3o-GM-1080x718.jpg 1080w, https:\/\/anfavea.com.br\/site\/wp-content\/uploads\/2020\/03\/2000-General-Motors-inaugura-f\u00e1brica-em-Gravata\u00ed-Foto-Divulga\u00e7\u00e3o-GM-1280x851.jpg 1280w, https:\/\/anfavea.com.br\/site\/wp-content\/uploads\/2020\/03\/2000-General-Motors-inaugura-f\u00e1brica-em-Gravata\u00ed-Foto-Divulga\u00e7\u00e3o-GM-980x652.jpg 980w, https:\/\/anfavea.com.br\/site\/wp-content\/uploads\/2020\/03\/2000-General-Motors-inaugura-f\u00e1brica-em-Gravata\u00ed-Foto-Divulga\u00e7\u00e3o-GM-480x319.jpg 480w\" sizes=\"(max-width: 2256px) 100vw, 2256px\" \/><\/p>\n<p>\u2023<span> General Motors opens manufacturing plant in Gravata\u00ed, RS<\/span><\/p>\n<p style=\"text-align: center;\"><img decoding=\"async\" class=\"wp-image-4408 alignnone size-full\" src=\"https:\/\/anfavea.com.br\/site\/wp-content\/uploads\/2021\/07\/2000-Iveco-Sete-Lagoas.jpg\" alt=\"\" width=\"800\" height=\"622\" srcset=\"https:\/\/anfavea.com.br\/site\/wp-content\/uploads\/2021\/07\/2000-Iveco-Sete-Lagoas.jpg 800w, https:\/\/anfavea.com.br\/site\/wp-content\/uploads\/2021\/07\/2000-Iveco-Sete-Lagoas-480x373.jpg 480w\" sizes=\"(min-width: 0px) and (max-width: 480px) 480px, (min-width: 481px) 800px, 100vw\" \/><\/p>\n<p>\u2023<span> Iveco inaugurates Sete Lagoas plant in Minas Gerais<\/span><\/p>\n<p>[\/diti_timeline_item][diti_timeline_item title=&#8221;2001&#8243; box_background_color=&#8221;#ffffff&#8221; badge_type=&#8221;image&#8221; image=&#8221;https:\/\/anfavea.com.br\/site\/wp-content\/uploads\/2020\/01\/timeline.png&#8221; title_text_color=&#8221;#0c71c3&#8243; _builder_version=&#8221;4.9.5&#8243; node_text_font_size=&#8221;1px&#8221; node_text_letter_spacing=&#8221;0px&#8221;]<\/p>\n<p style=\"text-align: center;\"><img decoding=\"async\" class=\"wp-image-2776 alignnone size-full\" src=\"https:\/\/anfavea.com.br\/site\/wp-content\/uploads\/2020\/03\/2001-Ford-inaugura-f\u00e1brica-de-Cama\u00e7ari-Credito-Acervo-MIAU.jpg\" alt=\"\" width=\"1105\" height=\"775\" srcset=\"https:\/\/anfavea.com.br\/site\/wp-content\/uploads\/2020\/03\/2001-Ford-inaugura-f\u00e1brica-de-Cama\u00e7ari-Credito-Acervo-MIAU.jpg 1105w, https:\/\/anfavea.com.br\/site\/wp-content\/uploads\/2020\/03\/2001-Ford-inaugura-f\u00e1brica-de-Cama\u00e7ari-Credito-Acervo-MIAU-300x210.jpg 300w, https:\/\/anfavea.com.br\/site\/wp-content\/uploads\/2020\/03\/2001-Ford-inaugura-f\u00e1brica-de-Cama\u00e7ari-Credito-Acervo-MIAU-1024x718.jpg 1024w, https:\/\/anfavea.com.br\/site\/wp-content\/uploads\/2020\/03\/2001-Ford-inaugura-f\u00e1brica-de-Cama\u00e7ari-Credito-Acervo-MIAU-768x539.jpg 768w, https:\/\/anfavea.com.br\/site\/wp-content\/uploads\/2020\/03\/2001-Ford-inaugura-f\u00e1brica-de-Cama\u00e7ari-Credito-Acervo-MIAU-1080x757.jpg 1080w, https:\/\/anfavea.com.br\/site\/wp-content\/uploads\/2020\/03\/2001-Ford-inaugura-f\u00e1brica-de-Cama\u00e7ari-Credito-Acervo-MIAU-980x687.jpg 980w, https:\/\/anfavea.com.br\/site\/wp-content\/uploads\/2020\/03\/2001-Ford-inaugura-f\u00e1brica-de-Cama\u00e7ari-Credito-Acervo-MIAU-480x337.jpg 480w\" sizes=\"(max-width: 1105px) 100vw, 1105px\" \/><\/p>\n<p>\u2023 Ford opens factory in Cama\u00e7ari, BA<\/p>\n<p style=\"text-align: center;\"><strong><img decoding=\"async\" class=\"wp-image-2780 alignnone size-full\" src=\"https:\/\/anfavea.com.br\/site\/wp-content\/uploads\/2020\/03\/2001-Grupo-PSA-inaugura-f\u00e1brica-Peugeot-Citro\u00ebn-em-Porto-Real-Credito-Acervo-MIAU.jpeg\" alt=\"\" width=\"1500\" height=\"1000\" srcset=\"https:\/\/anfavea.com.br\/site\/wp-content\/uploads\/2020\/03\/2001-Grupo-PSA-inaugura-f\u00e1brica-Peugeot-Citro\u00ebn-em-Porto-Real-Credito-Acervo-MIAU.jpeg 1500w, https:\/\/anfavea.com.br\/site\/wp-content\/uploads\/2020\/03\/2001-Grupo-PSA-inaugura-f\u00e1brica-Peugeot-Citro\u00ebn-em-Porto-Real-Credito-Acervo-MIAU-300x200.jpeg 300w, https:\/\/anfavea.com.br\/site\/wp-content\/uploads\/2020\/03\/2001-Grupo-PSA-inaugura-f\u00e1brica-Peugeot-Citro\u00ebn-em-Porto-Real-Credito-Acervo-MIAU-1024x683.jpeg 1024w, https:\/\/anfavea.com.br\/site\/wp-content\/uploads\/2020\/03\/2001-Grupo-PSA-inaugura-f\u00e1brica-Peugeot-Citro\u00ebn-em-Porto-Real-Credito-Acervo-MIAU-768x512.jpeg 768w, https:\/\/anfavea.com.br\/site\/wp-content\/uploads\/2020\/03\/2001-Grupo-PSA-inaugura-f\u00e1brica-Peugeot-Citro\u00ebn-em-Porto-Real-Credito-Acervo-MIAU-1080x720.jpeg 1080w, https:\/\/anfavea.com.br\/site\/wp-content\/uploads\/2020\/03\/2001-Grupo-PSA-inaugura-f\u00e1brica-Peugeot-Citro\u00ebn-em-Porto-Real-Credito-Acervo-MIAU-1280x853.jpeg 1280w, https:\/\/anfavea.com.br\/site\/wp-content\/uploads\/2020\/03\/2001-Grupo-PSA-inaugura-f\u00e1brica-Peugeot-Citro\u00ebn-em-Porto-Real-Credito-Acervo-MIAU-980x653.jpeg 980w, https:\/\/anfavea.com.br\/site\/wp-content\/uploads\/2020\/03\/2001-Grupo-PSA-inaugura-f\u00e1brica-Peugeot-Citro\u00ebn-em-Porto-Real-Credito-Acervo-MIAU-480x320.jpeg 480w\" sizes=\"(max-width: 1500px) 100vw, 1500px\" \/><\/strong><\/p>\n<p>\u2023<span> PSA Group opens Peugeot Citro\u00ebn plant in Porto Real, RJ<\/span><\/p>\n<p>\u2023<span> Nissan begins production in Brazil at the Renault factory in S\u00e3o Jos\u00e9 dos Pinhais, PR<\/span><\/p>\n<p>[\/diti_timeline_item][diti_timeline_item title=&#8221;2003&#8243; box_background_color=&#8221;#ffffff&#8221; badge_type=&#8221;image&#8221; image=&#8221;https:\/\/anfavea.com.br\/site\/wp-content\/uploads\/2020\/01\/timeline.png&#8221; title_text_color=&#8221;#0c71c3&#8243; _builder_version=&#8221;4.9.5&#8243; node_text_font_size=&#8221;1px&#8221; node_text_letter_spacing=&#8221;0px&#8221;]<\/p>\n<p style=\"text-align: center;\"><img decoding=\"async\" class=\"wp-image-2783 alignnone size-full\" src=\"https:\/\/anfavea.com.br\/site\/wp-content\/uploads\/2020\/03\/2003-Lan\u00e7amento-do-primeiro-ve\u00edculo-com-tecnologia-flex-fuel-o-VW-Gol-Credito-Divulga\u00e7\u00e3o-VW.jpg\" alt=\"\" width=\"1200\" height=\"800\" srcset=\"https:\/\/anfavea.com.br\/site\/wp-content\/uploads\/2020\/03\/2003-Lan\u00e7amento-do-primeiro-ve\u00edculo-com-tecnologia-flex-fuel-o-VW-Gol-Credito-Divulga\u00e7\u00e3o-VW.jpg 1200w, https:\/\/anfavea.com.br\/site\/wp-content\/uploads\/2020\/03\/2003-Lan\u00e7amento-do-primeiro-ve\u00edculo-com-tecnologia-flex-fuel-o-VW-Gol-Credito-Divulga\u00e7\u00e3o-VW-300x200.jpg 300w, https:\/\/anfavea.com.br\/site\/wp-content\/uploads\/2020\/03\/2003-Lan\u00e7amento-do-primeiro-ve\u00edculo-com-tecnologia-flex-fuel-o-VW-Gol-Credito-Divulga\u00e7\u00e3o-VW-1024x683.jpg 1024w, https:\/\/anfavea.com.br\/site\/wp-content\/uploads\/2020\/03\/2003-Lan\u00e7amento-do-primeiro-ve\u00edculo-com-tecnologia-flex-fuel-o-VW-Gol-Credito-Divulga\u00e7\u00e3o-VW-768x512.jpg 768w, https:\/\/anfavea.com.br\/site\/wp-content\/uploads\/2020\/03\/2003-Lan\u00e7amento-do-primeiro-ve\u00edculo-com-tecnologia-flex-fuel-o-VW-Gol-Credito-Divulga\u00e7\u00e3o-VW-1080x720.jpg 1080w, https:\/\/anfavea.com.br\/site\/wp-content\/uploads\/2020\/03\/2003-Lan\u00e7amento-do-primeiro-ve\u00edculo-com-tecnologia-flex-fuel-o-VW-Gol-Credito-Divulga\u00e7\u00e3o-VW-980x653.jpg 980w, https:\/\/anfavea.com.br\/site\/wp-content\/uploads\/2020\/03\/2003-Lan\u00e7amento-do-primeiro-ve\u00edculo-com-tecnologia-flex-fuel-o-VW-Gol-Credito-Divulga\u00e7\u00e3o-VW-480x320.jpg 480w\" sizes=\"(max-width: 1200px) 100vw, 1200px\" \/><\/p>\n<p>\u2023<span> The VW Gol, the first vehicle equipped with flex-fuel technology, is released<\/span><\/p>\n<p>\u2023<span> Ford unveils the EcoSport, introducing the compact SUV market segment in Brazil<\/span><\/p>\n<p>[\/diti_timeline_item][diti_timeline_item title=&#8221;2004&#8243; box_background_color=&#8221;#ffffff&#8221; badge_type=&#8221;image&#8221; image=&#8221;https:\/\/anfavea.com.br\/site\/wp-content\/uploads\/2020\/01\/timeline.png&#8221; title_text_color=&#8221;#0c71c3&#8243; _builder_version=&#8221;4.9.5&#8243; node_text_font_size=&#8221;1px&#8221; node_text_letter_spacing=&#8221;0px&#8221;]<\/p>\n<p>\u2023<span> AGCO purchases Valtra, which was formerly Valmet<\/span><\/p>\n<p>[\/diti_timeline_item][diti_timeline_item title=&#8221;2005&#8243; box_background_color=&#8221;#ffffff&#8221; badge_type=&#8221;image&#8221; image=&#8221;https:\/\/anfavea.com.br\/site\/wp-content\/uploads\/2020\/01\/timeline.png&#8221; title_text_color=&#8221;#0c71c3&#8243; _builder_version=&#8221;4.9.5&#8243; node_text_font_size=&#8221;1px&#8221; node_text_letter_spacing=&#8221;0px&#8221;]<\/p>\n<p>\u2023<span> For the first time more flex-fuel vehicles are sold than gasoline vehicles, with a total of 753 thousand units and 647 thousand units, respectively<\/span><\/p>\n<p>\u2023<span> Audi assumes control of Brazilian importation operations \u00a0<\/span><\/p>\n<p>[\/diti_timeline_item][diti_timeline_item title=&#8221;2006&#8243; box_background_color=&#8221;#ffffff&#8221; badge_type=&#8221;image&#8221; image=&#8221;https:\/\/anfavea.com.br\/site\/wp-content\/uploads\/2020\/01\/timeline.png&#8221; title_text_color=&#8221;#0c71c3&#8243; _builder_version=&#8221;4.9.5&#8243; node_text_font_size=&#8221;1px&#8221; node_text_letter_spacing=&#8221;0px&#8221;]<\/p>\n<p style=\"text-align: center;\"><img decoding=\"async\" class=\"wp-image-4409 alignnone size-full\" src=\"https:\/\/anfavea.com.br\/site\/wp-content\/uploads\/2021\/07\/2006-Anfavea-50-anos-3.jpg\" alt=\"\" width=\"800\" height=\"539\" srcset=\"https:\/\/anfavea.com.br\/site\/wp-content\/uploads\/2021\/07\/2006-Anfavea-50-anos-3.jpg 800w, https:\/\/anfavea.com.br\/site\/wp-content\/uploads\/2021\/07\/2006-Anfavea-50-anos-3-480x323.jpg 480w\" sizes=\"(min-width: 0px) and (max-width: 480px) 480px, (min-width: 481px) 800px, 100vw\" \/><\/p>\n<p>\u2023<span> ANFAVEA celebrates 50 years<\/span><\/p>\n<p>[\/diti_timeline_item][diti_timeline_item title=&#8221;2007&#8243; box_background_color=&#8221;#ffffff&#8221; badge_type=&#8221;image&#8221; image=&#8221;https:\/\/anfavea.com.br\/site\/wp-content\/uploads\/2020\/01\/timeline.png&#8221; title_text_color=&#8221;#0c71c3&#8243; _builder_version=&#8221;4.9.5&#8243; node_text_font_size=&#8221;1px&#8221; node_text_letter_spacing=&#8221;0px&#8221;]<\/p>\n<p style=\"text-align: center;\"><img decoding=\"async\" class=\"wp-image-4439 alignnone size-full\" src=\"https:\/\/anfavea.com.br\/site\/wp-content\/uploads\/2021\/07\/2007-CAOA-Anapolis.jpg\" alt=\"\" width=\"428\" height=\"318\" srcset=\"https:\/\/anfavea.com.br\/site\/wp-content\/uploads\/2021\/07\/2007-CAOA-Anapolis.jpg 428w, https:\/\/anfavea.com.br\/site\/wp-content\/uploads\/2021\/07\/2007-CAOA-Anapolis-300x223.jpg 300w\" sizes=\"(max-width: 428px) 100vw, 428px\" \/><\/p>\n<p>\u2023 Caoa opens factory in Anapolis, GO<\/p>\n<p>[\/diti_timeline_item][diti_timeline_item title=&#8221;2008&#8243; box_background_color=&#8221;#ffffff&#8221; badge_type=&#8221;image&#8221; image=&#8221;https:\/\/anfavea.com.br\/site\/wp-content\/uploads\/2020\/01\/timeline.png&#8221; title_text_color=&#8221;#0c71c3&#8243; _builder_version=&#8221;4.9.5&#8243; node_text_font_size=&#8221;1px&#8221; node_text_letter_spacing=&#8221;0px&#8221;]<\/p>\n<p>\u2023<span> Tata Motors acquires the Jaguar and Land Rover brands from Ford, creating JLR<\/span><\/p>\n<p>[\/diti_timeline_item][diti_timeline_item title=&#8221;2009&#8243; box_background_color=&#8221;#ffffff&#8221; badge_type=&#8221;image&#8221; image=&#8221;https:\/\/anfavea.com.br\/site\/wp-content\/uploads\/2020\/01\/timeline.png&#8221; title_text_color=&#8221;#0c71c3&#8243; _builder_version=&#8221;4.9.5&#8243; node_text_font_size=&#8221;1px&#8221; node_text_letter_spacing=&#8221;0px&#8221;]<\/p>\n<p>\u2023<span> Fiat and Chrysler sign a global agreement creating FCA<\/span><\/p>\n<p>[\/diti_timeline_item][diti_timeline_item title=&#8221;2010&#8243; box_background_color=&#8221;#ffffff&#8221; badge_type=&#8221;image&#8221; image=&#8221;https:\/\/anfavea.com.br\/site\/wp-content\/uploads\/2020\/01\/timeline.png&#8221; title_text_color=&#8221;#0c71c3&#8243; _builder_version=&#8221;4.9.5&#8243; node_text_font_size=&#8221;1px&#8221; node_text_letter_spacing=&#8221;0px&#8221;]<\/p>\n<p style=\"text-align: center;\"><img decoding=\"async\" class=\"wp-image-4411 alignnone size-full\" src=\"https:\/\/anfavea.com.br\/site\/wp-content\/uploads\/2021\/07\/2010-CNH-Sorocaba.jpg\" alt=\"\" width=\"800\" height=\"533\" srcset=\"https:\/\/anfavea.com.br\/site\/wp-content\/uploads\/2021\/07\/2010-CNH-Sorocaba.jpg 800w, https:\/\/anfavea.com.br\/site\/wp-content\/uploads\/2021\/07\/2010-CNH-Sorocaba-480x320.jpg 480w\" sizes=\"(min-width: 0px) and (max-width: 480px) 480px, (min-width: 481px) 800px, 100vw\" \/><\/p>\n<p>\u2023 CNH opens factory in Sorocaba, SP<\/p>\n<p style=\"text-align: center;\"><img decoding=\"async\" class=\"wp-image-4410 alignnone size-full\" src=\"https:\/\/anfavea.com.br\/site\/wp-content\/uploads\/2021\/07\/2010-Caterpillar-Campo-Largo.jpg\" alt=\"\" width=\"800\" height=\"480\" srcset=\"https:\/\/anfavea.com.br\/site\/wp-content\/uploads\/2021\/07\/2010-Caterpillar-Campo-Largo.jpg 800w, https:\/\/anfavea.com.br\/site\/wp-content\/uploads\/2021\/07\/2010-Caterpillar-Campo-Largo-480x288.jpg 480w\" sizes=\"(min-width: 0px) and (max-width: 480px) 480px, (min-width: 481px) 800px, 100vw\" \/><\/p>\n<p>\u2023<span> Caterpillar inaugurates plant in Campo Largo, SP<\/span><\/p>\n<p>\u2023<span> Industry reaches the mark of 10 million flex-fuel vehicles produced<\/span><\/p>\n<p>[\/diti_timeline_item][diti_timeline_item title=&#8221;2011&#8243; box_background_color=&#8221;#ffffff&#8221; badge_type=&#8221;image&#8221; image=&#8221;https:\/\/anfavea.com.br\/site\/wp-content\/uploads\/2020\/01\/timeline.png&#8221; title_text_color=&#8221;#0c71c3&#8243; _builder_version=&#8221;4.9.5&#8243; node_text_font_size=&#8221;1px&#8221; node_text_letter_spacing=&#8221;0px&#8221;]<\/p>\n<p>\u2023<span> DAF Trucks establishes branches in Brazil (DAF Caminh\u00f5es)<\/span><\/p>\n<p>[\/diti_timeline_item][diti_timeline_item title=&#8221;2012&#8243; box_background_color=&#8221;#ffffff&#8221; badge_type=&#8221;image&#8221; image=&#8221;https:\/\/anfavea.com.br\/site\/wp-content\/uploads\/2020\/01\/timeline.png&#8221; title_text_color=&#8221;#0c71c3&#8243; _builder_version=&#8221;4.9.5&#8243; node_text_font_size=&#8221;1px&#8221; node_text_letter_spacing=&#8221;0px&#8221;]<\/p>\n<p style=\"text-align: center;\"><img decoding=\"async\" class=\"wp-image-4412 alignnone size-full\" src=\"https:\/\/anfavea.com.br\/site\/wp-content\/uploads\/2021\/07\/2012-General-Motors-Joinville.jpg\" alt=\"\" width=\"800\" height=\"533\" srcset=\"https:\/\/anfavea.com.br\/site\/wp-content\/uploads\/2021\/07\/2012-General-Motors-Joinville.jpg 800w, https:\/\/anfavea.com.br\/site\/wp-content\/uploads\/2021\/07\/2012-General-Motors-Joinville-480x320.jpg 480w\" sizes=\"(min-width: 0px) and (max-width: 480px) 480px, (min-width: 481px) 800px, 100vw\" \/><\/p>\n<p>\u2023<span> General Motors opens manufacturing plant in Joinville, SC<\/span><\/p>\n<p style=\"text-align: center;\"><img decoding=\"async\" class=\"wp-image-4449 alignnone size-full\" src=\"https:\/\/anfavea.com.br\/site\/wp-content\/uploads\/2021\/07\/2012-Hyundai-Piracicaba.jpg\" alt=\"\" width=\"800\" height=\"390\" srcset=\"https:\/\/anfavea.com.br\/site\/wp-content\/uploads\/2021\/07\/2012-Hyundai-Piracicaba.jpg 800w, https:\/\/anfavea.com.br\/site\/wp-content\/uploads\/2021\/07\/2012-Hyundai-Piracicaba-480x234.jpg 480w\" sizes=\"(min-width: 0px) and (max-width: 480px) 480px, (min-width: 481px) 800px, 100vw\" \/><\/p>\n<p>\u2023<span> Hyundai inaugurates manufacturing plant in Piracicaba, SP<\/span><\/p>\n<p>\u2023<span> The Inovar-Auto program is created<\/span><\/p>\n<p style=\"text-align: center;\"><img decoding=\"async\" class=\"wp-image-4413 alignnone size-full\" src=\"https:\/\/anfavea.com.br\/site\/wp-content\/uploads\/2021\/07\/2012-Toyota-Sorocaba-2.jpg\" alt=\"\" width=\"800\" height=\"533\" srcset=\"https:\/\/anfavea.com.br\/site\/wp-content\/uploads\/2021\/07\/2012-Toyota-Sorocaba-2.jpg 800w, https:\/\/anfavea.com.br\/site\/wp-content\/uploads\/2021\/07\/2012-Toyota-Sorocaba-2-480x320.jpg 480w\" sizes=\"(min-width: 0px) and (max-width: 480px) 480px, (min-width: 481px) 800px, 100vw\" \/><\/p>\n<p>\u2023 Toyota opens factory in Sorocaba, SP<\/p>\n<p>[\/diti_timeline_item][diti_timeline_item title=&#8221;2013&#8243; box_background_color=&#8221;#ffffff&#8221; badge_type=&#8221;image&#8221; image=&#8221;https:\/\/anfavea.com.br\/site\/wp-content\/uploads\/2020\/01\/timeline.png&#8221; title_text_color=&#8221;#0c71c3&#8243; _builder_version=&#8221;4.9.5&#8243; node_text_font_size=&#8221;1px&#8221; node_text_letter_spacing=&#8221;0px&#8221;]<\/p>\n<p style=\"text-align: center;\"><img decoding=\"async\" class=\"wp-image-4419 alignnone size-full\" src=\"https:\/\/anfavea.com.br\/site\/wp-content\/uploads\/2021\/07\/2013-DAF-Caminhoes-Ponta-Grossa-2.jpg\" alt=\"\" width=\"800\" height=\"450\" srcset=\"https:\/\/anfavea.com.br\/site\/wp-content\/uploads\/2021\/07\/2013-DAF-Caminhoes-Ponta-Grossa-2.jpg 800w, https:\/\/anfavea.com.br\/site\/wp-content\/uploads\/2021\/07\/2013-DAF-Caminhoes-Ponta-Grossa-2-480x270.jpg 480w\" sizes=\"(min-width: 0px) and (max-width: 480px) 480px, (min-width: 481px) 800px, 100vw\" \/><\/p>\n<p>\u2023<span> DAF Caminh\u00f5es inaugurates manufacturing plant in Ponta Grossa, PR<\/span><\/p>\n<p>\u2023<span> CNH Industrial is created after a merger between Fiat Industrial and CNH Global<\/span><\/p>\n<p>[\/diti_timeline_item][diti_timeline_item title=&#8221;2014&#8243; box_background_color=&#8221;#ffffff&#8221; badge_type=&#8221;image&#8221; image=&#8221;https:\/\/anfavea.com.br\/site\/wp-content\/uploads\/2020\/01\/timeline.png&#8221; title_text_color=&#8221;#0c71c3&#8243; _builder_version=&#8221;4.9.5&#8243; node_text_font_size=&#8221;1px&#8221; node_text_letter_spacing=&#8221;0px&#8221;]<\/p>\n<p style=\"text-align: center;\"><img decoding=\"async\" class=\"wp-image-4420 alignnone size-full\" src=\"https:\/\/anfavea.com.br\/site\/wp-content\/uploads\/2021\/07\/2014-BMW-Araquari.jpg\" alt=\"\" width=\"800\" height=\"566\" srcset=\"https:\/\/anfavea.com.br\/site\/wp-content\/uploads\/2021\/07\/2014-BMW-Araquari.jpg 800w, https:\/\/anfavea.com.br\/site\/wp-content\/uploads\/2021\/07\/2014-BMW-Araquari-480x340.jpg 480w\" sizes=\"(min-width: 0px) and (max-width: 480px) 480px, (min-width: 481px) 800px, 100vw\" \/><\/p>\n<p>\u2023<span> BMW opens manufacturing plant in Araquari, SP<\/span><\/p>\n<p style=\"text-align: center;\"><img decoding=\"async\" class=\"wp-image-4421 alignnone size-full\" src=\"https:\/\/anfavea.com.br\/site\/wp-content\/uploads\/2021\/07\/2014-Nissan-Resende.jpg\" alt=\"\" width=\"800\" height=\"533\" srcset=\"https:\/\/anfavea.com.br\/site\/wp-content\/uploads\/2021\/07\/2014-Nissan-Resende.jpg 800w, https:\/\/anfavea.com.br\/site\/wp-content\/uploads\/2021\/07\/2014-Nissan-Resende-480x320.jpg 480w\" sizes=\"(min-width: 0px) and (max-width: 480px) 480px, (min-width: 481px) 800px, 100vw\" \/><\/p>\n<p>\u2023 Nissan opens factory in Resende, RJ, and launches March<\/p>\n<p>[\/diti_timeline_item][diti_timeline_item title=&#8221;2015&#8243; box_background_color=&#8221;#ffffff&#8221; badge_type=&#8221;image&#8221; image=&#8221;https:\/\/anfavea.com.br\/site\/wp-content\/uploads\/2020\/01\/timeline.png&#8221; title_text_color=&#8221;#0c71c3&#8243; _builder_version=&#8221;4.9.5&#8243; node_text_font_size=&#8221;1px&#8221; node_text_letter_spacing=&#8221;0px&#8221;]<\/p>\n<p>\u2023<span> Agrale inaugurates chassis manufacturing plant in S\u00e3o Mateus, SP<\/span><\/p>\n<p>\u2023<span> FCA inaugurates Jeep assembly plant in Goiana, PE and releases the Jeep Renegade<\/span><\/p>\n<p>[\/diti_timeline_item][diti_timeline_item title=&#8221;2016&#8243; box_background_color=&#8221;#ffffff&#8221; badge_type=&#8221;image&#8221; image=&#8221;https:\/\/anfavea.com.br\/site\/wp-content\/uploads\/2020\/01\/timeline.png&#8221; title_text_color=&#8221;#0c71c3&#8243; _builder_version=&#8221;4.9.5&#8243; node_text_font_size=&#8221;1px&#8221; node_text_letter_spacing=&#8221;0px&#8221;]<\/p>\n<p>\u2023<span>\u00a0Jaguar Land Rover opens manufacturing plant in Itatiaia, RJ<\/span><\/p>\n<p>\u2023<span>\u00a0Mercedes-Benz opens a plant in Campinas, SP<\/span><\/p>\n<p>\u2023<span>\u00a0The 29th annual S\u00e3o Paulo International Motor show takes place at the S\u00e3o Paulo Expo for the first time<\/span><\/p>\n<p style=\"text-align: center;\"><img decoding=\"async\" class=\"wp-image-4423 alignnone size-full\" src=\"https:\/\/anfavea.com.br\/site\/wp-content\/uploads\/2021\/07\/2016-Toyota-Porto-Feliz.jpg\" alt=\"\" width=\"800\" height=\"600\" srcset=\"https:\/\/anfavea.com.br\/site\/wp-content\/uploads\/2021\/07\/2016-Toyota-Porto-Feliz.jpg 800w, https:\/\/anfavea.com.br\/site\/wp-content\/uploads\/2021\/07\/2016-Toyota-Porto-Feliz-480x360.jpg 480w\" sizes=\"(min-width: 0px) and (max-width: 480px) 480px, (min-width: 481px) 800px, 100vw\" \/><\/p>\n<p>\u2023<span> Toyota inaugurates an engine manufacturing plant in Porto Feliz, SP<\/span><\/p>\n<p>[\/diti_timeline_item][diti_timeline_item title=&#8221;2017&#8243; box_background_color=&#8221;#ffffff&#8221; badge_type=&#8221;image&#8221; image=&#8221;https:\/\/anfavea.com.br\/site\/wp-content\/uploads\/2020\/01\/timeline.png&#8221; title_text_color=&#8221;#0c71c3&#8243; _builder_version=&#8221;4.9.5&#8243; node_text_font_size=&#8221;1px&#8221; node_text_letter_spacing=&#8221;0px&#8221;]<\/p>\n<p style=\"text-align: center;\"><img decoding=\"async\" class=\"wp-image-2799 alignnone size-full\" src=\"https:\/\/anfavea.com.br\/site\/wp-content\/uploads\/2020\/03\/2017-Realizada-a-21\u00aa.-Fenatran-em-novo-local-o-S\u00e3o-Paulo-Expo-Credito-Acervo-MIAU.jpg\" alt=\"\" width=\"1860\" height=\"1050\" srcset=\"https:\/\/anfavea.com.br\/site\/wp-content\/uploads\/2020\/03\/2017-Realizada-a-21\u00aa.-Fenatran-em-novo-local-o-S\u00e3o-Paulo-Expo-Credito-Acervo-MIAU.jpg 1860w, https:\/\/anfavea.com.br\/site\/wp-content\/uploads\/2020\/03\/2017-Realizada-a-21\u00aa.-Fenatran-em-novo-local-o-S\u00e3o-Paulo-Expo-Credito-Acervo-MIAU-300x169.jpg 300w, https:\/\/anfavea.com.br\/site\/wp-content\/uploads\/2020\/03\/2017-Realizada-a-21\u00aa.-Fenatran-em-novo-local-o-S\u00e3o-Paulo-Expo-Credito-Acervo-MIAU-1024x578.jpg 1024w, https:\/\/anfavea.com.br\/site\/wp-content\/uploads\/2020\/03\/2017-Realizada-a-21\u00aa.-Fenatran-em-novo-local-o-S\u00e3o-Paulo-Expo-Credito-Acervo-MIAU-768x434.jpg 768w, https:\/\/anfavea.com.br\/site\/wp-content\/uploads\/2020\/03\/2017-Realizada-a-21\u00aa.-Fenatran-em-novo-local-o-S\u00e3o-Paulo-Expo-Credito-Acervo-MIAU-1536x867.jpg 1536w, https:\/\/anfavea.com.br\/site\/wp-content\/uploads\/2020\/03\/2017-Realizada-a-21\u00aa.-Fenatran-em-novo-local-o-S\u00e3o-Paulo-Expo-Credito-Acervo-MIAU-1080x610.jpg 1080w, https:\/\/anfavea.com.br\/site\/wp-content\/uploads\/2020\/03\/2017-Realizada-a-21\u00aa.-Fenatran-em-novo-local-o-S\u00e3o-Paulo-Expo-Credito-Acervo-MIAU-1280x723.jpg 1280w, https:\/\/anfavea.com.br\/site\/wp-content\/uploads\/2020\/03\/2017-Realizada-a-21\u00aa.-Fenatran-em-novo-local-o-S\u00e3o-Paulo-Expo-Credito-Acervo-MIAU-980x553.jpg 980w, https:\/\/anfavea.com.br\/site\/wp-content\/uploads\/2020\/03\/2017-Realizada-a-21\u00aa.-Fenatran-em-novo-local-o-S\u00e3o-Paulo-Expo-Credito-Acervo-MIAU-480x271.jpg 480w\" sizes=\"(max-width: 1860px) 100vw, 1860px\" \/><\/p>\n<p>\u2023<span>\u00a0The 21st edition of Fenatran is held at the S\u00e3o Paulo Expo for the first time<\/span><\/p>\n<p>\u2023<span>\u00a0ANFAVEA participates on the council of the International Organization of Motor Vehicle Manufacturers, the OICA<\/span><\/p>\n<p>\u2023<span>\u00a0Caoa Group and Chery sign agreement forming Caoa Chery<\/span><\/p>\n<p>[\/diti_timeline_item][diti_timeline_item title=&#8221;2018&#8243; box_background_color=&#8221;#ffffff&#8221; badge_type=&#8221;image&#8221; image=&#8221;https:\/\/anfavea.com.br\/site\/wp-content\/uploads\/2020\/01\/timeline.png&#8221; title_text_color=&#8221;#0c71c3&#8243; _builder_version=&#8221;4.9.5&#8243; node_text_font_size=&#8221;1px&#8221; node_text_letter_spacing=&#8221;0px&#8221;]<\/p>\n<p style=\"text-align: center;\"><img decoding=\"async\" class=\"wp-image-3409 alignnone size-full\" style=\"display: block; margin-left: auto; margin-right: auto;\" src=\"https:\/\/anfavea.com.br\/site\/wp-content\/uploads\/2021\/06\/Assinatura-Rota-2030-scaled.jpg\" alt=\"\" width=\"2560\" height=\"1920\" srcset=\"https:\/\/anfavea.com.br\/site\/wp-content\/uploads\/2021\/06\/Assinatura-Rota-2030-scaled.jpg 2560w, https:\/\/anfavea.com.br\/site\/wp-content\/uploads\/2021\/06\/Assinatura-Rota-2030-300x225.jpg 300w, https:\/\/anfavea.com.br\/site\/wp-content\/uploads\/2021\/06\/Assinatura-Rota-2030-1024x768.jpg 1024w, https:\/\/anfavea.com.br\/site\/wp-content\/uploads\/2021\/06\/Assinatura-Rota-2030-768x576.jpg 768w, https:\/\/anfavea.com.br\/site\/wp-content\/uploads\/2021\/06\/Assinatura-Rota-2030-1536x1152.jpg 1536w, https:\/\/anfavea.com.br\/site\/wp-content\/uploads\/2021\/06\/Assinatura-Rota-2030-2048x1536.jpg 2048w, https:\/\/anfavea.com.br\/site\/wp-content\/uploads\/2021\/06\/Assinatura-Rota-2030-510x382.jpg 510w, https:\/\/anfavea.com.br\/site\/wp-content\/uploads\/2021\/06\/Assinatura-Rota-2030-1080x810.jpg 1080w\" sizes=\"(max-width: 2560px) 100vw, 2560px\" \/><\/p>\n<p>\u2023<span>\u00a0The decree for the Route 2030 Program is signed. The above photo shows then ANFAVEA president Antoni Megale with Brazilian president Michel Temer\u00a0 <\/span><\/p>\n<p style=\"text-align: center;\"><img decoding=\"async\" class=\"wp-image-4424 alignnone size-full\" src=\"https:\/\/anfavea.com.br\/site\/wp-content\/uploads\/2021\/07\/2018-Salao-do-Automovel.jpg\" alt=\"\" width=\"800\" height=\"533\" srcset=\"https:\/\/anfavea.com.br\/site\/wp-content\/uploads\/2021\/07\/2018-Salao-do-Automovel.jpg 800w, https:\/\/anfavea.com.br\/site\/wp-content\/uploads\/2021\/07\/2018-Salao-do-Automovel-480x320.jpg 480w\" sizes=\"(min-width: 0px) and (max-width: 480px) 480px, (min-width: 481px) 800px, 100vw\" \/><\/p>\n<p>\u2023<span> 30th edition of S\u00e3o Paulo International Motor Show takes place in S\u00e3o Paulo<\/span><\/p>\n<p>[\/diti_timeline_item][diti_timeline_item title=&#8221;2019&#8243; box_background_color=&#8221;#ffffff&#8221; badge_type=&#8221;image&#8221; image=&#8221;https:\/\/anfavea.com.br\/site\/wp-content\/uploads\/2020\/01\/timeline.png&#8221; title_text_color=&#8221;#0c71c3&#8243; _builder_version=&#8221;4.9.5&#8243; node_text_font_size=&#8221;1px&#8221; node_text_letter_spacing=&#8221;0px&#8221;]<\/p>\n<p style=\"text-align: center;\"><img decoding=\"async\" class=\"wp-image-4425 alignnone size-full\" src=\"https:\/\/anfavea.com.br\/site\/wp-content\/uploads\/2021\/07\/2019-Honda-Itirapina-2019.jpg\" alt=\"\" width=\"800\" height=\"533\" srcset=\"https:\/\/anfavea.com.br\/site\/wp-content\/uploads\/2021\/07\/2019-Honda-Itirapina-2019.jpg 800w, https:\/\/anfavea.com.br\/site\/wp-content\/uploads\/2021\/07\/2019-Honda-Itirapina-2019-480x320.jpg 480w\" sizes=\"(min-width: 0px) and (max-width: 480px) 480px, (min-width: 481px) 800px, 100vw\" \/><\/p>\n<p>\u2023<span> Honda opens manufacturing plant in Itirapina, SP<\/span><\/p>\n<p style=\"text-align: center;\"><img decoding=\"async\" class=\"wp-image-3850 alignnone size-full\" src=\"https:\/\/anfavea.com.br\/site\/wp-content\/uploads\/2021\/06\/toyota_corolla_hibrido_6.jpg\" alt=\"\" width=\"850\" height=\"567\" srcset=\"https:\/\/anfavea.com.br\/site\/wp-content\/uploads\/2021\/06\/toyota_corolla_hibrido_6.jpg 850w, https:\/\/anfavea.com.br\/site\/wp-content\/uploads\/2021\/06\/toyota_corolla_hibrido_6-480x320.jpg 480w\" sizes=\"(min-width: 0px) and (max-width: 480px) 480px, (min-width: 481px) 850px, 100vw\" \/><\/p>\n<p style=\"text-align: left;\">\u2023 Toyota introduces the Corolla, the world\u2019s first hybrid flex-fuel vehicle<\/p>\n<p>[\/diti_timeline_item][diti_timeline_item title=&#8221;2020&#8243; box_background_color=&#8221;#ffffff&#8221; badge_type=&#8221;image&#8221; image=&#8221;https:\/\/anfavea.com.br\/site\/wp-content\/uploads\/2020\/01\/timeline.png&#8221; title_text_color=&#8221;#0c71c3&#8243; _builder_version=&#8221;4.9.5&#8243; node_text_font_size=&#8221;1px&#8221; node_text_letter_spacing=&#8221;0px&#8221;]<\/p>\n<p>\u2023<span> The Covid-19 pandemic reaches Brazil and vehicle production in the second half of the year decreases to levels seen in 1957<\/span><\/p>\n<p>[\/diti_timeline_item][diti_timeline_item title=&#8221;2021&#8243; box_background_color=&#8221;#ffffff&#8221; badge_type=&#8221;image&#8221; image=&#8221;https:\/\/anfavea.com.br\/site\/wp-content\/uploads\/2020\/01\/timeline.png&#8221; title_text_color=&#8221;#0c71c3&#8243; _builder_version=&#8221;4.9.5&#8243; node_text_font_size=&#8221;1px&#8221; node_text_letter_spacing=&#8221;0px&#8221;]<\/p>\n<p>\u2023 Creation of the Stellantis group, merger of PSA and FCA<\/p>\n<p>[\/diti_timeline_item][\/diti_timeline][et_pb_text _builder_version=&#8221;4.9.5&#8243; text_font=&#8221;|600|||||||&#8221; text_font_size=&#8221;17px&#8221; text_orientation=&#8221;right&#8221; max_width=&#8221;1369px&#8221; module_alignment=&#8221;right&#8221; custom_margin=&#8221;15px||14px|-180px|false|false&#8221; custom_margin_tablet=&#8221;16px||||false|false&#8221; custom_margin_phone=&#8221;&#8221; custom_margin_last_edited=&#8221;on|phone&#8221; text_font_size_tablet=&#8221;&#8221; text_font_size_phone=&#8221;14px&#8221; text_font_size_last_edited=&#8221;on|phone&#8221; header_font_size_tablet=&#8221;&#8221; header_font_size_phone=&#8221;&#8221; header_font_size_last_edited=&#8221;on|desktop&#8221; locked=&#8221;off&#8221;]<\/p>\n<p style=\"text-align: left;\"><strong>Photos and Videos: Miau (Automotive Press Museum) Collection and ANFAVEA Collection<\/strong><\/p>\n<p>[\/et_pb_text][\/et_pb_column][\/et_pb_row][\/et_pb_section][et_pb_section fb_built=&#8221;1&#8243; admin_label=&#8221;About&#8221; _builder_version=&#8221;3.22.4&#8243; background_color=&#8221;#eaeaf1&#8243; background_image=&#8221;\/\/i2.wp.com\/anfavea.com.br\/site\/wp-content\/uploads\/2020\/01\/mechanic-35.png&#8221; background_size=&#8221;initial&#8221; background_position=&#8221;bottom_right&#8221; custom_padding=&#8221;0px||52px|||&#8221;][\/et_pb_section][et_pb_section fb_built=&#8221;1&#8243; admin_label=&#8221;Services&#8221; _builder_version=&#8221;3.22.3&#8243; background_color=&#8221;#021827&#8243; custom_padding=&#8221;0px|0px|0px|0px|false|false&#8221;][\/et_pb_section]<\/p>\n","protected":false},"excerpt":{"rendered":"<p>TimelineFollow the history of the Brazilian automotive industry<div id=\"linha\" class=\"et_pb_module diti_timeline diti_timeline_0\">\n\t\t\t\t\n\t\t\t\t\n\t\t\t\t\n\t\t\t\t\n\t\t\t\t\n\t\t\t\t\n\t\t\t\t<div class=\"et_pb_module_inner\">\n\t\t\t\t\t<div id=\"linha\" class=\"et_pb_module diti_divi_timeline\">\n          <ul class=\"timeline\">\n            \n\t\t  <\/ul>\n\t\t<\/div> <!-- .diti-divi-timeline -->\n\t\t\t\t<\/div>\n\t\t\t<\/div><div class=\"et_pb_module diti_timeline_item diti_timeline_item_0\">\n\t\t\t\t\n\t\t\t\t\n\t\t\t\t\n\t\t\t\t\n\t\t\t\t\n\t\t\t\t\n\t\t\t\t<div class=\"et_pb_module_inner\">\n\t\t\t\t\t<li class=\"flex-container\">\n\t\t\t\t<div class=\"empty-col\"><\/div>\n\t\t\t\t<div class=\"timeline-badge \"><img decoding=\"async\" src=\"https:\/\/anfavea.com.br\/site\/wp-content\/uploads\/2020\/01\/timeline.png\" alt=\"\"\/><\/div>\n\t\t\t  \t<div class=\"timeline-panel et-waypoint et_pb_animation_top\">\n\t\t\t\t\t<div class=\"timeline-heading\">\n\t\t\t\t  \t\t<h4 class=\"timeline-title\">1898<\/h4>\n\t\t\t\t\t<\/div>\n\t\t\t\t\t<div class=\"timeline-body\">\n\t\t\t\t  \t\t \u2023 First vehicle, a Peugeot, shipped to Brazil\n\t\t\t\t\t<\/div>\n\t\t\t  \t<\/div>\n       \t\t <\/li>\n\t\t\t\t<\/div>\n\t\t\t<\/div><div class=\"et_pb_module diti_timeline_item diti_timeline_item_1\">\n\t\t\t\t\n\t\t\t\t\n\t\t\t\t\n\t\t\t\t\n\t\t\t\t\n\t\t\t\t\n\t\t\t\t<div class=\"et_pb_module_inner\">\n\t\t\t\t\t<li class=\"flex-container\">\n\t\t\t\t<div class=\"empty-col\"><\/div>\n\t\t\t\t<div class=\"timeline-badge \"><img decoding=\"async\" src=\"https:\/\/anfavea.com.br\/site\/wp-content\/uploads\/2020\/01\/timeline.png\" alt=\"\"\/><\/div>\n\t\t\t  \t<div class=\"timeline-panel et-waypoint et_pb_animation_top\">\n\t\t\t\t\t<div class=\"timeline-heading\">\n\t\t\t\t  \t\t<h4 class=\"timeline-title\">1903<\/h4>\n\t\t\t\t\t<\/div>\n\t\t\t\t\t<div class=\"timeline-body\">\n\t\t\t\t  \t\t\n\t\t\t\t\t<\/div>\n\t\t\t  \t<\/div>\n       \t\t <\/li>\n\t\t\t\t<\/div>\n\t\t\t<\/div> \u2023 First [&hellip;]<\/p>\n","protected":false},"author":1,"featured_media":0,"parent":0,"menu_order":0,"comment_status":"closed","ping_status":"closed","template":"","meta":{"_et_pb_use_builder":"on","_et_pb_old_content":"","_et_gb_content_width":"","footnotes":""},"class_list":["post-4684","page","type-page","status-publish","hentry"],"_links":{"self":[{"href":"https:\/\/anfavea.com.br\/site\/wp-json\/wp\/v2\/pages\/4684","targetHints":{"allow":["GET"]}}],"collection":[{"href":"https:\/\/anfavea.com.br\/site\/wp-json\/wp\/v2\/pages"}],"about":[{"href":"https:\/\/anfavea.com.br\/site\/wp-json\/wp\/v2\/types\/page"}],"author":[{"embeddable":true,"href":"https:\/\/anfavea.com.br\/site\/wp-json\/wp\/v2\/users\/1"}],"replies":[{"embeddable":true,"href":"https:\/\/anfavea.com.br\/site\/wp-json\/wp\/v2\/comments?post=4684"}],"version-history":[{"count":19,"href":"https:\/\/anfavea.com.br\/site\/wp-json\/wp\/v2\/pages\/4684\/revisions"}],"predecessor-version":[{"id":7820,"href":"https:\/\/anfavea.com.br\/site\/wp-json\/wp\/v2\/pages\/4684\/revisions\/7820"}],"wp:attachment":[{"href":"https:\/\/anfavea.com.br\/site\/wp-json\/wp\/v2\/media?parent=4684"}],"curies":[{"name":"wp","href":"https:\/\/api.w.org\/{rel}","templated":true}]}}