{"id":4680,"date":"2021-09-03T13:28:10","date_gmt":"2021-09-03T16:28:10","guid":{"rendered":"https:\/\/anfavea.com.br\/site\/historia\/"},"modified":"2021-10-18T14:40:03","modified_gmt":"2021-10-18T17:40:03","slug":"historia","status":"publish","type":"page","link":"https:\/\/anfavea.com.br\/site\/historia\/","title":{"rendered":"Historia"},"content":{"rendered":"<p>[et_pb_section fb_built=&#8221;1&#8243; custom_padding_last_edited=&#8221;on|desktop&#8221; _builder_version=&#8221;4.4.0&#8243; background_enable_image=&#8221;off&#8221; background_enable_video_mp4=&#8221;off&#8221; background_enable_video_webm=&#8221;off&#8221; custom_margin=&#8221;||-270px||false|false&#8221; custom_margin_tablet=&#8221;7px||-212px||false|false&#8221; custom_margin_phone=&#8221;&#8221; custom_margin_last_edited=&#8221;on|phone&#8221; custom_padding=&#8221;133px||88px||false|false&#8221; custom_padding_tablet=&#8221;&#8221; custom_padding_phone=&#8221;&#8221; background_last_edited=&#8221;on|phone&#8221; background_image_phone=&#8221;\/\/i0.wp.com\/anfavea.com.br\/site\/wp-content\/uploads\/2020\/03\/ezgif-6-074557bc5bc8.gif&#8221; background_enable_image_phone=&#8221;on&#8221;][et_pb_row _builder_version=&#8221;4.4.0&#8243; custom_margin=&#8221;-161px||||false|false&#8221;][et_pb_column type=&#8221;4_4&#8243; _builder_version=&#8221;4.4.0&#8243;][et_pb_divider color=&#8221;#0251b8&#8243; divider_weight=&#8221;80px&#8221; _builder_version=&#8221;4.4.0&#8243; transform_skew=&#8221;-22deg|0deg&#8221; transform_skew_linked=&#8221;off&#8221; height=&#8221;80px&#8221; custom_margin=&#8221;||74px|-20vw||&#8221; custom_margin_tablet=&#8221;||30px&#8221; custom_margin_phone=&#8221;||55px||false|false&#8221; custom_margin_last_edited=&#8221;on|phone&#8221; locked=&#8221;off&#8221;][\/et_pb_divider][\/et_pb_column][\/et_pb_row][\/et_pb_section][et_pb_section fb_built=&#8221;1&#8243; admin_label=&#8221;About&#8221; _builder_version=&#8221;4.4.0&#8243; background_color=&#8221;#eaeaf1&#8243; min_height=&#8221;709px&#8221; custom_padding=&#8221;50px|0px|0|0px|false|false&#8221; locked=&#8221;off&#8221;][et_pb_row column_structure=&#8221;1_2,1_2&#8243; _builder_version=&#8221;4.4.0&#8243; width=&#8221;91%&#8221; max_width=&#8221;1432px&#8221; module_alignment=&#8221;right&#8221; custom_margin=&#8221;|0px||&#8221; custom_padding=&#8221;0px|0px|0||false|false&#8221; use_custom_width=&#8221;on&#8221; width_unit=&#8221;off&#8221; custom_width_percent=&#8221;90%&#8221;][et_pb_column type=&#8221;1_2&#8243; _builder_version=&#8221;3.25&#8243; custom_padding=&#8221;|50px|40px|&#8221; custom_padding__hover=&#8221;|||&#8221;][et_pb_text _builder_version=&#8221;4.9.5&#8243; header_font=&#8221;Khand|700|||||||&#8221; header_text_align=&#8221;left&#8221; header_font_size=&#8221;5vw&#8221; header_2_font_size=&#8221;6vw&#8221; header_3_font_size=&#8221;6vw&#8221; header_4_font_size=&#8221;6vw&#8221; header_5_font_size=&#8221;6vw&#8221; header_6_font_size=&#8221;6vw&#8221; transform_skew_linked=&#8221;off&#8221; custom_margin=&#8221;||0px|||&#8221; custom_margin_tablet=&#8221;5px||||false|false&#8221; custom_margin_phone=&#8221;5px||||false|false&#8221; custom_margin_last_edited=&#8221;on|tablet&#8221; custom_padding_tablet=&#8221;&#8221; custom_padding_phone=&#8221;&#8221; custom_padding_last_edited=&#8221;on|desktop&#8221; header_font_tablet=&#8221;&#8221; header_font_phone=&#8221;&#8221; header_font_last_edited=&#8221;on|tablet&#8221; header_font_size_tablet=&#8221;36px&#8221; header_font_size_phone=&#8221;38px&#8221; header_font_size_last_edited=&#8221;on|phone&#8221; header_2_font_size_tablet=&#8221;36px&#8221; header_2_font_size_phone=&#8221;38px&#8221; header_2_font_size_last_edited=&#8221;on|phone&#8221; header_3_font_size_tablet=&#8221;36px&#8221; header_3_font_size_phone=&#8221;38px&#8221; header_3_font_size_last_edited=&#8221;on|phone&#8221; header_4_font_size_tablet=&#8221;36px&#8221; header_4_font_size_phone=&#8221;38px&#8221; header_4_font_size_last_edited=&#8221;on|phone&#8221; header_5_font_size_tablet=&#8221;36px&#8221; header_5_font_size_phone=&#8221;38px&#8221; header_5_font_size_last_edited=&#8221;on|phone&#8221; header_6_font_size_tablet=&#8221;36px&#8221; header_6_font_size_phone=&#8221;38px&#8221; header_6_font_size_last_edited=&#8221;on|phone&#8221;]<\/p>\n<h1>Historia<\/h1>\n<p>[\/et_pb_text][et_pb_divider color=&#8221;#0c71c3&#8243; divider_style=&#8221;double&#8221; divider_weight=&#8221;10px&#8221; _builder_version=&#8221;4.4.0&#8243; transform_skew=&#8221;-20deg|0deg&#8221; max_width=&#8221;100px&#8221; height=&#8221;10px&#8221; custom_margin=&#8221;0px||71px||false|false&#8221; custom_margin_tablet=&#8221;&#8221; custom_margin_phone=&#8221;&#8221; custom_margin_last_edited=&#8221;on|desktop&#8221; locked=&#8221;off&#8221;][\/et_pb_divider][et_pb_text module_class=&#8221;drop-caps&#8221; _builder_version=&#8221;4.9.5&#8243; text_font=&#8221;|600|||||||&#8221; text_font_size=&#8221;17px&#8221; text_orientation=&#8221;right&#8221; max_width=&#8221;1369px&#8221; module_alignment=&#8221;right&#8221; custom_margin=&#8221;-33px||14px|-180px||&#8221; hover_enabled=&#8221;0&#8243; text_font_size_tablet=&#8221;&#8221; text_font_size_phone=&#8221;14px&#8221; text_font_size_last_edited=&#8221;on|phone&#8221; header_font_size_tablet=&#8221;&#8221; header_font_size_phone=&#8221;&#8221; header_font_size_last_edited=&#8221;on|desktop&#8221; locked=&#8221;off&#8221; sticky_enabled=&#8221;0&#8243;]<\/p>\n<p style=\"text-align: left;\">Adhemar Ferreira da Silva. \u00bfLo conoce?\u00a0 Es el \u00fanico brasile\u00f1o bicampe\u00f3n ol\u00edmpico consecutivo en una modalidad individual, el triple salto. Se hizo mundialmente famoso en la d\u00e9cada de 1950 al saltar m\u00e1s de 16 metros, lo que algunos dec\u00edan que era humanamente imposible.<\/p>\n<p style=\"text-align: left;\">Adhemar dej\u00f3 al mundo asombrado al ganar su segunda medalla de oro consecutiva, rompiendo el r\u00e9cord del triple salto en la que fue la primera Olimpiada celebrada en el hemisferio sur, Melbourne, Australia. Fue en 1956.<\/p>\n<p style=\"text-align: left;\">Es curioso, pero la industria automotriz brasile\u00f1a y Adhemar tienen mucho en com\u00fan. A partir del a\u00f1o: en ese mismo 1956 naci\u00f3 ANFAVEA, la Asociaci\u00f3n Nacional de Fabricantes de Veh\u00edculos Automotrices. Pero las afinidades van mucho m\u00e1s all\u00e1 de una coincidencia de calendario.<\/p>\n<p style=\"text-align: left;\">Las medallas y los r\u00e9cords de Adhemar no llegaron por nada ni por suerte. Super\u00f3 la inexperiencia y todo tipo de adversidades con mucho entrenamiento y estudio. La industria automotriz brasile\u00f1a tampoco naci\u00f3 de un milagro o de un simple grupo de firmas en un papel. El esfuerzo fue tremendo y herc\u00faleo.<\/p>\n<p>[\/et_pb_text][\/et_pb_column][et_pb_column type=&#8221;1_2&#8243; _builder_version=&#8221;3.25&#8243; custom_padding=&#8221;|||&#8221; custom_padding__hover=&#8221;|||&#8221;][et_pb_image src=&#8221;\/\/i2.wp.com\/anfavea.com.br\/site\/wp-content\/uploads\/2020\/03\/recorte.png&#8221; align_tablet=&#8221;center&#8221; align_phone=&#8221;&#8221; align_last_edited=&#8221;on|desktop&#8221; _builder_version=&#8221;4.9.5&#8243; background_image=&#8221;\/\/i2.wp.com\/anfavea.com.br\/site\/wp-content\/uploads\/2020\/03\/ezgif-3-61874e1b4ef0.gif&#8221; background_size=&#8221;initial&#8221; custom_margin_tablet=&#8221;-61px||34px||false|false&#8221; custom_margin_phone=&#8221;-61px||93px||false|false&#8221; custom_margin_last_edited=&#8221;on|tablet&#8221; animation_direction=&#8221;right&#8221; locked=&#8221;off&#8221;][\/et_pb_image][\/et_pb_column][\/et_pb_row][\/et_pb_section][et_pb_section fb_built=&#8221;1&#8243; _builder_version=&#8221;4.4.0&#8243; background_image=&#8221;\/\/i0.wp.com\/anfavea.com.br\/site\/wp-content\/uploads\/2020\/03\/ezgif-3-5618c3e0e589.gif&#8221; max_height=&#8221;307px&#8221; module_alignment_tablet=&#8221;&#8221; module_alignment_phone=&#8221;right&#8221; module_alignment_last_edited=&#8221;on|tablet&#8221;][et_pb_row _builder_version=&#8221;4.4.0&#8243;][et_pb_column type=&#8221;4_4&#8243; _builder_version=&#8221;4.4.0&#8243;][\/et_pb_column][\/et_pb_row][\/et_pb_section][et_pb_section fb_built=&#8221;1&#8243; _builder_version=&#8221;4.4.0&#8243; background_color=&#8221;#eaeaf1&#8243; use_background_color_gradient=&#8221;on&#8221; background_color_gradient_end=&#8221;#263cb7&#8243; custom_margin=&#8221;88px||||false|false&#8221; custom_margin_tablet=&#8221;&#8221; custom_margin_phone=&#8221;&#8221; custom_margin_last_edited=&#8221;on|desktop&#8221;][et_pb_row _builder_version=&#8221;4.4.0&#8243; max_width=&#8221;1253px&#8221; custom_margin=&#8221;-38px||||false|false&#8221; custom_margin_tablet=&#8221;-51px||||false|false&#8221; custom_margin_phone=&#8221;&#8221; custom_margin_last_edited=&#8221;on|phone&#8221;][et_pb_column type=&#8221;4_4&#8243; _builder_version=&#8221;4.4.0&#8243;][et_pb_text _builder_version=&#8221;4.9.5&#8243; text_font=&#8221;|600|||||||&#8221; text_text_color=&#8221;#ffffff&#8221; text_font_size=&#8221;17px&#8221; text_orientation=&#8221;right&#8221; max_width=&#8221;1369px&#8221; module_alignment=&#8221;right&#8221; custom_margin=&#8221;16px||34px|-180px|false|false&#8221; custom_margin_tablet=&#8221;&#8221; custom_margin_phone=&#8221;&#8221; custom_margin_last_edited=&#8221;on|phone&#8221; hover_enabled=&#8221;0&#8243; text_font_size_tablet=&#8221;&#8221; text_font_size_phone=&#8221;14px&#8221; text_font_size_last_edited=&#8221;on|phone&#8221; header_font_size_tablet=&#8221;&#8221; header_font_size_phone=&#8221;&#8221; header_font_size_last_edited=&#8221;on|desktop&#8221; locked=&#8221;off&#8221; sticky_enabled=&#8221;0&#8243;]<\/p>\n<p style=\"text-align: left;\">En el momento de la primera medalla de oro del atleta, 1952 en Helsinki, Finlandia, Brasil simplemente no produc\u00eda veh\u00edculos. Todos eran 100% importados. Algunas empresas, como Ford y General Motors, solo ensamblaron algunos modelos aqu\u00ed, trayendo pr\u00e1cticamente todas las partes del exterior; el \u00edndice de nacionalizaci\u00f3n en peso (como se midi\u00f3 entonces) era muy bajo, menos del 20%.<\/p>\n<p style=\"text-align: left;\">El pa\u00eds estaba estancado, y una de las razones era la inmensa falta de transporte, tanto de personas como de carga, ya sea por carretera, ferrocarril o r\u00edo. Hab\u00eda una especie de dilema: no hab\u00eda desarrollo econ\u00f3mico por falta de transporte y no hab\u00eda transporte por falta de desarrollo econ\u00f3mico. El retraso fue flagrante.<\/p>\n<p style=\"text-align: left;\">Para tratar de combatir esta situaci\u00f3n, fueron muy importantes algunas iniciativas pioneras, como la creaci\u00f3n de la Companhia Sider\u00fargica Nacional, CSN, y la F\u00e1brica Nacional de Motores, FNM, que ensamblaron los camiones que pronto denominaron \u201cF\u00eaN\u00eaM\u00ea\u201d, adem\u00e1s de la fundaci\u00f3n de la Asociaci\u00f3n Profesional de la Industria de Partes para Autom\u00f3viles y Similares, m\u00e1s tarde Sindipe\u00e7as, en 1951, y de la Asociaci\u00f3n Profesional de Fabricantes de Tractores, Camiones, Autom\u00f3viles y Veh\u00edculos Similares, m\u00e1s tarde Sinfavea, en 1955.<\/p>\n<p>[\/et_pb_text][dsm_perspective_image src=&#8221;\/\/i0.wp.com\/anfavea.com.br\/site\/wp-content\/uploads\/2020\/03\/3-Primeiros-caminh\u00f5es-produzidos-pela-FNM-embri\u00e3o-da-ind\u00fastria-brasileira-de-ve\u00edculos-de-transporte-Cr\u00e9dito-Acervo-MIAU.jpg&#8221; _builder_version=&#8221;4.9.5&#8243;][\/dsm_perspective_image][\/et_pb_column][\/et_pb_row][\/et_pb_section][et_pb_section fb_built=&#8221;1&#8243; _builder_version=&#8221;4.4.0&#8243; background_color=&#8221;#eaeaf1&#8243;][et_pb_row column_structure=&#8221;1_2,1_2&#8243; _builder_version=&#8221;4.4.0&#8243; width=&#8221;91%&#8221; max_width=&#8221;1432px&#8221; module_alignment=&#8221;left&#8221; custom_margin=&#8221;|0px||&#8221; custom_margin_tablet=&#8221;&#8221; custom_margin_phone=&#8221;11px||-24px||false|false&#8221; custom_margin_last_edited=&#8221;on|phone&#8221; custom_padding=&#8221;0px|0px|0||false|false&#8221; use_custom_width=&#8221;on&#8221; width_unit=&#8221;off&#8221; custom_width_percent=&#8221;90%&#8221;][et_pb_column type=&#8221;1_2&#8243; _builder_version=&#8221;3.25&#8243; custom_padding=&#8221;|50px|40px|&#8221; custom_padding__hover=&#8221;|||&#8221;][et_pb_image src=&#8221;\/\/i1.wp.com\/anfavea.com.br\/site\/wp-content\/uploads\/2020\/03\/mechanic-74-1-1.png&#8221; align_tablet=&#8221;center&#8221; align_phone=&#8221;&#8221; align_last_edited=&#8221;on|desktop&#8221; _builder_version=&#8221;4.9.5&#8243; background_image=&#8221;\/\/i3.wp.com\/anfavea.com.br\/site\/wp-content\/uploads\/2020\/03\/5-JK-testemunha-o-primeiro-bloco-de-motor-fundido-no-Brasil-o-que-diziam-ser-imposs\u00edvel-Cr\u00e9dito-Acervo-MIAU.jpg&#8221; background_size=&#8221;contain&#8221; custom_margin_tablet=&#8221;-61px||34px||false|false&#8221; custom_margin_phone=&#8221;-61px||93px||false|false&#8221; custom_margin_last_edited=&#8221;on|tablet&#8221; animation_direction=&#8221;right&#8221; locked=&#8221;off&#8221;][\/et_pb_image][\/et_pb_column][et_pb_column type=&#8221;1_2&#8243; _builder_version=&#8221;3.25&#8243; custom_padding=&#8221;|||&#8221; custom_padding__hover=&#8221;|||&#8221;][et_pb_text _builder_version=&#8221;4.9.5&#8243; text_font=&#8221;|600|||||||&#8221; text_font_size=&#8221;17px&#8221; text_orientation=&#8221;right&#8221; width_tablet=&#8221;&#8221; width_phone=&#8221;87%&#8221; width_last_edited=&#8221;on|phone&#8221; max_width=&#8221;1185px&#8221; module_alignment=&#8221;right&#8221; custom_margin=&#8221;-8px||14px|-180px|false|false&#8221; custom_margin_tablet=&#8221;&#8221; custom_margin_phone=&#8221;-146px||14px||false|false&#8221; custom_margin_last_edited=&#8221;on|desktop&#8221; hover_enabled=&#8221;0&#8243; text_font_size_tablet=&#8221;&#8221; text_font_size_phone=&#8221;14px&#8221; text_font_size_last_edited=&#8221;on|phone&#8221; header_font_size_tablet=&#8221;&#8221; header_font_size_phone=&#8221;&#8221; header_font_size_last_edited=&#8221;on|desktop&#8221; locked=&#8221;off&#8221; sticky_enabled=&#8221;0&#8243;]<\/p>\n<p style=\"text-align: left;\">Pero no crea que la introducci\u00f3n de la industria automotriz en Brasil fue un\u00e1nime. Lejos de eso. Una fuerte corriente planteaba todo tipo de barreras: dec\u00edan que Brasil era esencialmente un pa\u00eds agr\u00edcola y que deb\u00eda seguir si\u00e9ndolo, exportando materias primas e importando manufacturas. Tambi\u00e9n se argument\u00f3 que nuestro mineral de hierro era malo, que no era posible fundir un bloque de motor en un pa\u00eds con un clima tropical como el nuestro.<\/p>\n<p style=\"text-align: left;\">Pero los pioneros de la industria no escucharon este derrotismo. Impulsada por las medidas tomadas por los presidentes Get\u00falio Vargas y Juscelino Kubitscheck, la industria automotriz brasile\u00f1a emergi\u00f3 formalmente el 16 de junio de ese 1956, un mes despu\u00e9s de ANFAVEA, con la creaci\u00f3n del Grupo Ejecutivo de la Industria Automovil\u00edstica, o simplemente GEIA, que instituy\u00f3 una legislaci\u00f3n que hizo posible la industrializaci\u00f3n automotriz.<\/p>\n<p style=\"text-align: left;\">El resultado fue impresionante: en menos de una d\u00e9cada, Brasil pas\u00f3 de 250 f\u00e1bricas de autopartes y tres fabricantes de autom\u00f3viles a 1.200 fabricantes de autopartes y once fabricantes de veh\u00edculos en 1960. El \u00edndice de nacionalizaci\u00f3n de partes por peso, ese a\u00f1o, evolucion\u00f3 a un incre\u00edble 90% para camiones y 95% para jeeps y autom\u00f3viles.<\/p>\n<p>[\/et_pb_text][\/et_pb_column][\/et_pb_row][\/et_pb_section][et_pb_section fb_built=&#8221;1&#8243; _builder_version=&#8221;4.4.0&#8243;][et_pb_row _builder_version=&#8221;4.4.0&#8243; max_width=&#8221;1253px&#8221; custom_margin=&#8221;-54px||||false|false&#8221; custom_margin_tablet=&#8221;&#8221; custom_margin_phone=&#8221;&#8221; custom_margin_last_edited=&#8221;on|desktop&#8221;][et_pb_column type=&#8221;4_4&#8243; _builder_version=&#8221;4.4.0&#8243;][et_pb_text _builder_version=&#8221;4.9.5&#8243; text_font=&#8221;|600|||||||&#8221; text_font_size=&#8221;17px&#8221; text_orientation=&#8221;right&#8221; max_width=&#8221;1369px&#8221; module_alignment=&#8221;right&#8221; custom_margin=&#8221;26px||14px|-180px|false|false&#8221; custom_margin_tablet=&#8221;&#8221; custom_margin_phone=&#8221;33px||||false|false&#8221; custom_margin_last_edited=&#8221;on|phone&#8221; hover_enabled=&#8221;0&#8243; text_font_size_tablet=&#8221;&#8221; text_font_size_phone=&#8221;14px&#8221; text_font_size_last_edited=&#8221;on|phone&#8221; header_font_size_tablet=&#8221;&#8221; header_font_size_phone=&#8221;&#8221; header_font_size_last_edited=&#8221;on|desktop&#8221; sticky_enabled=&#8221;0&#8243;]<\/p>\n<p style=\"text-align: left;\">Los cr\u00edticos, sin embargo, no aceptaron este avance e incluso dijeron que la industria automotriz nacional era una &#8220;farsa&#8221;. Lo buscaron todo: primero alegaron que los beneficios e incentivos que da el gobierno causaban da\u00f1o. Sin embargo, las exenciones aduaneras e impositivas otorgadas no afectaron al Fondo Federal, pues estos montos ni siquiera estaban incluidos en el presupuesto, ya que la industria a\u00fan no exist\u00eda y, sin ella, estos recursos nunca existir\u00edan. Adem\u00e1s, GEIA exigi\u00f3 a cambio obligaciones serias y estrictas, con plazos preestablecidos y vol\u00famenes de producci\u00f3n estrictamente cumplidos por las empresas.<\/p>\n<p style=\"text-align: left;\">Luego dijeron que no habr\u00eda tantos compradores para los veh\u00edculos fabricados aqu\u00ed (\u201cEl plan era demasiado ambicioso\u201d, dijeron). Posteriormente, afirmaron que la calidad de los productos nacionales era dudosa. Luego continuaron diciendo que los productos importados eran m\u00e1s baratos que los nacionales, que pagaban m\u00e1s del 50% del impuesto. Incluso dijeron que la industria automotriz fue la responsable del aumento de la inflaci\u00f3n, ya que pagaba mejores salarios y usaba muchas materias primas locales.<\/p>\n<p style=\"text-align: left;\">El clima pol\u00edtico era tenso y el pa\u00eds estaba dividido. La joven industria automotriz brasile\u00f1a necesitaba demostrar que iba en serio y que hab\u00eda llegado a Brasil no como aventurero, sino como motor de desarrollo. Y demostr\u00f3 su val\u00eda: en 1964 ya hab\u00eda alcanzado la marca casi incre\u00edble de 1 mill\u00f3n de veh\u00edculos nacionales producidos, dejando a los esc\u00e9pticos asombrados.<\/p>\n<p style=\"text-align: left;\">Finalmente consolidada, la industria sigui\u00f3 creciendo. En 1966, Brasil ya era el duod\u00e9cimo mayor productor de veh\u00edculos del mundo y el porcentaje de modelos nacionales en la flota total superaba el 60%. Rompimos la barrera de medio mill\u00f3n de veh\u00edculos producidos al a\u00f1o en 1971 y de un mill\u00f3n solo siete a\u00f1os despu\u00e9s, en 1978. Comprobando la calidad de los veh\u00edculos producidos en Brasil, al mismo tiempo alcanzamos un volumen acumulado de 500 mil veh\u00edculos exportados.<\/p>\n<p>[\/et_pb_text][dsm_perspective_image src=&#8221;https:\/\/anfavea.com.br\/site\/wp-content\/uploads\/2021\/09\/Automoveis-a-etanol-resposta-brasileira-a-crise-mundial-do-petroleo-Credito-Divulgacao-FCA.jpg&#8221; title_text=&#8221;Autom\u00f3veis-a-etanol-resposta-brasileira-\u00e0-crise-mundial-do-petr\u00f3leo-Credito-Divulga\u00e7\u00e3o-FCA&#8221; _builder_version=&#8221;4.9.5&#8243; locked=&#8221;off&#8221;][\/dsm_perspective_image][et_pb_text _builder_version=&#8221;4.9.5&#8243; text_font=&#8221;|600|||||||&#8221; text_font_size=&#8221;17px&#8221; text_orientation=&#8221;right&#8221; max_width=&#8221;1369px&#8221; module_alignment=&#8221;right&#8221; custom_margin=&#8221;26px||14px|-180px|false|false&#8221; custom_margin_tablet=&#8221;&#8221; custom_margin_phone=&#8221;33px||||false|false&#8221; custom_margin_last_edited=&#8221;on|phone&#8221; hover_enabled=&#8221;0&#8243; text_font_size_tablet=&#8221;&#8221; text_font_size_phone=&#8221;14px&#8221; text_font_size_last_edited=&#8221;on|phone&#8221; header_font_size_tablet=&#8221;&#8221; header_font_size_phone=&#8221;&#8221; header_font_size_last_edited=&#8221;on|desktop&#8221; sticky_enabled=&#8221;0&#8243;]<\/p>\n<p style=\"text-align: left;\">El mundo atravesaba la crisis del petr\u00f3leo, que afect\u00f3 gravemente a nuestra balanza comercial y, por tanto, a la econom\u00eda. La industria nacional volvi\u00f3 a dar la respuesta: en 1979 naci\u00f3 el autom\u00f3vil propulsado por alcohol, una tecnolog\u00eda exclusivamente nacional, prueba de la capacidad t\u00e9cnica de nuestra ingenier\u00eda y de su inventiva.<\/p>\n<p style=\"text-align: left;\">El retorno fue inmediato. En 1983, los autom\u00f3viles propulsados por alcohol o etanol ya representaban el 99,5% del total vendido. Y llegamos a 1989 registrando una producci\u00f3n acumulada de 20 millones de veh\u00edculos nacionales.<\/p>\n<p style=\"text-align: left;\">La d\u00e9cada de los noventa trajo avances tecnol\u00f3gicos como la telefon\u00eda celular e internet, adem\u00e1s de la reapertura de los puertos brasile\u00f1os a los productos importados. Se hizo urgente un sentido de modernidad y, en alianza con trabajadores, fabricantes de autopartes, concesionarios, gobiernos y organismos sociales, nacieron los denominados acuerdos del sector automotriz de 1992, 1993 y 1995, que, entre otros, dieron lugar al autom\u00f3vil popular, fundamental para aumentar el n\u00famero de mercado y la producci\u00f3n.<\/p>\n<p style=\"text-align: left;\">En el cambio de milenio, la capacidad de la industria nacional brind\u00f3 otro ejemplo s\u00f3lido al mundo. Surgi\u00f3 la tecnolog\u00eda de flex fuel, que ha equipado a m\u00e1s de 30 millones de veh\u00edculos nacionales hasta la fecha. Con \u00e9l, los veh\u00edculos podr\u00edan funcionar con cualquier combinaci\u00f3n de etanol y gasolina.<\/p>\n<p>[\/et_pb_text][dsm_perspective_image src=&#8221;\/\/i3.wp.com\/anfavea.com.br\/site\/wp-content\/uploads\/2020\/03\/8-Autom\u00f3vel-flex-mais-um-pioneirismo-nacional-Cr\u00e9dito-Divulga\u00e7\u00e3o.jpg&#8221; _builder_version=&#8221;4.9.5&#8243;][\/dsm_perspective_image][et_pb_text _builder_version=&#8221;4.9.5&#8243; text_font=&#8221;|600|||||||&#8221; text_font_size=&#8221;17px&#8221; text_orientation=&#8221;right&#8221; max_width=&#8221;1369px&#8221; module_alignment=&#8221;right&#8221; custom_margin=&#8221;9px||14px|-180px|false|false&#8221; custom_margin_tablet=&#8221;&#8221; custom_margin_phone=&#8221;33px||||false|false&#8221; custom_margin_last_edited=&#8221;on|phone&#8221; hover_enabled=&#8221;0&#8243; text_font_size_tablet=&#8221;&#8221; text_font_size_phone=&#8221;14px&#8221; text_font_size_last_edited=&#8221;on|phone&#8221; header_font_size_tablet=&#8221;&#8221; header_font_size_phone=&#8221;&#8221; header_font_size_last_edited=&#8221;on|desktop&#8221; sticky_enabled=&#8221;0&#8243;]<\/p>\n<p style=\"text-align: left;\">En 2012 se instituy\u00f3 Inovar-Auto, el primer r\u00e9gimen automotriz nacional, con un plazo de cinco a\u00f1os. Los veh\u00edculos nacionales se han vuelto m\u00e1s modernos, econ\u00f3micos y seguros, adem\u00e1s de ser menos contaminantes.<\/p>\n<p style=\"text-align: left;\">Desde su nacimiento en 1956 hasta la actualidad, la industria automotriz brasile\u00f1a ha alcanzado un gran n\u00famero. Aqu\u00ed ya se han fabricado m\u00e1s de 80 millones de veh\u00edculos, con 17 millones exportados a m\u00e1s de un centenar de pa\u00edses, adem\u00e1s de casi 3 millones de m\u00e1quinas agr\u00edcolas. Hay m\u00e1s de 60 f\u00e1bricas y alrededor de 1,3 millones de personas con trabajos vinculados a la industria automotriz. Contamos con m\u00e1s de 5.000 concesionarios repartidos por Brasil. Somos el noveno productor y el s\u00e9ptimo mercado interno del mundo. Estos datos son la envidia de pr\u00e1cticamente todos los pa\u00edses del mundo.<\/p>\n<p>[\/et_pb_text][\/et_pb_column][\/et_pb_row][\/et_pb_section][et_pb_section fb_built=&#8221;1&#8243; specialty=&#8221;on&#8221; custom_padding_last_edited=&#8221;on|desktop&#8221; padding_top_1=&#8221;0px&#8221; padding_2_tablet=&#8221;|||10vw&#8221; padding_2_phone=&#8221;&#8221; padding_2_last_edited=&#8221;on|tablet&#8221; admin_label=&#8221;How it works&#8221; _builder_version=&#8221;4.4.0&#8243; background_color=&#8221;#eaeaf1&#8243; inner_width=&#8221;100%&#8221; inner_max_width=&#8221;100%&#8221; custom_margin=&#8221;-59px||||false|false&#8221; custom_margin_tablet=&#8221;&#8221; custom_margin_phone=&#8221;&#8221; custom_margin_last_edited=&#8221;on|desktop&#8221; custom_padding=&#8221;0px|10vw|100px|||&#8221; custom_padding_tablet=&#8221;|||&#8221; custom_padding_phone=&#8221;&#8221;][et_pb_column type=&#8221;1_2&#8243; _builder_version=&#8221;3.25&#8243; custom_padding=&#8221;|||&#8221; custom_padding__hover=&#8221;|||&#8221;][et_pb_image src=&#8221;\/\/i3.wp.com\/anfavea.com.br\/site\/wp-content\/uploads\/2020\/01\/mechanic-76.png&#8221; align=&#8221;right&#8221; _builder_version=&#8221;4.9.5&#8243; background_image=&#8221;\/\/i2.wp.com\/anfavea.com.br\/site\/wp-content\/uploads\/2020\/03\/ezgif-6-341de14f36e5.gif&#8221; parallax=&#8221;on&#8221; width_last_edited=&#8221;off|tablet&#8221; height_tablet=&#8221;300px&#8221; height_phone=&#8221;200px&#8221; height_last_edited=&#8221;on|phone&#8221; custom_margin_tablet=&#8221;|0vw||&#8221; custom_margin_last_edited=&#8221;off|desktop&#8221; always_center_on_mobile=&#8221;off&#8221; locked=&#8221;off&#8221;][\/et_pb_image][\/et_pb_column][et_pb_column type=&#8221;1_2&#8243; specialty_columns=&#8221;2&#8243; _builder_version=&#8221;3.25&#8243; custom_padding=&#8221;|||&#8221; custom_padding__hover=&#8221;|||&#8221;][et_pb_row_inner custom_padding_last_edited=&#8221;off|phone&#8221; _builder_version=&#8221;4.4.0&#8243; max_width=&#8221;600px&#8221; custom_margin=&#8221;33px||-50px||false|false&#8221; custom_margin_tablet=&#8221;0px||&#8221; custom_margin_phone=&#8221;&#8221; custom_margin_last_edited=&#8221;on|tablet&#8221;][et_pb_column_inner saved_specialty_column_type=&#8221;1_2&#8243; _builder_version=&#8221;3.25&#8243; custom_padding=&#8221;|||&#8221; custom_padding__hover=&#8221;|||&#8221;][et_pb_text _builder_version=&#8221;4.9.5&#8243; text_font=&#8221;|600|||||||&#8221; text_font_size=&#8221;17px&#8221; text_orientation=&#8221;right&#8221; max_width=&#8221;1369px&#8221; module_alignment=&#8221;right&#8221; custom_margin=&#8221;-33px||14px|-180px||&#8221; hover_enabled=&#8221;0&#8243; text_font_size_tablet=&#8221;&#8221; text_font_size_phone=&#8221;14px&#8221; text_font_size_last_edited=&#8221;on|phone&#8221; header_font_size_tablet=&#8221;&#8221; header_font_size_phone=&#8221;&#8221; header_font_size_last_edited=&#8221;on|desktop&#8221; locked=&#8221;off&#8221; sticky_enabled=&#8221;0&#8243;]<\/p>\n<p style=\"text-align: left;\">En esta nueva d\u00e9cada, la industria del autom\u00f3vil est\u00e1 experimentando cambios importantes en la forma en que se utilizan y producen los veh\u00edculos. Ser\u00e1 una nueva y fundamental etapa para el sector automotriz en Brasil, que ya cuenta como base para esto con la Ruta 2030: es un programa de desarrollo estrat\u00e9gico y la b\u00fasqueda de nuevos saltos tecnol\u00f3gicos a trav\u00e9s de la investigaci\u00f3n y el desarrollo generado aqu\u00ed, en Brasil, por ingenieros e investigadores brasile\u00f1os. La tr\u00e1gica pandemia Covid-19 intensific\u00f3 los desaf\u00edos que ya estaban sobre la mesa, no solo para los fabricantes, sino para toda la cadena automotriz, como el enfoque en reducir el Costo Brasil para permitir que nuestros productos accedan al importante mercado global con competitividad.<\/p>\n<p>[\/et_pb_text][\/et_pb_column_inner][\/et_pb_row_inner][et_pb_row_inner _builder_version=&#8221;4.4.0&#8243;][et_pb_column_inner saved_specialty_column_type=&#8221;1_2&#8243; _builder_version=&#8221;4.4.0&#8243;][et_pb_image src=&#8221;\/\/i0.wp.com\/anfavea.com.br\/site\/wp-content\/uploads\/2020\/03\/9-Realidade-aumentada-um-dos-avan\u00e7os-tecnol\u00f3gicos-das-linhas-de-produ\u00e7\u00e3o-nacionais-neste-s\u00e9culo-Foto-Divulga\u00e7\u00e3o-Renault-scaled.jpg&#8221; _builder_version=&#8221;4.9.5&#8243; custom_margin=&#8221;26px||||false|false&#8221; custom_margin_tablet=&#8221;&#8221; custom_margin_phone=&#8221;&#8221; custom_margin_last_edited=&#8221;on|phone&#8221;][\/et_pb_image][et_pb_text _builder_version=&#8221;4.9.5&#8243; text_font=&#8221;|600|||||||&#8221; text_font_size=&#8221;17px&#8221; text_orientation=&#8221;right&#8221; max_width=&#8221;1369px&#8221; module_alignment=&#8221;right&#8221; custom_margin=&#8221;15px||14px|-180px|false|false&#8221; custom_margin_tablet=&#8221;16px||||false|false&#8221; custom_margin_phone=&#8221;&#8221; custom_margin_last_edited=&#8221;on|phone&#8221; hover_enabled=&#8221;0&#8243; text_font_size_tablet=&#8221;&#8221; text_font_size_phone=&#8221;14px&#8221; text_font_size_last_edited=&#8221;on|phone&#8221; header_font_size_tablet=&#8221;&#8221; header_font_size_phone=&#8221;&#8221; header_font_size_last_edited=&#8221;on|desktop&#8221; locked=&#8221;off&#8221; sticky_enabled=&#8221;0&#8243;]<\/p>\n<p style=\"text-align: left;\"><strong>Fotos: <\/strong><strong>Colecci\u00f3n Miau<\/strong><\/p>\n<p>[\/et_pb_text][\/et_pb_column_inner][\/et_pb_row_inner][\/et_pb_column][\/et_pb_section]<\/p>\n","protected":false},"excerpt":{"rendered":"<p>HistoriaAdhemar Ferreira da Silva. \u00bfLo conoce?\u00a0 Es el \u00fanico brasile\u00f1o bicampe\u00f3n ol\u00edmpico consecutivo en una modalidad individual, el triple salto. Se hizo mundialmente famoso en la d\u00e9cada de 1950 al saltar m\u00e1s de 16 metros, lo que algunos dec\u00edan que era humanamente imposible. Adhemar dej\u00f3 al mundo asombrado al ganar su segunda medalla de oro [&hellip;]<\/p>\n","protected":false},"author":1,"featured_media":0,"parent":0,"menu_order":0,"comment_status":"closed","ping_status":"closed","template":"","meta":{"_et_pb_use_builder":"on","_et_pb_old_content":"","_et_gb_content_width":"","footnotes":""},"class_list":["post-4680","page","type-page","status-publish","hentry"],"_links":{"self":[{"href":"https:\/\/anfavea.com.br\/site\/wp-json\/wp\/v2\/pages\/4680","targetHints":{"allow":["GET"]}}],"collection":[{"href":"https:\/\/anfavea.com.br\/site\/wp-json\/wp\/v2\/pages"}],"about":[{"href":"https:\/\/anfavea.com.br\/site\/wp-json\/wp\/v2\/types\/page"}],"author":[{"embeddable":true,"href":"https:\/\/anfavea.com.br\/site\/wp-json\/wp\/v2\/users\/1"}],"replies":[{"embeddable":true,"href":"https:\/\/anfavea.com.br\/site\/wp-json\/wp\/v2\/comments?post=4680"}],"version-history":[{"count":6,"href":"https:\/\/anfavea.com.br\/site\/wp-json\/wp\/v2\/pages\/4680\/revisions"}],"predecessor-version":[{"id":6142,"href":"https:\/\/anfavea.com.br\/site\/wp-json\/wp\/v2\/pages\/4680\/revisions\/6142"}],"wp:attachment":[{"href":"https:\/\/anfavea.com.br\/site\/wp-json\/wp\/v2\/media?parent=4680"}],"curies":[{"name":"wp","href":"https:\/\/api.w.org\/{rel}","templated":true}]}}